{"id":34008,"date":"2026-04-20T14:13:08","date_gmt":"2026-04-20T12:13:08","guid":{"rendered":"https:\/\/flexfurn.com\/?page_id=34008"},"modified":"2026-04-23T16:42:16","modified_gmt":"2026-04-23T14:42:16","slug":"anbieter-von-veranstaltungsmobeln","status":"publish","type":"page","link":"https:\/\/flexfurn.com\/de\/anbieter-von-veranstaltungsmobeln\/","title":{"rendered":"Anbieter von Veranstaltungsm\u00f6beln"},"content":{"rendered":"<div id=\"fws_69f3535d95b85\"  data-column-margin=\"default\" data-midnight=\"light\" data-top-percent=\"5%\" data-bottom-percent=\"0%\"  class=\"wpb_row vc_row-fluid vc_row full-width-section\"  style=\"padding-top: calc(100vw * 0.05); padding-bottom: calc(100vw * 0.00); \"><div class=\"row-bg-wrap\" data-bg-animation=\"none\" data-bg-animation-delay=\"\" data-bg-overlay=\"true\"><div class=\"inner-wrap row-bg-layer using-image\" ><div class=\"row-bg viewport-desktop using-image\"  style=\"background-image: url(https:\/\/flexfurn.com\/wp-content\/uploads\/2026\/04\/Image-created-by-Double-MP-2.jpg); background-position: center center; background-repeat: no-repeat; \"><\/div><\/div><div class=\"row-bg-overlay row-bg-layer\" style=\"background-color:#000000;  opacity: 0.3; \"><\/div><\/div><div class=\"row_col_wrap_12 col span_12 light center\">\n\t<div  class=\"vc_col-sm-12 wpb_column column_container vc_column_container col has-animation no-extra-padding inherit_tablet inherit_phone\"  data-padding-pos=\"all\" data-has-bg-color=\"false\" data-bg-color=\"\" data-bg-opacity=\"1\" data-animation=\"fade-in-from-bottom\" data-delay=\"0\" >\n\t\t<div class=\"vc_column-inner\" >\n\t\t\t<div class=\"wpb_wrapper\">\n\t\t\t\t<div class=\"divider-wrap height_phone_10px\" data-alignment=\"default\"><div style=\"height: 120px;\" class=\"divider\"><\/div><\/div>\n<div class=\"wpb_text_column wpb_content_element\" >\n\t<div class=\"wpb_wrapper\">\n\t\t<h1 style=\"text-align: center;\"><strong><span style=\"color: #bfb27b;\">Lieferant von Veranstaltungsm\u00f6beln\u00a0<\/span><\/strong><\/h1>\n\t<\/div>\n<\/div>\n\n\n\n\n<div class=\"wpb_text_column wpb_content_element\" >\n\t<div class=\"wpb_wrapper\">\n\t\t<h4 style=\"text-align: center;\">Flexfurn liefert hochwertige, stapelbare und flexible M\u00f6bel f\u00fcr Veranstaltungen, Vermietungsfirmen und Organisatoren weltweit.<\/h4>\n\t<\/div>\n<\/div>\n\n\n\n<div class=\"divider-wrap height_phone_10px\" data-alignment=\"default\"><div style=\"height: 150px;\" class=\"divider\"><\/div><\/div>\n\t\t\t<\/div> \n\t\t<\/div>\n\t<\/div> \n<\/div><\/div>\n\t\t<div id=\"fws_69f3535d9646c\"  data-column-margin=\"default\" data-midnight=\"dark\"  class=\"wpb_row vc_row-fluid vc_row\"  style=\"padding-top: 0px; padding-bottom: 0px; \"><div class=\"row-bg-wrap\" data-bg-animation=\"none\" data-bg-animation-delay=\"\" data-bg-overlay=\"false\"><div class=\"inner-wrap row-bg-layer\" ><div class=\"row-bg viewport-desktop\"  style=\"\"><\/div><\/div><\/div><div class=\"row_col_wrap_12 col span_12 dark left\">\n\t<div  class=\"vc_col-sm-4 wpb_column column_container vc_column_container col no-extra-padding inherit_tablet inherit_phone\"  data-padding-pos=\"all\" data-has-bg-color=\"false\" data-bg-color=\"\" data-bg-opacity=\"1\" data-animation=\"\" data-delay=\"0\" >\n\t\t<div class=\"vc_column-inner\" >\n\t\t\t<div class=\"wpb_wrapper\">\n\t\t\t\t<div class=\"divider-wrap\" data-alignment=\"default\"><div style=\"height: 50px;\" class=\"divider\"><\/div><\/div><div class=\"nectar-cta  text_hover_color_C7B370 alignment_tablet_default alignment_phone_default display_tablet_inherit display_phone_inherit\" data-color=\"default\" data-using-bg=\"false\" data-style=\"see-through\" data-display=\"block\" data-alignment=\"center\" data-text-color=\"custom\" ><h6 style=\"color: #C7B370;\"> <span class=\"text\">Katalog herunterladen <\/span><span class=\"link_wrap\" ><a  class=\"link_text\" role=\"button\" href=\"https:\/\/flexfurn.com\/en\/catalogue\/\"><span class=\"arrow\"><\/span><\/a><\/span><\/h6><\/div>\n\t\t\t<\/div> \n\t\t<\/div>\n\t<\/div> \n\n\t<div  class=\"vc_col-sm-4 wpb_column column_container vc_column_container col no-extra-padding inherit_tablet inherit_phone\"  data-padding-pos=\"all\" data-has-bg-color=\"false\" data-bg-color=\"\" data-bg-opacity=\"1\" data-animation=\"\" data-delay=\"0\" >\n\t\t<div class=\"vc_column-inner\" >\n\t\t\t<div class=\"wpb_wrapper\">\n\t\t\t\t<div class=\"divider-wrap\" data-alignment=\"default\"><div style=\"height: 50px;\" class=\"divider\"><\/div><\/div><div class=\"nectar-cta  text_hover_color_C7B370 alignment_tablet_default alignment_phone_default display_tablet_inherit display_phone_inherit\" data-color=\"default\" data-using-bg=\"false\" data-style=\"see-through\" data-display=\"block\" data-alignment=\"center\" data-text-color=\"custom\" ><h6 style=\"color: #C7B370;\"> <span class=\"text\">Sehen Sie sich das Sortiment online an <\/span><span class=\"link_wrap\" ><a  class=\"link_text\" role=\"button\" href=\"https:\/\/flexfurn.com\/de\/geschaft\/\"><span class=\"arrow\"><\/span><\/a><\/span><\/h6><\/div>\n\t\t\t<\/div> \n\t\t<\/div>\n\t<\/div> \n\n\t<div  class=\"vc_col-sm-4 wpb_column column_container vc_column_container col no-extra-padding inherit_tablet inherit_phone\"  data-padding-pos=\"all\" data-has-bg-color=\"false\" data-bg-color=\"\" data-bg-opacity=\"1\" data-animation=\"\" data-delay=\"0\" >\n\t\t<div class=\"vc_column-inner\" >\n\t\t\t<div class=\"wpb_wrapper\">\n\t\t\t\t<div class=\"divider-wrap\" data-alignment=\"default\"><div style=\"height: 50px;\" class=\"divider\"><\/div><\/div><div class=\"nectar-cta  text_hover_color_C7B370 alignment_tablet_default alignment_phone_default display_tablet_inherit display_phone_inherit\" data-color=\"default\" data-using-bg=\"false\" data-style=\"see-through\" data-display=\"block\" data-alignment=\"center\" data-text-color=\"custom\" ><h6 style=\"color: #C7B370;\"> <span class=\"text\">kontaktiere uns <\/span><span class=\"link_wrap\" ><a  class=\"link_text\" role=\"button\" href=\"https:\/\/flexfurn.com\/en\/contact\/\"><span class=\"arrow\"><\/span><\/a><\/span><\/h6><\/div>\n\t\t\t<\/div> \n\t\t<\/div>\n\t<\/div> \n<\/div><\/div>\n\t\t<div id=\"fws_69f3535d97212\"  data-column-margin=\"default\" data-midnight=\"dark\"  class=\"wpb_row vc_row-fluid vc_row\"  style=\"padding-top: 0px; padding-bottom: 0px; \"><div class=\"row-bg-wrap\" data-bg-animation=\"none\" data-bg-animation-delay=\"\" data-bg-overlay=\"false\"><div class=\"inner-wrap row-bg-layer\" ><div class=\"row-bg viewport-desktop\"  style=\"\"><\/div><\/div><\/div><div class=\"row_col_wrap_12 col span_12 dark left\">\n\t<div  class=\"vc_col-sm-12 wpb_column column_container vc_column_container col padding-20-percent inherit_tablet inherit_phone\"  data-padding-pos=\"left-right\" data-has-bg-color=\"false\" data-bg-color=\"\" data-bg-opacity=\"1\" data-animation=\"\" data-delay=\"0\" >\n\t\t<div class=\"vc_column-inner\" >\n\t\t\t<div class=\"wpb_wrapper\">\n\t\t\t\t<div class=\"divider-wrap\" data-alignment=\"default\"><div style=\"height: 60px;\" class=\"divider\"><\/div><\/div>\n<div class=\"wpb_text_column wpb_content_element\" >\n\t<div class=\"wpb_wrapper\">\n\t\t<p style=\"text-align: center;\" data-start=\"71\" data-end=\"323\">\u201cBei Veranstaltungen dreht sich alles um Effizienz, ein ansprechendes Erscheinungsbild und Zuverl\u00e4ssigkeit. Die richtigen M\u00f6bel spielen dabei eine entscheidende Rolle. Von St\u00fchlen \u00fcber Tische bis hin zu Transportwagen: Professionelle Eventm\u00f6bel m\u00fcssen robust, stapelbar und leicht zu handhaben sein.<\/p>\n<p style=\"text-align: center;\" data-start=\"325\" data-end=\"542\">Als erfahrener Anbieter von Veranstaltungsm\u00f6beln entwickeln wir speziell auf die Bed\u00fcrfnisse der Veranstaltungsbranche zugeschnittene L\u00f6sungen. Dabei legen wir in jeder Anwendung Wert auf Effizienz, Nachhaltigkeit und Benutzerfreundlichkeit.<\/p>\n<p style=\"text-align: center;\" data-start=\"544\" data-end=\"693\">Aus diesem Grund vertrauen Vermietungsfirmen, Veranstalter und Eventlocations weltweit auf uns, wenn es um langlebige, praktische und professionelle M\u00f6bel geht.\u201d<\/p>\n\t<\/div>\n<\/div>\n\n\n\n<div class=\"divider-wrap\" data-alignment=\"default\"><div style=\"height: 30px;\" class=\"divider\"><\/div><\/div>\n\t\t\t<\/div> \n\t\t<\/div>\n\t<\/div> \n<\/div><\/div>\n\t\t<div id=\"fws_69f3535d977c6\"  data-column-margin=\"default\" data-midnight=\"dark\"  class=\"wpb_row vc_row-fluid vc_row\"  style=\"padding-top: 0px; padding-bottom: 0px; \"><div class=\"row-bg-wrap\" data-bg-animation=\"none\" data-bg-animation-delay=\"\" data-bg-overlay=\"false\"><div class=\"inner-wrap row-bg-layer\" ><div class=\"row-bg viewport-desktop\"  style=\"\"><\/div><\/div><\/div><div class=\"row_col_wrap_12 col span_12 dark left\">\n\t<div  class=\"vc_col-sm-12 wpb_column column_container vc_column_container col no-extra-padding inherit_tablet inherit_phone\"  data-padding-pos=\"all\" data-has-bg-color=\"false\" data-bg-color=\"\" data-bg-opacity=\"1\" data-animation=\"\" data-delay=\"0\" >\n\t\t<div class=\"vc_column-inner\" >\n\t\t\t<div class=\"wpb_wrapper\">\n\t\t\t\t\n<div class=\"wpb_text_column wpb_content_element\" >\n\t<div class=\"wpb_wrapper\">\n\t\t<hr \/>\n\t<\/div>\n<\/div>\n\n\n\n<div class=\"divider-wrap\" data-alignment=\"default\"><div style=\"height: 25px;\" class=\"divider\"><\/div><\/div>\n\t\t\t<\/div> \n\t\t<\/div>\n\t<\/div> \n<\/div><\/div>\n\t\t<div id=\"fws_69f3535d97cb4\"  data-column-margin=\"none\" data-midnight=\"dark\" data-top-percent=\"0%\" data-bottom-percent=\"3%\"  class=\"wpb_row vc_row-fluid vc_row full-width-content vc_row-o-equal-height vc_row-flex vc_row-o-content-middle  right_padding_phone_0px left_padding_phone_0px\"  style=\"padding-top: calc(100vw * 0.00); padding-bottom: calc(100vw * 0.03); \"><div class=\"row-bg-wrap\" data-bg-animation=\"none\" data-bg-animation-delay=\"\" data-bg-overlay=\"false\"><div class=\"inner-wrap row-bg-layer\" ><div class=\"row-bg viewport-desktop\"  style=\"\"><\/div><\/div><\/div><div class=\"row_col_wrap_12 col span_12 dark left\">\n\t<div  class=\"vc_col-sm-6 vc_hidden-xs wpb_column column_container vc_column_container col has-animation padding-5-percent inherit_tablet inherit_phone\"  data-padding-pos=\"left-right\" data-has-bg-color=\"false\" data-bg-color=\"\" data-bg-opacity=\"1\" data-animation=\"fade-in-from-bottom\" data-delay=\"0\" >\n\t\t<div class=\"vc_column-inner\" >\n\t\t\t<div class=\"wpb_wrapper\">\n\t\t\t\t\n<div class=\"wpb_text_column wpb_content_element\" >\n\t<div class=\"wpb_wrapper\">\n\t\t<h2><strong>Was machen wir als Lieferant von Veranstaltungsm\u00f6beln?<\/strong><\/h2>\n\t<\/div>\n<\/div>\n\n\n\n\n<div class=\"wpb_text_column wpb_content_element\" >\n\t<div class=\"wpb_wrapper\">\n\t\t<section class=\"text-token-text-primary w-full focus:outline-none &#091;--shadow-height:45px&#093; has-data-writing-block:pointer-events-none has-data-writing-block:-mt-(--shadow-height) has-data-writing-block:pt-(--shadow-height) &#091;&amp;:has(&#091;data-writing-block&#093;)&gt;*&#093;:pointer-events-auto scroll-mt-(--header-height)\" dir=\"auto\" data-turn-id=\"446e2b16-aa57-4d16-9deb-6a808463638b\" data-testid=\"conversation-turn-53\" data-scroll-anchor=\"false\" data-turn=\"user\"><\/section>\n<section class=\"text-token-text-primary w-full focus:outline-none &#091;--shadow-height:45px&#093; has-data-writing-block:pointer-events-none has-data-writing-block:-mt-(--shadow-height) has-data-writing-block:pt-(--shadow-height) &#091;&amp;:has(&#091;data-writing-block&#093;)&gt;*&#093;:pointer-events-auto scroll-mt-&#091;calc(var(--header-height)+min(200px,max(70px,20svh)))&#093;\" dir=\"auto\" data-turn-id=\"request-WEB:de1a81ef-2d2c-4157-9bbf-361baabb2184-150\" data-testid=\"conversation-turn-54\" data-scroll-anchor=\"true\" data-turn=\"assistant\">\n<div class=\"text-base my-auto mx-auto pb-10 &#091;--thread-content-margin:var(--thread-content-margin-xs,calc(var(--spacing)*4))&#093; @w-sm\/main:&#091;--thread-content-margin:var(--thread-content-margin-sm,calc(var(--spacing)*6))&#093; @w-lg\/main:&#091;--thread-content-margin:var(--thread-content-margin-lg,calc(var(--spacing)*16))&#093; px-(--thread-content-margin)\">\n<div class=\"&#091;--thread-content-max-width:40rem&#093; @w-lg\/main:&#091;--thread-content-max-width:48rem&#093; mx-auto max-w-(--thread-content-max-width) flex-1 group\/turn-messages focus-visible:outline-hidden relative flex w-full min-w-0 flex-col agent-turn\">\n<div class=\"flex max-w-full flex-col gap-4 grow\">\n<div class=\"min-h-8 text-message relative flex w-full flex-col items-end gap-2 text-start break-words whitespace-normal outline-none keyboard-focused:focus-ring &#091;.text-message+&amp;&#093;:mt-1\" dir=\"auto\" tabindex=\"0\" data-message-author-role=\"assistant\" data-message-id=\"8f088d99-fbf3-487a-b2fb-d215e41c46f6\" data-message-model-slug=\"gpt-5-3\" data-turn-start-message=\"true\">\n<div class=\"flex w-full flex-col gap-1 empty:hidden\">\n<div class=\"markdown prose dark:prose-invert w-full wrap-break-word light markdown-new-styling\">\n<p data-start=\"78\" data-end=\"362\"><span style=\"color: #000000;\">Wir entwickeln und gestalten Eventm\u00f6bel speziell f\u00fcr die Dynamik der Veranstaltungsbranche um. Dabei optimieren und verfeinern wir unsere Produkte kontinuierlich, um L\u00f6sungen mit Fokus auf Nachhaltigkeit, effizienten Transport, schnellen Aufbau und Stapelbarkeit zu schaffen.<\/span><\/p>\n<p data-start=\"364\" data-end=\"487\"><span style=\"color: #000000;\">Auf diese Weise bieten wir praktische und durchdachte M\u00f6bel an, die perfekt auf die Bed\u00fcrfnisse unserer Kunden weltweit zugeschnitten sind.<\/span><\/p>\n<\/div>\n<\/div>\n<\/div>\n<\/div>\n<\/div>\n<\/div>\n<\/section>\n\t<\/div>\n<\/div>\n\n\n\n<div class=\"divider-wrap\" data-alignment=\"default\"><div style=\"height: 25px;\" class=\"divider\"><\/div><\/div>\n\t\t\t<\/div> \n\t\t<\/div>\n\t<\/div> \n\n\t<div  class=\"vc_col-sm-6 wpb_column column_container vc_column_container col no-extra-padding inherit_tablet inherit_phone\"  data-padding-pos=\"all\" data-has-bg-color=\"false\" data-bg-color=\"\" data-bg-opacity=\"1\" data-animation=\"\" data-delay=\"0\" >\n\t\t<div class=\"vc_column-inner\" >\n\t\t\t<div class=\"wpb_wrapper\">\n\t\t\t\t<div class=\"divider-wrap\" data-alignment=\"default\"><div style=\"height: 15px;\" class=\"divider\"><\/div><\/div><div class=\"owl-carousel\" data-enable-animation=\"\" data-loop=\"true\"  data-animation-delay=\"0\" data-autorotate=\"true\" data-autorotation-speed=\"2000\" data-column-padding=\"0\" data-desktop-cols=\"1\" data-desktop-small-cols=\"1\" data-tablet-cols=\"1\" data-mobile-cols=\"1\"><div class=\"carousel-item\"><div class=\"img-with-aniamtion-wrap\" data-max-width=\"100%\" data-max-width-mobile=\"default\" data-shadow=\"none\" data-animation=\"none\" >\n      <div class=\"inner\">\n        <div class=\"hover-wrap\"> \n          <div class=\"hover-wrap-inner\">\n            <img loading=\"lazy\" decoding=\"async\" class=\"img-with-animation skip-lazy\" data-delay=\"0\" height=\"1010\" width=\"1920\" data-animation=\"none\" src=\"https:\/\/flexfurn.com\/wp-content\/uploads\/2026\/04\/Image-created-by-Double-MP-3.jpg\" alt=\"Die Kollektion Black Kubo mit Stehtischen und Barhockern, angeordnet in einem industriell anmutenden Interieur, ist ideal f\u00fcr stilvolle und funktionale Event-Setups.\" srcset=\"https:\/\/flexfurn.com\/wp-content\/uploads\/2026\/04\/Image-created-by-Double-MP-3.jpg 1920w, https:\/\/flexfurn.com\/wp-content\/uploads\/2026\/04\/Image-created-by-Double-MP-3-300x158.jpg 300w, https:\/\/flexfurn.com\/wp-content\/uploads\/2026\/04\/Image-created-by-Double-MP-3-1024x539.jpg 1024w, https:\/\/flexfurn.com\/wp-content\/uploads\/2026\/04\/Image-created-by-Double-MP-3-768x404.jpg 768w, https:\/\/flexfurn.com\/wp-content\/uploads\/2026\/04\/Image-created-by-Double-MP-3-1536x808.jpg 1536w, https:\/\/flexfurn.com\/wp-content\/uploads\/2026\/04\/Image-created-by-Double-MP-3-18x9.jpg 18w, https:\/\/flexfurn.com\/wp-content\/uploads\/2026\/04\/Image-created-by-Double-MP-3-1000x526.jpg 1000w\" sizes=\"auto, (max-width: 1920px) 100vw, 1920px\" \/>\n          <\/div>\n        <\/div>\n      <\/div>\n    <\/div><\/div><div class=\"carousel-item\"><div class=\"img-with-aniamtion-wrap\" data-max-width=\"100%\" data-max-width-mobile=\"default\" data-shadow=\"none\" data-animation=\"none\" >\n      <div class=\"inner\">\n        <div class=\"hover-wrap\"> \n          <div class=\"hover-wrap-inner\">\n            <img loading=\"lazy\" decoding=\"async\" class=\"img-with-animation skip-lazy\" data-delay=\"0\" height=\"1010\" width=\"1920\" data-animation=\"none\" src=\"https:\/\/flexfurn.com\/wp-content\/uploads\/2026\/04\/6.jpg\" alt=\"Die Kollektion \u201eBlack Kubo\u201c mit Stehtischen und Barhockern in einer modernen Eventlocation mit stimmungsvoller Beleuchtung und professionellem Setup.\" srcset=\"https:\/\/flexfurn.com\/wp-content\/uploads\/2026\/04\/6.jpg 1920w, https:\/\/flexfurn.com\/wp-content\/uploads\/2026\/04\/6-300x158.jpg 300w, https:\/\/flexfurn.com\/wp-content\/uploads\/2026\/04\/6-1024x539.jpg 1024w, https:\/\/flexfurn.com\/wp-content\/uploads\/2026\/04\/6-768x404.jpg 768w, https:\/\/flexfurn.com\/wp-content\/uploads\/2026\/04\/6-1536x808.jpg 1536w, https:\/\/flexfurn.com\/wp-content\/uploads\/2026\/04\/6-18x9.jpg 18w, https:\/\/flexfurn.com\/wp-content\/uploads\/2026\/04\/6-1000x526.jpg 1000w\" sizes=\"auto, (max-width: 1920px) 100vw, 1920px\" \/>\n          <\/div>\n        <\/div>\n      <\/div>\n    <\/div><\/div><div class=\"carousel-item\"><div class=\"img-with-aniamtion-wrap\" data-max-width=\"100%\" data-max-width-mobile=\"default\" data-shadow=\"none\" data-animation=\"none\" >\n      <div class=\"inner\">\n        <div class=\"hover-wrap\"> \n          <div class=\"hover-wrap-inner\">\n            <img loading=\"lazy\" decoding=\"async\" class=\"img-with-animation skip-lazy\" data-delay=\"0\" height=\"1010\" width=\"1920\" data-animation=\"none\" src=\"https:\/\/flexfurn.com\/wp-content\/uploads\/2026\/04\/7.jpg\" alt=\"Die Kubo-Kollektion mit wei\u00dfen Stehtischen und Barhockern auf einer Terrassen-Eventlocation unter einem stilvollen Stretchzelt mit Blick aufs Wasser.\" srcset=\"https:\/\/flexfurn.com\/wp-content\/uploads\/2026\/04\/7.jpg 1920w, https:\/\/flexfurn.com\/wp-content\/uploads\/2026\/04\/7-300x158.jpg 300w, https:\/\/flexfurn.com\/wp-content\/uploads\/2026\/04\/7-1024x539.jpg 1024w, https:\/\/flexfurn.com\/wp-content\/uploads\/2026\/04\/7-768x404.jpg 768w, https:\/\/flexfurn.com\/wp-content\/uploads\/2026\/04\/7-1536x808.jpg 1536w, https:\/\/flexfurn.com\/wp-content\/uploads\/2026\/04\/7-18x9.jpg 18w, https:\/\/flexfurn.com\/wp-content\/uploads\/2026\/04\/7-1000x526.jpg 1000w\" sizes=\"auto, (max-width: 1920px) 100vw, 1920px\" \/>\n          <\/div>\n        <\/div>\n      <\/div>\n    <\/div><\/div><\/div>\n\t\t\t<\/div> \n\t\t<\/div>\n\t<\/div> \n<\/div><\/div>\n\t\t<div id=\"fws_69f3535d994ed\"  data-column-margin=\"default\" data-midnight=\"dark\"  class=\"wpb_row vc_row-fluid vc_row full-width-section\"  style=\"padding-top: 0px; padding-bottom: 0px; \"><div class=\"row-bg-wrap\" data-bg-animation=\"none\" data-bg-animation-delay=\"\" data-bg-overlay=\"false\"><div class=\"inner-wrap row-bg-layer\" ><div class=\"row-bg viewport-desktop using-bg-color\"  style=\"background-color: #EFEFEF; \"><\/div><\/div><\/div><div class=\"row_col_wrap_12 col span_12 dark left\">\n\t<div  class=\"vc_col-sm-6 wpb_column column_container vc_column_container col no-extra-padding inherit_tablet inherit_phone\"  data-padding-pos=\"all\" data-has-bg-color=\"false\" data-bg-color=\"\" data-bg-opacity=\"1\" data-animation=\"\" data-delay=\"0\" >\n\t\t<div class=\"vc_column-inner\" >\n\t\t\t<div class=\"wpb_wrapper\">\n\t\t\t\t<div class=\"divider-wrap\" data-alignment=\"default\"><div style=\"height: 65px;\" class=\"divider\"><\/div><\/div>\n<div class=\"wpb_text_column wpb_content_element\" >\n\t<div class=\"wpb_wrapper\">\n\t\t<h4><strong>Veranstaltungsanwendungen<\/strong><\/h4>\n<p>Unsere M\u00f6bel werden verwendet f\u00fcr:<\/p>\n<ul>\n<li><span style=\"color: #000000;\"><a style=\"color: #000000;\" href=\"#topic1\">Fests\u00e4le\/Veranstaltungsorte<\/a><\/span><\/li>\n<li><span style=\"color: #000000;\"><a style=\"color: #000000;\" href=\"#topic2\">Festivals und Gro\u00dfveranstaltungen<\/a><\/span><\/li>\n<li><span style=\"color: #000000;\"><a style=\"color: #000000;\" href=\"#topic3\">Kongresse und Konferenzen<\/a><\/span><\/li>\n<li><span style=\"color: #000000;\"><a style=\"color: #000000;\" href=\"#topic4\">Galas und Firmenfeiern<\/a><\/span><\/li>\n<li><span style=\"color: #000000;\"><a style=\"color: #000000;\" href=\"#topic5\">Messen und Ausstellungen<\/a><\/span><\/li>\n<li><span style=\"color: #000000;\"><a style=\"color: #000000;\" href=\"#topic6\">Tempor\u00e4re Veranstaltungsorte\/ Pop-up-Stores<\/a><\/span><\/li>\n<li>\u2026<\/li>\n<\/ul>\n\t<\/div>\n<\/div>\n\n\n\n<div class=\"divider-wrap\" data-alignment=\"default\"><div style=\"height: 25px;\" class=\"divider\"><\/div><\/div>\n\t\t\t<\/div> \n\t\t<\/div>\n\t<\/div> \n\n\t<div  class=\"vc_col-sm-6 wpb_column column_container vc_column_container col no-extra-padding inherit_tablet inherit_phone\"  data-padding-pos=\"all\" data-has-bg-color=\"false\" data-bg-color=\"\" data-bg-opacity=\"1\" data-animation=\"\" data-delay=\"0\" >\n\t\t<div class=\"vc_column-inner\" >\n\t\t\t<div class=\"wpb_wrapper\">\n\t\t\t\t<div class=\"divider-wrap\" data-alignment=\"default\"><div style=\"height: 65px;\" class=\"divider\"><\/div><\/div>\n<div class=\"wpb_text_column wpb_content_element\" >\n\t<div class=\"wpb_wrapper\">\n\t\t<h4><strong>Unsere L\u00f6sungen<\/strong><\/h4>\n<p>Unser Sortiment besteht aus M\u00f6beln f\u00fcr den professionellen Einsatz:<\/p>\n<ul>\n<li>Stapelbar<\/li>\n<li>Biegsam<\/li>\n<li>Multifunktional<\/li>\n<li>Transportierbar<\/li>\n<li>Zeiteffizient<\/li>\n<li>benutzerfreundlich<\/li>\n<li>\u2026<\/li>\n<\/ul>\n\t<\/div>\n<\/div>\n\n\n\n<div class=\"divider-wrap\" data-alignment=\"default\"><div style=\"height: 25px;\" class=\"divider\"><\/div><\/div>\n\t\t\t<\/div> \n\t\t<\/div>\n\t<\/div> \n<\/div><\/div>\n\t\t<div id=\"fws_69f3535d99e53\"  data-column-margin=\"default\" data-midnight=\"dark\"  class=\"wpb_row vc_row-fluid vc_row\"  style=\"padding-top: 0px; padding-bottom: 0px; \"><div class=\"row-bg-wrap\" data-bg-animation=\"none\" data-bg-animation-delay=\"\" data-bg-overlay=\"false\"><div class=\"inner-wrap row-bg-layer\" ><div class=\"row-bg viewport-desktop\"  style=\"\"><\/div><\/div><\/div><div class=\"row_col_wrap_12 col span_12 dark left\">\n\t<div  class=\"vc_col-sm-6 wpb_column column_container vc_column_container col no-extra-padding inherit_tablet inherit_phone\"  data-padding-pos=\"all\" data-has-bg-color=\"false\" data-bg-color=\"\" data-bg-opacity=\"1\" data-animation=\"\" data-delay=\"0\" >\n\t\t<div class=\"vc_column-inner\" >\n\t\t\t<div class=\"wpb_wrapper\">\n\t\t\t\t<div class=\"divider-wrap\" data-alignment=\"default\"><div style=\"height: 65px;\" class=\"divider\"><\/div><\/div><div class='nectar-image-comparison twentytwenty-container'>\n  <img class='skip-lazy' src='https:\/\/flexfurn.com\/wp-content\/uploads\/2026\/03\/Gemini_Generated_Image_veby38veby38veby.png' alt='Sonnige Festivalkulisse ohne M\u00f6bel, bereit zum Aufbau.'>\n  <img class='skip-lazy' src='https:\/\/flexfurn.com\/wp-content\/uploads\/2026\/03\/1.png' alt='Kubo-Stehtisch mit Kasar-Barhockern in sonniger Festivalatmosph\u00e4re im Freien.'>\n<\/div><div class=\"divider-wrap\" data-alignment=\"default\"><div style=\"height: 65px;\" class=\"divider\"><\/div><\/div>\n\t\t\t<\/div> \n\t\t<\/div>\n\t<\/div> \n\n\t<div  class=\"vc_col-sm-6 wpb_column column_container vc_column_container col no-extra-padding inherit_tablet inherit_phone\"  data-padding-pos=\"all\" data-has-bg-color=\"false\" data-bg-color=\"\" data-bg-opacity=\"1\" data-animation=\"\" data-delay=\"0\" >\n\t\t<div class=\"vc_column-inner\" >\n\t\t\t<div class=\"wpb_wrapper\">\n\t\t\t\t<div class=\"divider-wrap\" data-alignment=\"default\"><div style=\"height: 65px;\" class=\"divider\"><\/div><\/div><div class='nectar-image-comparison twentytwenty-container'>\n  <img class='skip-lazy' src='https:\/\/flexfurn.com\/wp-content\/uploads\/2026\/03\/Gemini_Generated_Image_m3fhrum3fhrum3fh.png' alt='Leerer Veranstaltungsraum in Mine C, unm\u00f6bliert.'>\n  <img class='skip-lazy' src='https:\/\/flexfurn.com\/wp-content\/uploads\/2026\/03\/2.png' alt='Flow-Tisch mit Kasar-St\u00fchlen im Event-Setting bei C-mine.'>\n<\/div><div class=\"divider-wrap\" data-alignment=\"default\"><div style=\"height: 65px;\" class=\"divider\"><\/div><\/div>\n\t\t\t<\/div> \n\t\t<\/div>\n\t<\/div> \n<\/div><\/div>\n\t\t<div id=\"fws_69f3535d9af35\"  data-column-margin=\"default\" data-midnight=\"dark\"  class=\"wpb_row vc_row-fluid vc_row full-width-section\"  style=\"padding-top: 0px; padding-bottom: 0px; \"><div class=\"row-bg-wrap\" data-bg-animation=\"none\" data-bg-animation-delay=\"\" data-bg-overlay=\"false\"><div class=\"inner-wrap row-bg-layer\" ><div class=\"row-bg viewport-desktop using-bg-color\"  style=\"background-color: #EFEFEF; \"><\/div><\/div><\/div><div class=\"row_col_wrap_12 col span_12 dark left\">\n\t<div  class=\"vc_col-sm-12 wpb_column column_container vc_column_container col no-extra-padding inherit_tablet inherit_phone\"  data-padding-pos=\"all\" data-has-bg-color=\"false\" data-bg-color=\"\" data-bg-opacity=\"1\" data-animation=\"\" data-delay=\"0\" >\n\t\t<div class=\"vc_column-inner\" >\n\t\t\t<div class=\"wpb_wrapper\">\n\t\t\t\t<div class=\"divider-wrap\" data-alignment=\"default\"><div style=\"height: 65px;\" class=\"divider\"><\/div><\/div>\n<div class=\"wpb_text_column wpb_content_element\" >\n\t<div class=\"wpb_wrapper\">\n\t\t<h3 style=\"text-align: center;\">Warum entscheiden sich Eventprofis f\u00fcr Flexfurn?<\/h3>\n\t<\/div>\n<\/div>\n\n\n\n<div class=\"divider-wrap\" data-alignment=\"default\"><div style=\"height: 25px;\" class=\"divider\"><\/div><\/div>\n\t\t\t<\/div> \n\t\t<\/div>\n\t<\/div> \n<\/div><\/div>\n\t\t<div id=\"fws_69f3535d9b515\"  data-column-margin=\"default\" data-midnight=\"dark\"  class=\"wpb_row vc_row-fluid vc_row full-width-section\"  style=\"padding-top: 0px; padding-bottom: 0px; \"><div class=\"row-bg-wrap\" data-bg-animation=\"none\" data-bg-animation-delay=\"\" data-bg-overlay=\"false\"><div class=\"inner-wrap row-bg-layer\" ><div class=\"row-bg viewport-desktop using-bg-color\"  style=\"background-color: #EFEFEF; \"><\/div><\/div><\/div><div class=\"row_col_wrap_12 col span_12 dark left\">\n\t<div  class=\"vc_col-sm-6 wpb_column column_container vc_column_container col no-extra-padding inherit_tablet inherit_phone\"  data-padding-pos=\"all\" data-has-bg-color=\"false\" data-bg-color=\"\" data-bg-opacity=\"1\" data-animation=\"\" data-delay=\"0\" >\n\t\t<div class=\"vc_column-inner\" >\n\t\t\t<div class=\"wpb_wrapper\">\n\t\t\t\t\n<div class=\"wpb_text_column wpb_content_element\" >\n\t<div class=\"wpb_wrapper\">\n\t\t<p style=\"text-align: center;\"><strong>F\u00fcr den intensiven Einsatz entwickelt<\/strong><\/p>\n<p style=\"text-align: center;\">Flexfurn-M\u00f6bel sind speziell f\u00fcr den Veranstaltungsbereich konzipiert, wo M\u00f6bel h\u00e4ufig bewegt, aufgebaut und gestapelt werden. Daher m\u00fcssen sie intensiver Beanspruchung standhalten. Dank der verwendeten Materialien und des durchdachten Designs sind die Produkte langlebig und zuverl\u00e4ssig.<\/p>\n<p style=\"text-align: center;\"><strong>Effizienter Transport und Lagerung<\/strong><\/p>\n<p style=\"text-align: center;\">Alle Flexfurn-Produkte sind stapelbar oder faltbar und ben\u00f6tigen daher beim Transport und der Lagerung weniger Platz. Speziell entwickelte Transportwagen sorgen zudem f\u00fcr einen schnelleren und effizienteren Auf- und Abbau bei Veranstaltungen. Das spart Ihnen Zeit und erm\u00f6glicht Ihnen ein reibungsloseres Arbeiten vor Ort.<\/p>\n\t<\/div>\n<\/div>\n\n\n\n<div class=\"divider-wrap\" data-alignment=\"default\"><div style=\"height: 25px;\" class=\"divider\"><\/div><\/div>\n\t\t\t<\/div> \n\t\t<\/div>\n\t<\/div> \n\n\t<div  class=\"vc_col-sm-6 wpb_column column_container vc_column_container col no-extra-padding inherit_tablet inherit_phone\"  data-padding-pos=\"all\" data-has-bg-color=\"false\" data-bg-color=\"\" data-bg-opacity=\"1\" data-animation=\"\" data-delay=\"0\" >\n\t\t<div class=\"vc_column-inner\" >\n\t\t\t<div class=\"wpb_wrapper\">\n\t\t\t\t\n<div class=\"wpb_text_column wpb_content_element\" >\n\t<div class=\"wpb_wrapper\">\n\t\t<p style=\"text-align: center;\"><strong>Design und Funktionalit\u00e4t in einem<\/strong><\/p>\n<p style=\"text-align: center;\" data-start=\"174\" data-end=\"450\">Neben praktischen Vorteilen spielt auch das Erscheinungsbild bei Veranstaltungen eine wichtige Rolle. Deshalb kombinieren wir zeitloses Design mit funktionalen L\u00f6sungen und stellen so sicher, dass die M\u00f6bel nicht nur effizient sind, sondern auch zu einem eleganten und professionellen Veranstaltungsambiente beitragen.<\/p>\n<p style=\"text-align: center;\"><strong>Schnelle und flexible Event-Aufbauten<\/strong><\/p>\n<p style=\"text-align: center;\">Von Konferenzbestuhlung \u00fcber Empf\u00e4nge bis hin zu Galas: Wir bieten L\u00f6sungen, die sich an unterschiedlichste Veranstaltungen anpassen lassen. So k\u00f6nnen St\u00fchle, Tische und Barhocker unkompliziert kombiniert werden, um im Handumdrehen ein professionelles Ambiente zu schaffen. Diese Flexibilit\u00e4t gew\u00e4hrleistet zudem, dass sich die Bestuhlung problemlos an jede Situation anpassen l\u00e4sst.<\/p>\n\t<\/div>\n<\/div>\n\n\n\n<div class=\"divider-wrap\" data-alignment=\"default\"><div style=\"height: 25px;\" class=\"divider\"><\/div><\/div>\n\t\t\t<\/div> \n\t\t<\/div>\n\t<\/div> \n<\/div><\/div>\n\t\t<div id=\"fws_69f3535d9bd8c\"  data-column-margin=\"default\" data-midnight=\"dark\"  class=\"wpb_row vc_row-fluid vc_row\"  style=\"padding-top: 0px; padding-bottom: 0px; \"><div class=\"row-bg-wrap\" data-bg-animation=\"none\" data-bg-animation-delay=\"\" data-bg-overlay=\"false\"><div class=\"inner-wrap row-bg-layer\" ><div class=\"row-bg viewport-desktop\"  style=\"\"><\/div><\/div><\/div><div class=\"row_col_wrap_12 col span_12 dark left\">\n\t<div  class=\"vc_col-sm-6 wpb_column column_container vc_column_container col no-extra-padding inherit_tablet inherit_phone\"  data-padding-pos=\"all\" data-has-bg-color=\"false\" data-bg-color=\"\" data-bg-opacity=\"1\" data-animation=\"\" data-delay=\"0\" >\n\t\t<div class=\"vc_column-inner\" >\n\t\t\t<div class=\"wpb_wrapper\">\n\t\t\t\t<div class=\"divider-wrap\" data-alignment=\"default\"><div style=\"height: 65px;\" class=\"divider\"><\/div><\/div><div class=\"img-with-aniamtion-wrap\" data-max-width=\"100%\" data-max-width-mobile=\"default\" data-shadow=\"none\" data-animation=\"none\" >\n      <div class=\"inner\">\n        <div class=\"hover-wrap\"> \n          <div class=\"hover-wrap-inner\">\n            <img loading=\"lazy\" decoding=\"async\" class=\"img-with-animation skip-lazy\" data-delay=\"0\" height=\"2560\" width=\"1707\" data-animation=\"none\" src=\"https:\/\/flexfurn.com\/wp-content\/uploads\/2026\/04\/Kasar-Black-Graspop-Metal-Meeting-3-scaled.jpg\" alt=\"Kasar Barhocker und Kubo Stehtische wurden beim Graspop Metal Meeting aufgestellt und eignen sich ideal f\u00fcr robuste und effiziente Event-Setups im Festival-Umfeld.\" srcset=\"https:\/\/flexfurn.com\/wp-content\/uploads\/2026\/04\/Kasar-Black-Graspop-Metal-Meeting-3-scaled.jpg 1707w, https:\/\/flexfurn.com\/wp-content\/uploads\/2026\/04\/Kasar-Black-Graspop-Metal-Meeting-3-200x300.jpg 200w, https:\/\/flexfurn.com\/wp-content\/uploads\/2026\/04\/Kasar-Black-Graspop-Metal-Meeting-3-683x1024.jpg 683w, https:\/\/flexfurn.com\/wp-content\/uploads\/2026\/04\/Kasar-Black-Graspop-Metal-Meeting-3-768x1152.jpg 768w, https:\/\/flexfurn.com\/wp-content\/uploads\/2026\/04\/Kasar-Black-Graspop-Metal-Meeting-3-1024x1536.jpg 1024w, https:\/\/flexfurn.com\/wp-content\/uploads\/2026\/04\/Kasar-Black-Graspop-Metal-Meeting-3-1365x2048.jpg 1365w, https:\/\/flexfurn.com\/wp-content\/uploads\/2026\/04\/Kasar-Black-Graspop-Metal-Meeting-3-8x12.jpg 8w, https:\/\/flexfurn.com\/wp-content\/uploads\/2026\/04\/Kasar-Black-Graspop-Metal-Meeting-3-1000x1500.jpg 1000w\" sizes=\"auto, (max-width: 1707px) 100vw, 1707px\" \/>\n          <\/div>\n        <\/div>\n      <\/div>\n    <\/div><div class=\"divider-wrap\" data-alignment=\"default\"><div style=\"height: 30px;\" class=\"divider\"><\/div><\/div>\n\t\t\t<\/div> \n\t\t<\/div>\n\t<\/div> \n\n\t<div  class=\"vc_col-sm-6 wpb_column column_container vc_column_container col no-extra-padding inherit_tablet inherit_phone\"  data-padding-pos=\"all\" data-has-bg-color=\"false\" data-bg-color=\"\" data-bg-opacity=\"1\" data-animation=\"\" data-delay=\"0\" >\n\t\t<div class=\"vc_column-inner\" >\n\t\t\t<div class=\"wpb_wrapper\">\n\t\t\t\t<div class=\"divider-wrap\" data-alignment=\"default\"><div style=\"height: 65px;\" class=\"divider\"><\/div><\/div>\n<div class=\"wpb_text_column wpb_content_element\"  id=\"topic1\">\n\t<div class=\"wpb_wrapper\">\n\t\t<h5 data-section-id=\"1ryrxyu\" data-start=\"113\" data-end=\"146\"><strong><span style=\"color: #bfb27b;\">Fests\u00e4le und Veranstaltungsorte<\/span><\/strong><\/h5>\n<p>Flexibilit\u00e4t ist unerl\u00e4sslich. Beispielsweise wird der Raum oft schnell von einem Empfangsraum in einen Speisesaal oder eine Partyraum umgewandelt. Daher m\u00fcssen die M\u00f6bel leicht zu bewegen, stapelbar und effizient zu nutzen sein, ohne dabei Kompromisse beim Erscheinungsbild einzugehen.<a href=\"https:\/\/flexfurn.com\/de\/produktkategorie\/sammlung\/kubo\/\">Kubo<\/a>, <a href=\"https:\/\/flexfurn.com\/de\/produktkategorie\/sammlung\/tolix-stil\/\">Tolix-Stil<\/a>, <a href=\"https:\/\/flexfurn.com\/de\/produktkategorie\/sammlung\/salz\/\">Salz<\/a>, <a href=\"https:\/\/flexfurn.com\/de\/produkt-2\/ozean-klapptisch\/\">Ozean<\/a>)<\/p>\n\t<\/div>\n<\/div>\n\n\n\n\n<div class=\"wpb_text_column wpb_content_element\"  id=\"topic2\">\n\t<div class=\"wpb_wrapper\">\n\t\t<h5 data-section-id=\"1g3zq08\" data-start=\"1520\" data-end=\"1559\"><strong><span style=\"color: #bfb27b;\">Festivals und Gro\u00dfveranstaltungen<\/span><\/strong><\/h5>\n<p data-start=\"1560\" data-end=\"1780\">Bei Gro\u00dfveranstaltungen kommt es vor allem auf Schnelligkeit und Effizienz an. Die M\u00f6bel m\u00fcssen sich schnell auf- und abbauen lassen. Nachhaltigkeit und Benutzerfreundlichkeit sind zudem entscheidend, damit alles reibungslos und ohne Verz\u00f6gerungen abl\u00e4uft.<a href=\"https:\/\/flexfurn.com\/de\/produktkategorie\/sammlung\/kubo\/\">Kubo<\/a>, <a href=\"https:\/\/flexfurn.com\/de\/produktkategorie\/sammlung\/fliesen\/\">Flie\u00dfen<\/a>, <a href=\"https:\/\/flexfurn.com\/de\/produktkategorie\/sammlung\/tribo\/\">Tribo<\/a>, <a href=\"https:\/\/flexfurn.com\/de\/produktkategorie\/sammlung\/flugel\/\">Fl\u00fcgel<\/a>)<\/p>\n\t<\/div>\n<\/div>\n\n\n\n\n<div class=\"wpb_text_column wpb_content_element\"  id=\"topic3\">\n\t<div class=\"wpb_wrapper\">\n\t\t<h5 data-section-id=\"at9npj\" data-start=\"381\" data-end=\"413\"><strong><span style=\"color: #bfb27b;\">Kongresse und Konferenzen<\/span><\/strong><\/h5>\n<p data-start=\"414\" data-end=\"668\">Bei Konferenzen dreht sich alles um Struktur und Kapazit\u00e4t. Daher m\u00fcssen zahlreiche St\u00fchle schnell in ordentlichen Reihen oder Blockformationen aufgestellt werden k\u00f6nnen. Zudem ist ein einheitliches und gut organisiertes Layout wichtig f\u00fcr ein professionelles Erscheinungsbild.<a href=\"https:\/\/flexfurn.com\/de\/produkt-2\/curvo-stapelstuhl\/\">Curvo<\/a>, <a href=\"https:\/\/flexfurn.com\/de\/produkt-2\/kasar-stapelstuhl\/\">Kasar<\/a>, <a href=\"https:\/\/flexfurn.com\/de\/produkt-2\/pfeffer-stapelstuhl\/\">Pfeffer<\/a>, \u2026)<\/p>\n\t<\/div>\n<\/div>\n\n\n\n\n<div class=\"wpb_text_column wpb_content_element\"  id=\"topic4\">\n\t<div class=\"wpb_wrapper\">\n\t\t<h5 data-start=\"703\" data-end=\"982\"><strong><span style=\"color: #bfb27b;\">Galas und Firmenfeiern<\/span><\/strong><\/h5>\n<p data-start=\"1007\" data-end=\"1263\">Bei Galas und Dinnerpartys spielt das Erscheinungsbild eine wichtige Rolle. Daher m\u00fcssen Esstische und St\u00fchle ein elegantes und stilvolles Ambiente gew\u00e4hrleisten. Gleichzeitig ist eine praktische Handhabung f\u00fcr einen reibungslosen Auf- und Abbau unerl\u00e4sslich.<a href=\"https:\/\/flexfurn.com\/de\/produktkategorie\/sammlung\/mundi-kollektion\/\">Mundi<\/a>, <a href=\"https:\/\/flexfurn.com\/de\/produktkategorie\/sammlung\/alice\/\">Alice<\/a>, <a href=\"https:\/\/flexfurn.com\/de\/produktkategorie\/sammlung\/vase\/\">Vase<\/a>, <a href=\"https:\/\/flexfurn.com\/de\/produktkategorie\/sammlung\/teddy\/\">Teddy<\/a>, <a href=\"https:\/\/flexfurn.com\/de\/produkt-2\/nina-stapelstuhl\/\">Nina<\/a>)<\/p>\n\t<\/div>\n<\/div>\n\n\n\n\n<div class=\"wpb_text_column wpb_content_element\"  id=\"topic5\">\n\t<div class=\"wpb_wrapper\">\n\t\t<h5 data-section-id=\"1srnhbo\" data-start=\"1265\" data-end=\"1288\"><strong><span style=\"color: #bfb27b;\">Messen und Ausstellungen<\/span><\/strong><\/h5>\n<p data-start=\"1289\" data-end=\"1518\">Vielseitigkeit ist auf Messen unerl\u00e4sslich. Aussteller ben\u00f6tigen daher M\u00f6bel, die sich leicht bewegen lassen. Kompakte und flexible L\u00f6sungen sind hier besonders vorteilhaft, da sie sich schnell an unterschiedliche Messest\u00e4nde anpassen lassen.<a href=\"https:\/\/flexfurn.com\/de\/produktkategorie\/sammlung\/linea\/\">Linea<\/a>, <a href=\"https:\/\/flexfurn.com\/de\/produktkategorie\/sammlung\/kubo-wand\/\">Kubo-Mauer<\/a>)<\/p>\n\t<\/div>\n<\/div>\n\n\n\n\n<div class=\"wpb_text_column wpb_content_element\"  id=\"topic6\">\n\t<div class=\"wpb_wrapper\">\n\t\t<h5 data-section-id=\"7f0cwc\" data-start=\"670\" data-end=\"702\"><strong><span style=\"color: #bfb27b;\">Tempor\u00e4re Veranstaltungsorte und Pop-up-Stores<\/span><\/strong><\/h5>\n<p data-start=\"703\" data-end=\"982\">Pop-up-Stores und tempor\u00e4re Standorte erfordern maximale Flexibilit\u00e4t. Daher m\u00fcssen die M\u00f6bel leicht, stapelbar und schnell aufzubauen sein, damit Auf- und Abbau unabh\u00e4ngig vom Standort reibungslos verlaufen. Praktisches und effizientes Arbeiten steht dabei im Vordergrund, damit Teams schnell reagieren und sich an jede Situation anpassen k\u00f6nnen.<a href=\"https:\/\/flexfurn.com\/de\/produktkategorie\/sammlung\/kubo\/\">Kubo<\/a>, <a href=\"https:\/\/flexfurn.com\/de\/produktkategorie\/sammlung\/konisch\/\">Konisch<\/a>, <a href=\"https:\/\/flexfurn.com\/de\/produkt-2\/tolix-style-pp\/\">Tolix-Stil PP<\/a>)<\/p>\n\t<\/div>\n<\/div>\n\n\n\n<div class=\"divider-wrap\" data-alignment=\"default\"><div style=\"height: 30px;\" class=\"divider\"><\/div><\/div>\n\t\t\t<\/div> \n\t\t<\/div>\n\t<\/div> \n<\/div><\/div>\n\t\t<div id=\"fws_69f3535d9cc84\"  data-column-margin=\"default\" data-midnight=\"dark\"  class=\"wpb_row vc_row-fluid vc_row full-width-section\"  style=\"padding-top: 0px; padding-bottom: 0px; \"><div class=\"row-bg-wrap\" data-bg-animation=\"none\" data-bg-animation-delay=\"\" data-bg-overlay=\"false\"><div class=\"inner-wrap row-bg-layer\" ><div class=\"row-bg viewport-desktop using-bg-color\"  style=\"background-color: #C7B370; \"><\/div><\/div><\/div><div class=\"row_col_wrap_12 col span_12 dark left\">\n\t<div  class=\"vc_col-sm-12 wpb_column column_container vc_column_container col no-extra-padding inherit_tablet inherit_phone\"  data-padding-pos=\"all\" data-has-bg-color=\"false\" data-bg-color=\"\" data-bg-opacity=\"1\" data-animation=\"\" data-delay=\"0\" >\n\t\t<div class=\"vc_column-inner\" >\n\t\t\t<div class=\"wpb_wrapper\">\n\t\t\t\t<div class=\"divider-wrap\" data-alignment=\"default\"><div style=\"height: 50px;\" class=\"divider\"><\/div><\/div>\n<div class=\"wpb_text_column wpb_content_element\" >\n\t<div class=\"wpb_wrapper\">\n\t\t<h3 style=\"text-align: center;\"><strong>Suchen Sie einen zuverl\u00e4ssigen Lieferanten f\u00fcr Veranstaltungsm\u00f6bel?<\/strong><\/h3>\n<p style=\"text-align: center;\">Entdecken Sie das gesamte Flexfurn-Sortiment oder kontaktieren Sie unser Team.<\/p>\n\t<\/div>\n<\/div>\n\n\n\n<div class=\"divider-wrap\" data-alignment=\"default\"><div style=\"height: 25px;\" class=\"divider\"><\/div><\/div>\n\t\t\t<\/div> \n\t\t<\/div>\n\t<\/div> \n<\/div><\/div>\n\t\t<div id=\"fws_69f3535d9d203\"  data-column-margin=\"default\" data-midnight=\"dark\"  class=\"wpb_row vc_row-fluid vc_row full-width-section\"  style=\"padding-top: 0px; padding-bottom: 0px; \"><div class=\"row-bg-wrap\" data-bg-animation=\"none\" data-bg-animation-delay=\"\" data-bg-overlay=\"false\"><div class=\"inner-wrap row-bg-layer\" ><div class=\"row-bg viewport-desktop using-bg-color\"  style=\"background-color: #C7B370; \"><\/div><\/div><\/div><div class=\"row_col_wrap_12 col span_12 dark left\">\n\t<div  class=\"vc_col-sm-3 wpb_column column_container vc_column_container col no-extra-padding inherit_tablet inherit_phone\"  data-padding-pos=\"all\" data-has-bg-color=\"false\" data-bg-color=\"\" data-bg-opacity=\"1\" data-animation=\"\" data-delay=\"0\" >\n\t\t<div class=\"vc_column-inner\" >\n\t\t\t<div class=\"wpb_wrapper\">\n\t\t\t\t<div class=\"nectar-cta  text_hover_color_FFFFFF alignment_tablet_default alignment_phone_default display_tablet_inherit display_phone_inherit\" data-color=\"default\" data-using-bg=\"false\" data-style=\"see-through\" data-display=\"block\" data-alignment=\"center\" data-text-color=\"custom\" ><h6 style=\"color: #FFFFFF;\"> <span class=\"text\">Katalog herunterladen <\/span><span class=\"link_wrap\" ><a  class=\"link_text\" role=\"button\" href=\"https:\/\/flexfurn.com\/en\/catalogue\/\"><span class=\"arrow\"><\/span><\/a><\/span><\/h6><\/div><div class=\"divider-wrap\" data-alignment=\"default\"><div style=\"height: 40px;\" class=\"divider\"><\/div><\/div>\n\t\t\t<\/div> \n\t\t<\/div>\n\t<\/div> \n\n\t<div  class=\"vc_col-sm-3 wpb_column column_container vc_column_container col no-extra-padding inherit_tablet inherit_phone\"  data-padding-pos=\"all\" data-has-bg-color=\"false\" data-bg-color=\"\" data-bg-opacity=\"1\" data-animation=\"\" data-delay=\"0\" >\n\t\t<div class=\"vc_column-inner\" >\n\t\t\t<div class=\"wpb_wrapper\">\n\t\t\t\t<div class=\"nectar-cta  text_hover_color_FFFFFF alignment_tablet_default alignment_phone_default display_tablet_inherit display_phone_inherit\" data-color=\"default\" data-using-bg=\"false\" data-style=\"see-through\" data-display=\"block\" data-alignment=\"center\" data-text-color=\"custom\" ><h6 style=\"color: #FFFFFF;\"> <span class=\"text\">Sehen Sie sich das Sortiment online an <\/span><span class=\"link_wrap\" ><a  class=\"link_text\" role=\"button\" href=\"https:\/\/flexfurn.com\/de\/geschaft\/\"><span class=\"arrow\"><\/span><\/a><\/span><\/h6><\/div><div class=\"divider-wrap\" data-alignment=\"default\"><div style=\"height: 40px;\" class=\"divider\"><\/div><\/div>\n\t\t\t<\/div> \n\t\t<\/div>\n\t<\/div> \n\n\t<div  class=\"vc_col-sm-3 wpb_column column_container vc_column_container col no-extra-padding inherit_tablet inherit_phone\"  data-padding-pos=\"all\" data-has-bg-color=\"false\" data-bg-color=\"\" data-bg-opacity=\"1\" data-animation=\"\" data-delay=\"0\" >\n\t\t<div class=\"vc_column-inner\" >\n\t\t\t<div class=\"wpb_wrapper\">\n\t\t\t\t<div class=\"nectar-cta  text_hover_color_FFFFFF alignment_tablet_default alignment_phone_default display_tablet_inherit display_phone_inherit\" data-color=\"default\" data-using-bg=\"false\" data-style=\"see-through\" data-display=\"block\" data-alignment=\"center\" data-text-color=\"custom\" ><h6 style=\"color: #FFFFFF;\"> <span class=\"text\">Fordern Sie Ihr Angebot an <\/span><span class=\"link_wrap\" ><a  class=\"link_text\" role=\"button\" href=\"https:\/\/flexfurn.com\/en\/quote\/\"><span class=\"arrow\"><\/span><\/a><\/span><\/h6><\/div><div class=\"divider-wrap\" data-alignment=\"default\"><div style=\"height: 40px;\" class=\"divider\"><\/div><\/div>\n\t\t\t<\/div> \n\t\t<\/div>\n\t<\/div> \n\n\t<div  class=\"vc_col-sm-3 wpb_column column_container vc_column_container col no-extra-padding inherit_tablet inherit_phone\"  data-padding-pos=\"all\" data-has-bg-color=\"false\" data-bg-color=\"\" data-bg-opacity=\"1\" data-animation=\"\" data-delay=\"0\" >\n\t\t<div class=\"vc_column-inner\" >\n\t\t\t<div class=\"wpb_wrapper\">\n\t\t\t\t<div class=\"nectar-cta  text_hover_color_FFFFFF alignment_tablet_default alignment_phone_default display_tablet_inherit display_phone_inherit\" data-color=\"default\" data-using-bg=\"false\" data-style=\"see-through\" data-display=\"block\" data-alignment=\"center\" data-text-color=\"custom\" ><h6 style=\"color: #FFFFFF;\"> <span class=\"text\">kontaktiere uns <\/span><span class=\"link_wrap\" ><a  class=\"link_text\" role=\"button\" href=\"https:\/\/flexfurn.com\/en\/contact\/\"><span class=\"arrow\"><\/span><\/a><\/span><\/h6><\/div><div class=\"divider-wrap\" data-alignment=\"default\"><div style=\"height: 40px;\" class=\"divider\"><\/div><\/div>\n\t\t\t<\/div> \n\t\t<\/div>\n\t<\/div> \n<\/div><\/div>","protected":false},"excerpt":{"rendered":"Toeleverancier van eventmeubilair\u00a0 Flexfurn levert kwalitatief, stapelbaar en flexibel meubilair voor evenementen, verhuurbedrijven en organisatoren wereldwijd. Download de catalogus Bekijk het assortiment online Contacteer ons \"Bij evenementen draait alles om...","protected":false},"author":2,"featured_media":199,"parent":0,"menu_order":0,"comment_status":"closed","ping_status":"closed","template":"","meta":{"footnotes":""},"class_list":["post-34008","page","type-page","status-publish","has-post-thumbnail"],"yoast_head":"<!-- This site is optimized with the Yoast SEO plugin v26.6 - https:\/\/yoast.com\/wordpress\/plugins\/seo\/ -->\n<title>Toeleverancier eventmeubilair - Flexfurn<\/title>\n<meta name=\"description\" content=\"Op zoek naar een toeleverancier van event meubilair? Flexfurn levert duurzame en professionele meubels voor evenementen.\" \/>\n<meta name=\"robots\" content=\"index, follow, max-snippet:-1, max-image-preview:large, max-video-preview:-1\" \/>\n<link rel=\"canonical\" href=\"https:\/\/flexfurn.com\/de\/anbieter-von-veranstaltungsmobeln\/\" \/>\n<meta property=\"og:locale\" content=\"de_DE\" \/>\n<meta property=\"og:type\" content=\"article\" \/>\n<meta property=\"og:title\" content=\"Toeleverancier eventmeubilair - Flexfurn\" \/>\n<meta property=\"og:description\" content=\"Op zoek naar een toeleverancier van event meubilair? Flexfurn levert duurzame en professionele meubels voor evenementen.\" \/>\n<meta property=\"og:url\" content=\"https:\/\/flexfurn.com\/de\/anbieter-von-veranstaltungsmobeln\/\" \/>\n<meta property=\"og:site_name\" content=\"Flexfurn\" \/>\n<meta property=\"article:modified_time\" content=\"2026-04-23T14:42:16+00:00\" \/>\n<meta property=\"og:image\" content=\"https:\/\/flexfurn.com\/wp-content\/uploads\/2023\/09\/Kubo-Smart-Black-Copper-Kubo-Smart-Bar-Black-1.png\" \/>\n\t<meta property=\"og:image:width\" content=\"1440\" \/>\n\t<meta property=\"og:image:height\" content=\"499\" \/>\n\t<meta property=\"og:image:type\" content=\"image\/png\" \/>\n<meta name=\"twitter:card\" content=\"summary_large_image\" \/>\n<meta name=\"twitter:label1\" content=\"Gesch\u00e4tzte Lesezeit\" \/>\n\t<meta name=\"twitter:data1\" content=\"6\u00a0Minuten\" \/>\n<script type=\"application\/ld+json\" class=\"yoast-schema-graph\">{\"@context\":\"https:\/\/schema.org\",\"@graph\":[{\"@type\":\"WebPage\",\"@id\":\"https:\/\/flexfurn.com\/toeleverancier-event-meubilair\/\",\"url\":\"https:\/\/flexfurn.com\/toeleverancier-event-meubilair\/\",\"name\":\"Toeleverancier eventmeubilair - Flexfurn\",\"isPartOf\":{\"@id\":\"https:\/\/flexfurn.com\/#website\"},\"primaryImageOfPage\":{\"@id\":\"https:\/\/flexfurn.com\/toeleverancier-event-meubilair\/#primaryimage\"},\"image\":{\"@id\":\"https:\/\/flexfurn.com\/toeleverancier-event-meubilair\/#primaryimage\"},\"thumbnailUrl\":\"https:\/\/flexfurn.com\/wp-content\/uploads\/2023\/09\/Kubo-Smart-Black-Copper-Kubo-Smart-Bar-Black-1.png\",\"datePublished\":\"2026-04-20T12:13:08+00:00\",\"dateModified\":\"2026-04-23T14:42:16+00:00\",\"description\":\"Op zoek naar een toeleverancier van event meubilair? Flexfurn levert duurzame en professionele meubels voor evenementen.\",\"breadcrumb\":{\"@id\":\"https:\/\/flexfurn.com\/toeleverancier-event-meubilair\/#breadcrumb\"},\"inLanguage\":\"de\",\"potentialAction\":[{\"@type\":\"ReadAction\",\"target\":[\"https:\/\/flexfurn.com\/toeleverancier-event-meubilair\/\"]}]},{\"@type\":\"ImageObject\",\"inLanguage\":\"de\",\"@id\":\"https:\/\/flexfurn.com\/toeleverancier-event-meubilair\/#primaryimage\",\"url\":\"https:\/\/flexfurn.com\/wp-content\/uploads\/2023\/09\/Kubo-Smart-Black-Copper-Kubo-Smart-Bar-Black-1.png\",\"contentUrl\":\"https:\/\/flexfurn.com\/wp-content\/uploads\/2023\/09\/Kubo-Smart-Black-Copper-Kubo-Smart-Bar-Black-1.png\",\"width\":1440,\"height\":499},{\"@type\":\"BreadcrumbList\",\"@id\":\"https:\/\/flexfurn.com\/toeleverancier-event-meubilair\/#breadcrumb\",\"itemListElement\":[{\"@type\":\"ListItem\",\"position\":1,\"name\":\"Home\",\"item\":\"https:\/\/flexfurn.com\/\"},{\"@type\":\"ListItem\",\"position\":2,\"name\":\"Toeleverancier eventmeubilair\"}]},{\"@type\":\"WebSite\",\"@id\":\"https:\/\/flexfurn.com\/#website\",\"url\":\"https:\/\/flexfurn.com\/\",\"name\":\"Flexfurn\",\"description\":\"\",\"publisher\":{\"@id\":\"https:\/\/flexfurn.com\/#organization\"},\"potentialAction\":[{\"@type\":\"SearchAction\",\"target\":{\"@type\":\"EntryPoint\",\"urlTemplate\":\"https:\/\/flexfurn.com\/?s={search_term_string}\"},\"query-input\":{\"@type\":\"PropertyValueSpecification\",\"valueRequired\":true,\"valueName\":\"search_term_string\"}}],\"inLanguage\":\"de\"},{\"@type\":\"Organization\",\"@id\":\"https:\/\/flexfurn.com\/#organization\",\"name\":\"Flexfurn\",\"url\":\"https:\/\/flexfurn.com\/\",\"logo\":{\"@type\":\"ImageObject\",\"inLanguage\":\"de\",\"@id\":\"https:\/\/flexfurn.com\/#\/schema\/logo\/image\/\",\"url\":\"https:\/\/flexfurn.com\/wp-content\/uploads\/2023\/08\/LogoBlack.svg\",\"contentUrl\":\"https:\/\/flexfurn.com\/wp-content\/uploads\/2023\/08\/LogoBlack.svg\",\"width\":210,\"height\":60,\"caption\":\"Flexfurn\"},\"image\":{\"@id\":\"https:\/\/flexfurn.com\/#\/schema\/logo\/image\/\"}}]}<\/script>\n<!-- \/ Yoast SEO plugin. -->","yoast_head_json":{"title":"Eventm\u00f6bellieferant - Flexfurn","description":"Suchen Sie einen Lieferanten f\u00fcr Veranstaltungsm\u00f6bel? Flexfurn liefert langlebige und professionelle M\u00f6bel f\u00fcr Veranstaltungen.","robots":{"index":"index","follow":"follow","max-snippet":"max-snippet:-1","max-image-preview":"max-image-preview:large","max-video-preview":"max-video-preview:-1"},"canonical":"https:\/\/flexfurn.com\/de\/anbieter-von-veranstaltungsmobeln\/","og_locale":"de_DE","og_type":"article","og_title":"Toeleverancier eventmeubilair - Flexfurn","og_description":"Op zoek naar een toeleverancier van event meubilair? Flexfurn levert duurzame en professionele meubels voor evenementen.","og_url":"https:\/\/flexfurn.com\/de\/anbieter-von-veranstaltungsmobeln\/","og_site_name":"Flexfurn","article_modified_time":"2026-04-23T14:42:16+00:00","og_image":[{"width":1440,"height":499,"url":"https:\/\/flexfurn.com\/wp-content\/uploads\/2023\/09\/Kubo-Smart-Black-Copper-Kubo-Smart-Bar-Black-1.png","type":"image\/png"}],"twitter_card":"summary_large_image","twitter_misc":{"Gesch\u00e4tzte Lesezeit":"6\u00a0Minuten"},"schema":{"@context":"https:\/\/schema.org","@graph":[{"@type":"WebPage","@id":"https:\/\/flexfurn.com\/toeleverancier-event-meubilair\/","url":"https:\/\/flexfurn.com\/toeleverancier-event-meubilair\/","name":"Eventm\u00f6bellieferant - Flexfurn","isPartOf":{"@id":"https:\/\/flexfurn.com\/#website"},"primaryImageOfPage":{"@id":"https:\/\/flexfurn.com\/toeleverancier-event-meubilair\/#primaryimage"},"image":{"@id":"https:\/\/flexfurn.com\/toeleverancier-event-meubilair\/#primaryimage"},"thumbnailUrl":"https:\/\/flexfurn.com\/wp-content\/uploads\/2023\/09\/Kubo-Smart-Black-Copper-Kubo-Smart-Bar-Black-1.png","datePublished":"2026-04-20T12:13:08+00:00","dateModified":"2026-04-23T14:42:16+00:00","description":"Suchen Sie einen Lieferanten f\u00fcr Veranstaltungsm\u00f6bel? Flexfurn liefert langlebige und professionelle M\u00f6bel f\u00fcr Veranstaltungen.","breadcrumb":{"@id":"https:\/\/flexfurn.com\/toeleverancier-event-meubilair\/#breadcrumb"},"inLanguage":"de","potentialAction":[{"@type":"ReadAction","target":["https:\/\/flexfurn.com\/toeleverancier-event-meubilair\/"]}]},{"@type":"ImageObject","inLanguage":"de","@id":"https:\/\/flexfurn.com\/toeleverancier-event-meubilair\/#primaryimage","url":"https:\/\/flexfurn.com\/wp-content\/uploads\/2023\/09\/Kubo-Smart-Black-Copper-Kubo-Smart-Bar-Black-1.png","contentUrl":"https:\/\/flexfurn.com\/wp-content\/uploads\/2023\/09\/Kubo-Smart-Black-Copper-Kubo-Smart-Bar-Black-1.png","width":1440,"height":499},{"@type":"BreadcrumbList","@id":"https:\/\/flexfurn.com\/toeleverancier-event-meubilair\/#breadcrumb","itemListElement":[{"@type":"ListItem","position":1,"name":"Home","item":"https:\/\/flexfurn.com\/"},{"@type":"ListItem","position":2,"name":"Toeleverancier eventmeubilair"}]},{"@type":"WebSite","@id":"https:\/\/flexfurn.com\/#website","url":"https:\/\/flexfurn.com\/","name":"Flexfurn","description":"","publisher":{"@id":"https:\/\/flexfurn.com\/#organization"},"potentialAction":[{"@type":"SearchAction","target":{"@type":"EntryPoint","urlTemplate":"https:\/\/flexfurn.com\/?s={search_term_string}"},"query-input":{"@type":"PropertyValueSpecification","valueRequired":true,"valueName":"search_term_string"}}],"inLanguage":"de"},{"@type":"Organization","@id":"https:\/\/flexfurn.com\/#organization","name":"Flexfurn","url":"https:\/\/flexfurn.com\/","logo":{"@type":"ImageObject","inLanguage":"de","@id":"https:\/\/flexfurn.com\/#\/schema\/logo\/image\/","url":"https:\/\/flexfurn.com\/wp-content\/uploads\/2023\/08\/LogoBlack.svg","contentUrl":"https:\/\/flexfurn.com\/wp-content\/uploads\/2023\/08\/LogoBlack.svg","width":210,"height":60,"caption":"Flexfurn"},"image":{"@id":"https:\/\/flexfurn.com\/#\/schema\/logo\/image\/"}}]}},"_links":{"self":[{"href":"https:\/\/flexfurn.com\/de\/wp-json\/wp\/v2\/pages\/34008","targetHints":{"allow":["GET"]}}],"collection":[{"href":"https:\/\/flexfurn.com\/de\/wp-json\/wp\/v2\/pages"}],"about":[{"href":"https:\/\/flexfurn.com\/de\/wp-json\/wp\/v2\/types\/page"}],"author":[{"embeddable":true,"href":"https:\/\/flexfurn.com\/de\/wp-json\/wp\/v2\/users\/2"}],"replies":[{"embeddable":true,"href":"https:\/\/flexfurn.com\/de\/wp-json\/wp\/v2\/comments?post=34008"}],"version-history":[{"count":142,"href":"https:\/\/flexfurn.com\/de\/wp-json\/wp\/v2\/pages\/34008\/revisions"}],"predecessor-version":[{"id":36316,"href":"https:\/\/flexfurn.com\/de\/wp-json\/wp\/v2\/pages\/34008\/revisions\/36316"}],"wp:featuredmedia":[{"embeddable":true,"href":"https:\/\/flexfurn.com\/de\/wp-json\/wp\/v2\/media\/199"}],"wp:attachment":[{"href":"https:\/\/flexfurn.com\/de\/wp-json\/wp\/v2\/media?parent=34008"}],"curies":[{"name":"wp","href":"https:\/\/api.w.org\/{rel}","templated":true}]}}