{"id":3881,"date":"2024-01-04T11:03:37","date_gmt":"2024-01-04T10:03:37","guid":{"rendered":"https:\/\/flexfurn.com\/?page_id=3881"},"modified":"2024-01-04T11:22:34","modified_gmt":"2024-01-04T10:22:34","slug":"danke-kontakt","status":"publish","type":"page","link":"https:\/\/flexfurn.com\/de\/danke-kontakt\/","title":{"rendered":"Vielen Dank, Kontaktseite"},"content":{"rendered":"<div id=\"fws_69f22e59e9858\"  data-column-margin=\"none\" data-midnight=\"custom\" data-top-percent=\"12%\" data-bottom-percent=\"10%\"  class=\"wpb_row vc_row-fluid vc_row full-width-content vc_row-o-equal-height vc_row-flex vc_row-o-content-top parallax_section right_padding_5pct left_padding_5pct top_padding_tablet_30pct top_padding_phone_40pct bottom_padding_tablet_30pct bottom_padding_phone_40pct\"  style=\"padding-top: calc(100vw * 0.12); padding-bottom: calc(100vw * 0.10); \"><div class=\"row-bg-wrap\" data-bg-animation=\"zoom-out\" data-bg-animation-delay=\"\" data-bg-overlay=\"true\"><div class=\"inner-wrap row-bg-layer using-image\" ><div class=\"row-bg viewport-desktop using-image\" data-parallax-speed=\"fast\" style=\"background-image: url(https:\/\/flexfurn.com\/wp-content\/uploads\/2023\/12\/Ontwerp-zonder-titel-6.png); background-position: center center; background-repeat: no-repeat; \"><\/div><\/div><div class=\"row-bg-overlay row-bg-layer\" style=\"background: #000000; background: linear-gradient(to bottom,#000000 0%,rgba(0,0,0,0.01) 100%);  opacity: 0.5; \"><\/div><\/div><div class=\"row_col_wrap_12 col span_12 custom left\">\n\t<div  class=\"vc_col-sm-12 wpb_column column_container vc_column_container col no-extra-padding force-phone-text-align-left el_spacing_0px inherit_tablet inherit_phone\"  data-padding-pos=\"all\" data-has-bg-color=\"false\" data-bg-color=\"\" data-bg-opacity=\"1\" data-animation=\"\" data-delay=\"0\" >\n\t\t<div class=\"vc_column-inner\" >\n\t\t\t<div class=\"wpb_wrapper\">\n\t\t\t\t<div id=\"fws_69f22e59e9ff4\" data-midnight=\"\" data-column-margin=\"default\" class=\"wpb_row vc_row-fluid vc_row inner_row\"  style=\" z-index: 20;\"><div class=\"row-bg-wrap\"> <div class=\"row-bg\" ><\/div> <\/div><div class=\"row_col_wrap_12_inner col span_12  left\">\n\t<div style=\" color: #ffffff;\" class=\"vc_col-sm-12 wpb_column column_container vc_column_container col child_column has-animation no-extra-padding el_spacing_0px inherit_tablet inherit_phone\" data-cfc=\"true\"  data-padding-pos=\"all\" data-has-bg-color=\"false\" data-bg-color=\"\" data-bg-opacity=\"1\" data-animation=\"fade-in-from-bottom\" data-delay=\"500\" >\n\t\t<div class=\"vc_column-inner\" >\n\t\t<div class=\"wpb_wrapper\">\n\t\t\t\n<div class=\"wpb_text_column wpb_content_element\" style=\" max-width: 960px; display: inline-block;\">\n\t<div class=\"wpb_wrapper\">\n\t\t<h2>Hey, danke, dass du dich gemeldet hast!<\/h2>\n<p>Unser Vertriebsteam wird Ihre Fragen so schnell wie m\u00f6glich beantworten.<\/p>\n\t<\/div>\n<\/div>\n\n\n\n<div class=\"divider-wrap\" data-alignment=\"default\"><div style=\"height: 25px;\" class=\"divider\"><\/div><\/div>\n<div class=\"wpb_text_column wpb_content_element\" style=\" max-width: 720px; display: inline-block;\">\n\t<div class=\"wpb_wrapper\">\n\t\t<p>Vielen Dank f\u00fcr das Ausf\u00fcllen unseres Kontaktformulars! Wir freuen uns sehr, dass Sie sich die Zeit genommen haben, mit uns Kontakt aufzunehmen. Ihr Interesse an unseren Dienstleistungen\/Produkten ist uns sehr wichtig.<\/p>\n<p>Unser engagiertes Team wird sich in K\u00fcrze mit Ihnen in Verbindung setzen, um Ihre Fragen zu beantworten und zu besprechen, wie wir Sie am besten unterst\u00fctzen k\u00f6nnen. Wir freuen uns darauf, mit Ihnen zusammenzuarbeiten und Sie beim Erreichen Ihrer Ziele zu unterst\u00fctzen. Nochmals vielen Dank f\u00fcr Ihr Vertrauen in unser Unternehmen. Sollten Sie in der Zwischenzeit Fragen haben, z\u00f6gern Sie bitte nicht, uns zu kontaktieren.<\/p>\n<p>Dein,<\/p>\n<p><strong>Das Flexfurn-Team<\/strong><\/p>\n\t<\/div>\n<\/div>\n\n\n\n\n\t\t<\/div> \n\t<\/div>\n\t<\/div> \n<\/div><\/div>\n\t\t\t<\/div> \n\t\t<\/div>\n\t<\/div> \n<\/div><\/div>\n\t\t<div id=\"fws_69f22e59eaaef\"  data-column-margin=\"default\" data-midnight=\"dark\" data-top-percent=\"3%\" data-bottom-percent=\"3%\"  class=\"wpb_row vc_row-fluid vc_row full-width-section\"  style=\"padding-top: calc(100vw * 0.03); padding-bottom: calc(100vw * 0.03); \"><div class=\"row-bg-wrap\" data-bg-animation=\"none\" data-bg-animation-delay=\"\" data-bg-overlay=\"false\"><div class=\"inner-wrap row-bg-layer\" ><div class=\"row-bg viewport-desktop using-bg-color\"  style=\"background-color: #ffffff; \"><\/div><\/div><\/div><div class=\"row_col_wrap_12 col span_12 dark center\">\n\t<div  class=\"vc_col-sm-12 wpb_column column_container vc_column_container col no-extra-padding inherit_tablet inherit_phone\"  data-padding-pos=\"all\" data-has-bg-color=\"false\" data-bg-color=\"\" data-bg-opacity=\"1\" data-animation=\"\" data-delay=\"0\" >\n\t\t<div class=\"vc_column-inner\" >\n\t\t\t<div class=\"wpb_wrapper\">\n\t\t\t\t\n<div class=\"wpb_text_column wpb_content_element\" style=\" max-width: 960px; display: inline-block;\">\n\t<div class=\"wpb_wrapper\">\n\t\t<h3>Entdecken Sie unsere Produkte<\/h3>\n\t<\/div>\n<\/div>\n\n\n\n<div class=\"divider-wrap\" data-alignment=\"default\"><div style=\"height: 30px;\" class=\"divider\"><\/div><\/div><div class=\"woocommerce columns-4\">\n\t\t\n\t\t\t\t\t<div class=\"nectar-woo-flickity\" data-wrap=\"no-wrap\" data-drag-scale=\"true\" data-animation=\"fade-in-side\" data-group-columns=\"default\" data-overflow=\"visible\" data-mobile-col-width=\"100%\" data-autorotate=\"\" data-autorotate-speed=\"5000\" data-item-shadow=\"1\" data-controls=\"arrows-overlaid\">\n\n\t\t<div class=\"nectar-woo-carousel-top\"><\/div>\n\t\t\n  <ul class=\"products columns-4\" data-n-lazy=\"1\" data-rm-m-hover=\"1\" data-n-desktop-columns=\"4\" data-n-desktop-small-columns=\"3\" data-n-tablet-columns=\"3\" data-n-phone-columns=\"2\" data-product-style=\"minimal\">\n\n\n\n\t\t\t\n\t\t\t\t\n\t<li class=\"minimal product type-product post-36552 status-publish first instock product_cat-transportkarren has-post-thumbnail taxable shipping-taxable product-type-simple woo-variation-gallery-product\" >\n\n\n\t\n\n\t\t\t\t <div class=\"background-color-expand\"><\/div>\n\t   <div class=\"product-wrap\">\n\t\t\t<a href=\"https:\/\/flexfurn.com\/de\/produkt-2\/transportwagen-tischplatten\/\" aria-label=\"Transportwagen-Tischplatten\"><img loading=\"lazy\" decoding=\"async\" width=\"750\" height=\"750\" src=\"https:\/\/flexfurn.com\/wp-content\/uploads\/2026\/04\/55-750x750.png\" class=\"attachment-woocommerce_thumbnail size-woocommerce_thumbnail\" alt=\"Transportwagen-Tischplatten\" srcset=\"https:\/\/flexfurn.com\/wp-content\/uploads\/2026\/04\/55-750x750.png 750w, https:\/\/flexfurn.com\/wp-content\/uploads\/2026\/04\/55-300x300.png 300w, https:\/\/flexfurn.com\/wp-content\/uploads\/2026\/04\/55-1024x1024.png 1024w, https:\/\/flexfurn.com\/wp-content\/uploads\/2026\/04\/55-150x150.png 150w, https:\/\/flexfurn.com\/wp-content\/uploads\/2026\/04\/55-768x768.png 768w, https:\/\/flexfurn.com\/wp-content\/uploads\/2026\/04\/55-1536x1536.png 1536w, https:\/\/flexfurn.com\/wp-content\/uploads\/2026\/04\/55-2048x2048.png 2048w, https:\/\/flexfurn.com\/wp-content\/uploads\/2026\/04\/55-12x12.png 12w, https:\/\/flexfurn.com\/wp-content\/uploads\/2026\/04\/55-140x140.png 140w, https:\/\/flexfurn.com\/wp-content\/uploads\/2026\/04\/55-100x100.png 100w, https:\/\/flexfurn.com\/wp-content\/uploads\/2026\/04\/55-500x500.png 500w, https:\/\/flexfurn.com\/wp-content\/uploads\/2026\/04\/55-350x350.png 350w, https:\/\/flexfurn.com\/wp-content\/uploads\/2026\/04\/55-1000x1000.png 1000w, https:\/\/flexfurn.com\/wp-content\/uploads\/2026\/04\/55-800x800.png 800w\" sizes=\"auto, (max-width: 750px) 100vw, 750px\" \/><\/a><div class=\"product-meta\"><a href=\"https:\/\/flexfurn.com\/de\/produkt-2\/transportwagen-tischplatten\/\"><h2 class=\"woocommerce-loop-product__title\">Transportwagen-Tischplatten<\/h2><\/a><div class=\"price-hover-wrap\">\n<div class=\"product-add-to-cart\" data-nectar-quickview=\"false\"><a href=\"https:\/\/flexfurn.com\/de\/produkt-2\/transportwagen-tischplatten\/\" aria-describedby=\"woocommerce_loop_add_to_cart_link_describedby_36552\" data-quantity=\"1\" class=\"button product_type_simple\" data-product_id=\"36552\" data-product_sku=\"KTT7080.STHA\" aria-label=\"Lese mehr \u00fcber \u201eTransportkar tafel bladen\u201c\" rel=\"nofollow\" data-success_message=\"\" data-no-translation-aria-label=\"\"><i class=\"normal icon-salient-cart\"><\/i><span data-no-translation=\"\" data-trp-gettext=\"\">Weiterlesen<\/span><\/a>\t<span id=\"woocommerce_loop_add_to_cart_link_describedby_36552\" class=\"screen-reader-text\">\n\t\t\t<\/span>\n<\/div>\n\t\t\t\t<\/div>\n\t\t\t<\/div><\/div>\t\t\n\t  \n\n\t\t\n\t\n\n\t<span class=\"gtm4wp_productdata\" style=\"display:none; visibility:hidden;\" data-gtm4wp_product_data=\"{&quot;internal_id&quot;:36552,&quot;item_id&quot;:36552,&quot;item_name&quot;:&quot;Transportkar tafel bladen&quot;,&quot;sku&quot;:&quot;KTT7080.STHA&quot;,&quot;price&quot;:0,&quot;stocklevel&quot;:null,&quot;stockstatus&quot;:&quot;instock&quot;,&quot;google_business_vertical&quot;:&quot;retail&quot;,&quot;item_category&quot;:&quot;Transportkarren&quot;,&quot;id&quot;:36552,&quot;productlink&quot;:&quot;https:\\\/\\\/flexfurn.com\\\/de\\\/produkt-2\\\/transportwagen-tischplatten\\\/&quot;,&quot;item_list_name&quot;:&quot;General Product List&quot;,&quot;index&quot;:1,&quot;product_type&quot;:&quot;simple&quot;,&quot;item_brand&quot;:&quot;&quot;}\"><\/span>\n<\/li>\n\t\t\t\n\t\t\t\t\n\t<li class=\"minimal product type-product post-36549 status-publish instock product_cat-transportkarren has-post-thumbnail taxable shipping-taxable product-type-simple woo-variation-gallery-product\" >\n\n\n\t\n\n\t\t\t\t <div class=\"background-color-expand\"><\/div>\n\t   <div class=\"product-wrap\">\n\t\t\t<a href=\"https:\/\/flexfurn.com\/de\/produkt-2\/transportkar-linea-xxl\/\" aria-label=\"Linea XXL Transportwagen\"><img loading=\"lazy\" decoding=\"async\" width=\"750\" height=\"750\" src=\"https:\/\/flexfurn.com\/wp-content\/uploads\/2026\/04\/67-750x750.png\" class=\"attachment-woocommerce_thumbnail size-woocommerce_thumbnail\" alt=\"Linea XXL Transportwagen\" srcset=\"https:\/\/flexfurn.com\/wp-content\/uploads\/2026\/04\/67-750x750.png 750w, https:\/\/flexfurn.com\/wp-content\/uploads\/2026\/04\/67-300x300.png 300w, https:\/\/flexfurn.com\/wp-content\/uploads\/2026\/04\/67-1024x1024.png 1024w, https:\/\/flexfurn.com\/wp-content\/uploads\/2026\/04\/67-150x150.png 150w, https:\/\/flexfurn.com\/wp-content\/uploads\/2026\/04\/67-768x768.png 768w, https:\/\/flexfurn.com\/wp-content\/uploads\/2026\/04\/67-1536x1536.png 1536w, https:\/\/flexfurn.com\/wp-content\/uploads\/2026\/04\/67-2048x2048.png 2048w, https:\/\/flexfurn.com\/wp-content\/uploads\/2026\/04\/67-12x12.png 12w, https:\/\/flexfurn.com\/wp-content\/uploads\/2026\/04\/67-140x140.png 140w, https:\/\/flexfurn.com\/wp-content\/uploads\/2026\/04\/67-100x100.png 100w, https:\/\/flexfurn.com\/wp-content\/uploads\/2026\/04\/67-500x500.png 500w, https:\/\/flexfurn.com\/wp-content\/uploads\/2026\/04\/67-350x350.png 350w, https:\/\/flexfurn.com\/wp-content\/uploads\/2026\/04\/67-1000x1000.png 1000w, https:\/\/flexfurn.com\/wp-content\/uploads\/2026\/04\/67-800x800.png 800w\" sizes=\"auto, (max-width: 750px) 100vw, 750px\" \/><\/a><div class=\"product-meta\"><a href=\"https:\/\/flexfurn.com\/de\/produkt-2\/transportkar-linea-xxl\/\"><h2 class=\"woocommerce-loop-product__title\">Linea XXL Transportwagen<\/h2><\/a><div class=\"price-hover-wrap\">\n<div class=\"product-add-to-cart\" data-nectar-quickview=\"false\"><a href=\"https:\/\/flexfurn.com\/de\/produkt-2\/transportkar-linea-xxl\/\" aria-describedby=\"woocommerce_loop_add_to_cart_link_describedby_36549\" data-quantity=\"1\" class=\"button product_type_simple\" data-product_id=\"36549\" data-product_sku=\"KFRLIDXXL10.STHA\" aria-label=\"Lese mehr \u00fcber \u201eTransportkar Linea XXL\u201c\" rel=\"nofollow\" data-success_message=\"\" data-no-translation-aria-label=\"\"><i class=\"normal icon-salient-cart\"><\/i><span data-no-translation=\"\" data-trp-gettext=\"\">Weiterlesen<\/span><\/a>\t<span id=\"woocommerce_loop_add_to_cart_link_describedby_36549\" class=\"screen-reader-text\">\n\t\t\t<\/span>\n<\/div>\n\t\t\t\t<\/div>\n\t\t\t<\/div><\/div>\t\t\n\t  \n\n\t\t\n\t\n\n\t<span class=\"gtm4wp_productdata\" style=\"display:none; visibility:hidden;\" data-gtm4wp_product_data=\"{&quot;internal_id&quot;:36549,&quot;item_id&quot;:36549,&quot;item_name&quot;:&quot;Transportkar Linea XXL&quot;,&quot;sku&quot;:&quot;KFRLIDXXL10.STHA&quot;,&quot;price&quot;:0,&quot;stocklevel&quot;:null,&quot;stockstatus&quot;:&quot;instock&quot;,&quot;google_business_vertical&quot;:&quot;retail&quot;,&quot;item_category&quot;:&quot;Transportkarren&quot;,&quot;id&quot;:36549,&quot;productlink&quot;:&quot;https:\\\/\\\/flexfurn.com\\\/de\\\/produkt-2\\\/transportkar-linea-xxl\\\/&quot;,&quot;item_list_name&quot;:&quot;General Product List&quot;,&quot;index&quot;:2,&quot;product_type&quot;:&quot;simple&quot;,&quot;item_brand&quot;:&quot;&quot;}\"><\/span>\n<\/li>\n\t\t\t\n\t\t\t\t\n\t<li class=\"minimal product type-product post-36547 status-publish instock product_cat-geen-categorie product_cat-transportkar-statafels product_cat-transportkarren has-post-thumbnail taxable shipping-taxable product-type-simple woo-variation-gallery-product\" >\n\n\n\t\n\n\t\t\t\t <div class=\"background-color-expand\"><\/div>\n\t   <div class=\"product-wrap\">\n\t\t\t<a href=\"https:\/\/flexfurn.com\/de\/produkt-2\/transportkar-conic\/\" aria-label=\"Konischer Transportwagen\"><img loading=\"lazy\" decoding=\"async\" width=\"750\" height=\"750\" src=\"https:\/\/flexfurn.com\/wp-content\/uploads\/2026\/04\/77-750x750.png\" class=\"attachment-woocommerce_thumbnail size-woocommerce_thumbnail\" alt=\"Konischer Transportwagen\" srcset=\"https:\/\/flexfurn.com\/wp-content\/uploads\/2026\/04\/77-750x750.png 750w, https:\/\/flexfurn.com\/wp-content\/uploads\/2026\/04\/77-300x300.png 300w, https:\/\/flexfurn.com\/wp-content\/uploads\/2026\/04\/77-1024x1024.png 1024w, https:\/\/flexfurn.com\/wp-content\/uploads\/2026\/04\/77-150x150.png 150w, https:\/\/flexfurn.com\/wp-content\/uploads\/2026\/04\/77-768x768.png 768w, https:\/\/flexfurn.com\/wp-content\/uploads\/2026\/04\/77-1536x1536.png 1536w, https:\/\/flexfurn.com\/wp-content\/uploads\/2026\/04\/77-2048x2048.png 2048w, https:\/\/flexfurn.com\/wp-content\/uploads\/2026\/04\/77-12x12.png 12w, https:\/\/flexfurn.com\/wp-content\/uploads\/2026\/04\/77-140x140.png 140w, https:\/\/flexfurn.com\/wp-content\/uploads\/2026\/04\/77-100x100.png 100w, https:\/\/flexfurn.com\/wp-content\/uploads\/2026\/04\/77-500x500.png 500w, https:\/\/flexfurn.com\/wp-content\/uploads\/2026\/04\/77-350x350.png 350w, https:\/\/flexfurn.com\/wp-content\/uploads\/2026\/04\/77-1000x1000.png 1000w, https:\/\/flexfurn.com\/wp-content\/uploads\/2026\/04\/77-800x800.png 800w\" sizes=\"auto, (max-width: 750px) 100vw, 750px\" \/><\/a><div class=\"product-meta\"><a href=\"https:\/\/flexfurn.com\/de\/produkt-2\/transportkar-conic\/\"><h2 class=\"woocommerce-loop-product__title\">Konischer Transportwagen<\/h2><\/a><div class=\"price-hover-wrap\">\n<div class=\"product-add-to-cart\" data-nectar-quickview=\"false\"><a href=\"https:\/\/flexfurn.com\/de\/produkt-2\/transportkar-conic\/\" aria-describedby=\"woocommerce_loop_add_to_cart_link_describedby_36547\" data-quantity=\"1\" class=\"button product_type_simple\" data-product_id=\"36547\" data-product_sku=\"KCO5.STHA\" aria-label=\"Lese mehr \u00fcber \u201eTransportkar Conic\u201c\" rel=\"nofollow\" data-success_message=\"\" data-no-translation-aria-label=\"\"><i class=\"normal icon-salient-cart\"><\/i><span data-no-translation=\"\" data-trp-gettext=\"\">Weiterlesen<\/span><\/a>\t<span id=\"woocommerce_loop_add_to_cart_link_describedby_36547\" class=\"screen-reader-text\">\n\t\t\t<\/span>\n<\/div>\n\t\t\t\t<\/div>\n\t\t\t<\/div><\/div>\t\t\n\t  \n\n\t\t\n\t\n\n\t<span class=\"gtm4wp_productdata\" style=\"display:none; visibility:hidden;\" data-gtm4wp_product_data=\"{&quot;internal_id&quot;:36547,&quot;item_id&quot;:36547,&quot;item_name&quot;:&quot;Transportkar Conic&quot;,&quot;sku&quot;:&quot;KCO5.STHA&quot;,&quot;price&quot;:0,&quot;stocklevel&quot;:null,&quot;stockstatus&quot;:&quot;instock&quot;,&quot;google_business_vertical&quot;:&quot;retail&quot;,&quot;item_category&quot;:&quot;Geen categorie&quot;,&quot;id&quot;:36547,&quot;productlink&quot;:&quot;https:\\\/\\\/flexfurn.com\\\/de\\\/produkt-2\\\/transportkar-conic\\\/&quot;,&quot;item_list_name&quot;:&quot;General Product List&quot;,&quot;index&quot;:3,&quot;product_type&quot;:&quot;simple&quot;,&quot;item_brand&quot;:&quot;&quot;}\"><\/span>\n<\/li>\n\t\t\t\n\t\t\t\t\n\t<li class=\"minimal product type-product post-36545 status-publish last instock product_cat-transportkar-barkrukken product_cat-transportkarren has-post-thumbnail taxable shipping-taxable product-type-simple woo-variation-gallery-product\" >\n\n\n\t\n\n\t\t\t\t <div class=\"background-color-expand\"><\/div>\n\t   <div class=\"product-wrap\">\n\t\t\t<a href=\"https:\/\/flexfurn.com\/de\/produkt-2\/transportwagen-alice-barhocker\/\" aria-label=\"Transportwagen Alice Barhocker\"><img loading=\"lazy\" decoding=\"async\" width=\"750\" height=\"750\" src=\"https:\/\/flexfurn.com\/wp-content\/uploads\/2026\/04\/7-750x750.png\" class=\"attachment-woocommerce_thumbnail size-woocommerce_thumbnail\" alt=\"Transportwagen Alice Barhocker\" srcset=\"https:\/\/flexfurn.com\/wp-content\/uploads\/2026\/04\/7-750x750.png 750w, https:\/\/flexfurn.com\/wp-content\/uploads\/2026\/04\/7-300x300.png 300w, https:\/\/flexfurn.com\/wp-content\/uploads\/2026\/04\/7-1024x1024.png 1024w, https:\/\/flexfurn.com\/wp-content\/uploads\/2026\/04\/7-150x150.png 150w, https:\/\/flexfurn.com\/wp-content\/uploads\/2026\/04\/7-768x768.png 768w, https:\/\/flexfurn.com\/wp-content\/uploads\/2026\/04\/7-1536x1536.png 1536w, https:\/\/flexfurn.com\/wp-content\/uploads\/2026\/04\/7-2048x2048.png 2048w, https:\/\/flexfurn.com\/wp-content\/uploads\/2026\/04\/7-12x12.png 12w, https:\/\/flexfurn.com\/wp-content\/uploads\/2026\/04\/7-140x140.png 140w, https:\/\/flexfurn.com\/wp-content\/uploads\/2026\/04\/7-100x100.png 100w, https:\/\/flexfurn.com\/wp-content\/uploads\/2026\/04\/7-500x500.png 500w, https:\/\/flexfurn.com\/wp-content\/uploads\/2026\/04\/7-350x350.png 350w, https:\/\/flexfurn.com\/wp-content\/uploads\/2026\/04\/7-1000x1000.png 1000w, https:\/\/flexfurn.com\/wp-content\/uploads\/2026\/04\/7-800x800.png 800w\" sizes=\"auto, (max-width: 750px) 100vw, 750px\" \/><\/a><div class=\"product-meta\"><a href=\"https:\/\/flexfurn.com\/de\/produkt-2\/transportwagen-alice-barhocker\/\"><h2 class=\"woocommerce-loop-product__title\">Transportwagen Alice Barhocker<\/h2><\/a><div class=\"price-hover-wrap\">\n<div class=\"product-add-to-cart\" data-nectar-quickview=\"false\"><a href=\"https:\/\/flexfurn.com\/de\/produkt-2\/transportwagen-alice-barhocker\/\" aria-describedby=\"woocommerce_loop_add_to_cart_link_describedby_36545\" data-quantity=\"1\" class=\"button product_type_simple\" data-product_id=\"36545\" data-product_sku=\"KSA20.STHA\" aria-label=\"Lese mehr \u00fcber \u201eTransportkar Alice barkruk\u201c\" rel=\"nofollow\" data-success_message=\"\" data-no-translation-aria-label=\"\"><i class=\"normal icon-salient-cart\"><\/i><span data-no-translation=\"\" data-trp-gettext=\"\">Weiterlesen<\/span><\/a>\t<span id=\"woocommerce_loop_add_to_cart_link_describedby_36545\" class=\"screen-reader-text\">\n\t\t\t<\/span>\n<\/div>\n\t\t\t\t<\/div>\n\t\t\t<\/div><\/div>\t\t\n\t  \n\n\t\t\n\t\n\n\t<span class=\"gtm4wp_productdata\" style=\"display:none; visibility:hidden;\" data-gtm4wp_product_data=\"{&quot;internal_id&quot;:36545,&quot;item_id&quot;:36545,&quot;item_name&quot;:&quot;Transportkar Alice barkruk&quot;,&quot;sku&quot;:&quot;KSA20.STHA&quot;,&quot;price&quot;:0,&quot;stocklevel&quot;:null,&quot;stockstatus&quot;:&quot;instock&quot;,&quot;google_business_vertical&quot;:&quot;retail&quot;,&quot;item_category&quot;:&quot;Transportkarren&quot;,&quot;id&quot;:36545,&quot;productlink&quot;:&quot;https:\\\/\\\/flexfurn.com\\\/de\\\/produkt-2\\\/transportwagen-alice-barhocker\\\/&quot;,&quot;item_list_name&quot;:&quot;General Product List&quot;,&quot;index&quot;:4,&quot;product_type&quot;:&quot;simple&quot;,&quot;item_brand&quot;:&quot;&quot;}\"><\/span>\n<\/li>\n\t\t\t\n\t\t\t\t\n\t<li class=\"minimal product type-product post-36543 status-publish first instock product_cat-transportkar-klapstoelen product_cat-transportkarren has-post-thumbnail taxable shipping-taxable product-type-simple woo-variation-gallery-product\" >\n\n\n\t\n\n\t\t\t\t <div class=\"background-color-expand\"><\/div>\n\t   <div class=\"product-wrap\">\n\t\t\t<a href=\"https:\/\/flexfurn.com\/de\/produkt-2\/transportkar-nordika\/\" aria-label=\"Nordika Transportwagen\"><img loading=\"lazy\" decoding=\"async\" width=\"750\" height=\"750\" src=\"https:\/\/flexfurn.com\/wp-content\/uploads\/2026\/04\/60-750x750.png\" class=\"attachment-woocommerce_thumbnail size-woocommerce_thumbnail\" alt=\"Nordika Transportwagen\" srcset=\"https:\/\/flexfurn.com\/wp-content\/uploads\/2026\/04\/60-750x750.png 750w, https:\/\/flexfurn.com\/wp-content\/uploads\/2026\/04\/60-300x300.png 300w, https:\/\/flexfurn.com\/wp-content\/uploads\/2026\/04\/60-1024x1024.png 1024w, https:\/\/flexfurn.com\/wp-content\/uploads\/2026\/04\/60-150x150.png 150w, https:\/\/flexfurn.com\/wp-content\/uploads\/2026\/04\/60-768x768.png 768w, https:\/\/flexfurn.com\/wp-content\/uploads\/2026\/04\/60-1536x1536.png 1536w, https:\/\/flexfurn.com\/wp-content\/uploads\/2026\/04\/60-2048x2048.png 2048w, https:\/\/flexfurn.com\/wp-content\/uploads\/2026\/04\/60-12x12.png 12w, https:\/\/flexfurn.com\/wp-content\/uploads\/2026\/04\/60-140x140.png 140w, https:\/\/flexfurn.com\/wp-content\/uploads\/2026\/04\/60-100x100.png 100w, https:\/\/flexfurn.com\/wp-content\/uploads\/2026\/04\/60-500x500.png 500w, https:\/\/flexfurn.com\/wp-content\/uploads\/2026\/04\/60-350x350.png 350w, https:\/\/flexfurn.com\/wp-content\/uploads\/2026\/04\/60-1000x1000.png 1000w, https:\/\/flexfurn.com\/wp-content\/uploads\/2026\/04\/60-800x800.png 800w\" sizes=\"auto, (max-width: 750px) 100vw, 750px\" \/><\/a><div class=\"product-meta\"><a href=\"https:\/\/flexfurn.com\/de\/produkt-2\/transportkar-nordika\/\"><h2 class=\"woocommerce-loop-product__title\">Nordika Transportwagen<\/h2><\/a><div class=\"price-hover-wrap\">\n<div class=\"product-add-to-cart\" data-nectar-quickview=\"false\"><a href=\"https:\/\/flexfurn.com\/de\/produkt-2\/transportkar-nordika\/\" aria-describedby=\"woocommerce_loop_add_to_cart_link_describedby_36543\" data-quantity=\"1\" class=\"button product_type_simple\" data-product_id=\"36543\" data-product_sku=\"KSLNO18.SHA\" aria-label=\"Lese mehr \u00fcber \u201eTransportkar Nordika\u201c\" rel=\"nofollow\" data-success_message=\"\" data-no-translation-aria-label=\"\"><i class=\"normal icon-salient-cart\"><\/i><span data-no-translation=\"\" data-trp-gettext=\"\">Weiterlesen<\/span><\/a>\t<span id=\"woocommerce_loop_add_to_cart_link_describedby_36543\" class=\"screen-reader-text\">\n\t\t\t<\/span>\n<\/div>\n\t\t\t\t<\/div>\n\t\t\t<\/div><\/div>\t\t\n\t  \n\n\t\t\n\t\n\n\t<span class=\"gtm4wp_productdata\" style=\"display:none; visibility:hidden;\" data-gtm4wp_product_data=\"{&quot;internal_id&quot;:36543,&quot;item_id&quot;:36543,&quot;item_name&quot;:&quot;Transportkar Nordika&quot;,&quot;sku&quot;:&quot;KSLNO18.SHA&quot;,&quot;price&quot;:0,&quot;stocklevel&quot;:null,&quot;stockstatus&quot;:&quot;instock&quot;,&quot;google_business_vertical&quot;:&quot;retail&quot;,&quot;item_category&quot;:&quot;Transportkarren&quot;,&quot;id&quot;:36543,&quot;productlink&quot;:&quot;https:\\\/\\\/flexfurn.com\\\/de\\\/produkt-2\\\/transportkar-nordika\\\/&quot;,&quot;item_list_name&quot;:&quot;General Product List&quot;,&quot;index&quot;:5,&quot;product_type&quot;:&quot;simple&quot;,&quot;item_brand&quot;:&quot;&quot;}\"><\/span>\n<\/li>\n\t\t\t\n\t\t\t\t\n\t<li class=\"minimal product type-product post-36540 status-publish instock product_cat-transportkarren has-post-thumbnail taxable shipping-taxable product-type-simple woo-variation-gallery-product\" >\n\n\n\t\n\n\t\t\t\t <div class=\"background-color-expand\"><\/div>\n\t   <div class=\"product-wrap\">\n\t\t\t<a href=\"https:\/\/flexfurn.com\/de\/produkt-2\/transportwagen-matrixtabelle\/\" aria-label=\"Transportwagen Matrixtabelle\"><img loading=\"lazy\" decoding=\"async\" width=\"750\" height=\"750\" src=\"https:\/\/flexfurn.com\/wp-content\/uploads\/2026\/04\/66-750x750.png\" class=\"attachment-woocommerce_thumbnail size-woocommerce_thumbnail\" alt=\"Transportwagen Matrixtabelle\" srcset=\"https:\/\/flexfurn.com\/wp-content\/uploads\/2026\/04\/66-750x750.png 750w, https:\/\/flexfurn.com\/wp-content\/uploads\/2026\/04\/66-300x300.png 300w, https:\/\/flexfurn.com\/wp-content\/uploads\/2026\/04\/66-1024x1024.png 1024w, https:\/\/flexfurn.com\/wp-content\/uploads\/2026\/04\/66-150x150.png 150w, https:\/\/flexfurn.com\/wp-content\/uploads\/2026\/04\/66-768x768.png 768w, https:\/\/flexfurn.com\/wp-content\/uploads\/2026\/04\/66-1536x1536.png 1536w, https:\/\/flexfurn.com\/wp-content\/uploads\/2026\/04\/66-2048x2048.png 2048w, https:\/\/flexfurn.com\/wp-content\/uploads\/2026\/04\/66-12x12.png 12w, https:\/\/flexfurn.com\/wp-content\/uploads\/2026\/04\/66-140x140.png 140w, https:\/\/flexfurn.com\/wp-content\/uploads\/2026\/04\/66-100x100.png 100w, https:\/\/flexfurn.com\/wp-content\/uploads\/2026\/04\/66-500x500.png 500w, https:\/\/flexfurn.com\/wp-content\/uploads\/2026\/04\/66-350x350.png 350w, https:\/\/flexfurn.com\/wp-content\/uploads\/2026\/04\/66-1000x1000.png 1000w, https:\/\/flexfurn.com\/wp-content\/uploads\/2026\/04\/66-800x800.png 800w\" sizes=\"auto, (max-width: 750px) 100vw, 750px\" \/><\/a><div class=\"product-meta\"><a href=\"https:\/\/flexfurn.com\/de\/produkt-2\/transportwagen-matrixtabelle\/\"><h2 class=\"woocommerce-loop-product__title\">Transportwagen Matrixtabelle<\/h2><\/a><div class=\"price-hover-wrap\">\n<div class=\"product-add-to-cart\" data-nectar-quickview=\"false\"><a href=\"https:\/\/flexfurn.com\/de\/produkt-2\/transportwagen-matrixtabelle\/\" aria-describedby=\"woocommerce_loop_add_to_cart_link_describedby_36540\" data-quantity=\"1\" class=\"button product_type_simple\" data-product_id=\"36540\" data-product_sku=\"KTMA8.STHA\" aria-label=\"Lese mehr \u00fcber \u201eTransportkar Matrix tafel\u201c\" rel=\"nofollow\" data-success_message=\"\" data-no-translation-aria-label=\"\"><i class=\"normal icon-salient-cart\"><\/i><span data-no-translation=\"\" data-trp-gettext=\"\">Weiterlesen<\/span><\/a>\t<span id=\"woocommerce_loop_add_to_cart_link_describedby_36540\" class=\"screen-reader-text\">\n\t\t\t<\/span>\n<\/div>\n\t\t\t\t<\/div>\n\t\t\t<\/div><\/div>\t\t\n\t  \n\n\t\t\n\t\n\n\t<span class=\"gtm4wp_productdata\" style=\"display:none; visibility:hidden;\" data-gtm4wp_product_data=\"{&quot;internal_id&quot;:36540,&quot;item_id&quot;:36540,&quot;item_name&quot;:&quot;Transportkar Matrix tafel&quot;,&quot;sku&quot;:&quot;KTMA8.STHA&quot;,&quot;price&quot;:0,&quot;stocklevel&quot;:null,&quot;stockstatus&quot;:&quot;instock&quot;,&quot;google_business_vertical&quot;:&quot;retail&quot;,&quot;item_category&quot;:&quot;Transportkarren&quot;,&quot;id&quot;:36540,&quot;productlink&quot;:&quot;https:\\\/\\\/flexfurn.com\\\/de\\\/produkt-2\\\/transportwagen-matrixtabelle\\\/&quot;,&quot;item_list_name&quot;:&quot;General Product List&quot;,&quot;index&quot;:6,&quot;product_type&quot;:&quot;simple&quot;,&quot;item_brand&quot;:&quot;&quot;}\"><\/span>\n<\/li>\n\t\t\t\n\t\t\t\t\n\t<li class=\"minimal product type-product post-36537 status-publish instock product_cat-transportkar-klaptafels product_cat-transportkarren has-post-thumbnail taxable shipping-taxable product-type-simple woo-variation-gallery-product\" >\n\n\n\t\n\n\t\t\t\t <div class=\"background-color-expand\"><\/div>\n\t   <div class=\"product-wrap\">\n\t\t\t<a href=\"https:\/\/flexfurn.com\/de\/produkt-2\/transportwagen-fliegen-und-sonnenklapptisch\/\" aria-label=\"Transportwagen Fly und Sunny Klapptisch\"><img loading=\"lazy\" decoding=\"async\" width=\"750\" height=\"750\" src=\"https:\/\/flexfurn.com\/wp-content\/uploads\/2026\/04\/44-750x750.png\" class=\"attachment-woocommerce_thumbnail size-woocommerce_thumbnail\" alt=\"Transportwagen Fly und Sunny Klapptisch\" srcset=\"https:\/\/flexfurn.com\/wp-content\/uploads\/2026\/04\/44-750x750.png 750w, https:\/\/flexfurn.com\/wp-content\/uploads\/2026\/04\/44-300x300.png 300w, https:\/\/flexfurn.com\/wp-content\/uploads\/2026\/04\/44-1024x1024.png 1024w, https:\/\/flexfurn.com\/wp-content\/uploads\/2026\/04\/44-150x150.png 150w, https:\/\/flexfurn.com\/wp-content\/uploads\/2026\/04\/44-768x768.png 768w, https:\/\/flexfurn.com\/wp-content\/uploads\/2026\/04\/44-1536x1536.png 1536w, https:\/\/flexfurn.com\/wp-content\/uploads\/2026\/04\/44-2048x2048.png 2048w, https:\/\/flexfurn.com\/wp-content\/uploads\/2026\/04\/44-12x12.png 12w, https:\/\/flexfurn.com\/wp-content\/uploads\/2026\/04\/44-140x140.png 140w, https:\/\/flexfurn.com\/wp-content\/uploads\/2026\/04\/44-100x100.png 100w, https:\/\/flexfurn.com\/wp-content\/uploads\/2026\/04\/44-500x500.png 500w, https:\/\/flexfurn.com\/wp-content\/uploads\/2026\/04\/44-350x350.png 350w, https:\/\/flexfurn.com\/wp-content\/uploads\/2026\/04\/44-1000x1000.png 1000w, https:\/\/flexfurn.com\/wp-content\/uploads\/2026\/04\/44-800x800.png 800w\" sizes=\"auto, (max-width: 750px) 100vw, 750px\" \/><img loading=\"lazy\" decoding=\"async\" width=\"2400\" height=\"2400\" src=\"https:\/\/flexfurn.com\/wp-content\/uploads\/2026\/04\/57.png\" class=\"hover-gallery-image\" alt=\"\" srcset=\"https:\/\/flexfurn.com\/wp-content\/uploads\/2026\/04\/57.png 2400w, https:\/\/flexfurn.com\/wp-content\/uploads\/2026\/04\/57-300x300.png 300w, https:\/\/flexfurn.com\/wp-content\/uploads\/2026\/04\/57-1024x1024.png 1024w, https:\/\/flexfurn.com\/wp-content\/uploads\/2026\/04\/57-150x150.png 150w, https:\/\/flexfurn.com\/wp-content\/uploads\/2026\/04\/57-768x768.png 768w, https:\/\/flexfurn.com\/wp-content\/uploads\/2026\/04\/57-1536x1536.png 1536w, https:\/\/flexfurn.com\/wp-content\/uploads\/2026\/04\/57-2048x2048.png 2048w, https:\/\/flexfurn.com\/wp-content\/uploads\/2026\/04\/57-12x12.png 12w, https:\/\/flexfurn.com\/wp-content\/uploads\/2026\/04\/57-140x140.png 140w, https:\/\/flexfurn.com\/wp-content\/uploads\/2026\/04\/57-100x100.png 100w, https:\/\/flexfurn.com\/wp-content\/uploads\/2026\/04\/57-500x500.png 500w, https:\/\/flexfurn.com\/wp-content\/uploads\/2026\/04\/57-350x350.png 350w, https:\/\/flexfurn.com\/wp-content\/uploads\/2026\/04\/57-1000x1000.png 1000w, https:\/\/flexfurn.com\/wp-content\/uploads\/2026\/04\/57-800x800.png 800w, https:\/\/flexfurn.com\/wp-content\/uploads\/2026\/04\/57-750x750.png 750w\" sizes=\"auto, (max-width: 2400px) 100vw, 2400px\" \/><\/a><div class=\"product-meta\"><a href=\"https:\/\/flexfurn.com\/de\/produkt-2\/transportwagen-fliegen-und-sonnenklapptisch\/\"><h2 class=\"woocommerce-loop-product__title\">Transportwagen Fly und Sunny Klapptisch<\/h2><\/a><div class=\"price-hover-wrap\">\n<div class=\"product-add-to-cart\" data-nectar-quickview=\"false\"><a href=\"https:\/\/flexfurn.com\/de\/produkt-2\/transportwagen-fliegen-und-sonnenklapptisch\/\" aria-describedby=\"woocommerce_loop_add_to_cart_link_describedby_36537\" data-quantity=\"1\" class=\"button product_type_simple\" data-product_id=\"36537\" data-product_sku=\"KKDSUFLY10.STHA\" aria-label=\"Lese mehr \u00fcber \u201eTransportkar Fly en Sunny klaptafel\u201c\" rel=\"nofollow\" data-success_message=\"\" data-no-translation-aria-label=\"\"><i class=\"normal icon-salient-cart\"><\/i><span data-no-translation=\"\" data-trp-gettext=\"\">Weiterlesen<\/span><\/a>\t<span id=\"woocommerce_loop_add_to_cart_link_describedby_36537\" class=\"screen-reader-text\">\n\t\t\t<\/span>\n<\/div>\n\t\t\t\t<\/div>\n\t\t\t<\/div><\/div>\t\t\n\t  \n\n\t\t\n\t\n\n\t<span class=\"gtm4wp_productdata\" style=\"display:none; visibility:hidden;\" data-gtm4wp_product_data=\"{&quot;internal_id&quot;:36537,&quot;item_id&quot;:36537,&quot;item_name&quot;:&quot;Transportkar Fly en Sunny klaptafel&quot;,&quot;sku&quot;:&quot;KKDSUFLY10.STHA&quot;,&quot;price&quot;:0,&quot;stocklevel&quot;:null,&quot;stockstatus&quot;:&quot;instock&quot;,&quot;google_business_vertical&quot;:&quot;retail&quot;,&quot;item_category&quot;:&quot;Transportkarren&quot;,&quot;id&quot;:36537,&quot;productlink&quot;:&quot;https:\\\/\\\/flexfurn.com\\\/de\\\/produkt-2\\\/transportwagen-fliegen-und-sonnenklapptisch\\\/&quot;,&quot;item_list_name&quot;:&quot;General Product List&quot;,&quot;index&quot;:7,&quot;product_type&quot;:&quot;simple&quot;,&quot;item_brand&quot;:&quot;&quot;}\"><\/span>\n<\/li>\n\t\t\t\n\t\t\t\t\n\t<li class=\"minimal product type-product post-36527 status-publish last instock product_cat-transportkar-statafels product_cat-transportkarren has-post-thumbnail taxable shipping-taxable product-type-simple woo-variation-gallery-product\" >\n\n\n\t\n\n\t\t\t\t <div class=\"background-color-expand\"><\/div>\n\t   <div class=\"product-wrap\">\n\t\t\t<a href=\"https:\/\/flexfurn.com\/de\/produkt-2\/transportkar-wings-tribo\/\" aria-label=\"Transportwagenfl\u00fcgel + Tribo\"><img loading=\"lazy\" decoding=\"async\" width=\"750\" height=\"750\" src=\"https:\/\/flexfurn.com\/wp-content\/uploads\/2026\/04\/33-750x750.png\" class=\"attachment-woocommerce_thumbnail size-woocommerce_thumbnail\" alt=\"Transportwagenfl\u00fcgel + Tribo\" srcset=\"https:\/\/flexfurn.com\/wp-content\/uploads\/2026\/04\/33-750x750.png 750w, https:\/\/flexfurn.com\/wp-content\/uploads\/2026\/04\/33-300x300.png 300w, https:\/\/flexfurn.com\/wp-content\/uploads\/2026\/04\/33-1024x1024.png 1024w, https:\/\/flexfurn.com\/wp-content\/uploads\/2026\/04\/33-150x150.png 150w, https:\/\/flexfurn.com\/wp-content\/uploads\/2026\/04\/33-768x768.png 768w, https:\/\/flexfurn.com\/wp-content\/uploads\/2026\/04\/33-1536x1536.png 1536w, https:\/\/flexfurn.com\/wp-content\/uploads\/2026\/04\/33-2048x2048.png 2048w, https:\/\/flexfurn.com\/wp-content\/uploads\/2026\/04\/33-12x12.png 12w, https:\/\/flexfurn.com\/wp-content\/uploads\/2026\/04\/33-140x140.png 140w, https:\/\/flexfurn.com\/wp-content\/uploads\/2026\/04\/33-100x100.png 100w, https:\/\/flexfurn.com\/wp-content\/uploads\/2026\/04\/33-500x500.png 500w, https:\/\/flexfurn.com\/wp-content\/uploads\/2026\/04\/33-350x350.png 350w, https:\/\/flexfurn.com\/wp-content\/uploads\/2026\/04\/33-1000x1000.png 1000w, https:\/\/flexfurn.com\/wp-content\/uploads\/2026\/04\/33-800x800.png 800w\" sizes=\"auto, (max-width: 750px) 100vw, 750px\" \/><img loading=\"lazy\" decoding=\"async\" width=\"2400\" height=\"2400\" src=\"https:\/\/flexfurn.com\/wp-content\/uploads\/2026\/04\/49.png\" class=\"hover-gallery-image\" alt=\"\" srcset=\"https:\/\/flexfurn.com\/wp-content\/uploads\/2026\/04\/49.png 2400w, https:\/\/flexfurn.com\/wp-content\/uploads\/2026\/04\/49-300x300.png 300w, https:\/\/flexfurn.com\/wp-content\/uploads\/2026\/04\/49-1024x1024.png 1024w, https:\/\/flexfurn.com\/wp-content\/uploads\/2026\/04\/49-150x150.png 150w, https:\/\/flexfurn.com\/wp-content\/uploads\/2026\/04\/49-768x768.png 768w, https:\/\/flexfurn.com\/wp-content\/uploads\/2026\/04\/49-1536x1536.png 1536w, https:\/\/flexfurn.com\/wp-content\/uploads\/2026\/04\/49-2048x2048.png 2048w, https:\/\/flexfurn.com\/wp-content\/uploads\/2026\/04\/49-12x12.png 12w, https:\/\/flexfurn.com\/wp-content\/uploads\/2026\/04\/49-140x140.png 140w, https:\/\/flexfurn.com\/wp-content\/uploads\/2026\/04\/49-100x100.png 100w, https:\/\/flexfurn.com\/wp-content\/uploads\/2026\/04\/49-500x500.png 500w, https:\/\/flexfurn.com\/wp-content\/uploads\/2026\/04\/49-350x350.png 350w, https:\/\/flexfurn.com\/wp-content\/uploads\/2026\/04\/49-1000x1000.png 1000w, https:\/\/flexfurn.com\/wp-content\/uploads\/2026\/04\/49-800x800.png 800w, https:\/\/flexfurn.com\/wp-content\/uploads\/2026\/04\/49-750x750.png 750w\" sizes=\"auto, (max-width: 2400px) 100vw, 2400px\" \/><\/a><div class=\"product-meta\"><a href=\"https:\/\/flexfurn.com\/de\/produkt-2\/transportkar-wings-tribo\/\"><h2 class=\"woocommerce-loop-product__title\">Transportwagenfl\u00fcgel + Tribo<\/h2><\/a><div class=\"price-hover-wrap\">\n<div class=\"product-add-to-cart\" data-nectar-quickview=\"false\"><a href=\"https:\/\/flexfurn.com\/de\/produkt-2\/transportkar-wings-tribo\/\" aria-describedby=\"woocommerce_loop_add_to_cart_link_describedby_36527\" data-quantity=\"1\" class=\"button product_type_simple\" data-product_id=\"36527\" data-product_sku=\"KTRIWI20.STHA\" aria-label=\"Lese mehr \u00fcber \u201eTransportkar Wings + Tribo\u201c\" rel=\"nofollow\" data-success_message=\"\" data-no-translation-aria-label=\"\"><i class=\"normal icon-salient-cart\"><\/i><span data-no-translation=\"\" data-trp-gettext=\"\">Weiterlesen<\/span><\/a>\t<span id=\"woocommerce_loop_add_to_cart_link_describedby_36527\" class=\"screen-reader-text\">\n\t\t\t<\/span>\n<\/div>\n\t\t\t\t<\/div>\n\t\t\t<\/div><\/div>\t\t\n\t  \n\n\t\t\n\t\n\n\t<span class=\"gtm4wp_productdata\" style=\"display:none; visibility:hidden;\" data-gtm4wp_product_data=\"{&quot;internal_id&quot;:36527,&quot;item_id&quot;:36527,&quot;item_name&quot;:&quot;Transportkar Wings + Tribo&quot;,&quot;sku&quot;:&quot;KTRIWI20.STHA&quot;,&quot;price&quot;:0,&quot;stocklevel&quot;:null,&quot;stockstatus&quot;:&quot;instock&quot;,&quot;google_business_vertical&quot;:&quot;retail&quot;,&quot;item_category&quot;:&quot;Transportkarren&quot;,&quot;id&quot;:36527,&quot;productlink&quot;:&quot;https:\\\/\\\/flexfurn.com\\\/de\\\/produkt-2\\\/transportkar-wings-tribo\\\/&quot;,&quot;item_list_name&quot;:&quot;General Product List&quot;,&quot;index&quot;:8,&quot;product_type&quot;:&quot;simple&quot;,&quot;item_brand&quot;:&quot;&quot;}\"><\/span>\n<\/li>\n\t\t\t\n\t\t\t\t\n\t<li class=\"minimal product type-product post-36513 status-publish first instock product_cat-transportkarren has-post-thumbnail taxable shipping-taxable product-type-simple woo-variation-gallery-product\" >\n\n\n\t\n\n\t\t\t\t <div class=\"background-color-expand\"><\/div>\n\t   <div class=\"product-wrap\">\n\t\t\t<a href=\"https:\/\/flexfurn.com\/de\/produkt-2\/transportwagen-fur-runde-tischplatten\/\" aria-label=\"Transportwagen f\u00fcr runde Tischplatten\"><img loading=\"lazy\" decoding=\"async\" width=\"750\" height=\"750\" src=\"https:\/\/flexfurn.com\/wp-content\/uploads\/2026\/04\/Trolley-Large-Tables_D180_LHC12.CTRA_Front-view-750x750.jpg\" class=\"attachment-woocommerce_thumbnail size-woocommerce_thumbnail\" alt=\"Transportwagen f\u00fcr runde Tischplatten\" srcset=\"https:\/\/flexfurn.com\/wp-content\/uploads\/2026\/04\/Trolley-Large-Tables_D180_LHC12.CTRA_Front-view-750x750.jpg 750w, https:\/\/flexfurn.com\/wp-content\/uploads\/2026\/04\/Trolley-Large-Tables_D180_LHC12.CTRA_Front-view-300x300.jpg 300w, https:\/\/flexfurn.com\/wp-content\/uploads\/2026\/04\/Trolley-Large-Tables_D180_LHC12.CTRA_Front-view-1024x1024.jpg 1024w, https:\/\/flexfurn.com\/wp-content\/uploads\/2026\/04\/Trolley-Large-Tables_D180_LHC12.CTRA_Front-view-150x150.jpg 150w, https:\/\/flexfurn.com\/wp-content\/uploads\/2026\/04\/Trolley-Large-Tables_D180_LHC12.CTRA_Front-view-768x768.jpg 768w, https:\/\/flexfurn.com\/wp-content\/uploads\/2026\/04\/Trolley-Large-Tables_D180_LHC12.CTRA_Front-view-1536x1536.jpg 1536w, https:\/\/flexfurn.com\/wp-content\/uploads\/2026\/04\/Trolley-Large-Tables_D180_LHC12.CTRA_Front-view-2048x2048.jpg 2048w, https:\/\/flexfurn.com\/wp-content\/uploads\/2026\/04\/Trolley-Large-Tables_D180_LHC12.CTRA_Front-view-12x12.jpg 12w, https:\/\/flexfurn.com\/wp-content\/uploads\/2026\/04\/Trolley-Large-Tables_D180_LHC12.CTRA_Front-view-140x140.jpg 140w, https:\/\/flexfurn.com\/wp-content\/uploads\/2026\/04\/Trolley-Large-Tables_D180_LHC12.CTRA_Front-view-100x100.jpg 100w, https:\/\/flexfurn.com\/wp-content\/uploads\/2026\/04\/Trolley-Large-Tables_D180_LHC12.CTRA_Front-view-500x500.jpg 500w, https:\/\/flexfurn.com\/wp-content\/uploads\/2026\/04\/Trolley-Large-Tables_D180_LHC12.CTRA_Front-view-350x350.jpg 350w, https:\/\/flexfurn.com\/wp-content\/uploads\/2026\/04\/Trolley-Large-Tables_D180_LHC12.CTRA_Front-view-1000x1000.jpg 1000w, https:\/\/flexfurn.com\/wp-content\/uploads\/2026\/04\/Trolley-Large-Tables_D180_LHC12.CTRA_Front-view-800x800.jpg 800w\" sizes=\"auto, (max-width: 750px) 100vw, 750px\" \/><img loading=\"lazy\" decoding=\"async\" width=\"2400\" height=\"2400\" src=\"https:\/\/flexfurn.com\/wp-content\/uploads\/2026\/04\/Trolley-Large-Tables_D120_LHC12.CTRA_Front-view.jpg\" class=\"hover-gallery-image\" alt=\"\" srcset=\"https:\/\/flexfurn.com\/wp-content\/uploads\/2026\/04\/Trolley-Large-Tables_D120_LHC12.CTRA_Front-view.jpg 2400w, https:\/\/flexfurn.com\/wp-content\/uploads\/2026\/04\/Trolley-Large-Tables_D120_LHC12.CTRA_Front-view-300x300.jpg 300w, https:\/\/flexfurn.com\/wp-content\/uploads\/2026\/04\/Trolley-Large-Tables_D120_LHC12.CTRA_Front-view-1024x1024.jpg 1024w, https:\/\/flexfurn.com\/wp-content\/uploads\/2026\/04\/Trolley-Large-Tables_D120_LHC12.CTRA_Front-view-150x150.jpg 150w, https:\/\/flexfurn.com\/wp-content\/uploads\/2026\/04\/Trolley-Large-Tables_D120_LHC12.CTRA_Front-view-768x768.jpg 768w, https:\/\/flexfurn.com\/wp-content\/uploads\/2026\/04\/Trolley-Large-Tables_D120_LHC12.CTRA_Front-view-1536x1536.jpg 1536w, https:\/\/flexfurn.com\/wp-content\/uploads\/2026\/04\/Trolley-Large-Tables_D120_LHC12.CTRA_Front-view-2048x2048.jpg 2048w, https:\/\/flexfurn.com\/wp-content\/uploads\/2026\/04\/Trolley-Large-Tables_D120_LHC12.CTRA_Front-view-12x12.jpg 12w, https:\/\/flexfurn.com\/wp-content\/uploads\/2026\/04\/Trolley-Large-Tables_D120_LHC12.CTRA_Front-view-140x140.jpg 140w, https:\/\/flexfurn.com\/wp-content\/uploads\/2026\/04\/Trolley-Large-Tables_D120_LHC12.CTRA_Front-view-100x100.jpg 100w, https:\/\/flexfurn.com\/wp-content\/uploads\/2026\/04\/Trolley-Large-Tables_D120_LHC12.CTRA_Front-view-500x500.jpg 500w, https:\/\/flexfurn.com\/wp-content\/uploads\/2026\/04\/Trolley-Large-Tables_D120_LHC12.CTRA_Front-view-350x350.jpg 350w, https:\/\/flexfurn.com\/wp-content\/uploads\/2026\/04\/Trolley-Large-Tables_D120_LHC12.CTRA_Front-view-1000x1000.jpg 1000w, https:\/\/flexfurn.com\/wp-content\/uploads\/2026\/04\/Trolley-Large-Tables_D120_LHC12.CTRA_Front-view-800x800.jpg 800w, https:\/\/flexfurn.com\/wp-content\/uploads\/2026\/04\/Trolley-Large-Tables_D120_LHC12.CTRA_Front-view-750x750.jpg 750w\" sizes=\"auto, (max-width: 2400px) 100vw, 2400px\" \/><\/a><div class=\"product-meta\"><a href=\"https:\/\/flexfurn.com\/de\/produkt-2\/transportwagen-fur-runde-tischplatten\/\"><h2 class=\"woocommerce-loop-product__title\">Transportwagen f\u00fcr runde Tischplatten<\/h2><\/a><div class=\"price-hover-wrap\">\n<div class=\"product-add-to-cart\" data-nectar-quickview=\"false\"><a href=\"https:\/\/flexfurn.com\/de\/produkt-2\/transportwagen-fur-runde-tischplatten\/\" aria-describedby=\"woocommerce_loop_add_to_cart_link_describedby_36513\" data-quantity=\"1\" class=\"button product_type_simple\" data-product_id=\"36513\" data-product_sku=\"\" aria-label=\"Lese mehr \u00fcber \u201eTransportkar ronde tafelbladen\u201c\" rel=\"nofollow\" data-success_message=\"\" data-no-translation-aria-label=\"\"><i class=\"normal icon-salient-cart\"><\/i><span data-no-translation=\"\" data-trp-gettext=\"\">Weiterlesen<\/span><\/a>\t<span id=\"woocommerce_loop_add_to_cart_link_describedby_36513\" class=\"screen-reader-text\">\n\t\t\t<\/span>\n<\/div>\n\t\t\t\t<\/div>\n\t\t\t<\/div><\/div>\t\t\n\t  \n\n\t\t\n\t\n\n\t<span class=\"gtm4wp_productdata\" style=\"display:none; visibility:hidden;\" data-gtm4wp_product_data=\"{&quot;internal_id&quot;:36513,&quot;item_id&quot;:36513,&quot;item_name&quot;:&quot;Transportkar ronde tafelbladen&quot;,&quot;sku&quot;:36513,&quot;price&quot;:0,&quot;stocklevel&quot;:null,&quot;stockstatus&quot;:&quot;instock&quot;,&quot;google_business_vertical&quot;:&quot;retail&quot;,&quot;item_category&quot;:&quot;Transportkarren&quot;,&quot;id&quot;:36513,&quot;productlink&quot;:&quot;https:\\\/\\\/flexfurn.com\\\/de\\\/produkt-2\\\/transportwagen-fur-runde-tischplatten\\\/&quot;,&quot;item_list_name&quot;:&quot;General Product List&quot;,&quot;index&quot;:9,&quot;product_type&quot;:&quot;simple&quot;,&quot;item_brand&quot;:&quot;&quot;}\"><\/span>\n<\/li>\n\t\t\t\n\t\t\t\t\n\t<li class=\"minimal product type-product post-36510 status-publish instock product_cat-transportkar-stapelstoelen product_cat-transportkarren has-post-thumbnail taxable shipping-taxable product-type-simple woo-variation-gallery-product\" >\n\n\n\t\n\n\t\t\t\t <div class=\"background-color-expand\"><\/div>\n\t   <div class=\"product-wrap\">\n\t\t\t<a href=\"https:\/\/flexfurn.com\/de\/produkt-2\/transportwagen-tolix-stil-pp\/\" aria-label=\"Transportwagen Tolix Style PP Stuhl\"><img loading=\"lazy\" decoding=\"async\" width=\"750\" height=\"750\" src=\"https:\/\/flexfurn.com\/wp-content\/uploads\/2026\/04\/31-750x750.png\" class=\"attachment-woocommerce_thumbnail size-woocommerce_thumbnail\" alt=\"Transportwagen Tolix Style PP Stuhl\" srcset=\"https:\/\/flexfurn.com\/wp-content\/uploads\/2026\/04\/31-750x750.png 750w, https:\/\/flexfurn.com\/wp-content\/uploads\/2026\/04\/31-300x300.png 300w, https:\/\/flexfurn.com\/wp-content\/uploads\/2026\/04\/31-1024x1024.png 1024w, https:\/\/flexfurn.com\/wp-content\/uploads\/2026\/04\/31-150x150.png 150w, https:\/\/flexfurn.com\/wp-content\/uploads\/2026\/04\/31-768x768.png 768w, https:\/\/flexfurn.com\/wp-content\/uploads\/2026\/04\/31-1536x1536.png 1536w, https:\/\/flexfurn.com\/wp-content\/uploads\/2026\/04\/31-2048x2048.png 2048w, https:\/\/flexfurn.com\/wp-content\/uploads\/2026\/04\/31-12x12.png 12w, https:\/\/flexfurn.com\/wp-content\/uploads\/2026\/04\/31-140x140.png 140w, https:\/\/flexfurn.com\/wp-content\/uploads\/2026\/04\/31-100x100.png 100w, https:\/\/flexfurn.com\/wp-content\/uploads\/2026\/04\/31-500x500.png 500w, https:\/\/flexfurn.com\/wp-content\/uploads\/2026\/04\/31-350x350.png 350w, https:\/\/flexfurn.com\/wp-content\/uploads\/2026\/04\/31-1000x1000.png 1000w, https:\/\/flexfurn.com\/wp-content\/uploads\/2026\/04\/31-800x800.png 800w\" sizes=\"auto, (max-width: 750px) 100vw, 750px\" \/><img loading=\"lazy\" decoding=\"async\" width=\"2400\" height=\"2400\" src=\"https:\/\/flexfurn.com\/wp-content\/uploads\/2024\/01\/8.png\" class=\"hover-gallery-image\" alt=\"\" srcset=\"https:\/\/flexfurn.com\/wp-content\/uploads\/2024\/01\/8.png 2400w, https:\/\/flexfurn.com\/wp-content\/uploads\/2024\/01\/8-300x300.png 300w, https:\/\/flexfurn.com\/wp-content\/uploads\/2024\/01\/8-1024x1024.png 1024w, https:\/\/flexfurn.com\/wp-content\/uploads\/2024\/01\/8-150x150.png 150w, https:\/\/flexfurn.com\/wp-content\/uploads\/2024\/01\/8-768x768.png 768w, https:\/\/flexfurn.com\/wp-content\/uploads\/2024\/01\/8-1536x1536.png 1536w, https:\/\/flexfurn.com\/wp-content\/uploads\/2024\/01\/8-2048x2048.png 2048w, https:\/\/flexfurn.com\/wp-content\/uploads\/2024\/01\/8-12x12.png 12w, https:\/\/flexfurn.com\/wp-content\/uploads\/2024\/01\/8-140x140.png 140w, https:\/\/flexfurn.com\/wp-content\/uploads\/2024\/01\/8-100x100.png 100w, https:\/\/flexfurn.com\/wp-content\/uploads\/2024\/01\/8-500x500.png 500w, https:\/\/flexfurn.com\/wp-content\/uploads\/2024\/01\/8-350x350.png 350w, https:\/\/flexfurn.com\/wp-content\/uploads\/2024\/01\/8-1000x1000.png 1000w, https:\/\/flexfurn.com\/wp-content\/uploads\/2024\/01\/8-800x800.png 800w, https:\/\/flexfurn.com\/wp-content\/uploads\/2024\/01\/8-750x750.png 750w\" sizes=\"auto, (max-width: 2400px) 100vw, 2400px\" \/><\/a><div class=\"product-meta\"><a href=\"https:\/\/flexfurn.com\/de\/produkt-2\/transportwagen-tolix-stil-pp\/\"><h2 class=\"woocommerce-loop-product__title\">Transportwagen Tolix Style PP Stuhl<\/h2><\/a><div class=\"price-hover-wrap\">\n<div class=\"product-add-to-cart\" data-nectar-quickview=\"false\"><a href=\"https:\/\/flexfurn.com\/de\/produkt-2\/transportwagen-tolix-stil-pp\/\" aria-describedby=\"woocommerce_loop_add_to_cart_link_describedby_36510\" data-quantity=\"1\" class=\"button product_type_simple\" data-product_id=\"36510\" data-product_sku=\"KSTO24STHA\" aria-label=\"Lese mehr \u00fcber \u201etransportkar Tolix Style PP stoel\u201c\" rel=\"nofollow\" data-success_message=\"\" data-no-translation-aria-label=\"\"><i class=\"normal icon-salient-cart\"><\/i><span data-no-translation=\"\" data-trp-gettext=\"\">Weiterlesen<\/span><\/a>\t<span id=\"woocommerce_loop_add_to_cart_link_describedby_36510\" class=\"screen-reader-text\">\n\t\t\t<\/span>\n<\/div>\n\t\t\t\t<\/div>\n\t\t\t<\/div><\/div>\t\t\n\t  \n\n\t\t\n\t\n\n\t<span class=\"gtm4wp_productdata\" style=\"display:none; visibility:hidden;\" data-gtm4wp_product_data=\"{&quot;internal_id&quot;:36510,&quot;item_id&quot;:36510,&quot;item_name&quot;:&quot;transportkar Tolix Style PP stoel&quot;,&quot;sku&quot;:&quot;KSTO24STHA&quot;,&quot;price&quot;:0,&quot;stocklevel&quot;:null,&quot;stockstatus&quot;:&quot;instock&quot;,&quot;google_business_vertical&quot;:&quot;retail&quot;,&quot;item_category&quot;:&quot;Transportkarren&quot;,&quot;id&quot;:36510,&quot;productlink&quot;:&quot;https:\\\/\\\/flexfurn.com\\\/de\\\/produkt-2\\\/transportwagen-tolix-stil-pp\\\/&quot;,&quot;item_list_name&quot;:&quot;General Product List&quot;,&quot;index&quot;:10,&quot;product_type&quot;:&quot;simple&quot;,&quot;item_brand&quot;:&quot;&quot;}\"><\/span>\n<\/li>\n\t\t\t\n\t\t\t\t\n\t<li class=\"minimal product type-product post-36445 status-publish instock product_cat-transportkarren has-post-thumbnail taxable shipping-taxable product-type-simple woo-variation-gallery-product\" >\n\n\n\t\n\n\t\t\t\t <div class=\"background-color-expand\"><\/div>\n\t   <div class=\"product-wrap\">\n\t\t\t<a href=\"https:\/\/flexfurn.com\/de\/produkt-2\/transportwagen-fur-das-fly-twisted-system\/\" aria-label=\"Transportwagen f\u00fcr Fly Twisted System\"><img loading=\"lazy\" decoding=\"async\" width=\"750\" height=\"750\" src=\"https:\/\/flexfurn.com\/wp-content\/uploads\/2026\/04\/6-750x750.png\" class=\"attachment-woocommerce_thumbnail size-woocommerce_thumbnail\" alt=\"Transportwagen f\u00fcr Fly Twisted System\" srcset=\"https:\/\/flexfurn.com\/wp-content\/uploads\/2026\/04\/6-750x750.png 750w, https:\/\/flexfurn.com\/wp-content\/uploads\/2026\/04\/6-300x300.png 300w, https:\/\/flexfurn.com\/wp-content\/uploads\/2026\/04\/6-1024x1024.png 1024w, https:\/\/flexfurn.com\/wp-content\/uploads\/2026\/04\/6-150x150.png 150w, https:\/\/flexfurn.com\/wp-content\/uploads\/2026\/04\/6-768x768.png 768w, https:\/\/flexfurn.com\/wp-content\/uploads\/2026\/04\/6-1536x1536.png 1536w, https:\/\/flexfurn.com\/wp-content\/uploads\/2026\/04\/6-2048x2048.png 2048w, https:\/\/flexfurn.com\/wp-content\/uploads\/2026\/04\/6-12x12.png 12w, https:\/\/flexfurn.com\/wp-content\/uploads\/2026\/04\/6-140x140.png 140w, https:\/\/flexfurn.com\/wp-content\/uploads\/2026\/04\/6-100x100.png 100w, https:\/\/flexfurn.com\/wp-content\/uploads\/2026\/04\/6-500x500.png 500w, https:\/\/flexfurn.com\/wp-content\/uploads\/2026\/04\/6-350x350.png 350w, https:\/\/flexfurn.com\/wp-content\/uploads\/2026\/04\/6-1000x1000.png 1000w, https:\/\/flexfurn.com\/wp-content\/uploads\/2026\/04\/6-800x800.png 800w\" sizes=\"auto, (max-width: 750px) 100vw, 750px\" \/><\/a><div class=\"product-meta\"><a href=\"https:\/\/flexfurn.com\/de\/produkt-2\/transportwagen-fur-das-fly-twisted-system\/\"><h2 class=\"woocommerce-loop-product__title\">Transportwagen f\u00fcr Fly Twisted System<\/h2><\/a><div class=\"price-hover-wrap\">\n<div class=\"product-add-to-cart\" data-nectar-quickview=\"false\"><a href=\"https:\/\/flexfurn.com\/de\/produkt-2\/transportwagen-fur-das-fly-twisted-system\/\" aria-describedby=\"woocommerce_loop_add_to_cart_link_describedby_36445\" data-quantity=\"1\" class=\"button product_type_simple\" data-product_id=\"36445\" data-product_sku=\"KTFLY10.STHA\" aria-label=\"Lese mehr \u00fcber \u201eTransportkar voor Fly Twisted System\u201c\" rel=\"nofollow\" data-success_message=\"\" data-no-translation-aria-label=\"\"><i class=\"normal icon-salient-cart\"><\/i><span data-no-translation=\"\" data-trp-gettext=\"\">Weiterlesen<\/span><\/a>\t<span id=\"woocommerce_loop_add_to_cart_link_describedby_36445\" class=\"screen-reader-text\">\n\t\t\t<\/span>\n<\/div>\n\t\t\t\t<\/div>\n\t\t\t<\/div><\/div>\t\t\n\t  \n\n\t\t\n\t\n\n\t<span class=\"gtm4wp_productdata\" style=\"display:none; visibility:hidden;\" data-gtm4wp_product_data=\"{&quot;internal_id&quot;:36445,&quot;item_id&quot;:36445,&quot;item_name&quot;:&quot;Transportkar voor Fly Twisted System&quot;,&quot;sku&quot;:&quot;KTFLY10.STHA&quot;,&quot;price&quot;:0,&quot;stocklevel&quot;:null,&quot;stockstatus&quot;:&quot;instock&quot;,&quot;google_business_vertical&quot;:&quot;retail&quot;,&quot;item_category&quot;:&quot;Transportkarren&quot;,&quot;id&quot;:36445,&quot;productlink&quot;:&quot;https:\\\/\\\/flexfurn.com\\\/de\\\/produkt-2\\\/transportwagen-fur-das-fly-twisted-system\\\/&quot;,&quot;item_list_name&quot;:&quot;General Product List&quot;,&quot;index&quot;:11,&quot;product_type&quot;:&quot;simple&quot;,&quot;item_brand&quot;:&quot;&quot;}\"><\/span>\n<\/li>\n\t\t\t\n\t\t\t\t\n\t<li class=\"minimal product type-product post-36358 status-publish last instock product_cat-geen-categorie product_cat-transportkarren has-post-thumbnail taxable shipping-taxable product-type-simple woo-variation-gallery-product\" >\n\n\n\t\n\n\t\t\t\t <div class=\"background-color-expand\"><\/div>\n\t   <div class=\"product-wrap\">\n\t\t\t<a href=\"https:\/\/flexfurn.com\/de\/produkt-2\/transportwagen-salztische\/\" aria-label=\"Transportwagen Salztische\"><img loading=\"lazy\" decoding=\"async\" width=\"750\" height=\"750\" src=\"https:\/\/flexfurn.com\/wp-content\/uploads\/2026\/04\/5-750x750.png\" class=\"attachment-woocommerce_thumbnail size-woocommerce_thumbnail\" alt=\"Transportwagen Salztische\" srcset=\"https:\/\/flexfurn.com\/wp-content\/uploads\/2026\/04\/5-750x750.png 750w, https:\/\/flexfurn.com\/wp-content\/uploads\/2026\/04\/5-300x300.png 300w, https:\/\/flexfurn.com\/wp-content\/uploads\/2026\/04\/5-1024x1024.png 1024w, https:\/\/flexfurn.com\/wp-content\/uploads\/2026\/04\/5-150x150.png 150w, https:\/\/flexfurn.com\/wp-content\/uploads\/2026\/04\/5-768x768.png 768w, https:\/\/flexfurn.com\/wp-content\/uploads\/2026\/04\/5-1536x1536.png 1536w, https:\/\/flexfurn.com\/wp-content\/uploads\/2026\/04\/5-2048x2048.png 2048w, https:\/\/flexfurn.com\/wp-content\/uploads\/2026\/04\/5-12x12.png 12w, https:\/\/flexfurn.com\/wp-content\/uploads\/2026\/04\/5-140x140.png 140w, https:\/\/flexfurn.com\/wp-content\/uploads\/2026\/04\/5-100x100.png 100w, https:\/\/flexfurn.com\/wp-content\/uploads\/2026\/04\/5-500x500.png 500w, https:\/\/flexfurn.com\/wp-content\/uploads\/2026\/04\/5-350x350.png 350w, https:\/\/flexfurn.com\/wp-content\/uploads\/2026\/04\/5-1000x1000.png 1000w, https:\/\/flexfurn.com\/wp-content\/uploads\/2026\/04\/5-800x800.png 800w\" sizes=\"auto, (max-width: 750px) 100vw, 750px\" \/><\/a><div class=\"product-meta\"><a href=\"https:\/\/flexfurn.com\/de\/produkt-2\/transportwagen-salztische\/\"><h2 class=\"woocommerce-loop-product__title\">Transportwagen Salztische<\/h2><\/a><div class=\"price-hover-wrap\">\n<div class=\"product-add-to-cart\" data-nectar-quickview=\"false\"><a href=\"https:\/\/flexfurn.com\/de\/produkt-2\/transportwagen-salztische\/\" aria-describedby=\"woocommerce_loop_add_to_cart_link_describedby_36358\" data-quantity=\"1\" class=\"button product_type_simple\" data-product_id=\"36358\" data-product_sku=\"KTSA10.STHA\" aria-label=\"Lese mehr \u00fcber \u201eTransportkar Salt tafels\u201c\" rel=\"nofollow\" data-success_message=\"\" data-no-translation-aria-label=\"\"><i class=\"normal icon-salient-cart\"><\/i><span data-no-translation=\"\" data-trp-gettext=\"\">Weiterlesen<\/span><\/a>\t<span id=\"woocommerce_loop_add_to_cart_link_describedby_36358\" class=\"screen-reader-text\">\n\t\t\t<\/span>\n<\/div>\n\t\t\t\t<\/div>\n\t\t\t<\/div><\/div>\t\t\n\t  \n\n\t\t\n\t\n\n\t<span class=\"gtm4wp_productdata\" style=\"display:none; visibility:hidden;\" data-gtm4wp_product_data=\"{&quot;internal_id&quot;:36358,&quot;item_id&quot;:36358,&quot;item_name&quot;:&quot;Transportkar Salt tafels&quot;,&quot;sku&quot;:&quot;KTSA10.STHA&quot;,&quot;price&quot;:0,&quot;stocklevel&quot;:null,&quot;stockstatus&quot;:&quot;instock&quot;,&quot;google_business_vertical&quot;:&quot;retail&quot;,&quot;item_category&quot;:&quot;Geen categorie&quot;,&quot;id&quot;:36358,&quot;productlink&quot;:&quot;https:\\\/\\\/flexfurn.com\\\/de\\\/produkt-2\\\/transportwagen-salztische\\\/&quot;,&quot;item_list_name&quot;:&quot;General Product List&quot;,&quot;index&quot;:12,&quot;product_type&quot;:&quot;simple&quot;,&quot;item_brand&quot;:&quot;&quot;}\"><\/span>\n<\/li>\n\t\t\t\n\t\t\t\t\n\t<li class=\"minimal product type-product post-36096 status-publish first instock product_cat-eettafel product_cat-geen-categorie product_cat-kubo product_cat-outdoor has-post-thumbnail taxable shipping-taxable purchasable product-type-variable woo-variation-gallery-product\" >\n\n\n\t\n\n\t\t\t\t <div class=\"background-color-expand\"><\/div>\n\t   <div class=\"product-wrap\">\n\t\t\t<a href=\"https:\/\/flexfurn.com\/de\/produkt-2\/kubo-abendessen\/\" aria-label=\"Kubo Dinner\"><img loading=\"lazy\" decoding=\"async\" width=\"750\" height=\"750\" src=\"https:\/\/flexfurn.com\/wp-content\/uploads\/2026\/04\/KUBO-GRANDE-DINNER_WHITE_120x70_MFCA18.OAK_.NAT-oak-natural_Low-view-750x750.jpg\" class=\"attachment-woocommerce_thumbnail size-woocommerce_thumbnail\" alt=\"Wei\u00dfer Kubo-Esstisch von Flexfurn mit einer hellen Melamin-Tischplatte in Eichenoptik.\" srcset=\"https:\/\/flexfurn.com\/wp-content\/uploads\/2026\/04\/KUBO-GRANDE-DINNER_WHITE_120x70_MFCA18.OAK_.NAT-oak-natural_Low-view-750x750.jpg 750w, https:\/\/flexfurn.com\/wp-content\/uploads\/2026\/04\/KUBO-GRANDE-DINNER_WHITE_120x70_MFCA18.OAK_.NAT-oak-natural_Low-view-300x300.jpg 300w, https:\/\/flexfurn.com\/wp-content\/uploads\/2026\/04\/KUBO-GRANDE-DINNER_WHITE_120x70_MFCA18.OAK_.NAT-oak-natural_Low-view-1024x1024.jpg 1024w, https:\/\/flexfurn.com\/wp-content\/uploads\/2026\/04\/KUBO-GRANDE-DINNER_WHITE_120x70_MFCA18.OAK_.NAT-oak-natural_Low-view-150x150.jpg 150w, https:\/\/flexfurn.com\/wp-content\/uploads\/2026\/04\/KUBO-GRANDE-DINNER_WHITE_120x70_MFCA18.OAK_.NAT-oak-natural_Low-view-768x768.jpg 768w, https:\/\/flexfurn.com\/wp-content\/uploads\/2026\/04\/KUBO-GRANDE-DINNER_WHITE_120x70_MFCA18.OAK_.NAT-oak-natural_Low-view-1536x1536.jpg 1536w, https:\/\/flexfurn.com\/wp-content\/uploads\/2026\/04\/KUBO-GRANDE-DINNER_WHITE_120x70_MFCA18.OAK_.NAT-oak-natural_Low-view-2048x2048.jpg 2048w, https:\/\/flexfurn.com\/wp-content\/uploads\/2026\/04\/KUBO-GRANDE-DINNER_WHITE_120x70_MFCA18.OAK_.NAT-oak-natural_Low-view-12x12.jpg 12w, https:\/\/flexfurn.com\/wp-content\/uploads\/2026\/04\/KUBO-GRANDE-DINNER_WHITE_120x70_MFCA18.OAK_.NAT-oak-natural_Low-view-140x140.jpg 140w, https:\/\/flexfurn.com\/wp-content\/uploads\/2026\/04\/KUBO-GRANDE-DINNER_WHITE_120x70_MFCA18.OAK_.NAT-oak-natural_Low-view-100x100.jpg 100w, https:\/\/flexfurn.com\/wp-content\/uploads\/2026\/04\/KUBO-GRANDE-DINNER_WHITE_120x70_MFCA18.OAK_.NAT-oak-natural_Low-view-500x500.jpg 500w, https:\/\/flexfurn.com\/wp-content\/uploads\/2026\/04\/KUBO-GRANDE-DINNER_WHITE_120x70_MFCA18.OAK_.NAT-oak-natural_Low-view-350x350.jpg 350w, https:\/\/flexfurn.com\/wp-content\/uploads\/2026\/04\/KUBO-GRANDE-DINNER_WHITE_120x70_MFCA18.OAK_.NAT-oak-natural_Low-view-1000x1000.jpg 1000w, https:\/\/flexfurn.com\/wp-content\/uploads\/2026\/04\/KUBO-GRANDE-DINNER_WHITE_120x70_MFCA18.OAK_.NAT-oak-natural_Low-view-800x800.jpg 800w\" sizes=\"auto, (max-width: 750px) 100vw, 750px\" \/><img loading=\"lazy\" decoding=\"async\" width=\"2400\" height=\"2400\" src=\"https:\/\/flexfurn.com\/wp-content\/uploads\/2026\/04\/KUBO-GRANDE-DINNER_BLACK_120x70_MFCA18.OAK_.NAT-oak-natural_Low-view.jpg\" class=\"hover-gallery-image\" alt=\"Schwarzer Kubo-Esstisch von Flexfurn mit einer hellen Melamin-Tischplatte in Eichenoptik.\" srcset=\"https:\/\/flexfurn.com\/wp-content\/uploads\/2026\/04\/KUBO-GRANDE-DINNER_BLACK_120x70_MFCA18.OAK_.NAT-oak-natural_Low-view.jpg 2400w, https:\/\/flexfurn.com\/wp-content\/uploads\/2026\/04\/KUBO-GRANDE-DINNER_BLACK_120x70_MFCA18.OAK_.NAT-oak-natural_Low-view-300x300.jpg 300w, https:\/\/flexfurn.com\/wp-content\/uploads\/2026\/04\/KUBO-GRANDE-DINNER_BLACK_120x70_MFCA18.OAK_.NAT-oak-natural_Low-view-1024x1024.jpg 1024w, https:\/\/flexfurn.com\/wp-content\/uploads\/2026\/04\/KUBO-GRANDE-DINNER_BLACK_120x70_MFCA18.OAK_.NAT-oak-natural_Low-view-150x150.jpg 150w, https:\/\/flexfurn.com\/wp-content\/uploads\/2026\/04\/KUBO-GRANDE-DINNER_BLACK_120x70_MFCA18.OAK_.NAT-oak-natural_Low-view-768x768.jpg 768w, https:\/\/flexfurn.com\/wp-content\/uploads\/2026\/04\/KUBO-GRANDE-DINNER_BLACK_120x70_MFCA18.OAK_.NAT-oak-natural_Low-view-1536x1536.jpg 1536w, https:\/\/flexfurn.com\/wp-content\/uploads\/2026\/04\/KUBO-GRANDE-DINNER_BLACK_120x70_MFCA18.OAK_.NAT-oak-natural_Low-view-2048x2048.jpg 2048w, https:\/\/flexfurn.com\/wp-content\/uploads\/2026\/04\/KUBO-GRANDE-DINNER_BLACK_120x70_MFCA18.OAK_.NAT-oak-natural_Low-view-12x12.jpg 12w, https:\/\/flexfurn.com\/wp-content\/uploads\/2026\/04\/KUBO-GRANDE-DINNER_BLACK_120x70_MFCA18.OAK_.NAT-oak-natural_Low-view-140x140.jpg 140w, https:\/\/flexfurn.com\/wp-content\/uploads\/2026\/04\/KUBO-GRANDE-DINNER_BLACK_120x70_MFCA18.OAK_.NAT-oak-natural_Low-view-100x100.jpg 100w, https:\/\/flexfurn.com\/wp-content\/uploads\/2026\/04\/KUBO-GRANDE-DINNER_BLACK_120x70_MFCA18.OAK_.NAT-oak-natural_Low-view-500x500.jpg 500w, https:\/\/flexfurn.com\/wp-content\/uploads\/2026\/04\/KUBO-GRANDE-DINNER_BLACK_120x70_MFCA18.OAK_.NAT-oak-natural_Low-view-350x350.jpg 350w, https:\/\/flexfurn.com\/wp-content\/uploads\/2026\/04\/KUBO-GRANDE-DINNER_BLACK_120x70_MFCA18.OAK_.NAT-oak-natural_Low-view-1000x1000.jpg 1000w, https:\/\/flexfurn.com\/wp-content\/uploads\/2026\/04\/KUBO-GRANDE-DINNER_BLACK_120x70_MFCA18.OAK_.NAT-oak-natural_Low-view-800x800.jpg 800w, https:\/\/flexfurn.com\/wp-content\/uploads\/2026\/04\/KUBO-GRANDE-DINNER_BLACK_120x70_MFCA18.OAK_.NAT-oak-natural_Low-view-750x750.jpg 750w\" sizes=\"auto, (max-width: 2400px) 100vw, 2400px\" \/><\/a><div class=\"product-meta\"><a href=\"https:\/\/flexfurn.com\/de\/produkt-2\/kubo-abendessen\/\"><h2 class=\"woocommerce-loop-product__title\">Kubo Dinner<\/h2><\/a><div class=\"price-hover-wrap\">\n<div class=\"product-add-to-cart\" data-nectar-quickview=\"false\"><a href=\"https:\/\/flexfurn.com\/de\/produkt-2\/kubo-abendessen\/\" aria-describedby=\"woocommerce_loop_add_to_cart_link_describedby_36096\" data-quantity=\"1\" class=\"button product_type_variable add_to_cart_button\" data-product_id=\"36096\" data-product_sku=\"\" aria-label=\"W\u00e4hle Optionen f\u00fcr \u201eKubo Dinner\u201c\" rel=\"nofollow\" data-no-translation-aria-label=\"\"><i class=\"normal icon-salient-cart\"><\/i><span data-no-translation=\"\" data-trp-gettext=\"\">Ausf\u00fchrung w\u00e4hlen<\/span><\/a>\t<span id=\"woocommerce_loop_add_to_cart_link_describedby_36096\" class=\"screen-reader-text\">\n\t\tDieses Produkt weist mehrere Varianten auf. Die Optionen k\u00f6nnen auf der Produktseite gew\u00e4hlt werden\t<\/span>\n<\/div>\n\t\t\t\t<\/div>\n\t\t\t<\/div><\/div>\t\t\n\t  \n\n\t\t\n\t\n\n\t<span class=\"gtm4wp_productdata\" style=\"display:none; visibility:hidden;\" data-gtm4wp_product_data=\"{&quot;internal_id&quot;:36096,&quot;item_id&quot;:36096,&quot;item_name&quot;:&quot;Kubo Dinner&quot;,&quot;sku&quot;:36096,&quot;price&quot;:280,&quot;stocklevel&quot;:null,&quot;stockstatus&quot;:&quot;instock&quot;,&quot;google_business_vertical&quot;:&quot;retail&quot;,&quot;item_category&quot;:&quot;Geen categorie&quot;,&quot;id&quot;:36096,&quot;productlink&quot;:&quot;https:\\\/\\\/flexfurn.com\\\/de\\\/produkt-2\\\/kubo-abendessen\\\/&quot;,&quot;item_list_name&quot;:&quot;General Product List&quot;,&quot;index&quot;:13,&quot;product_type&quot;:&quot;variable&quot;,&quot;item_brand&quot;:&quot;&quot;}\"><\/span>\n<\/li>\n\t\t\t\n\t\t\t\t\n\t<li class=\"minimal product type-product post-35265 status-publish instock product_cat-barstoel product_cat-wedding has-post-thumbnail taxable shipping-taxable purchasable product-type-simple woo-variation-gallery-product\" >\n\n\n\t\n\n\t\t\t\t <div class=\"background-color-expand\"><\/div>\n\t   <div class=\"product-wrap\">\n\t\t\t<a href=\"https:\/\/flexfurn.com\/de\/produkt-2\/nina-barhocker\/\" aria-label=\"Nina Barhocker\"><img loading=\"lazy\" decoding=\"async\" width=\"750\" height=\"750\" src=\"https:\/\/flexfurn.com\/wp-content\/uploads\/2026\/04\/Uitgelichte-afbeeldingen-WEBSITE-750x750.png\" class=\"attachment-woocommerce_thumbnail size-woocommerce_thumbnail\" alt=\"Der Barhocker Nina aus Eiche natur. Stapelbar und bequem.\" srcset=\"https:\/\/flexfurn.com\/wp-content\/uploads\/2026\/04\/Uitgelichte-afbeeldingen-WEBSITE-750x750.png 750w, https:\/\/flexfurn.com\/wp-content\/uploads\/2026\/04\/Uitgelichte-afbeeldingen-WEBSITE-300x300.png 300w, https:\/\/flexfurn.com\/wp-content\/uploads\/2026\/04\/Uitgelichte-afbeeldingen-WEBSITE-1024x1024.png 1024w, https:\/\/flexfurn.com\/wp-content\/uploads\/2026\/04\/Uitgelichte-afbeeldingen-WEBSITE-150x150.png 150w, https:\/\/flexfurn.com\/wp-content\/uploads\/2026\/04\/Uitgelichte-afbeeldingen-WEBSITE-768x768.png 768w, https:\/\/flexfurn.com\/wp-content\/uploads\/2026\/04\/Uitgelichte-afbeeldingen-WEBSITE-1536x1536.png 1536w, https:\/\/flexfurn.com\/wp-content\/uploads\/2026\/04\/Uitgelichte-afbeeldingen-WEBSITE-2048x2048.png 2048w, https:\/\/flexfurn.com\/wp-content\/uploads\/2026\/04\/Uitgelichte-afbeeldingen-WEBSITE-12x12.png 12w, https:\/\/flexfurn.com\/wp-content\/uploads\/2026\/04\/Uitgelichte-afbeeldingen-WEBSITE-140x140.png 140w, https:\/\/flexfurn.com\/wp-content\/uploads\/2026\/04\/Uitgelichte-afbeeldingen-WEBSITE-100x100.png 100w, https:\/\/flexfurn.com\/wp-content\/uploads\/2026\/04\/Uitgelichte-afbeeldingen-WEBSITE-500x500.png 500w, https:\/\/flexfurn.com\/wp-content\/uploads\/2026\/04\/Uitgelichte-afbeeldingen-WEBSITE-350x350.png 350w, https:\/\/flexfurn.com\/wp-content\/uploads\/2026\/04\/Uitgelichte-afbeeldingen-WEBSITE-1000x1000.png 1000w, https:\/\/flexfurn.com\/wp-content\/uploads\/2026\/04\/Uitgelichte-afbeeldingen-WEBSITE-800x800.png 800w\" sizes=\"auto, (max-width: 750px) 100vw, 750px\" \/><img loading=\"lazy\" decoding=\"async\" width=\"1708\" height=\"2560\" src=\"https:\/\/flexfurn.com\/wp-content\/uploads\/2026\/04\/2026OhD-352-scaled.jpg\" class=\"hover-gallery-image\" alt=\"Der Barhocker Nina aus Eiche natur. Ein stilvolles und zeitloses Design. Ideal f\u00fcr elegante Veranstaltungen und Empf\u00e4nge.\" srcset=\"https:\/\/flexfurn.com\/wp-content\/uploads\/2026\/04\/2026OhD-352-scaled.jpg 1708w, https:\/\/flexfurn.com\/wp-content\/uploads\/2026\/04\/2026OhD-352-200x300.jpg 200w, https:\/\/flexfurn.com\/wp-content\/uploads\/2026\/04\/2026OhD-352-683x1024.jpg 683w, https:\/\/flexfurn.com\/wp-content\/uploads\/2026\/04\/2026OhD-352-768x1151.jpg 768w, https:\/\/flexfurn.com\/wp-content\/uploads\/2026\/04\/2026OhD-352-1025x1536.jpg 1025w, https:\/\/flexfurn.com\/wp-content\/uploads\/2026\/04\/2026OhD-352-1366x2048.jpg 1366w, https:\/\/flexfurn.com\/wp-content\/uploads\/2026\/04\/2026OhD-352-8x12.jpg 8w, https:\/\/flexfurn.com\/wp-content\/uploads\/2026\/04\/2026OhD-352-1000x1499.jpg 1000w\" sizes=\"auto, (max-width: 1708px) 100vw, 1708px\" \/><\/a><div class=\"product-meta\"><a href=\"https:\/\/flexfurn.com\/de\/produkt-2\/nina-barhocker\/\"><h2 class=\"woocommerce-loop-product__title\">Nina Barhocker<\/h2><\/a><div class=\"price-hover-wrap\">\n<div class=\"product-add-to-cart\" data-nectar-quickview=\"false\"><a href=\"\/de\/wp-json\/wp\/v2\/pages\/3881?add-to-cart=35265\" aria-describedby=\"woocommerce_loop_add_to_cart_link_describedby_35265\" data-quantity=\"1\" class=\"button product_type_simple add_to_cart_button ajax_add_to_cart\" data-product_id=\"35265\" data-product_sku=\"SNIB.WO ELM.OAK\" aria-label=\"Zum Warenkorb hinzuf\u00fcgen: \u201eNina Barstoel\u201c\" rel=\"nofollow\" data-success_message=\"\u201eNina Barstoel\u201c wurde deinem Warenkorb hinzugef\u00fcgt\" role=\"button\" data-no-translation-aria-label=\"\" data-no-translation-data-success_message=\"\"><i class=\"normal icon-salient-cart\"><\/i><span data-no-translation=\"\" data-trp-gettext=\"\">In den Warenkorb<\/span><\/a>\t<span id=\"woocommerce_loop_add_to_cart_link_describedby_35265\" class=\"screen-reader-text\">\n\t\t\t<\/span>\n<\/div>\n\t\t\t\t<\/div>\n\t\t\t<\/div><\/div>\t\t\n\t  \n\n\t\t\n\t\n\n\t<span class=\"gtm4wp_productdata\" style=\"display:none; visibility:hidden;\" data-gtm4wp_product_data=\"{&quot;internal_id&quot;:35265,&quot;item_id&quot;:35265,&quot;item_name&quot;:&quot;Nina Barstoel&quot;,&quot;sku&quot;:&quot;SNIB.WO ELM.OAK&quot;,&quot;price&quot;:190,&quot;stocklevel&quot;:null,&quot;stockstatus&quot;:&quot;instock&quot;,&quot;google_business_vertical&quot;:&quot;retail&quot;,&quot;item_category&quot;:&quot;Categorie&quot;,&quot;item_category2&quot;:&quot;Barstoel&quot;,&quot;id&quot;:35265,&quot;productlink&quot;:&quot;https:\\\/\\\/flexfurn.com\\\/de\\\/produkt-2\\\/nina-barhocker\\\/&quot;,&quot;item_list_name&quot;:&quot;General Product List&quot;,&quot;index&quot;:14,&quot;product_type&quot;:&quot;simple&quot;,&quot;item_brand&quot;:&quot;&quot;}\"><\/span>\n<\/li>\n\t\t\t\n\t\t\t\t\n\t<li class=\"minimal product type-product post-35049 status-publish instock product_cat-geen-categorie product_cat-kubo product_cat-outdoor product_cat-statafel has-post-thumbnail taxable shipping-taxable purchasable product-type-variable woo-variation-gallery-product\" >\n\n\n\t\n\n\t\t\t\t <div class=\"background-color-expand\"><\/div>\n\t   <div class=\"product-wrap\">\n\t\t\t<a href=\"https:\/\/flexfurn.com\/de\/produkt-2\/kubo-grande-party-stehtisch\/\" aria-label=\"Kubo Grande Party-Stehtisch\"><img loading=\"lazy\" decoding=\"async\" width=\"750\" height=\"750\" src=\"https:\/\/flexfurn.com\/wp-content\/uploads\/2026\/04\/KUBO-GRANDE-PARTY_BLACK_120x70_LHC12.CTRA-classic-travertine_Low-view-750x750.jpg\" class=\"attachment-woocommerce_thumbnail size-woocommerce_thumbnail\" alt=\"Schwarzer Kubo Grande Bartisch von Flexfurn mit klassischer Travertin-HPL-Tischplatte\" srcset=\"https:\/\/flexfurn.com\/wp-content\/uploads\/2026\/04\/KUBO-GRANDE-PARTY_BLACK_120x70_LHC12.CTRA-classic-travertine_Low-view-750x750.jpg 750w, https:\/\/flexfurn.com\/wp-content\/uploads\/2026\/04\/KUBO-GRANDE-PARTY_BLACK_120x70_LHC12.CTRA-classic-travertine_Low-view-300x300.jpg 300w, https:\/\/flexfurn.com\/wp-content\/uploads\/2026\/04\/KUBO-GRANDE-PARTY_BLACK_120x70_LHC12.CTRA-classic-travertine_Low-view-1024x1024.jpg 1024w, https:\/\/flexfurn.com\/wp-content\/uploads\/2026\/04\/KUBO-GRANDE-PARTY_BLACK_120x70_LHC12.CTRA-classic-travertine_Low-view-150x150.jpg 150w, https:\/\/flexfurn.com\/wp-content\/uploads\/2026\/04\/KUBO-GRANDE-PARTY_BLACK_120x70_LHC12.CTRA-classic-travertine_Low-view-768x768.jpg 768w, https:\/\/flexfurn.com\/wp-content\/uploads\/2026\/04\/KUBO-GRANDE-PARTY_BLACK_120x70_LHC12.CTRA-classic-travertine_Low-view-1536x1536.jpg 1536w, https:\/\/flexfurn.com\/wp-content\/uploads\/2026\/04\/KUBO-GRANDE-PARTY_BLACK_120x70_LHC12.CTRA-classic-travertine_Low-view-2048x2048.jpg 2048w, https:\/\/flexfurn.com\/wp-content\/uploads\/2026\/04\/KUBO-GRANDE-PARTY_BLACK_120x70_LHC12.CTRA-classic-travertine_Low-view-12x12.jpg 12w, https:\/\/flexfurn.com\/wp-content\/uploads\/2026\/04\/KUBO-GRANDE-PARTY_BLACK_120x70_LHC12.CTRA-classic-travertine_Low-view-140x140.jpg 140w, https:\/\/flexfurn.com\/wp-content\/uploads\/2026\/04\/KUBO-GRANDE-PARTY_BLACK_120x70_LHC12.CTRA-classic-travertine_Low-view-100x100.jpg 100w, https:\/\/flexfurn.com\/wp-content\/uploads\/2026\/04\/KUBO-GRANDE-PARTY_BLACK_120x70_LHC12.CTRA-classic-travertine_Low-view-500x500.jpg 500w, https:\/\/flexfurn.com\/wp-content\/uploads\/2026\/04\/KUBO-GRANDE-PARTY_BLACK_120x70_LHC12.CTRA-classic-travertine_Low-view-350x350.jpg 350w, https:\/\/flexfurn.com\/wp-content\/uploads\/2026\/04\/KUBO-GRANDE-PARTY_BLACK_120x70_LHC12.CTRA-classic-travertine_Low-view-1000x1000.jpg 1000w, https:\/\/flexfurn.com\/wp-content\/uploads\/2026\/04\/KUBO-GRANDE-PARTY_BLACK_120x70_LHC12.CTRA-classic-travertine_Low-view-800x800.jpg 800w\" sizes=\"auto, (max-width: 750px) 100vw, 750px\" \/><img loading=\"lazy\" decoding=\"async\" width=\"2400\" height=\"2400\" src=\"https:\/\/flexfurn.com\/wp-content\/uploads\/2026\/04\/KUBO-GRANDE-PARTY_WHITE_120x70_LHC12.CTRA-classic-travertine_Low-view.jpg\" class=\"hover-gallery-image\" alt=\"Wei\u00dfer Bartisch Kubo Grande von Flexfurn mit klassischer Travertin-HPL-Tischplatte,\" srcset=\"https:\/\/flexfurn.com\/wp-content\/uploads\/2026\/04\/KUBO-GRANDE-PARTY_WHITE_120x70_LHC12.CTRA-classic-travertine_Low-view.jpg 2400w, https:\/\/flexfurn.com\/wp-content\/uploads\/2026\/04\/KUBO-GRANDE-PARTY_WHITE_120x70_LHC12.CTRA-classic-travertine_Low-view-300x300.jpg 300w, https:\/\/flexfurn.com\/wp-content\/uploads\/2026\/04\/KUBO-GRANDE-PARTY_WHITE_120x70_LHC12.CTRA-classic-travertine_Low-view-1024x1024.jpg 1024w, https:\/\/flexfurn.com\/wp-content\/uploads\/2026\/04\/KUBO-GRANDE-PARTY_WHITE_120x70_LHC12.CTRA-classic-travertine_Low-view-150x150.jpg 150w, https:\/\/flexfurn.com\/wp-content\/uploads\/2026\/04\/KUBO-GRANDE-PARTY_WHITE_120x70_LHC12.CTRA-classic-travertine_Low-view-768x768.jpg 768w, https:\/\/flexfurn.com\/wp-content\/uploads\/2026\/04\/KUBO-GRANDE-PARTY_WHITE_120x70_LHC12.CTRA-classic-travertine_Low-view-1536x1536.jpg 1536w, https:\/\/flexfurn.com\/wp-content\/uploads\/2026\/04\/KUBO-GRANDE-PARTY_WHITE_120x70_LHC12.CTRA-classic-travertine_Low-view-2048x2048.jpg 2048w, https:\/\/flexfurn.com\/wp-content\/uploads\/2026\/04\/KUBO-GRANDE-PARTY_WHITE_120x70_LHC12.CTRA-classic-travertine_Low-view-12x12.jpg 12w, https:\/\/flexfurn.com\/wp-content\/uploads\/2026\/04\/KUBO-GRANDE-PARTY_WHITE_120x70_LHC12.CTRA-classic-travertine_Low-view-140x140.jpg 140w, https:\/\/flexfurn.com\/wp-content\/uploads\/2026\/04\/KUBO-GRANDE-PARTY_WHITE_120x70_LHC12.CTRA-classic-travertine_Low-view-100x100.jpg 100w, https:\/\/flexfurn.com\/wp-content\/uploads\/2026\/04\/KUBO-GRANDE-PARTY_WHITE_120x70_LHC12.CTRA-classic-travertine_Low-view-500x500.jpg 500w, https:\/\/flexfurn.com\/wp-content\/uploads\/2026\/04\/KUBO-GRANDE-PARTY_WHITE_120x70_LHC12.CTRA-classic-travertine_Low-view-350x350.jpg 350w, https:\/\/flexfurn.com\/wp-content\/uploads\/2026\/04\/KUBO-GRANDE-PARTY_WHITE_120x70_LHC12.CTRA-classic-travertine_Low-view-1000x1000.jpg 1000w, https:\/\/flexfurn.com\/wp-content\/uploads\/2026\/04\/KUBO-GRANDE-PARTY_WHITE_120x70_LHC12.CTRA-classic-travertine_Low-view-800x800.jpg 800w, https:\/\/flexfurn.com\/wp-content\/uploads\/2026\/04\/KUBO-GRANDE-PARTY_WHITE_120x70_LHC12.CTRA-classic-travertine_Low-view-750x750.jpg 750w\" sizes=\"auto, (max-width: 2400px) 100vw, 2400px\" \/><\/a><div class=\"product-meta\"><a href=\"https:\/\/flexfurn.com\/de\/produkt-2\/kubo-grande-party-stehtisch\/\"><h2 class=\"woocommerce-loop-product__title\">Kubo Grande Party-Stehtisch<\/h2><\/a><div class=\"price-hover-wrap\">\n<div class=\"product-add-to-cart\" data-nectar-quickview=\"false\"><a href=\"https:\/\/flexfurn.com\/de\/produkt-2\/kubo-grande-party-stehtisch\/\" aria-describedby=\"woocommerce_loop_add_to_cart_link_describedby_35049\" data-quantity=\"1\" class=\"button product_type_variable add_to_cart_button\" data-product_id=\"35049\" data-product_sku=\"\" aria-label=\"W\u00e4hle Optionen f\u00fcr \u201eKubo Grande party statafel\u201c\" rel=\"nofollow\" data-no-translation-aria-label=\"\"><i class=\"normal icon-salient-cart\"><\/i><span data-no-translation=\"\" data-trp-gettext=\"\">Ausf\u00fchrung w\u00e4hlen<\/span><\/a>\t<span id=\"woocommerce_loop_add_to_cart_link_describedby_35049\" class=\"screen-reader-text\">\n\t\tDieses Produkt weist mehrere Varianten auf. Die Optionen k\u00f6nnen auf der Produktseite gew\u00e4hlt werden\t<\/span>\n<\/div>\n\t\t\t\t<\/div>\n\t\t\t<\/div><\/div>\t\t\n\t  \n\n\t\t\n\t\n\n\t<span class=\"gtm4wp_productdata\" style=\"display:none; visibility:hidden;\" data-gtm4wp_product_data=\"{&quot;internal_id&quot;:35049,&quot;item_id&quot;:35049,&quot;item_name&quot;:&quot;Kubo Grande party statafel&quot;,&quot;sku&quot;:35049,&quot;price&quot;:330,&quot;stocklevel&quot;:null,&quot;stockstatus&quot;:&quot;instock&quot;,&quot;google_business_vertical&quot;:&quot;retail&quot;,&quot;item_category&quot;:&quot;Geen categorie&quot;,&quot;id&quot;:35049,&quot;productlink&quot;:&quot;https:\\\/\\\/flexfurn.com\\\/de\\\/produkt-2\\\/kubo-grande-party-stehtisch\\\/&quot;,&quot;item_list_name&quot;:&quot;General Product List&quot;,&quot;index&quot;:15,&quot;product_type&quot;:&quot;variable&quot;,&quot;item_brand&quot;:&quot;&quot;}\"><\/span>\n<\/li>\n\t\t\t\n\t\t\t\t\n\t<li class=\"minimal product type-product post-33914 status-publish last instock product_cat-outdoor product_cat-stapelstoel product_cat-tolix-style has-post-thumbnail taxable shipping-taxable purchasable product-type-variable woo-variation-gallery-product\" >\n\n\n\t\n\n\t\t\t\t <div class=\"background-color-expand\"><\/div>\n\t   <div class=\"product-wrap\">\n\t\t\t<a href=\"https:\/\/flexfurn.com\/de\/produkt-2\/tolix-style-pp\/\" aria-label=\"Tolix Style PP Stapelstuhl\"><div style=\"position:relative;\"><img loading=\"lazy\" decoding=\"async\" width=\"750\" height=\"750\" src=\"https:\/\/flexfurn.com\/wp-content\/uploads\/2026\/03\/TOLIX-PP_CHAIR_ORANGE_Low-view-750x750.jpg\" class=\"attachment-woocommerce_thumbnail size-woocommerce_thumbnail\" alt=\"Die orangefarbene Vorderseite des stapelbaren Stuhls im Tolix-Stil aus Polypropylen. Ideal f\u00fcr Foodtrucks und Streetfood-Festivals, Freizeit- und Spielparks, Pop-up-Konzepte und andere farbenfrohe Veranstaltungen.\" srcset=\"https:\/\/flexfurn.com\/wp-content\/uploads\/2026\/03\/TOLIX-PP_CHAIR_ORANGE_Low-view-750x750.jpg 750w, https:\/\/flexfurn.com\/wp-content\/uploads\/2026\/03\/TOLIX-PP_CHAIR_ORANGE_Low-view-300x300.jpg 300w, https:\/\/flexfurn.com\/wp-content\/uploads\/2026\/03\/TOLIX-PP_CHAIR_ORANGE_Low-view-1024x1024.jpg 1024w, https:\/\/flexfurn.com\/wp-content\/uploads\/2026\/03\/TOLIX-PP_CHAIR_ORANGE_Low-view-150x150.jpg 150w, https:\/\/flexfurn.com\/wp-content\/uploads\/2026\/03\/TOLIX-PP_CHAIR_ORANGE_Low-view-768x768.jpg 768w, https:\/\/flexfurn.com\/wp-content\/uploads\/2026\/03\/TOLIX-PP_CHAIR_ORANGE_Low-view-1536x1536.jpg 1536w, https:\/\/flexfurn.com\/wp-content\/uploads\/2026\/03\/TOLIX-PP_CHAIR_ORANGE_Low-view-2048x2048.jpg 2048w, https:\/\/flexfurn.com\/wp-content\/uploads\/2026\/03\/TOLIX-PP_CHAIR_ORANGE_Low-view-12x12.jpg 12w, https:\/\/flexfurn.com\/wp-content\/uploads\/2026\/03\/TOLIX-PP_CHAIR_ORANGE_Low-view-140x140.jpg 140w, https:\/\/flexfurn.com\/wp-content\/uploads\/2026\/03\/TOLIX-PP_CHAIR_ORANGE_Low-view-100x100.jpg 100w, https:\/\/flexfurn.com\/wp-content\/uploads\/2026\/03\/TOLIX-PP_CHAIR_ORANGE_Low-view-500x500.jpg 500w, https:\/\/flexfurn.com\/wp-content\/uploads\/2026\/03\/TOLIX-PP_CHAIR_ORANGE_Low-view-350x350.jpg 350w, https:\/\/flexfurn.com\/wp-content\/uploads\/2026\/03\/TOLIX-PP_CHAIR_ORANGE_Low-view-1000x1000.jpg 1000w, https:\/\/flexfurn.com\/wp-content\/uploads\/2026\/03\/TOLIX-PP_CHAIR_ORANGE_Low-view-800x800.jpg 800w\" sizes=\"auto, (max-width: 750px) 100vw, 750px\" \/><div class=\"advanced-woo-labels awl-position-type-on-image awl-label-type-archive awl-align-left-top\" style=\"display:flex;flex-wrap:wrap;flex-direction:row;text-align:left;width:100%;position:absolute;z-index:9;left:0px;right:auto;top:0px;bottom:auto;transform:none;justify-content:flex-start;\"><div class=\"awl-label-wrap awl-label-id-4465\" style=\"\"><span class=\"awl-product-label awl-type-label awl-type-label-angle\" style=\"display:table;position:relative;line-height:1;white-space:nowrap;vertical-align:baseline;font-size:18px;font-weight:500;font-style:normal;letter-spacing:0px;color:#fff;opacity:1;margin:15px 0px 0px 0px;\"><span class=\"awl-label-text\"  style=\"display:table-cell;padding:0.3em 0.6em 0.3em 0.6em;z-index:1;background:#c6b370;position:relative;line-height:1;border-radius:0;\"><span class=\"awl-inner-text\">Neu<\/span><\/span><span class=\"awl-label-after\" style=\"display:table-cell;width:0;height:0;position:relative;z-index:2;overflow:hidden;padding:0 0.65em 0 0;\"><svg viewbox=\"0 0 100 100\" preserveaspectratio=\"none\" style=\"position:absolute;top:0;width:100%;height:100%;fill:#c6b370;\"><g class=\"awl-angle-after\"><polygon vector-effect=\"non-scaling-stroke\" points=\"0,0 97,0 0,100\" style=\"stroke:none;\" \/><line class=\"d-stroke\" vector-effect=\"non-scaling-stroke\" x1=\"0\" y1=\"0\" x2=\"97\" y2=\"0\" \/><line vector-effect=\"non-scaling-stroke\" x1=\"97\" y1=\"0\" x2=\"0\" y2=\"100\" \/><\/g><\/svg><\/span><\/span><\/div><\/div><\/div><img loading=\"lazy\" decoding=\"async\" width=\"2400\" height=\"2400\" src=\"https:\/\/flexfurn.com\/wp-content\/uploads\/2026\/03\/TOLIX-PP_CHAIR_YELLOW_Low-view.jpg\" class=\"hover-gallery-image\" alt=\"Die gelbe Vorderseite des stapelbaren Stuhls im Tolix-Stil aus Polypropylen. Ideal f\u00fcr Foodtrucks und Streetfood-Festivals, Freizeit- und Spielparks, Pop-up-Konzepte und andere farbenfrohe Veranstaltungen.\" srcset=\"https:\/\/flexfurn.com\/wp-content\/uploads\/2026\/03\/TOLIX-PP_CHAIR_YELLOW_Low-view.jpg 2400w, https:\/\/flexfurn.com\/wp-content\/uploads\/2026\/03\/TOLIX-PP_CHAIR_YELLOW_Low-view-300x300.jpg 300w, https:\/\/flexfurn.com\/wp-content\/uploads\/2026\/03\/TOLIX-PP_CHAIR_YELLOW_Low-view-1024x1024.jpg 1024w, https:\/\/flexfurn.com\/wp-content\/uploads\/2026\/03\/TOLIX-PP_CHAIR_YELLOW_Low-view-150x150.jpg 150w, https:\/\/flexfurn.com\/wp-content\/uploads\/2026\/03\/TOLIX-PP_CHAIR_YELLOW_Low-view-768x768.jpg 768w, https:\/\/flexfurn.com\/wp-content\/uploads\/2026\/03\/TOLIX-PP_CHAIR_YELLOW_Low-view-1536x1536.jpg 1536w, https:\/\/flexfurn.com\/wp-content\/uploads\/2026\/03\/TOLIX-PP_CHAIR_YELLOW_Low-view-2048x2048.jpg 2048w, https:\/\/flexfurn.com\/wp-content\/uploads\/2026\/03\/TOLIX-PP_CHAIR_YELLOW_Low-view-12x12.jpg 12w, https:\/\/flexfurn.com\/wp-content\/uploads\/2026\/03\/TOLIX-PP_CHAIR_YELLOW_Low-view-140x140.jpg 140w, https:\/\/flexfurn.com\/wp-content\/uploads\/2026\/03\/TOLIX-PP_CHAIR_YELLOW_Low-view-100x100.jpg 100w, https:\/\/flexfurn.com\/wp-content\/uploads\/2026\/03\/TOLIX-PP_CHAIR_YELLOW_Low-view-500x500.jpg 500w, https:\/\/flexfurn.com\/wp-content\/uploads\/2026\/03\/TOLIX-PP_CHAIR_YELLOW_Low-view-350x350.jpg 350w, https:\/\/flexfurn.com\/wp-content\/uploads\/2026\/03\/TOLIX-PP_CHAIR_YELLOW_Low-view-1000x1000.jpg 1000w, https:\/\/flexfurn.com\/wp-content\/uploads\/2026\/03\/TOLIX-PP_CHAIR_YELLOW_Low-view-800x800.jpg 800w, https:\/\/flexfurn.com\/wp-content\/uploads\/2026\/03\/TOLIX-PP_CHAIR_YELLOW_Low-view-750x750.jpg 750w\" sizes=\"auto, (max-width: 2400px) 100vw, 2400px\" \/><\/a><div class=\"product-meta\"><a href=\"https:\/\/flexfurn.com\/de\/produkt-2\/tolix-style-pp\/\"><h2 class=\"woocommerce-loop-product__title\">Tolix Style PP Stapelstuhl<\/h2><\/a><div class=\"price-hover-wrap\">\n<div class=\"product-add-to-cart\" data-nectar-quickview=\"false\"><a href=\"https:\/\/flexfurn.com\/de\/produkt-2\/tolix-style-pp\/\" aria-describedby=\"woocommerce_loop_add_to_cart_link_describedby_33914\" data-quantity=\"1\" class=\"button product_type_variable add_to_cart_button\" data-product_id=\"33914\" data-product_sku=\"STOC.PP\" aria-label=\"W\u00e4hle Optionen f\u00fcr \u201eTolix Style PP stapelstoel\u201c\" rel=\"nofollow\" data-no-translation-aria-label=\"\"><i class=\"normal icon-salient-cart\"><\/i><span data-no-translation=\"\" data-trp-gettext=\"\">Ausf\u00fchrung w\u00e4hlen<\/span><\/a>\t<span id=\"woocommerce_loop_add_to_cart_link_describedby_33914\" class=\"screen-reader-text\">\n\t\tDieses Produkt weist mehrere Varianten auf. Die Optionen k\u00f6nnen auf der Produktseite gew\u00e4hlt werden\t<\/span>\n<\/div>\n\t\t\t\t<\/div>\n\t\t\t<\/div><\/div>\t\t\n\t  \n\n\t\t\n\t\n\n\t<span class=\"gtm4wp_productdata\" style=\"display:none; visibility:hidden;\" data-gtm4wp_product_data=\"{&quot;internal_id&quot;:33914,&quot;item_id&quot;:33914,&quot;item_name&quot;:&quot;Tolix Style PP stapelstoel&quot;,&quot;sku&quot;:&quot;STOC.PP&quot;,&quot;price&quot;:33,&quot;stocklevel&quot;:null,&quot;stockstatus&quot;:&quot;instock&quot;,&quot;google_business_vertical&quot;:&quot;retail&quot;,&quot;item_category&quot;:&quot;Categorie&quot;,&quot;item_category2&quot;:&quot;Stapelstoel&quot;,&quot;id&quot;:33914,&quot;productlink&quot;:&quot;https:\\\/\\\/flexfurn.com\\\/de\\\/produkt-2\\\/tolix-style-pp\\\/&quot;,&quot;item_list_name&quot;:&quot;General Product List&quot;,&quot;index&quot;:16,&quot;product_type&quot;:&quot;variable&quot;,&quot;item_brand&quot;:&quot;&quot;}\"><\/span>\n<\/li>\n\t\t\t\n\t\t<\/ul>\n\n\t\t <\/div> \n\t<\/div>\n\t\t\t<\/div> \n\t\t<\/div>\n\t<\/div> \n<\/div><\/div>\n\t\t<div id=\"fws_69f22e5a3787a\"  data-column-margin=\"default\" data-midnight=\"light\" data-top-percent=\"2%\" data-bottom-percent=\"2%\"  class=\"wpb_row vc_row-fluid vc_row full-width-content vc_row-o-equal-height vc_row-flex vc_row-o-content-top  right_padding_5pct left_padding_5pct\"  style=\"padding-top: calc(100vw * 0.02); padding-bottom: calc(100vw * 0.02); \"><div class=\"row-bg-wrap\" data-bg-animation=\"none\" data-bg-animation-delay=\"\" data-bg-overlay=\"false\"><div class=\"inner-wrap row-bg-layer\" ><div class=\"row-bg viewport-desktop using-bg-color\"  style=\"background-color: #c7b370; \"><\/div><\/div><\/div><div class=\"row_col_wrap_12 col span_12 light center\">\n\t<div  class=\"vc_col-sm-12 wpb_column column_container vc_column_container col no-extra-padding inherit_tablet inherit_phone\"  data-padding-pos=\"all\" data-has-bg-color=\"false\" data-bg-color=\"\" data-bg-opacity=\"1\" data-animation=\"\" data-delay=\"0\" >\n\t\t<div class=\"vc_column-inner\" >\n\t\t\t<div class=\"wpb_wrapper\">\n\t\t\t\t<div class=\"owl-carousel\" data-enable-animation=\"true\" data-loop=\"false\"  data-animation-delay=\"0\" data-autorotate=\"true\" data-autorotation-speed=\"5000\" data-column-padding=\"30px\" data-desktop-cols=\"3\" data-desktop-small-cols=\"3\" data-tablet-cols=\"2\" data-mobile-cols=\"1\"><div class=\"carousel-item\">\n<div class=\"wpb_text_column wpb_content_element  wpb_animate_when_almost_visible wpb_fadeInUp fadeInUp vc_custom_1702632460940\" >\n\t<div class=\"wpb_wrapper\">\n\t\t<h4>Stapelbar<\/h4>\n\t<\/div>\n<\/div>\n\n\n\n\n<div class=\"wpb_text_column wpb_content_element\" style=\" max-width: 960px; display: inline-block;\">\n\t<div class=\"wpb_wrapper\">\n\t\t<p>Experten f\u00fcr Stapelkomfort, Stil und Funktionalit\u00e4t. Unsere stapelbaren M\u00f6belst\u00fccke sind wie ein gutes Kartenhaus, das jedoch niemals zusammenbricht. Es sei denn, Sie schauen sich die Stapelgrenzen an.<\/p>\n\t<\/div>\n<\/div>\n\n\n\n<\/div><div class=\"carousel-item\">\n<div class=\"wpb_text_column wpb_content_element  wpb_animate_when_almost_visible wpb_fadeInUp fadeInUp vc_custom_1702632562940\" >\n\t<div class=\"wpb_wrapper\">\n\t\t<h4>Faltbar<\/h4>\n\t<\/div>\n<\/div>\n\n\n\n\n<div class=\"wpb_text_column wpb_content_element\" style=\" max-width: 960px; display: inline-block;\">\n\t<div class=\"wpb_wrapper\">\n\t\t<p>Unsere Klappm\u00f6bel sind wie die Houdini der M\u00f6belwelt. Sie \u00f6ffnen sich im Handumdrehen und verwandeln sich in vollwertige, elegante und flexible M\u00f6belst\u00fccke.<\/p>\n\t<\/div>\n<\/div>\n\n\n\n<\/div><div class=\"carousel-item\">\n<div class=\"wpb_text_column wpb_content_element  wpb_animate_when_almost_visible wpb_fadeInUp fadeInUp vc_custom_1702632624667\" >\n\t<div class=\"wpb_wrapper\">\n\t\t<h4>Nestbar<\/h4>\n\t<\/div>\n<\/div>\n\n\n\n\n<div class=\"wpb_text_column wpb_content_element\" style=\" max-width: 960px; display: inline-block;\">\n\t<div class=\"wpb_wrapper\">\n\t\t<p>Unsere ineinander steckbaren M\u00f6belst\u00fccke sind wie die Schweizer Taschenmesser der M\u00f6belwelt. Sie lassen sich f\u00fcr eine kompakte Aufbewahrung nahtlos zusammenstecken und lassen sich dann m\u00fchelos aufklappen, um Funktionalit\u00e4t zu bieten.<\/p>\n\t<\/div>\n<\/div>\n\n\n\n<\/div><\/div>\n\t\t\t<\/div> \n\t\t<\/div>\n\t<\/div> \n<\/div><\/div>\n\t\t<div id=\"fws_69f22e5a3886f\"  data-column-margin=\"default\" data-midnight=\"dark\" data-top-percent=\"3%\" data-bottom-percent=\"3%\"  class=\"wpb_row vc_row-fluid vc_row full-width-content vc_row-o-equal-height vc_row-flex vc_row-o-content-top\"  style=\"padding-top: calc(100vw * 0.03); padding-bottom: calc(100vw * 0.03); \"><div class=\"row-bg-wrap\" data-bg-animation=\"none\" data-bg-animation-delay=\"\" data-bg-overlay=\"false\"><div class=\"inner-wrap row-bg-layer\" ><div class=\"row-bg viewport-desktop using-bg-color\"  style=\"background-color: #efefef; \"><\/div><\/div><\/div><div class=\"row_col_wrap_12 col span_12 dark center\">\n\t<div  class=\"vc_col-sm-12 wpb_column column_container vc_column_container col no-extra-padding inherit_tablet inherit_phone\"  data-padding-pos=\"all\" data-has-bg-color=\"false\" data-bg-color=\"\" data-bg-opacity=\"1\" data-animation=\"\" data-delay=\"0\" >\n\t\t<div class=\"vc_column-inner\" >\n\t\t\t<div class=\"wpb_wrapper\">\n\t\t\t\t\n<div class=\"wpb_text_column wpb_content_element\" style=\" max-width: 960px; display: inline-block;\">\n\t<div class=\"wpb_wrapper\">\n\t\t<h3>Unser Blog<\/h3>\n\t<\/div>\n<\/div>\n\n\n\n<div class=\"divider-wrap\" data-alignment=\"default\"><div style=\"height: 30px;\" class=\"divider\"><\/div><\/div><div class=\"nectar-recent-posts-slider_multiple_visible\" data-columns=\"4\" data-height=\"600\" data-shadow-hover-type=\"default\" data-animate-in-effect=\"none\" data-remove-post-date=\"\" data-remove-post-author=\"\" data-remove-post-comment-number=\"\" data-remove-post-nectar-love=\"\"><div class=\"nectar-recent-posts-slider-inner\"><div class=\"flickity-viewport\"><div class=\"flickity-slider\">\n      \n      <div class=\"nectar-recent-post-slide  post-ref-0\">\n\n        <div class=\"nectar-recent-post-bg-wrap\"><div class=\"nectar-recent-post-bg\"  style=\"background-image: url(https:\/\/flexfurn.com\/wp-content\/uploads\/2026\/04\/Flexfurn-Urs-098-800x800.jpg); \"> <\/div><\/div>\n        <div class=\"nectar-recent-post-bg-blur\"  style=\"background-image: url(https:\/\/flexfurn.com\/wp-content\/uploads\/2026\/04\/Flexfurn-Urs-098-800x800.jpg);\"> <\/div>\n\n        <div class=\"recent-post-container container\"><div class=\"inner-wrap\"><span class=\"strong\"><a class=\"blogs\" href=\"https:\/\/flexfurn.com\/de\/kategorie\/blogs\/\"><span class=\"blogs\">Blogs<\/span><\/a><\/span>\n          <h3 class=\"post-ref-0\"><a href=\" https:\/\/flexfurn.com\/de\/warum-transportwagen-beim-auf-und-abbau-den-unterschied-ausmachen\/\" class=\"full-slide-link\"> Warum Transportwagen beim Auf- und Abbau den Unterschied ausmachen <\/a><\/h3>\n\n          \n                      <a class=\"nectar-button large regular  accent-color regular-button\" href=\"https:\/\/flexfurn.com\/de\/warum-transportwagen-beim-auf-und-abbau-den-unterschied-ausmachen\/\" data-color-override=\"false\" data-hover-color-override=\"false\" data-hover-text-color-override=\"#fff\" ><span>Artikel lesen <\/span><\/a>\n          \n        <\/div>\n\n      <\/div>\n\n\n      <\/div>\n\n    \n  \n      \n      <div class=\"nectar-recent-post-slide  post-ref-1\">\n\n        <div class=\"nectar-recent-post-bg-wrap\"><div class=\"nectar-recent-post-bg\"  style=\"background-image: url(https:\/\/flexfurn.com\/wp-content\/uploads\/2026\/03\/FF_BLOG_ONDERHOUD_31-2-800x800.jpg); \"> <\/div><\/div>\n        <div class=\"nectar-recent-post-bg-blur\"  style=\"background-image: url(https:\/\/flexfurn.com\/wp-content\/uploads\/2026\/03\/FF_BLOG_ONDERHOUD_31-2-800x800.jpg);\"> <\/div>\n\n        <div class=\"recent-post-container container\"><div class=\"inner-wrap\"><span class=\"strong\"><a class=\"blogs\" href=\"https:\/\/flexfurn.com\/de\/kategorie\/blogs\/\"><span class=\"blogs\">Blogs<\/span><\/a><\/span>\n          <h3 class=\"post-ref-1\"><a href=\" https:\/\/flexfurn.com\/de\/wie-pflegt-man-seine-materialien-am-besten\/\" class=\"full-slide-link\"> Wie pflegt man seine Materialien am besten? <\/a><\/h3>\n\n          \n                      <a class=\"nectar-button large regular  accent-color regular-button\" href=\"https:\/\/flexfurn.com\/de\/wie-pflegt-man-seine-materialien-am-besten\/\" data-color-override=\"false\" data-hover-color-override=\"false\" data-hover-text-color-override=\"#fff\" ><span>Artikel lesen <\/span><\/a>\n          \n        <\/div>\n\n      <\/div>\n\n\n      <\/div>\n\n    \n  \n      \n      <div class=\"nectar-recent-post-slide  post-ref-2\">\n\n        <div class=\"nectar-recent-post-bg-wrap\"><div class=\"nectar-recent-post-bg\"  style=\"background-image: url(https:\/\/flexfurn.com\/wp-content\/uploads\/2026\/01\/FF_MUNDI_27a-copy-800x800.jpg); \"> <\/div><\/div>\n        <div class=\"nectar-recent-post-bg-blur\"  style=\"background-image: url(https:\/\/flexfurn.com\/wp-content\/uploads\/2026\/01\/FF_MUNDI_27a-copy-800x800.jpg);\"> <\/div>\n\n        <div class=\"recent-post-container container\"><div class=\"inner-wrap\"><span class=\"strong\"><a class=\"blogs\" href=\"https:\/\/flexfurn.com\/de\/kategorie\/blogs\/\"><span class=\"blogs\">Blogs<\/span><\/a><\/span>\n          <h3 class=\"post-ref-2\"><a href=\" https:\/\/flexfurn.com\/de\/welche-materialien-eignen-sich-fur-den-innen-und-ausenbereich\/\" class=\"full-slide-link\"> Welche Materialien eignen sich f\u00fcr den Innen- und Au\u00dfenbereich? <\/a><\/h3>\n\n          \n                      <a class=\"nectar-button large regular  accent-color regular-button\" href=\"https:\/\/flexfurn.com\/de\/welche-materialien-eignen-sich-fur-den-innen-und-ausenbereich\/\" data-color-override=\"false\" data-hover-color-override=\"false\" data-hover-text-color-override=\"#fff\" ><span>Artikel lesen <\/span><\/a>\n          \n        <\/div>\n\n      <\/div>\n\n\n      <\/div>\n\n    \n  \n      \n      <div class=\"nectar-recent-post-slide  post-ref-3\">\n\n        <div class=\"nectar-recent-post-bg-wrap\"><div class=\"nectar-recent-post-bg\"  style=\"background-image: url(https:\/\/flexfurn.com\/wp-content\/uploads\/2023\/10\/Bistro-1-800x800.jpg); \"> <\/div><\/div>\n        <div class=\"nectar-recent-post-bg-blur\"  style=\"background-image: url(https:\/\/flexfurn.com\/wp-content\/uploads\/2023\/10\/Bistro-1-800x800.jpg);\"> <\/div>\n\n        <div class=\"recent-post-container container\"><div class=\"inner-wrap\"><span class=\"strong\"><a class=\"blogs\" href=\"https:\/\/flexfurn.com\/de\/kategorie\/blogs\/\"><span class=\"blogs\">Blogs<\/span><\/a><\/span>\n          <h3 class=\"post-ref-3\"><a href=\" https:\/\/flexfurn.com\/de\/die-terrassensaison-steht-vor-der-tur\/\" class=\"full-slide-link\"> Die Terrassensaison steht vor der T\u00fcr! <\/a><\/h3>\n\n          \n                      <a class=\"nectar-button large regular  accent-color regular-button\" href=\"https:\/\/flexfurn.com\/de\/die-terrassensaison-steht-vor-der-tur\/\" data-color-override=\"false\" data-hover-color-override=\"false\" data-hover-text-color-override=\"#fff\" ><span>Artikel lesen <\/span><\/a>\n          \n        <\/div>\n\n      <\/div>\n\n\n      <\/div>\n\n    \n  \n      \n      <div class=\"nectar-recent-post-slide  post-ref-4\">\n\n        <div class=\"nectar-recent-post-bg-wrap\"><div class=\"nectar-recent-post-bg\"  style=\"background-image: url(https:\/\/flexfurn.com\/wp-content\/uploads\/2023\/12\/Blog-visual-2-800x800.png); \"> <\/div><\/div>\n        <div class=\"nectar-recent-post-bg-blur\"  style=\"background-image: url(https:\/\/flexfurn.com\/wp-content\/uploads\/2023\/12\/Blog-visual-2-800x800.png);\"> <\/div>\n\n        <div class=\"recent-post-container container\"><div class=\"inner-wrap\"><span class=\"strong\"><a class=\"blogs\" href=\"https:\/\/flexfurn.com\/de\/kategorie\/blogs\/\"><span class=\"blogs\">Blogs<\/span><\/a><\/span>\n          <h3 class=\"post-ref-4\"><a href=\" https:\/\/flexfurn.com\/de\/5-tipps-fur-die-perfekte-terrassengestaltung\/\" class=\"full-slide-link\"> Eine einladende Terrasse: 5 Tipps f\u00fcr die perfekte Terrassengestaltung! <\/a><\/h3>\n\n          \n                      <a class=\"nectar-button large regular  accent-color regular-button\" href=\"https:\/\/flexfurn.com\/de\/5-tipps-fur-die-perfekte-terrassengestaltung\/\" data-color-override=\"false\" data-hover-color-override=\"false\" data-hover-text-color-override=\"#fff\" ><span>Artikel lesen <\/span><\/a>\n          \n        <\/div>\n\n      <\/div>\n\n\n      <\/div>\n\n    \n  <\/div><\/div><\/div><\/div>\n\t\t\t<\/div> \n\t\t<\/div>\n\t<\/div> \n<\/div><\/div>","protected":false},"excerpt":{"rendered":"Der Fr\u00fchling und die Bl\u00fcte stehen vor der T\u00fcr und so k\u00f6nnen die Terrassenm\u00f6bel endlich wieder nach drau\u00dfen gestellt werden. Doch was sollten Sie bei der Einrichtung Ihres... beachten?","protected":false},"author":2,"featured_media":1056,"parent":0,"menu_order":0,"comment_status":"closed","ping_status":"closed","template":"","meta":{"footnotes":""},"class_list":["post-3881","page","type-page","status-publish","has-post-thumbnail"],"yoast_head":"<!-- This site is optimized with the Yoast SEO plugin v26.6 - https:\/\/yoast.com\/wordpress\/plugins\/seo\/ -->\n<title>Bedankt Contactpagina - Flexfurn<\/title>\n<meta name=\"robots\" content=\"index, follow, max-snippet:-1, max-image-preview:large, max-video-preview:-1\" \/>\n<link rel=\"canonical\" href=\"https:\/\/flexfurn.com\/de\/danke-kontakt\/\" \/>\n<meta property=\"og:locale\" content=\"de_DE\" \/>\n<meta property=\"og:type\" content=\"article\" \/>\n<meta property=\"og:title\" content=\"Bedankt Contactpagina - Flexfurn\" \/>\n<meta property=\"og:url\" content=\"https:\/\/flexfurn.com\/de\/danke-kontakt\/\" \/>\n<meta property=\"og:site_name\" content=\"Flexfurn\" \/>\n<meta property=\"article:modified_time\" content=\"2024-01-04T10:22:34+00:00\" \/>\n<meta property=\"og:image\" content=\"https:\/\/flexfurn.com\/wp-content\/uploads\/2023\/12\/FLEXFURN-19-9-Tafelsetting-1-View3-Crop1-scaled-e1702632253188.jpg\" \/>\n\t<meta property=\"og:image:width\" content=\"1706\" \/>\n\t<meta property=\"og:image:height\" content=\"1395\" \/>\n\t<meta property=\"og:image:type\" content=\"image\/jpeg\" \/>\n<meta name=\"twitter:card\" content=\"summary_large_image\" \/>\n<meta name=\"twitter:label1\" content=\"Gesch\u00e4tzte Lesezeit\" \/>\n\t<meta name=\"twitter:data1\" content=\"4\u00a0Minuten\" \/>\n<script type=\"application\/ld+json\" class=\"yoast-schema-graph\">{\"@context\":\"https:\/\/schema.org\",\"@graph\":[{\"@type\":\"WebPage\",\"@id\":\"https:\/\/flexfurn.com\/bedankt-contact\/\",\"url\":\"https:\/\/flexfurn.com\/bedankt-contact\/\",\"name\":\"Bedankt Contactpagina - Flexfurn\",\"isPartOf\":{\"@id\":\"https:\/\/flexfurn.com\/#website\"},\"primaryImageOfPage\":{\"@id\":\"https:\/\/flexfurn.com\/bedankt-contact\/#primaryimage\"},\"image\":{\"@id\":\"https:\/\/flexfurn.com\/bedankt-contact\/#primaryimage\"},\"thumbnailUrl\":\"https:\/\/flexfurn.com\/wp-content\/uploads\/2023\/12\/FLEXFURN-19-9-Tafelsetting-1-View3-Crop1-scaled-e1702632253188.jpg\",\"datePublished\":\"2024-01-04T10:03:37+00:00\",\"dateModified\":\"2024-01-04T10:22:34+00:00\",\"breadcrumb\":{\"@id\":\"https:\/\/flexfurn.com\/bedankt-contact\/#breadcrumb\"},\"inLanguage\":\"de\",\"potentialAction\":[{\"@type\":\"ReadAction\",\"target\":[\"https:\/\/flexfurn.com\/bedankt-contact\/\"]}]},{\"@type\":\"ImageObject\",\"inLanguage\":\"de\",\"@id\":\"https:\/\/flexfurn.com\/bedankt-contact\/#primaryimage\",\"url\":\"https:\/\/flexfurn.com\/wp-content\/uploads\/2023\/12\/FLEXFURN-19-9-Tafelsetting-1-View3-Crop1-scaled-e1702632253188.jpg\",\"contentUrl\":\"https:\/\/flexfurn.com\/wp-content\/uploads\/2023\/12\/FLEXFURN-19-9-Tafelsetting-1-View3-Crop1-scaled-e1702632253188.jpg\",\"width\":1706,\"height\":1395},{\"@type\":\"BreadcrumbList\",\"@id\":\"https:\/\/flexfurn.com\/bedankt-contact\/#breadcrumb\",\"itemListElement\":[{\"@type\":\"ListItem\",\"position\":1,\"name\":\"Home\",\"item\":\"https:\/\/flexfurn.com\/\"},{\"@type\":\"ListItem\",\"position\":2,\"name\":\"Bedankt Contactpagina\"}]},{\"@type\":\"WebSite\",\"@id\":\"https:\/\/flexfurn.com\/#website\",\"url\":\"https:\/\/flexfurn.com\/\",\"name\":\"Flexfurn\",\"description\":\"\",\"publisher\":{\"@id\":\"https:\/\/flexfurn.com\/#organization\"},\"potentialAction\":[{\"@type\":\"SearchAction\",\"target\":{\"@type\":\"EntryPoint\",\"urlTemplate\":\"https:\/\/flexfurn.com\/?s={search_term_string}\"},\"query-input\":{\"@type\":\"PropertyValueSpecification\",\"valueRequired\":true,\"valueName\":\"search_term_string\"}}],\"inLanguage\":\"de\"},{\"@type\":\"Organization\",\"@id\":\"https:\/\/flexfurn.com\/#organization\",\"name\":\"Flexfurn\",\"url\":\"https:\/\/flexfurn.com\/\",\"logo\":{\"@type\":\"ImageObject\",\"inLanguage\":\"de\",\"@id\":\"https:\/\/flexfurn.com\/#\/schema\/logo\/image\/\",\"url\":\"https:\/\/flexfurn.com\/wp-content\/uploads\/2023\/08\/LogoBlack.svg\",\"contentUrl\":\"https:\/\/flexfurn.com\/wp-content\/uploads\/2023\/08\/LogoBlack.svg\",\"width\":210,\"height\":60,\"caption\":\"Flexfurn\"},\"image\":{\"@id\":\"https:\/\/flexfurn.com\/#\/schema\/logo\/image\/\"}}]}<\/script>\n<!-- \/ Yoast SEO plugin. -->","yoast_head_json":{"title":"Vielen Dank. Kontaktseite \u2013 Flexfurn","robots":{"index":"index","follow":"follow","max-snippet":"max-snippet:-1","max-image-preview":"max-image-preview:large","max-video-preview":"max-video-preview:-1"},"canonical":"https:\/\/flexfurn.com\/de\/danke-kontakt\/","og_locale":"de_DE","og_type":"article","og_title":"Bedankt Contactpagina - Flexfurn","og_url":"https:\/\/flexfurn.com\/de\/danke-kontakt\/","og_site_name":"Flexfurn","article_modified_time":"2024-01-04T10:22:34+00:00","og_image":[{"width":1706,"height":1395,"url":"https:\/\/flexfurn.com\/wp-content\/uploads\/2023\/12\/FLEXFURN-19-9-Tafelsetting-1-View3-Crop1-scaled-e1702632253188.jpg","type":"image\/jpeg"}],"twitter_card":"summary_large_image","twitter_misc":{"Gesch\u00e4tzte Lesezeit":"4\u00a0Minuten"},"schema":{"@context":"https:\/\/schema.org","@graph":[{"@type":"WebPage","@id":"https:\/\/flexfurn.com\/bedankt-contact\/","url":"https:\/\/flexfurn.com\/bedankt-contact\/","name":"Vielen Dank. Kontaktseite \u2013 Flexfurn","isPartOf":{"@id":"https:\/\/flexfurn.com\/#website"},"primaryImageOfPage":{"@id":"https:\/\/flexfurn.com\/bedankt-contact\/#primaryimage"},"image":{"@id":"https:\/\/flexfurn.com\/bedankt-contact\/#primaryimage"},"thumbnailUrl":"https:\/\/flexfurn.com\/wp-content\/uploads\/2023\/12\/FLEXFURN-19-9-Tafelsetting-1-View3-Crop1-scaled-e1702632253188.jpg","datePublished":"2024-01-04T10:03:37+00:00","dateModified":"2024-01-04T10:22:34+00:00","breadcrumb":{"@id":"https:\/\/flexfurn.com\/bedankt-contact\/#breadcrumb"},"inLanguage":"de","potentialAction":[{"@type":"ReadAction","target":["https:\/\/flexfurn.com\/bedankt-contact\/"]}]},{"@type":"ImageObject","inLanguage":"de","@id":"https:\/\/flexfurn.com\/bedankt-contact\/#primaryimage","url":"https:\/\/flexfurn.com\/wp-content\/uploads\/2023\/12\/FLEXFURN-19-9-Tafelsetting-1-View3-Crop1-scaled-e1702632253188.jpg","contentUrl":"https:\/\/flexfurn.com\/wp-content\/uploads\/2023\/12\/FLEXFURN-19-9-Tafelsetting-1-View3-Crop1-scaled-e1702632253188.jpg","width":1706,"height":1395},{"@type":"BreadcrumbList","@id":"https:\/\/flexfurn.com\/bedankt-contact\/#breadcrumb","itemListElement":[{"@type":"ListItem","position":1,"name":"Home","item":"https:\/\/flexfurn.com\/"},{"@type":"ListItem","position":2,"name":"Bedankt Contactpagina"}]},{"@type":"WebSite","@id":"https:\/\/flexfurn.com\/#website","url":"https:\/\/flexfurn.com\/","name":"Flexfurn","description":"","publisher":{"@id":"https:\/\/flexfurn.com\/#organization"},"potentialAction":[{"@type":"SearchAction","target":{"@type":"EntryPoint","urlTemplate":"https:\/\/flexfurn.com\/?s={search_term_string}"},"query-input":{"@type":"PropertyValueSpecification","valueRequired":true,"valueName":"search_term_string"}}],"inLanguage":"de"},{"@type":"Organization","@id":"https:\/\/flexfurn.com\/#organization","name":"Flexfurn","url":"https:\/\/flexfurn.com\/","logo":{"@type":"ImageObject","inLanguage":"de","@id":"https:\/\/flexfurn.com\/#\/schema\/logo\/image\/","url":"https:\/\/flexfurn.com\/wp-content\/uploads\/2023\/08\/LogoBlack.svg","contentUrl":"https:\/\/flexfurn.com\/wp-content\/uploads\/2023\/08\/LogoBlack.svg","width":210,"height":60,"caption":"Flexfurn"},"image":{"@id":"https:\/\/flexfurn.com\/#\/schema\/logo\/image\/"}}]}},"_links":{"self":[{"href":"https:\/\/flexfurn.com\/de\/wp-json\/wp\/v2\/pages\/3881","targetHints":{"allow":["GET"]}}],"collection":[{"href":"https:\/\/flexfurn.com\/de\/wp-json\/wp\/v2\/pages"}],"about":[{"href":"https:\/\/flexfurn.com\/de\/wp-json\/wp\/v2\/types\/page"}],"author":[{"embeddable":true,"href":"https:\/\/flexfurn.com\/de\/wp-json\/wp\/v2\/users\/2"}],"replies":[{"embeddable":true,"href":"https:\/\/flexfurn.com\/de\/wp-json\/wp\/v2\/comments?post=3881"}],"version-history":[{"count":0,"href":"https:\/\/flexfurn.com\/de\/wp-json\/wp\/v2\/pages\/3881\/revisions"}],"wp:featuredmedia":[{"embeddable":true,"href":"https:\/\/flexfurn.com\/de\/wp-json\/wp\/v2\/media\/1056"}],"wp:attachment":[{"href":"https:\/\/flexfurn.com\/de\/wp-json\/wp\/v2\/media?parent=3881"}],"curies":[{"name":"wp","href":"https:\/\/api.w.org\/{rel}","templated":true}]}}