{"id":36552,"date":"2026-04-29T15:31:25","date_gmt":"2026-04-29T13:31:25","guid":{"rendered":"https:\/\/flexfurn.com\/?post_type=product&#038;p=36552"},"modified":"2026-04-29T15:55:37","modified_gmt":"2026-04-29T13:55:37","slug":"transportwagen-tischplatten","status":"publish","type":"product","link":"https:\/\/flexfurn.com\/de\/produkt-2\/transportwagen-tischplatten\/","title":{"rendered":"Transportwagen-Tischplatten"},"content":{"rendered":"<section class=\"text-token-text-primary w-full focus:outline-none [--shadow-height:45px] has-data-writing-block:pointer-events-none has-data-writing-block:-mt-(--shadow-height) has-data-writing-block:pt-(--shadow-height) [&amp;:has([data-writing-block])&gt;*]:pointer-events-auto R6Vx5W_threadScrollVars scroll-mb-[calc(var(--scroll-root-safe-area-inset-bottom,0px)+var(--thread-response-height))] scroll-mt-(--header-height)\" dir=\"auto\" data-turn-id=\"74d93b29-241a-4e14-beaa-88a17f76de71\" data-testid=\"conversation-turn-77\" data-scroll-anchor=\"false\" data-turn=\"user\"><\/section>\n<section class=\"text-token-text-primary w-full focus:outline-none [--shadow-height:45px] has-data-writing-block:pointer-events-none has-data-writing-block:-mt-(--shadow-height) has-data-writing-block:pt-(--shadow-height) [&amp;:has([data-writing-block])&gt;*]:pointer-events-auto [content-visibility:auto] supports-[content-visibility:auto]:[contain-intrinsic-size:auto_100lvh] R6Vx5W_threadScrollVars scroll-mb-[calc(var(--scroll-root-safe-area-inset-bottom,0px)+var(--thread-response-height))] scroll-mt-[calc(var(--header-height)+min(200px,max(70px,20svh)))]\" dir=\"auto\" data-turn-id=\"request-WEB:0b1e711e-f435-4a78-b32e-c560976199f7-113\" data-testid=\"conversation-turn-78\" data-scroll-anchor=\"false\" data-turn=\"assistant\">\n<div class=\"text-base my-auto mx-auto pb-10 [--thread-content-margin:var(--thread-content-margin-xs,calc(var(--spacing)*4))] @w-sm\/main:[--thread-content-margin:var(--thread-content-margin-sm,calc(var(--spacing)*6))] @w-lg\/main:[--thread-content-margin:var(--thread-content-margin-lg,calc(var(--spacing)*16))] px-(--thread-content-margin)\">\n<div class=\"[--thread-content-max-width:40rem] @w-lg\/main:[--thread-content-max-width:48rem] mx-auto max-w-(--thread-content-max-width) flex-1 group\/turn-messages focus-visible:outline-hidden relative flex w-full min-w-0 flex-col agent-turn\">\n<div class=\"flex max-w-full flex-col gap-4 grow\">\n<div class=\"min-h-8 text-message relative flex w-full flex-col items-end gap-2 text-start break-words whitespace-normal outline-none keyboard-focused:focus-ring [.text-message+&amp;]:mt-1\" dir=\"auto\" tabindex=\"0\" data-message-author-role=\"assistant\" data-message-id=\"2dfe948e-fde0-441b-8ebb-7b22754945c8\" data-message-model-slug=\"gpt-5-3\" data-turn-start-message=\"true\">\n<div class=\"flex w-full flex-col gap-1 empty:hidden\">\n<div class=\"markdown prose dark:prose-invert w-full wrap-break-word light markdown-new-styling\">\n<p data-start=\"0\" data-end=\"207\"><span style=\"color: #000000;\">Mit diesem vielseitigen Transportwagen brauchen Sie sich keine Gedanken mehr um den Transport und die Lagerung Ihrer Tischplatten zu machen. Der Wagen ist so konzipiert, dass er sowohl quadratische als auch runde Tischplatten sicher und ordentlich transportiert.<\/span><\/p>\n<p data-start=\"209\" data-end=\"419\"><span style=\"color: #000000;\">Geeignet f\u00fcr quadratische Tischplatten mit den Ma\u00dfen 70 x 70 und 80 x 80 cm sowie f\u00fcr runde Tischplatten mit Durchmessern von 70, 75 und 80 cm. Dank einer Kapazit\u00e4t von bis zu 20 Tischplatten pro Wagen arbeiten Sie effizient und sparen Zeit beim Auf- und Abbau.<\/span><\/p>\n<p data-start=\"421\" data-end=\"567\"><span style=\"color: #000000;\">Die Tischplatten sind ordentlich und stabil gestapelt, sodass sie w\u00e4hrend des Transports und der Lagerung gut vor Kratzern und Besch\u00e4digungen gesch\u00fctzt bleiben.<\/span><\/p>\n<p data-start=\"569\" data-end=\"721\"><span style=\"color: #000000;\">Dank der robusten Konstruktion und der leichtg\u00e4ngigen R\u00e4der l\u00e4sst sich der Wagen auch bei voller Beladung m\u00fchelos durch verschiedene R\u00e4ume man\u00f6vrieren.<\/span><\/p>\n<\/div>\n<\/div>\n<\/div>\n<\/div>\n<\/div>\n<\/div>\n<\/section>","protected":false},"excerpt":{"rendered":"<p>Stahlrahmen<br data-start=\"12\" data-end=\"15\" \/>Geh\u00e4mmerte graue Pulverbeschichtung<br data-start=\"44\" data-end=\"47\" \/>Kapazit\u00e4t von bis zu 20 Tischplatten<br data-start=\"76\" data-end=\"79\" \/>Geeignet f\u00fcr quadratische Tischplatten 70 x 70 und 80 x 80 cm<br data-start=\"131\" data-end=\"134\" \/>Geeignet f\u00fcr runde Tischplatten mit \u00d870, \u00d875 und \u00d880 cm Durchmesser<br data-start=\"308\" data-end=\"311\" \/>Vulkanisierte R\u00e4der, Durchmesser 125<br data-start=\"343\" data-end=\"346\" \/>2 Lenkr\u00e4der mit Bremsen<br data-start=\"367\" data-end=\"370\" \/>2 feste R\u00e4der<br data-start=\"381\" data-end=\"384\" \/><em data-start=\"384\" data-end=\"449\" data-is-last-node=\"\">Bitte beachten Sie: Preis gilt f\u00fcr den montierten Transportwagen (ohne Tischplatten).<\/em><\/p>","protected":false},"featured_media":36553,"template":"","meta":[],"product_brand":[],"product_cat":[92],"product_tag":[],"class_list":{"0":"post-36552","1":"product","2":"type-product","3":"status-publish","4":"has-post-thumbnail","6":"product_cat-transportkarren","8":"first","9":"instock","10":"taxable","11":"shipping-taxable","12":"product-type-simple"},"yoast_head":"<!-- This site is optimized with the Yoast SEO plugin v26.6 - https:\/\/yoast.com\/wordpress\/plugins\/seo\/ -->\n<title>Transportkar tafel bladen - Flexfurn<\/title>\n<meta name=\"description\" content=\"Transportkar voor tafelbladen: geschikt voor rond en vierkant, tot 20 stuks, voor effici\u00ebnt transport en compacte opslag.\" \/>\n<meta name=\"robots\" content=\"index, follow, max-snippet:-1, max-image-preview:large, max-video-preview:-1\" \/>\n<link rel=\"canonical\" href=\"https:\/\/flexfurn.com\/de\/produkt-2\/transportwagen-tischplatten\/\" \/>\n<meta property=\"og:locale\" content=\"de_DE\" \/>\n<meta property=\"og:type\" content=\"article\" \/>\n<meta property=\"og:title\" content=\"Transportkar tafel bladen - Flexfurn\" \/>\n<meta property=\"og:description\" content=\"Transportkar voor tafelbladen: geschikt voor rond en vierkant, tot 20 stuks, voor effici\u00ebnt transport en compacte opslag.\" \/>\n<meta property=\"og:url\" content=\"https:\/\/flexfurn.com\/de\/produkt-2\/transportwagen-tischplatten\/\" \/>\n<meta property=\"og:site_name\" content=\"Flexfurn\" \/>\n<meta property=\"article:modified_time\" content=\"2026-04-29T13:55:37+00:00\" \/>\n<meta property=\"og:image\" content=\"https:\/\/flexfurn.com\/wp-content\/uploads\/2026\/04\/55-1024x1024.png\" \/>\n\t<meta property=\"og:image:width\" content=\"1024\" \/>\n\t<meta property=\"og:image:height\" content=\"1024\" \/>\n\t<meta property=\"og:image:type\" content=\"image\/png\" \/>\n<meta name=\"twitter:card\" content=\"summary_large_image\" \/>\n<meta name=\"twitter:label1\" content=\"Gesch\u00e4tzte Lesezeit\" \/>\n\t<meta name=\"twitter:data1\" content=\"1\u00a0Minute\" \/>\n<script type=\"application\/ld+json\" class=\"yoast-schema-graph\">{\"@context\":\"https:\/\/schema.org\",\"@graph\":[{\"@type\":\"WebPage\",\"@id\":\"https:\/\/flexfurn.com\/product\/transportkar-tafel-bladen\/\",\"url\":\"https:\/\/flexfurn.com\/product\/transportkar-tafel-bladen\/\",\"name\":\"Transportkar tafel bladen - Flexfurn\",\"isPartOf\":{\"@id\":\"https:\/\/flexfurn.com\/#website\"},\"primaryImageOfPage\":{\"@id\":\"https:\/\/flexfurn.com\/product\/transportkar-tafel-bladen\/#primaryimage\"},\"image\":{\"@id\":\"https:\/\/flexfurn.com\/product\/transportkar-tafel-bladen\/#primaryimage\"},\"thumbnailUrl\":\"https:\/\/flexfurn.com\/wp-content\/uploads\/2026\/04\/55.png\",\"datePublished\":\"2026-04-29T13:31:25+00:00\",\"dateModified\":\"2026-04-29T13:55:37+00:00\",\"description\":\"Transportkar voor tafelbladen: geschikt voor rond en vierkant, tot 20 stuks, voor effici\u00ebnt transport en compacte opslag.\",\"breadcrumb\":{\"@id\":\"https:\/\/flexfurn.com\/product\/transportkar-tafel-bladen\/#breadcrumb\"},\"inLanguage\":\"de\",\"potentialAction\":[{\"@type\":\"ReadAction\",\"target\":[\"https:\/\/flexfurn.com\/product\/transportkar-tafel-bladen\/\"]}]},{\"@type\":\"ImageObject\",\"inLanguage\":\"de\",\"@id\":\"https:\/\/flexfurn.com\/product\/transportkar-tafel-bladen\/#primaryimage\",\"url\":\"https:\/\/flexfurn.com\/wp-content\/uploads\/2026\/04\/55.png\",\"contentUrl\":\"https:\/\/flexfurn.com\/wp-content\/uploads\/2026\/04\/55.png\",\"width\":2400,\"height\":2400},{\"@type\":\"BreadcrumbList\",\"@id\":\"https:\/\/flexfurn.com\/product\/transportkar-tafel-bladen\/#breadcrumb\",\"itemListElement\":[{\"@type\":\"ListItem\",\"position\":1,\"name\":\"Home\",\"item\":\"https:\/\/flexfurn.com\/\"},{\"@type\":\"ListItem\",\"position\":2,\"name\":\"Winkel\",\"item\":\"https:\/\/flexfurn.com\/winkel\/\"},{\"@type\":\"ListItem\",\"position\":3,\"name\":\"Transportkar tafel bladen\"}]},{\"@type\":\"WebSite\",\"@id\":\"https:\/\/flexfurn.com\/#website\",\"url\":\"https:\/\/flexfurn.com\/\",\"name\":\"Flexfurn\",\"description\":\"\",\"publisher\":{\"@id\":\"https:\/\/flexfurn.com\/#organization\"},\"potentialAction\":[{\"@type\":\"SearchAction\",\"target\":{\"@type\":\"EntryPoint\",\"urlTemplate\":\"https:\/\/flexfurn.com\/?s={search_term_string}\"},\"query-input\":{\"@type\":\"PropertyValueSpecification\",\"valueRequired\":true,\"valueName\":\"search_term_string\"}}],\"inLanguage\":\"de\"},{\"@type\":\"Organization\",\"@id\":\"https:\/\/flexfurn.com\/#organization\",\"name\":\"Flexfurn\",\"url\":\"https:\/\/flexfurn.com\/\",\"logo\":{\"@type\":\"ImageObject\",\"inLanguage\":\"de\",\"@id\":\"https:\/\/flexfurn.com\/#\/schema\/logo\/image\/\",\"url\":\"https:\/\/flexfurn.com\/wp-content\/uploads\/2023\/08\/LogoBlack.svg\",\"contentUrl\":\"https:\/\/flexfurn.com\/wp-content\/uploads\/2023\/08\/LogoBlack.svg\",\"width\":210,\"height\":60,\"caption\":\"Flexfurn\"},\"image\":{\"@id\":\"https:\/\/flexfurn.com\/#\/schema\/logo\/image\/\"}}]}<\/script>\n<!-- \/ Yoast SEO plugin. -->","yoast_head_json":{"title":"Transportwagen-Tischplatten - Flexfurn","description":"Transportwagen f\u00fcr Tischplatten: geeignet f\u00fcr runde und quadratische Tischplatten, bis zu 20 St\u00fcck, f\u00fcr effizienten Transport und platzsparende Lagerung.","robots":{"index":"index","follow":"follow","max-snippet":"max-snippet:-1","max-image-preview":"max-image-preview:large","max-video-preview":"max-video-preview:-1"},"canonical":"https:\/\/flexfurn.com\/de\/produkt-2\/transportwagen-tischplatten\/","og_locale":"de_DE","og_type":"article","og_title":"Transportkar tafel bladen - Flexfurn","og_description":"Transportkar voor tafelbladen: geschikt voor rond en vierkant, tot 20 stuks, voor effici\u00ebnt transport en compacte opslag.","og_url":"https:\/\/flexfurn.com\/de\/produkt-2\/transportwagen-tischplatten\/","og_site_name":"Flexfurn","article_modified_time":"2026-04-29T13:55:37+00:00","og_image":[{"width":1024,"height":1024,"url":"https:\/\/flexfurn.com\/wp-content\/uploads\/2026\/04\/55-1024x1024.png","type":"image\/png"}],"twitter_card":"summary_large_image","twitter_misc":{"Gesch\u00e4tzte Lesezeit":"1\u00a0Minute"},"schema":{"@context":"https:\/\/schema.org","@graph":[{"@type":"WebPage","@id":"https:\/\/flexfurn.com\/product\/transportkar-tafel-bladen\/","url":"https:\/\/flexfurn.com\/product\/transportkar-tafel-bladen\/","name":"Transportwagen-Tischplatten - Flexfurn","isPartOf":{"@id":"https:\/\/flexfurn.com\/#website"},"primaryImageOfPage":{"@id":"https:\/\/flexfurn.com\/product\/transportkar-tafel-bladen\/#primaryimage"},"image":{"@id":"https:\/\/flexfurn.com\/product\/transportkar-tafel-bladen\/#primaryimage"},"thumbnailUrl":"https:\/\/flexfurn.com\/wp-content\/uploads\/2026\/04\/55.png","datePublished":"2026-04-29T13:31:25+00:00","dateModified":"2026-04-29T13:55:37+00:00","description":"Transportwagen f\u00fcr Tischplatten: geeignet f\u00fcr runde und quadratische Tischplatten, bis zu 20 St\u00fcck, f\u00fcr effizienten Transport und platzsparende Lagerung.","breadcrumb":{"@id":"https:\/\/flexfurn.com\/product\/transportkar-tafel-bladen\/#breadcrumb"},"inLanguage":"de","potentialAction":[{"@type":"ReadAction","target":["https:\/\/flexfurn.com\/product\/transportkar-tafel-bladen\/"]}]},{"@type":"ImageObject","inLanguage":"de","@id":"https:\/\/flexfurn.com\/product\/transportkar-tafel-bladen\/#primaryimage","url":"https:\/\/flexfurn.com\/wp-content\/uploads\/2026\/04\/55.png","contentUrl":"https:\/\/flexfurn.com\/wp-content\/uploads\/2026\/04\/55.png","width":2400,"height":2400},{"@type":"BreadcrumbList","@id":"https:\/\/flexfurn.com\/product\/transportkar-tafel-bladen\/#breadcrumb","itemListElement":[{"@type":"ListItem","position":1,"name":"Home","item":"https:\/\/flexfurn.com\/"},{"@type":"ListItem","position":2,"name":"Winkel","item":"https:\/\/flexfurn.com\/winkel\/"},{"@type":"ListItem","position":3,"name":"Transportkar tafel bladen"}]},{"@type":"WebSite","@id":"https:\/\/flexfurn.com\/#website","url":"https:\/\/flexfurn.com\/","name":"Flexfurn","description":"","publisher":{"@id":"https:\/\/flexfurn.com\/#organization"},"potentialAction":[{"@type":"SearchAction","target":{"@type":"EntryPoint","urlTemplate":"https:\/\/flexfurn.com\/?s={search_term_string}"},"query-input":{"@type":"PropertyValueSpecification","valueRequired":true,"valueName":"search_term_string"}}],"inLanguage":"de"},{"@type":"Organization","@id":"https:\/\/flexfurn.com\/#organization","name":"Flexfurn","url":"https:\/\/flexfurn.com\/","logo":{"@type":"ImageObject","inLanguage":"de","@id":"https:\/\/flexfurn.com\/#\/schema\/logo\/image\/","url":"https:\/\/flexfurn.com\/wp-content\/uploads\/2023\/08\/LogoBlack.svg","contentUrl":"https:\/\/flexfurn.com\/wp-content\/uploads\/2023\/08\/LogoBlack.svg","width":210,"height":60,"caption":"Flexfurn"},"image":{"@id":"https:\/\/flexfurn.com\/#\/schema\/logo\/image\/"}}]}},"_links":{"self":[{"href":"https:\/\/flexfurn.com\/de\/wp-json\/wp\/v2\/product\/36552","targetHints":{"allow":["GET"]}}],"collection":[{"href":"https:\/\/flexfurn.com\/de\/wp-json\/wp\/v2\/product"}],"about":[{"href":"https:\/\/flexfurn.com\/de\/wp-json\/wp\/v2\/types\/product"}],"wp:featuredmedia":[{"embeddable":true,"href":"https:\/\/flexfurn.com\/de\/wp-json\/wp\/v2\/media\/36553"}],"wp:attachment":[{"href":"https:\/\/flexfurn.com\/de\/wp-json\/wp\/v2\/media?parent=36552"}],"wp:term":[{"taxonomy":"product_brand","embeddable":true,"href":"https:\/\/flexfurn.com\/de\/wp-json\/wp\/v2\/product_brand?post=36552"},{"taxonomy":"product_cat","embeddable":true,"href":"https:\/\/flexfurn.com\/de\/wp-json\/wp\/v2\/product_cat?post=36552"},{"taxonomy":"product_tag","embeddable":true,"href":"https:\/\/flexfurn.com\/de\/wp-json\/wp\/v2\/product_tag?post=36552"}],"curies":[{"name":"wp","href":"https:\/\/api.w.org\/{rel}","templated":true}]}}