{"id":514,"date":"2023-10-18T08:07:42","date_gmt":"2023-10-18T06:07:42","guid":{"rendered":"https:\/\/beta.flexfurn.com\/product\/ronda-stapelstoel-rotan\/"},"modified":"2025-07-11T08:53:10","modified_gmt":"2025-07-11T06:53:10","slug":"ronda-stapelstuhl","status":"publish","type":"product","link":"https:\/\/flexfurn.com\/de\/produkt-2\/ronda-stapelstuhl\/","title":{"rendered":"Ronda Stapelstuhl"},"content":{"rendered":"<p>Der RONDA STACKING CHAIR ist der ideale Gastronomiestuhl, da Sie die Innenausstattung durch austauschbare Sitzkissen vollst\u00e4ndig an Ihre Vorlieben anpassen k\u00f6nnen. Mit einem Gewicht von nur 4,6 kg ist dieser Holzstuhl leicht, aber dennoch hochwertig. Der Ronda ist mit einem nat\u00fcrlichen Rattan- oder Samtsitz erh\u00e4ltlich. Die Samtsitze sind in den Farben Gold, Gr\u00fcn, Pink, Creme und Schwarz erh\u00e4ltlich. Diese Samtsitze sind wasserabweisend und feuerhemmend.<\/p>","protected":false},"excerpt":{"rendered":"<p>Stapelbar<br \/>\nAustauschbare Sitze<br \/>\nSitzfl\u00e4che aus nat\u00fcrlichem Rattan<br \/>\nSamtsitze in verschiedenen Farben<br \/>\nSamtsitze sind feuerhemmend und mit Teflon behandelt (CRIB5)<br \/>\nVerwendung im Innenbereich<\/p>","protected":false},"featured_media":5714,"template":"","meta":[],"product_brand":[],"product_cat":[66],"product_tag":[],"class_list":{"0":"post-514","1":"product","2":"type-product","3":"status-publish","4":"has-post-thumbnail","6":"product_cat-stapelstoel","8":"first","9":"instock","10":"taxable","11":"shipping-taxable","12":"purchasable","13":"product-type-variable"},"yoast_head":"<!-- This site is optimized with the Yoast SEO plugin v26.6 - https:\/\/yoast.com\/wordpress\/plugins\/seo\/ -->\n<title>Ronda stapelstoel - Flexfurn<\/title>\n<meta name=\"robots\" content=\"index, follow, max-snippet:-1, max-image-preview:large, max-video-preview:-1\" \/>\n<link rel=\"canonical\" href=\"https:\/\/flexfurn.com\/de\/produkt-2\/ronda-stapelstuhl\/\" \/>\n<meta property=\"og:locale\" content=\"de_DE\" \/>\n<meta property=\"og:type\" content=\"article\" \/>\n<meta property=\"og:title\" content=\"Ronda stapelstoel - Flexfurn\" \/>\n<meta property=\"og:description\" content=\"Stapelbaar Verwisselbare zitjes Natuurlijk rotan zitje Fluwelen zitjes in verschillende kleuren Fluwelen zitjes zijn brandvertragend en Teflon behandeld (CRIB5) Binnengebruik\" \/>\n<meta property=\"og:url\" content=\"https:\/\/flexfurn.com\/de\/produkt-2\/ronda-stapelstuhl\/\" \/>\n<meta property=\"og:site_name\" content=\"Flexfurn\" \/>\n<meta property=\"article:modified_time\" content=\"2025-07-11T06:53:10+00:00\" \/>\n<meta property=\"og:image\" content=\"https:\/\/flexfurn.com\/wp-content\/uploads\/2024\/09\/86449021f4f54008a5cb3d2bae4343cd36ce054a5dcf4164a8276db05511b0fbb8db71e7b83e4decadb273476ba5ff1a.jpg\" \/>\n\t<meta property=\"og:image:width\" content=\"2000\" \/>\n\t<meta property=\"og:image:height\" content=\"2000\" \/>\n\t<meta property=\"og:image:type\" content=\"image\/jpeg\" \/>\n<meta name=\"twitter:card\" content=\"summary_large_image\" \/>\n<meta name=\"twitter:label1\" content=\"Gesch\u00e4tzte Lesezeit\" \/>\n\t<meta name=\"twitter:data1\" content=\"1\u00a0Minute\" \/>\n<script type=\"application\/ld+json\" class=\"yoast-schema-graph\">{\"@context\":\"https:\/\/schema.org\",\"@graph\":[{\"@type\":\"WebPage\",\"@id\":\"https:\/\/flexfurn.com\/product\/ronda-stapelstoel\/\",\"url\":\"https:\/\/flexfurn.com\/product\/ronda-stapelstoel\/\",\"name\":\"Ronda stapelstoel - Flexfurn\",\"isPartOf\":{\"@id\":\"https:\/\/flexfurn.com\/#website\"},\"primaryImageOfPage\":{\"@id\":\"https:\/\/flexfurn.com\/product\/ronda-stapelstoel\/#primaryimage\"},\"image\":{\"@id\":\"https:\/\/flexfurn.com\/product\/ronda-stapelstoel\/#primaryimage\"},\"thumbnailUrl\":\"https:\/\/flexfurn.com\/wp-content\/uploads\/2024\/09\/86449021f4f54008a5cb3d2bae4343cd36ce054a5dcf4164a8276db05511b0fbb8db71e7b83e4decadb273476ba5ff1a.jpg\",\"datePublished\":\"2023-10-18T06:07:42+00:00\",\"dateModified\":\"2025-07-11T06:53:10+00:00\",\"breadcrumb\":{\"@id\":\"https:\/\/flexfurn.com\/product\/ronda-stapelstoel\/#breadcrumb\"},\"inLanguage\":\"de\",\"potentialAction\":[{\"@type\":\"ReadAction\",\"target\":[\"https:\/\/flexfurn.com\/product\/ronda-stapelstoel\/\"]}]},{\"@type\":\"ImageObject\",\"inLanguage\":\"de\",\"@id\":\"https:\/\/flexfurn.com\/product\/ronda-stapelstoel\/#primaryimage\",\"url\":\"https:\/\/flexfurn.com\/wp-content\/uploads\/2024\/09\/86449021f4f54008a5cb3d2bae4343cd36ce054a5dcf4164a8276db05511b0fbb8db71e7b83e4decadb273476ba5ff1a.jpg\",\"contentUrl\":\"https:\/\/flexfurn.com\/wp-content\/uploads\/2024\/09\/86449021f4f54008a5cb3d2bae4343cd36ce054a5dcf4164a8276db05511b0fbb8db71e7b83e4decadb273476ba5ff1a.jpg\",\"width\":2000,\"height\":2000,\"caption\":\"Ronda - Stack Chair - Velvet Creme Seat\"},{\"@type\":\"BreadcrumbList\",\"@id\":\"https:\/\/flexfurn.com\/product\/ronda-stapelstoel\/#breadcrumb\",\"itemListElement\":[{\"@type\":\"ListItem\",\"position\":1,\"name\":\"Home\",\"item\":\"https:\/\/flexfurn.com\/\"},{\"@type\":\"ListItem\",\"position\":2,\"name\":\"Winkel\",\"item\":\"https:\/\/flexfurn.com\/winkel\/\"},{\"@type\":\"ListItem\",\"position\":3,\"name\":\"Ronda stapelstoel\"}]},{\"@type\":\"WebSite\",\"@id\":\"https:\/\/flexfurn.com\/#website\",\"url\":\"https:\/\/flexfurn.com\/\",\"name\":\"Flexfurn\",\"description\":\"\",\"publisher\":{\"@id\":\"https:\/\/flexfurn.com\/#organization\"},\"potentialAction\":[{\"@type\":\"SearchAction\",\"target\":{\"@type\":\"EntryPoint\",\"urlTemplate\":\"https:\/\/flexfurn.com\/?s={search_term_string}\"},\"query-input\":{\"@type\":\"PropertyValueSpecification\",\"valueRequired\":true,\"valueName\":\"search_term_string\"}}],\"inLanguage\":\"de\"},{\"@type\":\"Organization\",\"@id\":\"https:\/\/flexfurn.com\/#organization\",\"name\":\"Flexfurn\",\"url\":\"https:\/\/flexfurn.com\/\",\"logo\":{\"@type\":\"ImageObject\",\"inLanguage\":\"de\",\"@id\":\"https:\/\/flexfurn.com\/#\/schema\/logo\/image\/\",\"url\":\"https:\/\/flexfurn.com\/wp-content\/uploads\/2023\/08\/LogoBlack.svg\",\"contentUrl\":\"https:\/\/flexfurn.com\/wp-content\/uploads\/2023\/08\/LogoBlack.svg\",\"width\":210,\"height\":60,\"caption\":\"Flexfurn\"},\"image\":{\"@id\":\"https:\/\/flexfurn.com\/#\/schema\/logo\/image\/\"}}]}<\/script>\n<!-- \/ Yoast SEO plugin. -->","yoast_head_json":{"title":"Ronda Stapelstuhl - Flexfurn","robots":{"index":"index","follow":"follow","max-snippet":"max-snippet:-1","max-image-preview":"max-image-preview:large","max-video-preview":"max-video-preview:-1"},"canonical":"https:\/\/flexfurn.com\/de\/produkt-2\/ronda-stapelstuhl\/","og_locale":"de_DE","og_type":"article","og_title":"Ronda stapelstoel - Flexfurn","og_description":"Stapelbaar Verwisselbare zitjes Natuurlijk rotan zitje Fluwelen zitjes in verschillende kleuren Fluwelen zitjes zijn brandvertragend en Teflon behandeld (CRIB5) Binnengebruik","og_url":"https:\/\/flexfurn.com\/de\/produkt-2\/ronda-stapelstuhl\/","og_site_name":"Flexfurn","article_modified_time":"2025-07-11T06:53:10+00:00","og_image":[{"width":2000,"height":2000,"url":"https:\/\/flexfurn.com\/wp-content\/uploads\/2024\/09\/86449021f4f54008a5cb3d2bae4343cd36ce054a5dcf4164a8276db05511b0fbb8db71e7b83e4decadb273476ba5ff1a.jpg","type":"image\/jpeg"}],"twitter_card":"summary_large_image","twitter_misc":{"Gesch\u00e4tzte Lesezeit":"1\u00a0Minute"},"schema":{"@context":"https:\/\/schema.org","@graph":[{"@type":"WebPage","@id":"https:\/\/flexfurn.com\/product\/ronda-stapelstoel\/","url":"https:\/\/flexfurn.com\/product\/ronda-stapelstoel\/","name":"Ronda Stapelstuhl - Flexfurn","isPartOf":{"@id":"https:\/\/flexfurn.com\/#website"},"primaryImageOfPage":{"@id":"https:\/\/flexfurn.com\/product\/ronda-stapelstoel\/#primaryimage"},"image":{"@id":"https:\/\/flexfurn.com\/product\/ronda-stapelstoel\/#primaryimage"},"thumbnailUrl":"https:\/\/flexfurn.com\/wp-content\/uploads\/2024\/09\/86449021f4f54008a5cb3d2bae4343cd36ce054a5dcf4164a8276db05511b0fbb8db71e7b83e4decadb273476ba5ff1a.jpg","datePublished":"2023-10-18T06:07:42+00:00","dateModified":"2025-07-11T06:53:10+00:00","breadcrumb":{"@id":"https:\/\/flexfurn.com\/product\/ronda-stapelstoel\/#breadcrumb"},"inLanguage":"de","potentialAction":[{"@type":"ReadAction","target":["https:\/\/flexfurn.com\/product\/ronda-stapelstoel\/"]}]},{"@type":"ImageObject","inLanguage":"de","@id":"https:\/\/flexfurn.com\/product\/ronda-stapelstoel\/#primaryimage","url":"https:\/\/flexfurn.com\/wp-content\/uploads\/2024\/09\/86449021f4f54008a5cb3d2bae4343cd36ce054a5dcf4164a8276db05511b0fbb8db71e7b83e4decadb273476ba5ff1a.jpg","contentUrl":"https:\/\/flexfurn.com\/wp-content\/uploads\/2024\/09\/86449021f4f54008a5cb3d2bae4343cd36ce054a5dcf4164a8276db05511b0fbb8db71e7b83e4decadb273476ba5ff1a.jpg","width":2000,"height":2000,"caption":"Ronda - Stack Chair - Velvet Creme Seat"},{"@type":"BreadcrumbList","@id":"https:\/\/flexfurn.com\/product\/ronda-stapelstoel\/#breadcrumb","itemListElement":[{"@type":"ListItem","position":1,"name":"Home","item":"https:\/\/flexfurn.com\/"},{"@type":"ListItem","position":2,"name":"Winkel","item":"https:\/\/flexfurn.com\/winkel\/"},{"@type":"ListItem","position":3,"name":"Ronda stapelstoel"}]},{"@type":"WebSite","@id":"https:\/\/flexfurn.com\/#website","url":"https:\/\/flexfurn.com\/","name":"Flexfurn","description":"","publisher":{"@id":"https:\/\/flexfurn.com\/#organization"},"potentialAction":[{"@type":"SearchAction","target":{"@type":"EntryPoint","urlTemplate":"https:\/\/flexfurn.com\/?s={search_term_string}"},"query-input":{"@type":"PropertyValueSpecification","valueRequired":true,"valueName":"search_term_string"}}],"inLanguage":"de"},{"@type":"Organization","@id":"https:\/\/flexfurn.com\/#organization","name":"Flexfurn","url":"https:\/\/flexfurn.com\/","logo":{"@type":"ImageObject","inLanguage":"de","@id":"https:\/\/flexfurn.com\/#\/schema\/logo\/image\/","url":"https:\/\/flexfurn.com\/wp-content\/uploads\/2023\/08\/LogoBlack.svg","contentUrl":"https:\/\/flexfurn.com\/wp-content\/uploads\/2023\/08\/LogoBlack.svg","width":210,"height":60,"caption":"Flexfurn"},"image":{"@id":"https:\/\/flexfurn.com\/#\/schema\/logo\/image\/"}}]}},"_links":{"self":[{"href":"https:\/\/flexfurn.com\/de\/wp-json\/wp\/v2\/product\/514","targetHints":{"allow":["GET"]}}],"collection":[{"href":"https:\/\/flexfurn.com\/de\/wp-json\/wp\/v2\/product"}],"about":[{"href":"https:\/\/flexfurn.com\/de\/wp-json\/wp\/v2\/types\/product"}],"wp:featuredmedia":[{"embeddable":true,"href":"https:\/\/flexfurn.com\/de\/wp-json\/wp\/v2\/media\/5714"}],"wp:attachment":[{"href":"https:\/\/flexfurn.com\/de\/wp-json\/wp\/v2\/media?parent=514"}],"wp:term":[{"taxonomy":"product_brand","embeddable":true,"href":"https:\/\/flexfurn.com\/de\/wp-json\/wp\/v2\/product_brand?post=514"},{"taxonomy":"product_cat","embeddable":true,"href":"https:\/\/flexfurn.com\/de\/wp-json\/wp\/v2\/product_cat?post=514"},{"taxonomy":"product_tag","embeddable":true,"href":"https:\/\/flexfurn.com\/de\/wp-json\/wp\/v2\/product_tag?post=514"}],"curies":[{"name":"wp","href":"https:\/\/api.w.org\/{rel}","templated":true}]}}