{"id":34008,"date":"2026-04-20T14:13:08","date_gmt":"2026-04-20T12:13:08","guid":{"rendered":"https:\/\/flexfurn.com\/?page_id=34008"},"modified":"2026-04-23T16:42:16","modified_gmt":"2026-04-23T14:42:16","slug":"fournisseur-de-mobilier-evenementiel","status":"publish","type":"page","link":"https:\/\/flexfurn.com\/fr\/fournisseur-de-mobilier-evenementiel\/","title":{"rendered":"fournisseur de mobilier \u00e9v\u00e9nementiel"},"content":{"rendered":"<div id=\"fws_69f3551aae577\"  data-column-margin=\"default\" data-midnight=\"light\" data-top-percent=\"5%\" data-bottom-percent=\"0%\"  class=\"wpb_row vc_row-fluid vc_row full-width-section\"  style=\"padding-top: calc(100vw * 0.05); padding-bottom: calc(100vw * 0.00); \"><div class=\"row-bg-wrap\" data-bg-animation=\"none\" data-bg-animation-delay=\"\" data-bg-overlay=\"true\"><div class=\"inner-wrap row-bg-layer using-image\" ><div class=\"row-bg viewport-desktop using-image\"  style=\"background-image: url(https:\/\/flexfurn.com\/wp-content\/uploads\/2026\/04\/Image-created-by-Double-MP-2.jpg); background-position: center center; background-repeat: no-repeat; \"><\/div><\/div><div class=\"row-bg-overlay row-bg-layer\" style=\"background-color:#000000;  opacity: 0.3; \"><\/div><\/div><div class=\"row_col_wrap_12 col span_12 light center\">\n\t<div  class=\"vc_col-sm-12 wpb_column column_container vc_column_container col has-animation no-extra-padding inherit_tablet inherit_phone\"  data-padding-pos=\"all\" data-has-bg-color=\"false\" data-bg-color=\"\" data-bg-opacity=\"1\" data-animation=\"fade-in-from-bottom\" data-delay=\"0\" >\n\t\t<div class=\"vc_column-inner\" >\n\t\t\t<div class=\"wpb_wrapper\">\n\t\t\t\t<div class=\"divider-wrap height_phone_10px\" data-alignment=\"default\"><div style=\"height: 120px;\" class=\"divider\"><\/div><\/div>\n<div class=\"wpb_text_column wpb_content_element\" >\n\t<div class=\"wpb_wrapper\">\n\t\t<h1 style=\"text-align: center;\"><strong><span style=\"color: #bfb27b;\">Fournisseur de mobilier \u00e9v\u00e9nementiel\u00a0<\/span><\/strong><\/h1>\n\t<\/div>\n<\/div>\n\n\n\n\n<div class=\"wpb_text_column wpb_content_element\" >\n\t<div class=\"wpb_wrapper\">\n\t\t<h4 style=\"text-align: center;\">Flexfurn fournit du mobilier de haute qualit\u00e9, empilable et flexible pour les \u00e9v\u00e9nements, les soci\u00e9t\u00e9s de location et les organisateurs du monde entier.<\/h4>\n\t<\/div>\n<\/div>\n\n\n\n<div class=\"divider-wrap height_phone_10px\" data-alignment=\"default\"><div style=\"height: 150px;\" class=\"divider\"><\/div><\/div>\n\t\t\t<\/div> \n\t\t<\/div>\n\t<\/div> \n<\/div><\/div>\n\t\t<div id=\"fws_69f3551aaee1e\"  data-column-margin=\"default\" data-midnight=\"dark\"  class=\"wpb_row vc_row-fluid vc_row\"  style=\"padding-top: 0px; padding-bottom: 0px; \"><div class=\"row-bg-wrap\" data-bg-animation=\"none\" data-bg-animation-delay=\"\" data-bg-overlay=\"false\"><div class=\"inner-wrap row-bg-layer\" ><div class=\"row-bg viewport-desktop\"  style=\"\"><\/div><\/div><\/div><div class=\"row_col_wrap_12 col span_12 dark left\">\n\t<div  class=\"vc_col-sm-4 wpb_column column_container vc_column_container col no-extra-padding inherit_tablet inherit_phone\"  data-padding-pos=\"all\" data-has-bg-color=\"false\" data-bg-color=\"\" data-bg-opacity=\"1\" data-animation=\"\" data-delay=\"0\" >\n\t\t<div class=\"vc_column-inner\" >\n\t\t\t<div class=\"wpb_wrapper\">\n\t\t\t\t<div class=\"divider-wrap\" data-alignment=\"default\"><div style=\"height: 50px;\" class=\"divider\"><\/div><\/div><div class=\"nectar-cta  text_hover_color_C7B370 alignment_tablet_default alignment_phone_default display_tablet_inherit display_phone_inherit\" data-color=\"default\" data-using-bg=\"false\" data-style=\"see-through\" data-display=\"block\" data-alignment=\"center\" data-text-color=\"custom\" ><h6 style=\"color: #C7B370;\"> <span class=\"text\">T\u00e9l\u00e9chargez le catalogue <\/span><span class=\"link_wrap\" ><a  class=\"link_text\" role=\"button\" href=\"https:\/\/flexfurn.com\/en\/catalogue\/\"><span class=\"arrow\"><\/span><\/a><\/span><\/h6><\/div>\n\t\t\t<\/div> \n\t\t<\/div>\n\t<\/div> \n\n\t<div  class=\"vc_col-sm-4 wpb_column column_container vc_column_container col no-extra-padding inherit_tablet inherit_phone\"  data-padding-pos=\"all\" data-has-bg-color=\"false\" data-bg-color=\"\" data-bg-opacity=\"1\" data-animation=\"\" data-delay=\"0\" >\n\t\t<div class=\"vc_column-inner\" >\n\t\t\t<div class=\"wpb_wrapper\">\n\t\t\t\t<div class=\"divider-wrap\" data-alignment=\"default\"><div style=\"height: 50px;\" class=\"divider\"><\/div><\/div><div class=\"nectar-cta  text_hover_color_C7B370 alignment_tablet_default alignment_phone_default display_tablet_inherit display_phone_inherit\" data-color=\"default\" data-using-bg=\"false\" data-style=\"see-through\" data-display=\"block\" data-alignment=\"center\" data-text-color=\"custom\" ><h6 style=\"color: #C7B370;\"> <span class=\"text\">Consultez l&#039;assortiment en ligne <\/span><span class=\"link_wrap\" ><a  class=\"link_text\" role=\"button\" href=\"https:\/\/flexfurn.com\/fr\/boutique\/\"><span class=\"arrow\"><\/span><\/a><\/span><\/h6><\/div>\n\t\t\t<\/div> \n\t\t<\/div>\n\t<\/div> \n\n\t<div  class=\"vc_col-sm-4 wpb_column column_container vc_column_container col no-extra-padding inherit_tablet inherit_phone\"  data-padding-pos=\"all\" data-has-bg-color=\"false\" data-bg-color=\"\" data-bg-opacity=\"1\" data-animation=\"\" data-delay=\"0\" >\n\t\t<div class=\"vc_column-inner\" >\n\t\t\t<div class=\"wpb_wrapper\">\n\t\t\t\t<div class=\"divider-wrap\" data-alignment=\"default\"><div style=\"height: 50px;\" class=\"divider\"><\/div><\/div><div class=\"nectar-cta  text_hover_color_C7B370 alignment_tablet_default alignment_phone_default display_tablet_inherit display_phone_inherit\" data-color=\"default\" data-using-bg=\"false\" data-style=\"see-through\" data-display=\"block\" data-alignment=\"center\" data-text-color=\"custom\" ><h6 style=\"color: #C7B370;\"> <span class=\"text\">Contactez-nous <\/span><span class=\"link_wrap\" ><a  class=\"link_text\" role=\"button\" href=\"https:\/\/flexfurn.com\/en\/contact\/\"><span class=\"arrow\"><\/span><\/a><\/span><\/h6><\/div>\n\t\t\t<\/div> \n\t\t<\/div>\n\t<\/div> \n<\/div><\/div>\n\t\t<div id=\"fws_69f3551aafbb9\"  data-column-margin=\"default\" data-midnight=\"dark\"  class=\"wpb_row vc_row-fluid vc_row\"  style=\"padding-top: 0px; padding-bottom: 0px; \"><div class=\"row-bg-wrap\" data-bg-animation=\"none\" data-bg-animation-delay=\"\" data-bg-overlay=\"false\"><div class=\"inner-wrap row-bg-layer\" ><div class=\"row-bg viewport-desktop\"  style=\"\"><\/div><\/div><\/div><div class=\"row_col_wrap_12 col span_12 dark left\">\n\t<div  class=\"vc_col-sm-12 wpb_column column_container vc_column_container col padding-20-percent inherit_tablet inherit_phone\"  data-padding-pos=\"left-right\" data-has-bg-color=\"false\" data-bg-color=\"\" data-bg-opacity=\"1\" data-animation=\"\" data-delay=\"0\" >\n\t\t<div class=\"vc_column-inner\" >\n\t\t\t<div class=\"wpb_wrapper\">\n\t\t\t\t<div class=\"divider-wrap\" data-alignment=\"default\"><div style=\"height: 60px;\" class=\"divider\"><\/div><\/div>\n<div class=\"wpb_text_column wpb_content_element\" >\n\t<div class=\"wpb_wrapper\">\n\t\t<p style=\"text-align: center;\" data-start=\"71\" data-end=\"323\">\u201cLors d&#039;\u00e9v\u00e9nements, l&#039;efficacit\u00e9, l&#039;esth\u00e9tique et la fiabilit\u00e9 sont primordiales. Le choix du mobilier est donc essentiel. Chaises, tables, chariots de transport\u00a0: le mobilier \u00e9v\u00e9nementiel professionnel se doit d&#039;\u00eatre robuste, empilable et facile \u00e0 manipuler.<\/p>\n<p style=\"text-align: center;\" data-start=\"325\" data-end=\"542\">En tant que fournisseur exp\u00e9riment\u00e9 de mobilier \u00e9v\u00e9nementiel, nous d\u00e9veloppons des solutions sp\u00e9cifiquement con\u00e7ues pour le secteur de l&#039;\u00e9v\u00e9nementiel. Nous privil\u00e9gions ainsi l&#039;efficacit\u00e9, la durabilit\u00e9 et la facilit\u00e9 d&#039;utilisation dans chaque application.<\/p>\n<p style=\"text-align: center;\" data-start=\"544\" data-end=\"693\">Par cons\u00e9quent, les soci\u00e9t\u00e9s de location, les organisateurs et les lieux \u00e9v\u00e9nementiels du monde entier comptent sur nous pour leur fournir un mobilier durable, pratique et professionnel.\u201d<\/p>\n\t<\/div>\n<\/div>\n\n\n\n<div class=\"divider-wrap\" data-alignment=\"default\"><div style=\"height: 30px;\" class=\"divider\"><\/div><\/div>\n\t\t\t<\/div> \n\t\t<\/div>\n\t<\/div> \n<\/div><\/div>\n\t\t<div id=\"fws_69f3551ab015f\"  data-column-margin=\"default\" data-midnight=\"dark\"  class=\"wpb_row vc_row-fluid vc_row\"  style=\"padding-top: 0px; padding-bottom: 0px; \"><div class=\"row-bg-wrap\" data-bg-animation=\"none\" data-bg-animation-delay=\"\" data-bg-overlay=\"false\"><div class=\"inner-wrap row-bg-layer\" ><div class=\"row-bg viewport-desktop\"  style=\"\"><\/div><\/div><\/div><div class=\"row_col_wrap_12 col span_12 dark left\">\n\t<div  class=\"vc_col-sm-12 wpb_column column_container vc_column_container col no-extra-padding inherit_tablet inherit_phone\"  data-padding-pos=\"all\" data-has-bg-color=\"false\" data-bg-color=\"\" data-bg-opacity=\"1\" data-animation=\"\" data-delay=\"0\" >\n\t\t<div class=\"vc_column-inner\" >\n\t\t\t<div class=\"wpb_wrapper\">\n\t\t\t\t\n<div class=\"wpb_text_column wpb_content_element\" >\n\t<div class=\"wpb_wrapper\">\n\t\t<hr \/>\n\t<\/div>\n<\/div>\n\n\n\n<div class=\"divider-wrap\" data-alignment=\"default\"><div style=\"height: 25px;\" class=\"divider\"><\/div><\/div>\n\t\t\t<\/div> \n\t\t<\/div>\n\t<\/div> \n<\/div><\/div>\n\t\t<div id=\"fws_69f3551ab0652\"  data-column-margin=\"none\" data-midnight=\"dark\" data-top-percent=\"0%\" data-bottom-percent=\"3%\"  class=\"wpb_row vc_row-fluid vc_row full-width-content vc_row-o-equal-height vc_row-flex vc_row-o-content-middle  right_padding_phone_0px left_padding_phone_0px\"  style=\"padding-top: calc(100vw * 0.00); padding-bottom: calc(100vw * 0.03); \"><div class=\"row-bg-wrap\" data-bg-animation=\"none\" data-bg-animation-delay=\"\" data-bg-overlay=\"false\"><div class=\"inner-wrap row-bg-layer\" ><div class=\"row-bg viewport-desktop\"  style=\"\"><\/div><\/div><\/div><div class=\"row_col_wrap_12 col span_12 dark left\">\n\t<div  class=\"vc_col-sm-6 vc_hidden-xs wpb_column column_container vc_column_container col has-animation padding-5-percent inherit_tablet inherit_phone\"  data-padding-pos=\"left-right\" data-has-bg-color=\"false\" data-bg-color=\"\" data-bg-opacity=\"1\" data-animation=\"fade-in-from-bottom\" data-delay=\"0\" >\n\t\t<div class=\"vc_column-inner\" >\n\t\t\t<div class=\"wpb_wrapper\">\n\t\t\t\t\n<div class=\"wpb_text_column wpb_content_element\" >\n\t<div class=\"wpb_wrapper\">\n\t\t<h2><strong>Que faisons-nous en tant que fournisseur de mobilier \u00e9v\u00e9nementiel ?<\/strong><\/h2>\n\t<\/div>\n<\/div>\n\n\n\n\n<div class=\"wpb_text_column wpb_content_element\" >\n\t<div class=\"wpb_wrapper\">\n\t\t<section class=\"text-token-text-primary w-full focus:outline-none &#091;--shadow-height:45px&#093; has-data-writing-block:pointer-events-none has-data-writing-block:-mt-(--shadow-height) has-data-writing-block:pt-(--shadow-height) &#091;&amp;:has(&#091;data-writing-block&#093;)&gt;*&#093;:pointer-events-auto scroll-mt-(--header-height)\" dir=\"auto\" data-turn-id=\"446e2b16-aa57-4d16-9deb-6a808463638b\" data-testid=\"conversation-turn-53\" data-scroll-anchor=\"false\" data-turn=\"user\"><\/section>\n<section class=\"text-token-text-primary w-full focus:outline-none &#091;--shadow-height:45px&#093; has-data-writing-block:pointer-events-none has-data-writing-block:-mt-(--shadow-height) has-data-writing-block:pt-(--shadow-height) &#091;&amp;:has(&#091;data-writing-block&#093;)&gt;*&#093;:pointer-events-auto scroll-mt-&#091;calc(var(--header-height)+min(200px,max(70px,20svh)))&#093;\" dir=\"auto\" data-turn-id=\"request-WEB:de1a81ef-2d2c-4157-9bbf-361baabb2184-150\" data-testid=\"conversation-turn-54\" data-scroll-anchor=\"true\" data-turn=\"assistant\">\n<div class=\"text-base my-auto mx-auto pb-10 &#091;--thread-content-margin:var(--thread-content-margin-xs,calc(var(--spacing)*4))&#093; @w-sm\/main:&#091;--thread-content-margin:var(--thread-content-margin-sm,calc(var(--spacing)*6))&#093; @w-lg\/main:&#091;--thread-content-margin:var(--thread-content-margin-lg,calc(var(--spacing)*16))&#093; px-(--thread-content-margin)\">\n<div class=\"&#091;--thread-content-max-width:40rem&#093; @w-lg\/main:&#091;--thread-content-max-width:48rem&#093; mx-auto max-w-(--thread-content-max-width) flex-1 group\/turn-messages focus-visible:outline-hidden relative flex w-full min-w-0 flex-col agent-turn\">\n<div class=\"flex max-w-full flex-col gap-4 grow\">\n<div class=\"min-h-8 text-message relative flex w-full flex-col items-end gap-2 text-start break-words whitespace-normal outline-none keyboard-focused:focus-ring &#091;.text-message+&amp;&#093;:mt-1\" dir=\"auto\" tabindex=\"0\" data-message-author-role=\"assistant\" data-message-id=\"8f088d99-fbf3-487a-b2fb-d215e41c46f6\" data-message-model-slug=\"gpt-5-3\" data-turn-start-message=\"true\">\n<div class=\"flex w-full flex-col gap-1 empty:hidden\">\n<div class=\"markdown prose dark:prose-invert w-full wrap-break-word light markdown-new-styling\">\n<p data-start=\"78\" data-end=\"362\"><span style=\"color: #000000;\">Nous concevons et repensons du mobilier \u00e9v\u00e9nementiel sp\u00e9cifiquement adapt\u00e9 aux sp\u00e9cificit\u00e9s du secteur. Pour ce faire, nous optimisons et perfectionnons constamment nos produits afin de cr\u00e9er des solutions ax\u00e9es sur la durabilit\u00e9, le transport efficace, le montage rapide et l&#039;empilabilit\u00e9.<\/span><\/p>\n<p data-start=\"364\" data-end=\"487\"><span style=\"color: #000000;\">Ainsi, nous proposons un mobilier pratique et bien con\u00e7u qui r\u00e9pond parfaitement aux besoins de nos clients du monde entier.<\/span><\/p>\n<\/div>\n<\/div>\n<\/div>\n<\/div>\n<\/div>\n<\/div>\n<\/section>\n\t<\/div>\n<\/div>\n\n\n\n<div class=\"divider-wrap\" data-alignment=\"default\"><div style=\"height: 25px;\" class=\"divider\"><\/div><\/div>\n\t\t\t<\/div> \n\t\t<\/div>\n\t<\/div> \n\n\t<div  class=\"vc_col-sm-6 wpb_column column_container vc_column_container col no-extra-padding inherit_tablet inherit_phone\"  data-padding-pos=\"all\" data-has-bg-color=\"false\" data-bg-color=\"\" data-bg-opacity=\"1\" data-animation=\"\" data-delay=\"0\" >\n\t\t<div class=\"vc_column-inner\" >\n\t\t\t<div class=\"wpb_wrapper\">\n\t\t\t\t<div class=\"divider-wrap\" data-alignment=\"default\"><div style=\"height: 15px;\" class=\"divider\"><\/div><\/div><div class=\"owl-carousel\" data-enable-animation=\"\" data-loop=\"true\"  data-animation-delay=\"0\" data-autorotate=\"true\" data-autorotation-speed=\"2000\" data-column-padding=\"0\" data-desktop-cols=\"1\" data-desktop-small-cols=\"1\" data-tablet-cols=\"1\" data-mobile-cols=\"1\"><div class=\"carousel-item\"><div class=\"img-with-aniamtion-wrap\" data-max-width=\"100%\" data-max-width-mobile=\"default\" data-shadow=\"none\" data-animation=\"none\" >\n      <div class=\"inner\">\n        <div class=\"hover-wrap\"> \n          <div class=\"hover-wrap-inner\">\n            <img loading=\"lazy\" decoding=\"async\" class=\"img-with-animation skip-lazy\" data-delay=\"0\" height=\"1010\" width=\"1920\" data-animation=\"none\" src=\"https:\/\/flexfurn.com\/wp-content\/uploads\/2026\/04\/Image-created-by-Double-MP-3.jpg\" alt=\"La collection Black Kubo, compos\u00e9e de tables hautes et de tabourets de bar, s&#039;int\u00e8gre parfaitement dans un espace int\u00e9rieur de style industriel, id\u00e9al pour des \u00e9v\u00e9nements \u00e0 la fois \u00e9l\u00e9gants et fonctionnels.\" srcset=\"https:\/\/flexfurn.com\/wp-content\/uploads\/2026\/04\/Image-created-by-Double-MP-3.jpg 1920w, https:\/\/flexfurn.com\/wp-content\/uploads\/2026\/04\/Image-created-by-Double-MP-3-300x158.jpg 300w, https:\/\/flexfurn.com\/wp-content\/uploads\/2026\/04\/Image-created-by-Double-MP-3-1024x539.jpg 1024w, https:\/\/flexfurn.com\/wp-content\/uploads\/2026\/04\/Image-created-by-Double-MP-3-768x404.jpg 768w, https:\/\/flexfurn.com\/wp-content\/uploads\/2026\/04\/Image-created-by-Double-MP-3-1536x808.jpg 1536w, https:\/\/flexfurn.com\/wp-content\/uploads\/2026\/04\/Image-created-by-Double-MP-3-18x9.jpg 18w, https:\/\/flexfurn.com\/wp-content\/uploads\/2026\/04\/Image-created-by-Double-MP-3-1000x526.jpg 1000w\" sizes=\"auto, (max-width: 1920px) 100vw, 1920px\" \/>\n          <\/div>\n        <\/div>\n      <\/div>\n    <\/div><\/div><div class=\"carousel-item\"><div class=\"img-with-aniamtion-wrap\" data-max-width=\"100%\" data-max-width-mobile=\"default\" data-shadow=\"none\" data-animation=\"none\" >\n      <div class=\"inner\">\n        <div class=\"hover-wrap\"> \n          <div class=\"hover-wrap-inner\">\n            <img loading=\"lazy\" decoding=\"async\" class=\"img-with-animation skip-lazy\" data-delay=\"0\" height=\"1010\" width=\"1920\" data-animation=\"none\" src=\"https:\/\/flexfurn.com\/wp-content\/uploads\/2026\/04\/6.jpg\" alt=\"Collection Black Kubo avec tables hautes et tabourets de bar dans un lieu \u00e9v\u00e9nementiel moderne avec \u00e9clairage d&#039;ambiance et am\u00e9nagement professionnel.\" srcset=\"https:\/\/flexfurn.com\/wp-content\/uploads\/2026\/04\/6.jpg 1920w, https:\/\/flexfurn.com\/wp-content\/uploads\/2026\/04\/6-300x158.jpg 300w, https:\/\/flexfurn.com\/wp-content\/uploads\/2026\/04\/6-1024x539.jpg 1024w, https:\/\/flexfurn.com\/wp-content\/uploads\/2026\/04\/6-768x404.jpg 768w, https:\/\/flexfurn.com\/wp-content\/uploads\/2026\/04\/6-1536x808.jpg 1536w, https:\/\/flexfurn.com\/wp-content\/uploads\/2026\/04\/6-18x9.jpg 18w, https:\/\/flexfurn.com\/wp-content\/uploads\/2026\/04\/6-1000x526.jpg 1000w\" sizes=\"auto, (max-width: 1920px) 100vw, 1920px\" \/>\n          <\/div>\n        <\/div>\n      <\/div>\n    <\/div><\/div><div class=\"carousel-item\"><div class=\"img-with-aniamtion-wrap\" data-max-width=\"100%\" data-max-width-mobile=\"default\" data-shadow=\"none\" data-animation=\"none\" >\n      <div class=\"inner\">\n        <div class=\"hover-wrap\"> \n          <div class=\"hover-wrap-inner\">\n            <img loading=\"lazy\" decoding=\"async\" class=\"img-with-animation skip-lazy\" data-delay=\"0\" height=\"1010\" width=\"1920\" data-animation=\"none\" src=\"https:\/\/flexfurn.com\/wp-content\/uploads\/2026\/04\/7.jpg\" alt=\"Collection Kubo avec tables hautes blanches et tabourets de bar sur une terrasse am\u00e9nag\u00e9e sous une \u00e9l\u00e9gante tente stretch avec vue sur l&#039;eau.\" srcset=\"https:\/\/flexfurn.com\/wp-content\/uploads\/2026\/04\/7.jpg 1920w, https:\/\/flexfurn.com\/wp-content\/uploads\/2026\/04\/7-300x158.jpg 300w, https:\/\/flexfurn.com\/wp-content\/uploads\/2026\/04\/7-1024x539.jpg 1024w, https:\/\/flexfurn.com\/wp-content\/uploads\/2026\/04\/7-768x404.jpg 768w, https:\/\/flexfurn.com\/wp-content\/uploads\/2026\/04\/7-1536x808.jpg 1536w, https:\/\/flexfurn.com\/wp-content\/uploads\/2026\/04\/7-18x9.jpg 18w, https:\/\/flexfurn.com\/wp-content\/uploads\/2026\/04\/7-1000x526.jpg 1000w\" sizes=\"auto, (max-width: 1920px) 100vw, 1920px\" \/>\n          <\/div>\n        <\/div>\n      <\/div>\n    <\/div><\/div><\/div>\n\t\t\t<\/div> \n\t\t<\/div>\n\t<\/div> \n<\/div><\/div>\n\t\t<div id=\"fws_69f3551ab1e78\"  data-column-margin=\"default\" data-midnight=\"dark\"  class=\"wpb_row vc_row-fluid vc_row full-width-section\"  style=\"padding-top: 0px; padding-bottom: 0px; \"><div class=\"row-bg-wrap\" data-bg-animation=\"none\" data-bg-animation-delay=\"\" data-bg-overlay=\"false\"><div class=\"inner-wrap row-bg-layer\" ><div class=\"row-bg viewport-desktop using-bg-color\"  style=\"background-color: #EFEFEF; \"><\/div><\/div><\/div><div class=\"row_col_wrap_12 col span_12 dark left\">\n\t<div  class=\"vc_col-sm-6 wpb_column column_container vc_column_container col no-extra-padding inherit_tablet inherit_phone\"  data-padding-pos=\"all\" data-has-bg-color=\"false\" data-bg-color=\"\" data-bg-opacity=\"1\" data-animation=\"\" data-delay=\"0\" >\n\t\t<div class=\"vc_column-inner\" >\n\t\t\t<div class=\"wpb_wrapper\">\n\t\t\t\t<div class=\"divider-wrap\" data-alignment=\"default\"><div style=\"height: 65px;\" class=\"divider\"><\/div><\/div>\n<div class=\"wpb_text_column wpb_content_element\" >\n\t<div class=\"wpb_wrapper\">\n\t\t<h4><strong>Applications \u00e9v\u00e9nementielles<\/strong><\/h4>\n<p>Nos meubles servent \u00e0 :<\/p>\n<ul>\n<li><span style=\"color: #000000;\"><a style=\"color: #000000;\" href=\"#topic1\">Salles\/lieux de r\u00e9ception<\/a><\/span><\/li>\n<li><span style=\"color: #000000;\"><a style=\"color: #000000;\" href=\"#topic2\">Festivals et \u00e9v\u00e9nements de grande envergure<\/a><\/span><\/li>\n<li><span style=\"color: #000000;\"><a style=\"color: #000000;\" href=\"#topic3\">Congr\u00e8s et conf\u00e9rences<\/a><\/span><\/li>\n<li><span style=\"color: #000000;\"><a style=\"color: #000000;\" href=\"#topic4\">Galas et f\u00eates d&#039;entreprise<\/a><\/span><\/li>\n<li><span style=\"color: #000000;\"><a style=\"color: #000000;\" href=\"#topic5\">Foires et expositions<\/a><\/span><\/li>\n<li><span style=\"color: #000000;\"><a style=\"color: #000000;\" href=\"#topic6\">Lieux \u00e9v\u00e9nementiels temporaires\/boutiques \u00e9ph\u00e9m\u00e8res<\/a><\/span><\/li>\n<li>\u2026<\/li>\n<\/ul>\n\t<\/div>\n<\/div>\n\n\n\n<div class=\"divider-wrap\" data-alignment=\"default\"><div style=\"height: 25px;\" class=\"divider\"><\/div><\/div>\n\t\t\t<\/div> \n\t\t<\/div>\n\t<\/div> \n\n\t<div  class=\"vc_col-sm-6 wpb_column column_container vc_column_container col no-extra-padding inherit_tablet inherit_phone\"  data-padding-pos=\"all\" data-has-bg-color=\"false\" data-bg-color=\"\" data-bg-opacity=\"1\" data-animation=\"\" data-delay=\"0\" >\n\t\t<div class=\"vc_column-inner\" >\n\t\t\t<div class=\"wpb_wrapper\">\n\t\t\t\t<div class=\"divider-wrap\" data-alignment=\"default\"><div style=\"height: 65px;\" class=\"divider\"><\/div><\/div>\n<div class=\"wpb_text_column wpb_content_element\" >\n\t<div class=\"wpb_wrapper\">\n\t\t<h4><strong>Nos solutions<\/strong><\/h4>\n<p>Notre assortiment se compose de meubles destin\u00e9s \u00e0 un usage professionnel\u00a0:<\/p>\n<ul>\n<li>Empilable<\/li>\n<li>Souple<\/li>\n<li>Multifonctionnel<\/li>\n<li>Transportable<\/li>\n<li>Gain de temps<\/li>\n<li>convivial<\/li>\n<li>\u2026<\/li>\n<\/ul>\n\t<\/div>\n<\/div>\n\n\n\n<div class=\"divider-wrap\" data-alignment=\"default\"><div style=\"height: 25px;\" class=\"divider\"><\/div><\/div>\n\t\t\t<\/div> \n\t\t<\/div>\n\t<\/div> \n<\/div><\/div>\n\t\t<div id=\"fws_69f3551ab2750\"  data-column-margin=\"default\" data-midnight=\"dark\"  class=\"wpb_row vc_row-fluid vc_row\"  style=\"padding-top: 0px; padding-bottom: 0px; \"><div class=\"row-bg-wrap\" data-bg-animation=\"none\" data-bg-animation-delay=\"\" data-bg-overlay=\"false\"><div class=\"inner-wrap row-bg-layer\" ><div class=\"row-bg viewport-desktop\"  style=\"\"><\/div><\/div><\/div><div class=\"row_col_wrap_12 col span_12 dark left\">\n\t<div  class=\"vc_col-sm-6 wpb_column column_container vc_column_container col no-extra-padding inherit_tablet inherit_phone\"  data-padding-pos=\"all\" data-has-bg-color=\"false\" data-bg-color=\"\" data-bg-opacity=\"1\" data-animation=\"\" data-delay=\"0\" >\n\t\t<div class=\"vc_column-inner\" >\n\t\t\t<div class=\"wpb_wrapper\">\n\t\t\t\t<div class=\"divider-wrap\" data-alignment=\"default\"><div style=\"height: 65px;\" class=\"divider\"><\/div><\/div><div class='nectar-image-comparison twentytwenty-container'>\n  <img class='skip-lazy' src='https:\/\/flexfurn.com\/wp-content\/uploads\/2026\/03\/Gemini_Generated_Image_veby38veby38veby.png' alt='Cadre festif ensoleill\u00e9, sans mobilier, pr\u00eat \u00e0 \u00eatre install\u00e9.'>\n  <img class='skip-lazy' src='https:\/\/flexfurn.com\/wp-content\/uploads\/2026\/03\/1.png' alt='Table haute Kubo avec tabourets de bar Kasar dans un cadre de festival ensoleill\u00e9 en plein air.'>\n<\/div><div class=\"divider-wrap\" data-alignment=\"default\"><div style=\"height: 65px;\" class=\"divider\"><\/div><\/div>\n\t\t\t<\/div> \n\t\t<\/div>\n\t<\/div> \n\n\t<div  class=\"vc_col-sm-6 wpb_column column_container vc_column_container col no-extra-padding inherit_tablet inherit_phone\"  data-padding-pos=\"all\" data-has-bg-color=\"false\" data-bg-color=\"\" data-bg-opacity=\"1\" data-animation=\"\" data-delay=\"0\" >\n\t\t<div class=\"vc_column-inner\" >\n\t\t\t<div class=\"wpb_wrapper\">\n\t\t\t\t<div class=\"divider-wrap\" data-alignment=\"default\"><div style=\"height: 65px;\" class=\"divider\"><\/div><\/div><div class='nectar-image-comparison twentytwenty-container'>\n  <img class='skip-lazy' src='https:\/\/flexfurn.com\/wp-content\/uploads\/2026\/03\/Gemini_Generated_Image_m3fhrum3fhrum3fh.png' alt='Espace \u00e9v\u00e9nementiel vide dans la mine C, sans mobilier.'>\n  <img class='skip-lazy' src='https:\/\/flexfurn.com\/wp-content\/uploads\/2026\/03\/2.png' alt='Table Flow avec chaises Kasar dans un cadre \u00e9v\u00e9nementiel \u00e0 C-mine.'>\n<\/div><div class=\"divider-wrap\" data-alignment=\"default\"><div style=\"height: 65px;\" class=\"divider\"><\/div><\/div>\n\t\t\t<\/div> \n\t\t<\/div>\n\t<\/div> \n<\/div><\/div>\n\t\t<div id=\"fws_69f3551ab37d8\"  data-column-margin=\"default\" data-midnight=\"dark\"  class=\"wpb_row vc_row-fluid vc_row full-width-section\"  style=\"padding-top: 0px; padding-bottom: 0px; \"><div class=\"row-bg-wrap\" data-bg-animation=\"none\" data-bg-animation-delay=\"\" data-bg-overlay=\"false\"><div class=\"inner-wrap row-bg-layer\" ><div class=\"row-bg viewport-desktop using-bg-color\"  style=\"background-color: #EFEFEF; \"><\/div><\/div><\/div><div class=\"row_col_wrap_12 col span_12 dark left\">\n\t<div  class=\"vc_col-sm-12 wpb_column column_container vc_column_container col no-extra-padding inherit_tablet inherit_phone\"  data-padding-pos=\"all\" data-has-bg-color=\"false\" data-bg-color=\"\" data-bg-opacity=\"1\" data-animation=\"\" data-delay=\"0\" >\n\t\t<div class=\"vc_column-inner\" >\n\t\t\t<div class=\"wpb_wrapper\">\n\t\t\t\t<div class=\"divider-wrap\" data-alignment=\"default\"><div style=\"height: 65px;\" class=\"divider\"><\/div><\/div>\n<div class=\"wpb_text_column wpb_content_element\" >\n\t<div class=\"wpb_wrapper\">\n\t\t<h3 style=\"text-align: center;\">Pourquoi les professionnels de l&#039;\u00e9v\u00e9nementiel choisissent-ils Flexfurn ?<\/h3>\n\t<\/div>\n<\/div>\n\n\n\n<div class=\"divider-wrap\" data-alignment=\"default\"><div style=\"height: 25px;\" class=\"divider\"><\/div><\/div>\n\t\t\t<\/div> \n\t\t<\/div>\n\t<\/div> \n<\/div><\/div>\n\t\t<div id=\"fws_69f3551ab3d7f\"  data-column-margin=\"default\" data-midnight=\"dark\"  class=\"wpb_row vc_row-fluid vc_row full-width-section\"  style=\"padding-top: 0px; padding-bottom: 0px; \"><div class=\"row-bg-wrap\" data-bg-animation=\"none\" data-bg-animation-delay=\"\" data-bg-overlay=\"false\"><div class=\"inner-wrap row-bg-layer\" ><div class=\"row-bg viewport-desktop using-bg-color\"  style=\"background-color: #EFEFEF; \"><\/div><\/div><\/div><div class=\"row_col_wrap_12 col span_12 dark left\">\n\t<div  class=\"vc_col-sm-6 wpb_column column_container vc_column_container col no-extra-padding inherit_tablet inherit_phone\"  data-padding-pos=\"all\" data-has-bg-color=\"false\" data-bg-color=\"\" data-bg-opacity=\"1\" data-animation=\"\" data-delay=\"0\" >\n\t\t<div class=\"vc_column-inner\" >\n\t\t\t<div class=\"wpb_wrapper\">\n\t\t\t\t\n<div class=\"wpb_text_column wpb_content_element\" >\n\t<div class=\"wpb_wrapper\">\n\t\t<p style=\"text-align: center;\"><strong>Con\u00e7u pour une utilisation intensive<\/strong><\/p>\n<p style=\"text-align: center;\">Le mobilier Flexfurn est con\u00e7u pour le secteur \u00e9v\u00e9nementiel, o\u00f9 il est fr\u00e9quemment d\u00e9plac\u00e9, install\u00e9 et empil\u00e9. Il doit donc r\u00e9sister \u00e0 un usage intensif. Gr\u00e2ce \u00e0 des mat\u00e9riaux de qualit\u00e9 et \u00e0 une conception ing\u00e9nieuse, les produits restent durables et fiables.<\/p>\n<p style=\"text-align: center;\"><strong>Transport et stockage efficaces<\/strong><\/p>\n<p style=\"text-align: center;\">Tous les produits Flexfurn sont empilables ou pliables, ce qui permet un gain de place lors du transport et du stockage. De plus, les chariots de transport sp\u00e9cialement con\u00e7us garantissent un montage et un d\u00e9montage plus rapides et plus efficaces pour vos \u00e9v\u00e9nements. Vous gagnez ainsi du temps et travaillez plus sereinement sur place.<\/p>\n\t<\/div>\n<\/div>\n\n\n\n<div class=\"divider-wrap\" data-alignment=\"default\"><div style=\"height: 25px;\" class=\"divider\"><\/div><\/div>\n\t\t\t<\/div> \n\t\t<\/div>\n\t<\/div> \n\n\t<div  class=\"vc_col-sm-6 wpb_column column_container vc_column_container col no-extra-padding inherit_tablet inherit_phone\"  data-padding-pos=\"all\" data-has-bg-color=\"false\" data-bg-color=\"\" data-bg-opacity=\"1\" data-animation=\"\" data-delay=\"0\" >\n\t\t<div class=\"vc_column-inner\" >\n\t\t\t<div class=\"wpb_wrapper\">\n\t\t\t\t\n<div class=\"wpb_text_column wpb_content_element\" >\n\t<div class=\"wpb_wrapper\">\n\t\t<p style=\"text-align: center;\"><strong>Design et fonctionnalit\u00e9 r\u00e9unis<\/strong><\/p>\n<p style=\"text-align: center;\" data-start=\"174\" data-end=\"450\">Au-del\u00e0 des avantages pratiques, l&#039;esth\u00e9tique joue un r\u00f4le primordial lors d&#039;\u00e9v\u00e9nements. C&#039;est pourquoi nous associons un design intemporel \u00e0 des solutions fonctionnelles, afin que le mobilier soit non seulement pratique, mais contribue \u00e9galement \u00e0 cr\u00e9er une ambiance soign\u00e9e et professionnelle.<\/p>\n<p style=\"text-align: center;\"><strong>Mise en place d&#039;\u00e9v\u00e9nements rapides et flexibles<\/strong><\/p>\n<p style=\"text-align: center;\">Des salles de conf\u00e9rence aux r\u00e9ceptions et galas, nous proposons des solutions adaptables \u00e0 tous types d&#039;\u00e9v\u00e9nements. Chaises, tables et tabourets de bar se combinent facilement pour cr\u00e9er rapidement un espace professionnel. Cette flexibilit\u00e9 permet d&#039;ajuster l&#039;am\u00e9nagement en toute circonstance.<\/p>\n\t<\/div>\n<\/div>\n\n\n\n<div class=\"divider-wrap\" data-alignment=\"default\"><div style=\"height: 25px;\" class=\"divider\"><\/div><\/div>\n\t\t\t<\/div> \n\t\t<\/div>\n\t<\/div> \n<\/div><\/div>\n\t\t<div id=\"fws_69f3551ab4531\"  data-column-margin=\"default\" data-midnight=\"dark\"  class=\"wpb_row vc_row-fluid vc_row\"  style=\"padding-top: 0px; padding-bottom: 0px; \"><div class=\"row-bg-wrap\" data-bg-animation=\"none\" data-bg-animation-delay=\"\" data-bg-overlay=\"false\"><div class=\"inner-wrap row-bg-layer\" ><div class=\"row-bg viewport-desktop\"  style=\"\"><\/div><\/div><\/div><div class=\"row_col_wrap_12 col span_12 dark left\">\n\t<div  class=\"vc_col-sm-6 wpb_column column_container vc_column_container col no-extra-padding inherit_tablet inherit_phone\"  data-padding-pos=\"all\" data-has-bg-color=\"false\" data-bg-color=\"\" data-bg-opacity=\"1\" data-animation=\"\" data-delay=\"0\" >\n\t\t<div class=\"vc_column-inner\" >\n\t\t\t<div class=\"wpb_wrapper\">\n\t\t\t\t<div class=\"divider-wrap\" data-alignment=\"default\"><div style=\"height: 65px;\" class=\"divider\"><\/div><\/div><div class=\"img-with-aniamtion-wrap\" data-max-width=\"100%\" data-max-width-mobile=\"default\" data-shadow=\"none\" data-animation=\"none\" >\n      <div class=\"inner\">\n        <div class=\"hover-wrap\"> \n          <div class=\"hover-wrap-inner\">\n            <img loading=\"lazy\" decoding=\"async\" class=\"img-with-animation skip-lazy\" data-delay=\"0\" height=\"2560\" width=\"1707\" data-animation=\"none\" src=\"https:\/\/flexfurn.com\/wp-content\/uploads\/2026\/04\/Kasar-Black-Graspop-Metal-Meeting-3-scaled.jpg\" alt=\"Des tabourets de bar Kasar et des tables hautes Kubo ont \u00e9t\u00e9 install\u00e9s lors du Graspop Metal Meeting, id\u00e9aux pour des installations \u00e9v\u00e9nementielles robustes et efficaces dans un contexte de festival.\" srcset=\"https:\/\/flexfurn.com\/wp-content\/uploads\/2026\/04\/Kasar-Black-Graspop-Metal-Meeting-3-scaled.jpg 1707w, https:\/\/flexfurn.com\/wp-content\/uploads\/2026\/04\/Kasar-Black-Graspop-Metal-Meeting-3-200x300.jpg 200w, https:\/\/flexfurn.com\/wp-content\/uploads\/2026\/04\/Kasar-Black-Graspop-Metal-Meeting-3-683x1024.jpg 683w, https:\/\/flexfurn.com\/wp-content\/uploads\/2026\/04\/Kasar-Black-Graspop-Metal-Meeting-3-768x1152.jpg 768w, https:\/\/flexfurn.com\/wp-content\/uploads\/2026\/04\/Kasar-Black-Graspop-Metal-Meeting-3-1024x1536.jpg 1024w, https:\/\/flexfurn.com\/wp-content\/uploads\/2026\/04\/Kasar-Black-Graspop-Metal-Meeting-3-1365x2048.jpg 1365w, https:\/\/flexfurn.com\/wp-content\/uploads\/2026\/04\/Kasar-Black-Graspop-Metal-Meeting-3-8x12.jpg 8w, https:\/\/flexfurn.com\/wp-content\/uploads\/2026\/04\/Kasar-Black-Graspop-Metal-Meeting-3-1000x1500.jpg 1000w\" sizes=\"auto, (max-width: 1707px) 100vw, 1707px\" \/>\n          <\/div>\n        <\/div>\n      <\/div>\n    <\/div><div class=\"divider-wrap\" data-alignment=\"default\"><div style=\"height: 30px;\" class=\"divider\"><\/div><\/div>\n\t\t\t<\/div> \n\t\t<\/div>\n\t<\/div> \n\n\t<div  class=\"vc_col-sm-6 wpb_column column_container vc_column_container col no-extra-padding inherit_tablet inherit_phone\"  data-padding-pos=\"all\" data-has-bg-color=\"false\" data-bg-color=\"\" data-bg-opacity=\"1\" data-animation=\"\" data-delay=\"0\" >\n\t\t<div class=\"vc_column-inner\" >\n\t\t\t<div class=\"wpb_wrapper\">\n\t\t\t\t<div class=\"divider-wrap\" data-alignment=\"default\"><div style=\"height: 65px;\" class=\"divider\"><\/div><\/div>\n<div class=\"wpb_text_column wpb_content_element\"  id=\"topic1\">\n\t<div class=\"wpb_wrapper\">\n\t\t<h5 data-section-id=\"1ryrxyu\" data-start=\"113\" data-end=\"146\"><strong><span style=\"color: #bfb27b;\">Salles et lieux de r\u00e9ception<\/span><\/strong><\/h5>\n<p>La flexibilit\u00e9 est essentielle. Par exemple, l&#039;espace se transforme souvent rapidement d&#039;une r\u00e9ception en un d\u00eener ou une f\u00eate. Le mobilier doit donc \u00eatre facile \u00e0 d\u00e9placer, empilable et fonctionnel, sans pour autant sacrifier l&#039;esth\u00e9tique.<a href=\"https:\/\/flexfurn.com\/fr\/categorie-de-produit-2\/collection\/kubo\/\">Kubo<\/a>, <a href=\"https:\/\/flexfurn.com\/fr\/categorie-de-produit-2\/collection\/style-tolix\/\">Style Tolix<\/a>, <a href=\"https:\/\/flexfurn.com\/fr\/categorie-de-produit-2\/collection\/sel\/\">Sel<\/a>, <a href=\"https:\/\/flexfurn.com\/fr\/produit\/table-pliante-ocean\/\">Oc\u00e9an<\/a>)<\/p>\n\t<\/div>\n<\/div>\n\n\n\n\n<div class=\"wpb_text_column wpb_content_element\"  id=\"topic2\">\n\t<div class=\"wpb_wrapper\">\n\t\t<h5 data-section-id=\"1g3zq08\" data-start=\"1520\" data-end=\"1559\"><strong><span style=\"color: #bfb27b;\">Festivals et \u00e9v\u00e9nements de grande envergure<\/span><\/strong><\/h5>\n<p data-start=\"1560\" data-end=\"1780\">Lors de grands \u00e9v\u00e9nements, la rapidit\u00e9 et l&#039;efficacit\u00e9 sont primordiales. Le mobilier doit pouvoir \u00eatre mont\u00e9 et d\u00e9mont\u00e9 rapidement. De plus, la durabilit\u00e9 et la facilit\u00e9 d&#039;utilisation sont essentielles pour un d\u00e9roulement sans accroc et sans retard.<a href=\"https:\/\/flexfurn.com\/fr\/categorie-de-produit-2\/collection\/kubo\/\">Kubo<\/a>, <a href=\"https:\/\/flexfurn.com\/fr\/categorie-de-produit-2\/collection\/couler\/\">Couler<\/a>, <a href=\"https:\/\/flexfurn.com\/fr\/categorie-de-produit-2\/collection\/tribo\/\">Tribo<\/a>, <a href=\"https:\/\/flexfurn.com\/fr\/categorie-de-produit-2\/collection\/ailes\/\">Ailes<\/a>)<\/p>\n\t<\/div>\n<\/div>\n\n\n\n\n<div class=\"wpb_text_column wpb_content_element\"  id=\"topic3\">\n\t<div class=\"wpb_wrapper\">\n\t\t<h5 data-section-id=\"at9npj\" data-start=\"381\" data-end=\"413\"><strong><span style=\"color: #bfb27b;\">Congr\u00e8s et conf\u00e9rences<\/span><\/strong><\/h5>\n<p data-start=\"414\" data-end=\"668\">Lors des conf\u00e9rences, tout repose sur l&#039;organisation et la capacit\u00e9 d&#039;accueil. Il est donc essentiel de pouvoir disposer rapidement un grand nombre de chaises en rang\u00e9es ou en blocs bien ordonn\u00e9s. Par ailleurs, une disposition uniforme et soign\u00e9e contribue \u00e0 une image professionnelle.<a href=\"https:\/\/flexfurn.com\/fr\/produit\/chaise-empilable-curvo\/\">Courbe<\/a>, <a href=\"https:\/\/flexfurn.com\/fr\/produit\/chaise-empilable-kasar\/\">Kasar<\/a>, <a href=\"https:\/\/flexfurn.com\/fr\/produit\/chaise-empilable-pepper\/\">Poivre<\/a>, \u2026)<\/p>\n\t<\/div>\n<\/div>\n\n\n\n\n<div class=\"wpb_text_column wpb_content_element\"  id=\"topic4\">\n\t<div class=\"wpb_wrapper\">\n\t\t<h5 data-start=\"703\" data-end=\"982\"><strong><span style=\"color: #bfb27b;\">Galas et f\u00eates d&#039;entreprise<\/span><\/strong><\/h5>\n<p data-start=\"1007\" data-end=\"1263\">Lors des galas et des d\u00eeners, l&#039;apparence compte. C&#039;est pourquoi les tables et les chaises doivent offrir un cadre soign\u00e9 et \u00e9l\u00e9gant. Parall\u00e8lement, la praticit\u00e9 reste primordiale pour une installation et un rangement ais\u00e9s.<a href=\"https:\/\/flexfurn.com\/fr\/categorie-de-produit-2\/collection\/collection-mundi\/\">Mundi<\/a>, <a href=\"https:\/\/flexfurn.com\/fr\/categorie-de-produit-2\/collection\/alice\/\">Alice<\/a>, <a href=\"https:\/\/flexfurn.com\/fr\/categorie-de-produit-2\/collection\/vase\/\">Vase<\/a>, <a href=\"https:\/\/flexfurn.com\/fr\/categorie-de-produit-2\/collection\/nounours\/\">Nounours<\/a>, <a href=\"https:\/\/flexfurn.com\/fr\/produit\/chaise-empilable-nina\/\">Nina<\/a>)<\/p>\n\t<\/div>\n<\/div>\n\n\n\n\n<div class=\"wpb_text_column wpb_content_element\"  id=\"topic5\">\n\t<div class=\"wpb_wrapper\">\n\t\t<h5 data-section-id=\"1srnhbo\" data-start=\"1265\" data-end=\"1288\"><strong><span style=\"color: #bfb27b;\">Foires et expositions<\/span><\/strong><\/h5>\n<p data-start=\"1289\" data-end=\"1518\">La polyvalence est essentielle lors des salons professionnels. C&#039;est pourquoi les exposants ont besoin de mobilier facile \u00e0 d\u00e9placer. De plus, les solutions compactes et modulables font toute la diff\u00e9rence, car elles s&#039;adaptent rapidement \u00e0 diff\u00e9rentes configurations.<a href=\"https:\/\/flexfurn.com\/fr\/categorie-de-produit-2\/collection\/ligne\/\">Lin\u00e9a<\/a>, <a href=\"https:\/\/flexfurn.com\/fr\/categorie-de-produit-2\/collection\/mur-de-kubo\/\">Mur de Kubo<\/a>)<\/p>\n\t<\/div>\n<\/div>\n\n\n\n\n<div class=\"wpb_text_column wpb_content_element\"  id=\"topic6\">\n\t<div class=\"wpb_wrapper\">\n\t\t<h5 data-section-id=\"7f0cwc\" data-start=\"670\" data-end=\"702\"><strong><span style=\"color: #bfb27b;\">Lieux \u00e9v\u00e9nementiels temporaires et boutiques \u00e9ph\u00e9m\u00e8res<\/span><\/strong><\/h5>\n<p data-start=\"703\" data-end=\"982\">Les installations \u00e9ph\u00e9m\u00e8res et les sites temporaires exigent une flexibilit\u00e9 maximale. Le mobilier doit donc \u00eatre l\u00e9ger, empilable et rapide \u00e0 installer afin que le montage et le d\u00e9montage se d\u00e9roulent sans encombre, quel que soit le lieu. De plus, un mode de travail pratique et efficace est essentiel, permettant aux \u00e9quipes de s&#039;adapter rapidement et de r\u00e9agir \u00e0 toute situation.<a href=\"https:\/\/flexfurn.com\/fr\/categorie-de-produit-2\/collection\/kubo\/\">Kubo<\/a>, <a href=\"https:\/\/flexfurn.com\/fr\/categorie-de-produit-2\/collection\/conique\/\">Conique<\/a>, <a href=\"https:\/\/flexfurn.com\/fr\/produit\/tolix-style-pp\/\">Style Tolix PP<\/a>)<\/p>\n\t<\/div>\n<\/div>\n\n\n\n<div class=\"divider-wrap\" data-alignment=\"default\"><div style=\"height: 30px;\" class=\"divider\"><\/div><\/div>\n\t\t\t<\/div> \n\t\t<\/div>\n\t<\/div> \n<\/div><\/div>\n\t\t<div id=\"fws_69f3551ab538b\"  data-column-margin=\"default\" data-midnight=\"dark\"  class=\"wpb_row vc_row-fluid vc_row full-width-section\"  style=\"padding-top: 0px; padding-bottom: 0px; \"><div class=\"row-bg-wrap\" data-bg-animation=\"none\" data-bg-animation-delay=\"\" data-bg-overlay=\"false\"><div class=\"inner-wrap row-bg-layer\" ><div class=\"row-bg viewport-desktop using-bg-color\"  style=\"background-color: #C7B370; \"><\/div><\/div><\/div><div class=\"row_col_wrap_12 col span_12 dark left\">\n\t<div  class=\"vc_col-sm-12 wpb_column column_container vc_column_container col no-extra-padding inherit_tablet inherit_phone\"  data-padding-pos=\"all\" data-has-bg-color=\"false\" data-bg-color=\"\" data-bg-opacity=\"1\" data-animation=\"\" data-delay=\"0\" >\n\t\t<div class=\"vc_column-inner\" >\n\t\t\t<div class=\"wpb_wrapper\">\n\t\t\t\t<div class=\"divider-wrap\" data-alignment=\"default\"><div style=\"height: 50px;\" class=\"divider\"><\/div><\/div>\n<div class=\"wpb_text_column wpb_content_element\" >\n\t<div class=\"wpb_wrapper\">\n\t\t<h3 style=\"text-align: center;\"><strong>Vous recherchez un fournisseur fiable de mobilier \u00e9v\u00e9nementiel ?<\/strong><\/h3>\n<p style=\"text-align: center;\">D\u00e9couvrez la gamme compl\u00e8te Flexfurn ou contactez notre \u00e9quipe.<\/p>\n\t<\/div>\n<\/div>\n\n\n\n<div class=\"divider-wrap\" data-alignment=\"default\"><div style=\"height: 25px;\" class=\"divider\"><\/div><\/div>\n\t\t\t<\/div> \n\t\t<\/div>\n\t<\/div> \n<\/div><\/div>\n\t\t<div id=\"fws_69f3551ab58ff\"  data-column-margin=\"default\" data-midnight=\"dark\"  class=\"wpb_row vc_row-fluid vc_row full-width-section\"  style=\"padding-top: 0px; padding-bottom: 0px; \"><div class=\"row-bg-wrap\" data-bg-animation=\"none\" data-bg-animation-delay=\"\" data-bg-overlay=\"false\"><div class=\"inner-wrap row-bg-layer\" ><div class=\"row-bg viewport-desktop using-bg-color\"  style=\"background-color: #C7B370; \"><\/div><\/div><\/div><div class=\"row_col_wrap_12 col span_12 dark left\">\n\t<div  class=\"vc_col-sm-3 wpb_column column_container vc_column_container col no-extra-padding inherit_tablet inherit_phone\"  data-padding-pos=\"all\" data-has-bg-color=\"false\" data-bg-color=\"\" data-bg-opacity=\"1\" data-animation=\"\" data-delay=\"0\" >\n\t\t<div class=\"vc_column-inner\" >\n\t\t\t<div class=\"wpb_wrapper\">\n\t\t\t\t<div class=\"nectar-cta  text_hover_color_FFFFFF alignment_tablet_default alignment_phone_default display_tablet_inherit display_phone_inherit\" data-color=\"default\" data-using-bg=\"false\" data-style=\"see-through\" data-display=\"block\" data-alignment=\"center\" data-text-color=\"custom\" ><h6 style=\"color: #FFFFFF;\"> <span class=\"text\">T\u00e9l\u00e9chargez le catalogue <\/span><span class=\"link_wrap\" ><a  class=\"link_text\" role=\"button\" href=\"https:\/\/flexfurn.com\/en\/catalogue\/\"><span class=\"arrow\"><\/span><\/a><\/span><\/h6><\/div><div class=\"divider-wrap\" data-alignment=\"default\"><div style=\"height: 40px;\" class=\"divider\"><\/div><\/div>\n\t\t\t<\/div> \n\t\t<\/div>\n\t<\/div> \n\n\t<div  class=\"vc_col-sm-3 wpb_column column_container vc_column_container col no-extra-padding inherit_tablet inherit_phone\"  data-padding-pos=\"all\" data-has-bg-color=\"false\" data-bg-color=\"\" data-bg-opacity=\"1\" data-animation=\"\" data-delay=\"0\" >\n\t\t<div class=\"vc_column-inner\" >\n\t\t\t<div class=\"wpb_wrapper\">\n\t\t\t\t<div class=\"nectar-cta  text_hover_color_FFFFFF alignment_tablet_default alignment_phone_default display_tablet_inherit display_phone_inherit\" data-color=\"default\" data-using-bg=\"false\" data-style=\"see-through\" data-display=\"block\" data-alignment=\"center\" data-text-color=\"custom\" ><h6 style=\"color: #FFFFFF;\"> <span class=\"text\">Consultez l&#039;assortiment en ligne <\/span><span class=\"link_wrap\" ><a  class=\"link_text\" role=\"button\" href=\"https:\/\/flexfurn.com\/fr\/boutique\/\"><span class=\"arrow\"><\/span><\/a><\/span><\/h6><\/div><div class=\"divider-wrap\" data-alignment=\"default\"><div style=\"height: 40px;\" class=\"divider\"><\/div><\/div>\n\t\t\t<\/div> \n\t\t<\/div>\n\t<\/div> \n\n\t<div  class=\"vc_col-sm-3 wpb_column column_container vc_column_container col no-extra-padding inherit_tablet inherit_phone\"  data-padding-pos=\"all\" data-has-bg-color=\"false\" data-bg-color=\"\" data-bg-opacity=\"1\" data-animation=\"\" data-delay=\"0\" >\n\t\t<div class=\"vc_column-inner\" >\n\t\t\t<div class=\"wpb_wrapper\">\n\t\t\t\t<div class=\"nectar-cta  text_hover_color_FFFFFF alignment_tablet_default alignment_phone_default display_tablet_inherit display_phone_inherit\" data-color=\"default\" data-using-bg=\"false\" data-style=\"see-through\" data-display=\"block\" data-alignment=\"center\" data-text-color=\"custom\" ><h6 style=\"color: #FFFFFF;\"> <span class=\"text\">Demandez votre devis <\/span><span class=\"link_wrap\" ><a  class=\"link_text\" role=\"button\" href=\"https:\/\/flexfurn.com\/en\/quote\/\"><span class=\"arrow\"><\/span><\/a><\/span><\/h6><\/div><div class=\"divider-wrap\" data-alignment=\"default\"><div style=\"height: 40px;\" class=\"divider\"><\/div><\/div>\n\t\t\t<\/div> \n\t\t<\/div>\n\t<\/div> \n\n\t<div  class=\"vc_col-sm-3 wpb_column column_container vc_column_container col no-extra-padding inherit_tablet inherit_phone\"  data-padding-pos=\"all\" data-has-bg-color=\"false\" data-bg-color=\"\" data-bg-opacity=\"1\" data-animation=\"\" data-delay=\"0\" >\n\t\t<div class=\"vc_column-inner\" >\n\t\t\t<div class=\"wpb_wrapper\">\n\t\t\t\t<div class=\"nectar-cta  text_hover_color_FFFFFF alignment_tablet_default alignment_phone_default display_tablet_inherit display_phone_inherit\" data-color=\"default\" data-using-bg=\"false\" data-style=\"see-through\" data-display=\"block\" data-alignment=\"center\" data-text-color=\"custom\" ><h6 style=\"color: #FFFFFF;\"> <span class=\"text\">Contactez-nous <\/span><span class=\"link_wrap\" ><a  class=\"link_text\" role=\"button\" href=\"https:\/\/flexfurn.com\/en\/contact\/\"><span class=\"arrow\"><\/span><\/a><\/span><\/h6><\/div><div class=\"divider-wrap\" data-alignment=\"default\"><div style=\"height: 40px;\" class=\"divider\"><\/div><\/div>\n\t\t\t<\/div> \n\t\t<\/div>\n\t<\/div> \n<\/div><\/div>","protected":false},"excerpt":{"rendered":"Toeleverancier van eventmeubilair\u00a0 Flexfurn levert kwalitatief, stapelbaar en flexibel meubilair voor evenementen, verhuurbedrijven en organisatoren wereldwijd. Download de catalogus Bekijk het assortiment online Contacteer ons \"Bij evenementen draait alles om...","protected":false},"author":2,"featured_media":199,"parent":0,"menu_order":0,"comment_status":"closed","ping_status":"closed","template":"","meta":{"footnotes":""},"class_list":["post-34008","page","type-page","status-publish","has-post-thumbnail"],"yoast_head":"<!-- This site is optimized with the Yoast SEO plugin v26.6 - https:\/\/yoast.com\/wordpress\/plugins\/seo\/ -->\n<title>Toeleverancier eventmeubilair - Flexfurn<\/title>\n<meta name=\"description\" content=\"Op zoek naar een toeleverancier van event meubilair? Flexfurn levert duurzame en professionele meubels voor evenementen.\" \/>\n<meta name=\"robots\" content=\"index, follow, max-snippet:-1, max-image-preview:large, max-video-preview:-1\" \/>\n<link rel=\"canonical\" href=\"https:\/\/flexfurn.com\/fr\/fournisseur-de-mobilier-evenementiel\/\" \/>\n<meta property=\"og:locale\" content=\"fr_FR\" \/>\n<meta property=\"og:type\" content=\"article\" \/>\n<meta property=\"og:title\" content=\"Toeleverancier eventmeubilair - Flexfurn\" \/>\n<meta property=\"og:description\" content=\"Op zoek naar een toeleverancier van event meubilair? Flexfurn levert duurzame en professionele meubels voor evenementen.\" \/>\n<meta property=\"og:url\" content=\"https:\/\/flexfurn.com\/fr\/fournisseur-de-mobilier-evenementiel\/\" \/>\n<meta property=\"og:site_name\" content=\"Flexfurn\" \/>\n<meta property=\"article:modified_time\" content=\"2026-04-23T14:42:16+00:00\" \/>\n<meta property=\"og:image\" content=\"https:\/\/flexfurn.com\/wp-content\/uploads\/2023\/09\/Kubo-Smart-Black-Copper-Kubo-Smart-Bar-Black-1.png\" \/>\n\t<meta property=\"og:image:width\" content=\"1440\" \/>\n\t<meta property=\"og:image:height\" content=\"499\" \/>\n\t<meta property=\"og:image:type\" content=\"image\/png\" \/>\n<meta name=\"twitter:card\" content=\"summary_large_image\" \/>\n<meta name=\"twitter:label1\" content=\"Dur\u00e9e de lecture est.\" \/>\n\t<meta name=\"twitter:data1\" content=\"6 minutes\" \/>\n<script type=\"application\/ld+json\" class=\"yoast-schema-graph\">{\"@context\":\"https:\/\/schema.org\",\"@graph\":[{\"@type\":\"WebPage\",\"@id\":\"https:\/\/flexfurn.com\/toeleverancier-event-meubilair\/\",\"url\":\"https:\/\/flexfurn.com\/toeleverancier-event-meubilair\/\",\"name\":\"Toeleverancier eventmeubilair - Flexfurn\",\"isPartOf\":{\"@id\":\"https:\/\/flexfurn.com\/#website\"},\"primaryImageOfPage\":{\"@id\":\"https:\/\/flexfurn.com\/toeleverancier-event-meubilair\/#primaryimage\"},\"image\":{\"@id\":\"https:\/\/flexfurn.com\/toeleverancier-event-meubilair\/#primaryimage\"},\"thumbnailUrl\":\"https:\/\/flexfurn.com\/wp-content\/uploads\/2023\/09\/Kubo-Smart-Black-Copper-Kubo-Smart-Bar-Black-1.png\",\"datePublished\":\"2026-04-20T12:13:08+00:00\",\"dateModified\":\"2026-04-23T14:42:16+00:00\",\"description\":\"Op zoek naar een toeleverancier van event meubilair? Flexfurn levert duurzame en professionele meubels voor evenementen.\",\"breadcrumb\":{\"@id\":\"https:\/\/flexfurn.com\/toeleverancier-event-meubilair\/#breadcrumb\"},\"inLanguage\":\"fr-BE\",\"potentialAction\":[{\"@type\":\"ReadAction\",\"target\":[\"https:\/\/flexfurn.com\/toeleverancier-event-meubilair\/\"]}]},{\"@type\":\"ImageObject\",\"inLanguage\":\"fr-BE\",\"@id\":\"https:\/\/flexfurn.com\/toeleverancier-event-meubilair\/#primaryimage\",\"url\":\"https:\/\/flexfurn.com\/wp-content\/uploads\/2023\/09\/Kubo-Smart-Black-Copper-Kubo-Smart-Bar-Black-1.png\",\"contentUrl\":\"https:\/\/flexfurn.com\/wp-content\/uploads\/2023\/09\/Kubo-Smart-Black-Copper-Kubo-Smart-Bar-Black-1.png\",\"width\":1440,\"height\":499},{\"@type\":\"BreadcrumbList\",\"@id\":\"https:\/\/flexfurn.com\/toeleverancier-event-meubilair\/#breadcrumb\",\"itemListElement\":[{\"@type\":\"ListItem\",\"position\":1,\"name\":\"Home\",\"item\":\"https:\/\/flexfurn.com\/\"},{\"@type\":\"ListItem\",\"position\":2,\"name\":\"Toeleverancier eventmeubilair\"}]},{\"@type\":\"WebSite\",\"@id\":\"https:\/\/flexfurn.com\/#website\",\"url\":\"https:\/\/flexfurn.com\/\",\"name\":\"Flexfurn\",\"description\":\"\",\"publisher\":{\"@id\":\"https:\/\/flexfurn.com\/#organization\"},\"potentialAction\":[{\"@type\":\"SearchAction\",\"target\":{\"@type\":\"EntryPoint\",\"urlTemplate\":\"https:\/\/flexfurn.com\/?s={search_term_string}\"},\"query-input\":{\"@type\":\"PropertyValueSpecification\",\"valueRequired\":true,\"valueName\":\"search_term_string\"}}],\"inLanguage\":\"fr-BE\"},{\"@type\":\"Organization\",\"@id\":\"https:\/\/flexfurn.com\/#organization\",\"name\":\"Flexfurn\",\"url\":\"https:\/\/flexfurn.com\/\",\"logo\":{\"@type\":\"ImageObject\",\"inLanguage\":\"fr-BE\",\"@id\":\"https:\/\/flexfurn.com\/#\/schema\/logo\/image\/\",\"url\":\"https:\/\/flexfurn.com\/wp-content\/uploads\/2023\/08\/LogoBlack.svg\",\"contentUrl\":\"https:\/\/flexfurn.com\/wp-content\/uploads\/2023\/08\/LogoBlack.svg\",\"width\":210,\"height\":60,\"caption\":\"Flexfurn\"},\"image\":{\"@id\":\"https:\/\/flexfurn.com\/#\/schema\/logo\/image\/\"}}]}<\/script>\n<!-- \/ Yoast SEO plugin. -->","yoast_head_json":{"title":"Fournisseur de mobilier \u00e9v\u00e9nementiel - Flexfurn","description":"Vous recherchez un fournisseur de mobilier \u00e9v\u00e9nementiel ? Flexfurn propose du mobilier durable et professionnel pour vos \u00e9v\u00e9nements.","robots":{"index":"index","follow":"follow","max-snippet":"max-snippet:-1","max-image-preview":"max-image-preview:large","max-video-preview":"max-video-preview:-1"},"canonical":"https:\/\/flexfurn.com\/fr\/fournisseur-de-mobilier-evenementiel\/","og_locale":"fr_FR","og_type":"article","og_title":"Toeleverancier eventmeubilair - Flexfurn","og_description":"Op zoek naar een toeleverancier van event meubilair? Flexfurn levert duurzame en professionele meubels voor evenementen.","og_url":"https:\/\/flexfurn.com\/fr\/fournisseur-de-mobilier-evenementiel\/","og_site_name":"Flexfurn","article_modified_time":"2026-04-23T14:42:16+00:00","og_image":[{"width":1440,"height":499,"url":"https:\/\/flexfurn.com\/wp-content\/uploads\/2023\/09\/Kubo-Smart-Black-Copper-Kubo-Smart-Bar-Black-1.png","type":"image\/png"}],"twitter_card":"summary_large_image","twitter_misc":{"Dur\u00e9e de lecture est.":"6 minutes"},"schema":{"@context":"https:\/\/schema.org","@graph":[{"@type":"WebPage","@id":"https:\/\/flexfurn.com\/toeleverancier-event-meubilair\/","url":"https:\/\/flexfurn.com\/toeleverancier-event-meubilair\/","name":"Fournisseur de mobilier \u00e9v\u00e9nementiel - Flexfurn","isPartOf":{"@id":"https:\/\/flexfurn.com\/#website"},"primaryImageOfPage":{"@id":"https:\/\/flexfurn.com\/toeleverancier-event-meubilair\/#primaryimage"},"image":{"@id":"https:\/\/flexfurn.com\/toeleverancier-event-meubilair\/#primaryimage"},"thumbnailUrl":"https:\/\/flexfurn.com\/wp-content\/uploads\/2023\/09\/Kubo-Smart-Black-Copper-Kubo-Smart-Bar-Black-1.png","datePublished":"2026-04-20T12:13:08+00:00","dateModified":"2026-04-23T14:42:16+00:00","description":"Vous recherchez un fournisseur de mobilier \u00e9v\u00e9nementiel ? Flexfurn propose du mobilier durable et professionnel pour vos \u00e9v\u00e9nements.","breadcrumb":{"@id":"https:\/\/flexfurn.com\/toeleverancier-event-meubilair\/#breadcrumb"},"inLanguage":"fr-BE","potentialAction":[{"@type":"ReadAction","target":["https:\/\/flexfurn.com\/toeleverancier-event-meubilair\/"]}]},{"@type":"ImageObject","inLanguage":"fr-BE","@id":"https:\/\/flexfurn.com\/toeleverancier-event-meubilair\/#primaryimage","url":"https:\/\/flexfurn.com\/wp-content\/uploads\/2023\/09\/Kubo-Smart-Black-Copper-Kubo-Smart-Bar-Black-1.png","contentUrl":"https:\/\/flexfurn.com\/wp-content\/uploads\/2023\/09\/Kubo-Smart-Black-Copper-Kubo-Smart-Bar-Black-1.png","width":1440,"height":499},{"@type":"BreadcrumbList","@id":"https:\/\/flexfurn.com\/toeleverancier-event-meubilair\/#breadcrumb","itemListElement":[{"@type":"ListItem","position":1,"name":"Home","item":"https:\/\/flexfurn.com\/"},{"@type":"ListItem","position":2,"name":"Toeleverancier eventmeubilair"}]},{"@type":"WebSite","@id":"https:\/\/flexfurn.com\/#website","url":"https:\/\/flexfurn.com\/","name":"Flexfurn","description":"","publisher":{"@id":"https:\/\/flexfurn.com\/#organization"},"potentialAction":[{"@type":"SearchAction","target":{"@type":"EntryPoint","urlTemplate":"https:\/\/flexfurn.com\/?s={search_term_string}"},"query-input":{"@type":"PropertyValueSpecification","valueRequired":true,"valueName":"search_term_string"}}],"inLanguage":"fr-BE"},{"@type":"Organization","@id":"https:\/\/flexfurn.com\/#organization","name":"Flexfurn","url":"https:\/\/flexfurn.com\/","logo":{"@type":"ImageObject","inLanguage":"fr-BE","@id":"https:\/\/flexfurn.com\/#\/schema\/logo\/image\/","url":"https:\/\/flexfurn.com\/wp-content\/uploads\/2023\/08\/LogoBlack.svg","contentUrl":"https:\/\/flexfurn.com\/wp-content\/uploads\/2023\/08\/LogoBlack.svg","width":210,"height":60,"caption":"Flexfurn"},"image":{"@id":"https:\/\/flexfurn.com\/#\/schema\/logo\/image\/"}}]}},"_links":{"self":[{"href":"https:\/\/flexfurn.com\/fr\/wp-json\/wp\/v2\/pages\/34008","targetHints":{"allow":["GET"]}}],"collection":[{"href":"https:\/\/flexfurn.com\/fr\/wp-json\/wp\/v2\/pages"}],"about":[{"href":"https:\/\/flexfurn.com\/fr\/wp-json\/wp\/v2\/types\/page"}],"author":[{"embeddable":true,"href":"https:\/\/flexfurn.com\/fr\/wp-json\/wp\/v2\/users\/2"}],"replies":[{"embeddable":true,"href":"https:\/\/flexfurn.com\/fr\/wp-json\/wp\/v2\/comments?post=34008"}],"version-history":[{"count":142,"href":"https:\/\/flexfurn.com\/fr\/wp-json\/wp\/v2\/pages\/34008\/revisions"}],"predecessor-version":[{"id":36316,"href":"https:\/\/flexfurn.com\/fr\/wp-json\/wp\/v2\/pages\/34008\/revisions\/36316"}],"wp:featuredmedia":[{"embeddable":true,"href":"https:\/\/flexfurn.com\/fr\/wp-json\/wp\/v2\/media\/199"}],"wp:attachment":[{"href":"https:\/\/flexfurn.com\/fr\/wp-json\/wp\/v2\/media?parent=34008"}],"curies":[{"name":"wp","href":"https:\/\/api.w.org\/{rel}","templated":true}]}}