{"id":3881,"date":"2024-01-04T11:03:37","date_gmt":"2024-01-04T10:03:37","guid":{"rendered":"https:\/\/flexfurn.com\/?page_id=3881"},"modified":"2024-01-04T11:22:34","modified_gmt":"2024-01-04T10:22:34","slug":"merci-contacter","status":"publish","type":"page","link":"https:\/\/flexfurn.com\/fr\/merci-contacter\/","title":{"rendered":"Merci Page de contact"},"content":{"rendered":"<div id=\"fws_69f22e5a895f1\"  data-column-margin=\"none\" data-midnight=\"custom\" data-top-percent=\"12%\" data-bottom-percent=\"10%\"  class=\"wpb_row vc_row-fluid vc_row full-width-content vc_row-o-equal-height vc_row-flex vc_row-o-content-top parallax_section right_padding_5pct left_padding_5pct top_padding_tablet_30pct top_padding_phone_40pct bottom_padding_tablet_30pct bottom_padding_phone_40pct\"  style=\"padding-top: calc(100vw * 0.12); padding-bottom: calc(100vw * 0.10); \"><div class=\"row-bg-wrap\" data-bg-animation=\"zoom-out\" data-bg-animation-delay=\"\" data-bg-overlay=\"true\"><div class=\"inner-wrap row-bg-layer using-image\" ><div class=\"row-bg viewport-desktop using-image\" data-parallax-speed=\"fast\" style=\"background-image: url(https:\/\/flexfurn.com\/wp-content\/uploads\/2023\/12\/Ontwerp-zonder-titel-6.png); background-position: center center; background-repeat: no-repeat; \"><\/div><\/div><div class=\"row-bg-overlay row-bg-layer\" style=\"background: #000000; background: linear-gradient(to bottom,#000000 0%,rgba(0,0,0,0.01) 100%);  opacity: 0.5; \"><\/div><\/div><div class=\"row_col_wrap_12 col span_12 custom left\">\n\t<div  class=\"vc_col-sm-12 wpb_column column_container vc_column_container col no-extra-padding force-phone-text-align-left el_spacing_0px inherit_tablet inherit_phone\"  data-padding-pos=\"all\" data-has-bg-color=\"false\" data-bg-color=\"\" data-bg-opacity=\"1\" data-animation=\"\" data-delay=\"0\" >\n\t\t<div class=\"vc_column-inner\" >\n\t\t\t<div class=\"wpb_wrapper\">\n\t\t\t\t<div id=\"fws_69f22e5a89bb4\" data-midnight=\"\" data-column-margin=\"default\" class=\"wpb_row vc_row-fluid vc_row inner_row\"  style=\" z-index: 20;\"><div class=\"row-bg-wrap\"> <div class=\"row-bg\" ><\/div> <\/div><div class=\"row_col_wrap_12_inner col span_12  left\">\n\t<div style=\" color: #ffffff;\" class=\"vc_col-sm-12 wpb_column column_container vc_column_container col child_column has-animation no-extra-padding el_spacing_0px inherit_tablet inherit_phone\" data-cfc=\"true\"  data-padding-pos=\"all\" data-has-bg-color=\"false\" data-bg-color=\"\" data-bg-opacity=\"1\" data-animation=\"fade-in-from-bottom\" data-delay=\"500\" >\n\t\t<div class=\"vc_column-inner\" >\n\t\t<div class=\"wpb_wrapper\">\n\t\t\t\n<div class=\"wpb_text_column wpb_content_element\" style=\" max-width: 960px; display: inline-block;\">\n\t<div class=\"wpb_wrapper\">\n\t\t<h2>H\u00e9, merci de nous avoir contact\u00e9s\u00a0!<\/h2>\n<p>Notre \u00e9quipe commerciale r\u00e9pondra \u00e0 vos questions dans les plus brefs d\u00e9lais.<\/p>\n\t<\/div>\n<\/div>\n\n\n\n<div class=\"divider-wrap\" data-alignment=\"default\"><div style=\"height: 25px;\" class=\"divider\"><\/div><\/div>\n<div class=\"wpb_text_column wpb_content_element\" style=\" max-width: 720px; display: inline-block;\">\n\t<div class=\"wpb_wrapper\">\n\t\t<p>Merci beaucoup d&#039;avoir rempli notre formulaire de contact ! Nous appr\u00e9cions vraiment que vous preniez le temps de nous contacter. Votre int\u00e9r\u00eat pour nos services\/produits est d\u2019une grande importance pour nous.<\/p>\n<p>Notre \u00e9quipe d\u00e9di\u00e9e vous contactera sous peu pour r\u00e9pondre \u00e0 toutes vos questions et discuter de la meilleure fa\u00e7on de vous servir. Nous sommes impatients de travailler avec vous et de vous aider \u00e0 atteindre vos objectifs. Merci encore pour votre confiance en notre entreprise. Si vous avez des questions entre-temps, n&#039;h\u00e9sitez pas \u00e0 nous contacter.<\/p>\n<p>Cordialement,<\/p>\n<p><strong>L&#039;\u00e9quipe Flexfurn<\/strong><\/p>\n\t<\/div>\n<\/div>\n\n\n\n\n\t\t<\/div> \n\t<\/div>\n\t<\/div> \n<\/div><\/div>\n\t\t\t<\/div> \n\t\t<\/div>\n\t<\/div> \n<\/div><\/div>\n\t\t<div id=\"fws_69f22e5a8a34e\"  data-column-margin=\"default\" data-midnight=\"dark\" data-top-percent=\"3%\" data-bottom-percent=\"3%\"  class=\"wpb_row vc_row-fluid vc_row full-width-section\"  style=\"padding-top: calc(100vw * 0.03); padding-bottom: calc(100vw * 0.03); \"><div class=\"row-bg-wrap\" data-bg-animation=\"none\" data-bg-animation-delay=\"\" data-bg-overlay=\"false\"><div class=\"inner-wrap row-bg-layer\" ><div class=\"row-bg viewport-desktop using-bg-color\"  style=\"background-color: #ffffff; \"><\/div><\/div><\/div><div class=\"row_col_wrap_12 col span_12 dark center\">\n\t<div  class=\"vc_col-sm-12 wpb_column column_container vc_column_container col no-extra-padding inherit_tablet inherit_phone\"  data-padding-pos=\"all\" data-has-bg-color=\"false\" data-bg-color=\"\" data-bg-opacity=\"1\" data-animation=\"\" data-delay=\"0\" >\n\t\t<div class=\"vc_column-inner\" >\n\t\t\t<div class=\"wpb_wrapper\">\n\t\t\t\t\n<div class=\"wpb_text_column wpb_content_element\" style=\" max-width: 960px; display: inline-block;\">\n\t<div class=\"wpb_wrapper\">\n\t\t<h3>D\u00e9couvrez nos produits<\/h3>\n\t<\/div>\n<\/div>\n\n\n\n<div class=\"divider-wrap\" data-alignment=\"default\"><div style=\"height: 30px;\" class=\"divider\"><\/div><\/div><div class=\"woocommerce columns-4\">\n\t\t\n\t\t\t\t\t<div class=\"nectar-woo-flickity\" data-wrap=\"no-wrap\" data-drag-scale=\"true\" data-animation=\"fade-in-side\" data-group-columns=\"default\" data-overflow=\"visible\" data-mobile-col-width=\"100%\" data-autorotate=\"\" data-autorotate-speed=\"5000\" data-item-shadow=\"1\" data-controls=\"arrows-overlaid\">\n\n\t\t<div class=\"nectar-woo-carousel-top\"><\/div>\n\t\t\n  <ul class=\"products columns-4\" data-n-lazy=\"1\" data-rm-m-hover=\"1\" data-n-desktop-columns=\"4\" data-n-desktop-small-columns=\"3\" data-n-tablet-columns=\"3\" data-n-phone-columns=\"2\" data-product-style=\"minimal\">\n\n\n\n\t\t\t\n\t\t\t\t\n\t<li class=\"minimal product type-product post-36552 status-publish first instock product_cat-transportkarren has-post-thumbnail taxable shipping-taxable product-type-simple woo-variation-gallery-product\" >\n\n\n\t\n\n\t\t\t\t <div class=\"background-color-expand\"><\/div>\n\t   <div class=\"product-wrap\">\n\t\t\t<a href=\"https:\/\/flexfurn.com\/fr\/produit\/transportkar-tafel-bladen\/\" aria-label=\"plateaux de table de chariot de transport\"><img loading=\"lazy\" decoding=\"async\" width=\"750\" height=\"750\" src=\"https:\/\/flexfurn.com\/wp-content\/uploads\/2026\/04\/55-750x750.png\" class=\"attachment-woocommerce_thumbnail size-woocommerce_thumbnail\" alt=\"plateaux de table de chariot de transport\" srcset=\"https:\/\/flexfurn.com\/wp-content\/uploads\/2026\/04\/55-750x750.png 750w, https:\/\/flexfurn.com\/wp-content\/uploads\/2026\/04\/55-300x300.png 300w, https:\/\/flexfurn.com\/wp-content\/uploads\/2026\/04\/55-1024x1024.png 1024w, https:\/\/flexfurn.com\/wp-content\/uploads\/2026\/04\/55-150x150.png 150w, https:\/\/flexfurn.com\/wp-content\/uploads\/2026\/04\/55-768x768.png 768w, https:\/\/flexfurn.com\/wp-content\/uploads\/2026\/04\/55-1536x1536.png 1536w, https:\/\/flexfurn.com\/wp-content\/uploads\/2026\/04\/55-2048x2048.png 2048w, https:\/\/flexfurn.com\/wp-content\/uploads\/2026\/04\/55-12x12.png 12w, https:\/\/flexfurn.com\/wp-content\/uploads\/2026\/04\/55-140x140.png 140w, https:\/\/flexfurn.com\/wp-content\/uploads\/2026\/04\/55-100x100.png 100w, https:\/\/flexfurn.com\/wp-content\/uploads\/2026\/04\/55-500x500.png 500w, https:\/\/flexfurn.com\/wp-content\/uploads\/2026\/04\/55-350x350.png 350w, https:\/\/flexfurn.com\/wp-content\/uploads\/2026\/04\/55-1000x1000.png 1000w, https:\/\/flexfurn.com\/wp-content\/uploads\/2026\/04\/55-800x800.png 800w\" sizes=\"auto, (max-width: 750px) 100vw, 750px\" \/><\/a><div class=\"product-meta\"><a href=\"https:\/\/flexfurn.com\/fr\/produit\/transportkar-tafel-bladen\/\"><h2 class=\"woocommerce-loop-product__title\">plateaux de table de chariot de transport<\/h2><\/a><div class=\"price-hover-wrap\">\n<div class=\"product-add-to-cart\" data-nectar-quickview=\"false\"><a href=\"https:\/\/flexfurn.com\/fr\/produit\/transportkar-tafel-bladen\/\" aria-describedby=\"woocommerce_loop_add_to_cart_link_describedby_36552\" data-quantity=\"1\" class=\"button product_type_simple\" data-product_id=\"36552\" data-product_sku=\"KTT7080.STHA\" aria-label=\"En savoir plus sur \u201cTransportkar tafel bladen\u201d\" rel=\"nofollow\" data-success_message=\"\" data-no-translation-aria-label=\"\"><i class=\"normal icon-salient-cart\"><\/i><span data-no-translation=\"\" data-trp-gettext=\"\">Lire la suite<\/span><\/a>\t<span id=\"woocommerce_loop_add_to_cart_link_describedby_36552\" class=\"screen-reader-text\">\n\t\t\t<\/span>\n<\/div>\n\t\t\t\t<\/div>\n\t\t\t<\/div><\/div>\t\t\n\t  \n\n\t\t\n\t\n\n\t<span class=\"gtm4wp_productdata\" style=\"display:none; visibility:hidden;\" data-gtm4wp_product_data=\"{&quot;internal_id&quot;:36552,&quot;item_id&quot;:36552,&quot;item_name&quot;:&quot;Transportkar tafel bladen&quot;,&quot;sku&quot;:&quot;KTT7080.STHA&quot;,&quot;price&quot;:0,&quot;stocklevel&quot;:null,&quot;stockstatus&quot;:&quot;instock&quot;,&quot;google_business_vertical&quot;:&quot;retail&quot;,&quot;item_category&quot;:&quot;Transportkarren&quot;,&quot;id&quot;:36552,&quot;productlink&quot;:&quot;https:\\\/\\\/flexfurn.com\\\/fr\\\/produit\\\/transportkar-tafel-bladen\\\/&quot;,&quot;item_list_name&quot;:&quot;General Product List&quot;,&quot;index&quot;:1,&quot;product_type&quot;:&quot;simple&quot;,&quot;item_brand&quot;:&quot;&quot;}\"><\/span>\n<\/li>\n\t\t\t\n\t\t\t\t\n\t<li class=\"minimal product type-product post-36549 status-publish instock product_cat-transportkarren has-post-thumbnail taxable shipping-taxable product-type-simple woo-variation-gallery-product\" >\n\n\n\t\n\n\t\t\t\t <div class=\"background-color-expand\"><\/div>\n\t   <div class=\"product-wrap\">\n\t\t\t<a href=\"https:\/\/flexfurn.com\/fr\/produit\/transportkar-linea-xxl\/\" aria-label=\"Chariot de transport Linea XXL\"><img loading=\"lazy\" decoding=\"async\" width=\"750\" height=\"750\" src=\"https:\/\/flexfurn.com\/wp-content\/uploads\/2026\/04\/67-750x750.png\" class=\"attachment-woocommerce_thumbnail size-woocommerce_thumbnail\" alt=\"Chariot de transport Linea XXL\" srcset=\"https:\/\/flexfurn.com\/wp-content\/uploads\/2026\/04\/67-750x750.png 750w, https:\/\/flexfurn.com\/wp-content\/uploads\/2026\/04\/67-300x300.png 300w, https:\/\/flexfurn.com\/wp-content\/uploads\/2026\/04\/67-1024x1024.png 1024w, https:\/\/flexfurn.com\/wp-content\/uploads\/2026\/04\/67-150x150.png 150w, https:\/\/flexfurn.com\/wp-content\/uploads\/2026\/04\/67-768x768.png 768w, https:\/\/flexfurn.com\/wp-content\/uploads\/2026\/04\/67-1536x1536.png 1536w, https:\/\/flexfurn.com\/wp-content\/uploads\/2026\/04\/67-2048x2048.png 2048w, https:\/\/flexfurn.com\/wp-content\/uploads\/2026\/04\/67-12x12.png 12w, https:\/\/flexfurn.com\/wp-content\/uploads\/2026\/04\/67-140x140.png 140w, https:\/\/flexfurn.com\/wp-content\/uploads\/2026\/04\/67-100x100.png 100w, https:\/\/flexfurn.com\/wp-content\/uploads\/2026\/04\/67-500x500.png 500w, https:\/\/flexfurn.com\/wp-content\/uploads\/2026\/04\/67-350x350.png 350w, https:\/\/flexfurn.com\/wp-content\/uploads\/2026\/04\/67-1000x1000.png 1000w, https:\/\/flexfurn.com\/wp-content\/uploads\/2026\/04\/67-800x800.png 800w\" sizes=\"auto, (max-width: 750px) 100vw, 750px\" \/><\/a><div class=\"product-meta\"><a href=\"https:\/\/flexfurn.com\/fr\/produit\/transportkar-linea-xxl\/\"><h2 class=\"woocommerce-loop-product__title\">Chariot de transport Linea XXL<\/h2><\/a><div class=\"price-hover-wrap\">\n<div class=\"product-add-to-cart\" data-nectar-quickview=\"false\"><a href=\"https:\/\/flexfurn.com\/fr\/produit\/transportkar-linea-xxl\/\" aria-describedby=\"woocommerce_loop_add_to_cart_link_describedby_36549\" data-quantity=\"1\" class=\"button product_type_simple\" data-product_id=\"36549\" data-product_sku=\"KFRLIDXXL10.STHA\" aria-label=\"En savoir plus sur \u201cTransportkar Linea XXL\u201d\" rel=\"nofollow\" data-success_message=\"\" data-no-translation-aria-label=\"\"><i class=\"normal icon-salient-cart\"><\/i><span data-no-translation=\"\" data-trp-gettext=\"\">Lire la suite<\/span><\/a>\t<span id=\"woocommerce_loop_add_to_cart_link_describedby_36549\" class=\"screen-reader-text\">\n\t\t\t<\/span>\n<\/div>\n\t\t\t\t<\/div>\n\t\t\t<\/div><\/div>\t\t\n\t  \n\n\t\t\n\t\n\n\t<span class=\"gtm4wp_productdata\" style=\"display:none; visibility:hidden;\" data-gtm4wp_product_data=\"{&quot;internal_id&quot;:36549,&quot;item_id&quot;:36549,&quot;item_name&quot;:&quot;Transportkar Linea XXL&quot;,&quot;sku&quot;:&quot;KFRLIDXXL10.STHA&quot;,&quot;price&quot;:0,&quot;stocklevel&quot;:null,&quot;stockstatus&quot;:&quot;instock&quot;,&quot;google_business_vertical&quot;:&quot;retail&quot;,&quot;item_category&quot;:&quot;Transportkarren&quot;,&quot;id&quot;:36549,&quot;productlink&quot;:&quot;https:\\\/\\\/flexfurn.com\\\/fr\\\/produit\\\/transportkar-linea-xxl\\\/&quot;,&quot;item_list_name&quot;:&quot;General Product List&quot;,&quot;index&quot;:2,&quot;product_type&quot;:&quot;simple&quot;,&quot;item_brand&quot;:&quot;&quot;}\"><\/span>\n<\/li>\n\t\t\t\n\t\t\t\t\n\t<li class=\"minimal product type-product post-36547 status-publish instock product_cat-geen-categorie product_cat-transportkar-statafels product_cat-transportkarren has-post-thumbnail taxable shipping-taxable product-type-simple woo-variation-gallery-product\" >\n\n\n\t\n\n\t\t\t\t <div class=\"background-color-expand\"><\/div>\n\t   <div class=\"product-wrap\">\n\t\t\t<a href=\"https:\/\/flexfurn.com\/fr\/produit\/chariot-de-transport-conique\/\" aria-label=\"Chariot de transport conique\"><img loading=\"lazy\" decoding=\"async\" width=\"750\" height=\"750\" src=\"https:\/\/flexfurn.com\/wp-content\/uploads\/2026\/04\/77-750x750.png\" class=\"attachment-woocommerce_thumbnail size-woocommerce_thumbnail\" alt=\"Chariot de transport conique\" srcset=\"https:\/\/flexfurn.com\/wp-content\/uploads\/2026\/04\/77-750x750.png 750w, https:\/\/flexfurn.com\/wp-content\/uploads\/2026\/04\/77-300x300.png 300w, https:\/\/flexfurn.com\/wp-content\/uploads\/2026\/04\/77-1024x1024.png 1024w, https:\/\/flexfurn.com\/wp-content\/uploads\/2026\/04\/77-150x150.png 150w, https:\/\/flexfurn.com\/wp-content\/uploads\/2026\/04\/77-768x768.png 768w, https:\/\/flexfurn.com\/wp-content\/uploads\/2026\/04\/77-1536x1536.png 1536w, https:\/\/flexfurn.com\/wp-content\/uploads\/2026\/04\/77-2048x2048.png 2048w, https:\/\/flexfurn.com\/wp-content\/uploads\/2026\/04\/77-12x12.png 12w, https:\/\/flexfurn.com\/wp-content\/uploads\/2026\/04\/77-140x140.png 140w, https:\/\/flexfurn.com\/wp-content\/uploads\/2026\/04\/77-100x100.png 100w, https:\/\/flexfurn.com\/wp-content\/uploads\/2026\/04\/77-500x500.png 500w, https:\/\/flexfurn.com\/wp-content\/uploads\/2026\/04\/77-350x350.png 350w, https:\/\/flexfurn.com\/wp-content\/uploads\/2026\/04\/77-1000x1000.png 1000w, https:\/\/flexfurn.com\/wp-content\/uploads\/2026\/04\/77-800x800.png 800w\" sizes=\"auto, (max-width: 750px) 100vw, 750px\" \/><\/a><div class=\"product-meta\"><a href=\"https:\/\/flexfurn.com\/fr\/produit\/chariot-de-transport-conique\/\"><h2 class=\"woocommerce-loop-product__title\">Chariot de transport conique<\/h2><\/a><div class=\"price-hover-wrap\">\n<div class=\"product-add-to-cart\" data-nectar-quickview=\"false\"><a href=\"https:\/\/flexfurn.com\/fr\/produit\/chariot-de-transport-conique\/\" aria-describedby=\"woocommerce_loop_add_to_cart_link_describedby_36547\" data-quantity=\"1\" class=\"button product_type_simple\" data-product_id=\"36547\" data-product_sku=\"KCO5.STHA\" aria-label=\"En savoir plus sur \u201cTransportkar Conic\u201d\" rel=\"nofollow\" data-success_message=\"\" data-no-translation-aria-label=\"\"><i class=\"normal icon-salient-cart\"><\/i><span data-no-translation=\"\" data-trp-gettext=\"\">Lire la suite<\/span><\/a>\t<span id=\"woocommerce_loop_add_to_cart_link_describedby_36547\" class=\"screen-reader-text\">\n\t\t\t<\/span>\n<\/div>\n\t\t\t\t<\/div>\n\t\t\t<\/div><\/div>\t\t\n\t  \n\n\t\t\n\t\n\n\t<span class=\"gtm4wp_productdata\" style=\"display:none; visibility:hidden;\" data-gtm4wp_product_data=\"{&quot;internal_id&quot;:36547,&quot;item_id&quot;:36547,&quot;item_name&quot;:&quot;Transportkar Conic&quot;,&quot;sku&quot;:&quot;KCO5.STHA&quot;,&quot;price&quot;:0,&quot;stocklevel&quot;:null,&quot;stockstatus&quot;:&quot;instock&quot;,&quot;google_business_vertical&quot;:&quot;retail&quot;,&quot;item_category&quot;:&quot;Geen categorie&quot;,&quot;id&quot;:36547,&quot;productlink&quot;:&quot;https:\\\/\\\/flexfurn.com\\\/fr\\\/produit\\\/chariot-de-transport-conique\\\/&quot;,&quot;item_list_name&quot;:&quot;General Product List&quot;,&quot;index&quot;:3,&quot;product_type&quot;:&quot;simple&quot;,&quot;item_brand&quot;:&quot;&quot;}\"><\/span>\n<\/li>\n\t\t\t\n\t\t\t\t\n\t<li class=\"minimal product type-product post-36545 status-publish last instock product_cat-transportkar-barkrukken product_cat-transportkarren has-post-thumbnail taxable shipping-taxable product-type-simple woo-variation-gallery-product\" >\n\n\n\t\n\n\t\t\t\t <div class=\"background-color-expand\"><\/div>\n\t   <div class=\"product-wrap\">\n\t\t\t<a href=\"https:\/\/flexfurn.com\/fr\/produit\/transportkar-alice-barkruk\/\" aria-label=\"Chariot de transport, tabouret de bar Alice\"><img loading=\"lazy\" decoding=\"async\" width=\"750\" height=\"750\" src=\"https:\/\/flexfurn.com\/wp-content\/uploads\/2026\/04\/7-750x750.png\" class=\"attachment-woocommerce_thumbnail size-woocommerce_thumbnail\" alt=\"Chariot de transport, tabouret de bar Alice\" srcset=\"https:\/\/flexfurn.com\/wp-content\/uploads\/2026\/04\/7-750x750.png 750w, https:\/\/flexfurn.com\/wp-content\/uploads\/2026\/04\/7-300x300.png 300w, https:\/\/flexfurn.com\/wp-content\/uploads\/2026\/04\/7-1024x1024.png 1024w, https:\/\/flexfurn.com\/wp-content\/uploads\/2026\/04\/7-150x150.png 150w, https:\/\/flexfurn.com\/wp-content\/uploads\/2026\/04\/7-768x768.png 768w, https:\/\/flexfurn.com\/wp-content\/uploads\/2026\/04\/7-1536x1536.png 1536w, https:\/\/flexfurn.com\/wp-content\/uploads\/2026\/04\/7-2048x2048.png 2048w, https:\/\/flexfurn.com\/wp-content\/uploads\/2026\/04\/7-12x12.png 12w, https:\/\/flexfurn.com\/wp-content\/uploads\/2026\/04\/7-140x140.png 140w, https:\/\/flexfurn.com\/wp-content\/uploads\/2026\/04\/7-100x100.png 100w, https:\/\/flexfurn.com\/wp-content\/uploads\/2026\/04\/7-500x500.png 500w, https:\/\/flexfurn.com\/wp-content\/uploads\/2026\/04\/7-350x350.png 350w, https:\/\/flexfurn.com\/wp-content\/uploads\/2026\/04\/7-1000x1000.png 1000w, https:\/\/flexfurn.com\/wp-content\/uploads\/2026\/04\/7-800x800.png 800w\" sizes=\"auto, (max-width: 750px) 100vw, 750px\" \/><\/a><div class=\"product-meta\"><a href=\"https:\/\/flexfurn.com\/fr\/produit\/transportkar-alice-barkruk\/\"><h2 class=\"woocommerce-loop-product__title\">Chariot de transport, tabouret de bar Alice<\/h2><\/a><div class=\"price-hover-wrap\">\n<div class=\"product-add-to-cart\" data-nectar-quickview=\"false\"><a href=\"https:\/\/flexfurn.com\/fr\/produit\/transportkar-alice-barkruk\/\" aria-describedby=\"woocommerce_loop_add_to_cart_link_describedby_36545\" data-quantity=\"1\" class=\"button product_type_simple\" data-product_id=\"36545\" data-product_sku=\"KSA20.STHA\" aria-label=\"En savoir plus sur \u201cTransportkar Alice barkruk\u201d\" rel=\"nofollow\" data-success_message=\"\" data-no-translation-aria-label=\"\"><i class=\"normal icon-salient-cart\"><\/i><span data-no-translation=\"\" data-trp-gettext=\"\">Lire la suite<\/span><\/a>\t<span id=\"woocommerce_loop_add_to_cart_link_describedby_36545\" class=\"screen-reader-text\">\n\t\t\t<\/span>\n<\/div>\n\t\t\t\t<\/div>\n\t\t\t<\/div><\/div>\t\t\n\t  \n\n\t\t\n\t\n\n\t<span class=\"gtm4wp_productdata\" style=\"display:none; visibility:hidden;\" data-gtm4wp_product_data=\"{&quot;internal_id&quot;:36545,&quot;item_id&quot;:36545,&quot;item_name&quot;:&quot;Transportkar Alice barkruk&quot;,&quot;sku&quot;:&quot;KSA20.STHA&quot;,&quot;price&quot;:0,&quot;stocklevel&quot;:null,&quot;stockstatus&quot;:&quot;instock&quot;,&quot;google_business_vertical&quot;:&quot;retail&quot;,&quot;item_category&quot;:&quot;Transportkarren&quot;,&quot;id&quot;:36545,&quot;productlink&quot;:&quot;https:\\\/\\\/flexfurn.com\\\/fr\\\/produit\\\/transportkar-alice-barkruk\\\/&quot;,&quot;item_list_name&quot;:&quot;General Product List&quot;,&quot;index&quot;:4,&quot;product_type&quot;:&quot;simple&quot;,&quot;item_brand&quot;:&quot;&quot;}\"><\/span>\n<\/li>\n\t\t\t\n\t\t\t\t\n\t<li class=\"minimal product type-product post-36543 status-publish first instock product_cat-transportkar-klapstoelen product_cat-transportkarren has-post-thumbnail taxable shipping-taxable product-type-simple woo-variation-gallery-product\" >\n\n\n\t\n\n\t\t\t\t <div class=\"background-color-expand\"><\/div>\n\t   <div class=\"product-wrap\">\n\t\t\t<a href=\"https:\/\/flexfurn.com\/fr\/produit\/transportkar-nordika\/\" aria-label=\"Chariot de transport Nordika\"><img loading=\"lazy\" decoding=\"async\" width=\"750\" height=\"750\" src=\"https:\/\/flexfurn.com\/wp-content\/uploads\/2026\/04\/60-750x750.png\" class=\"attachment-woocommerce_thumbnail size-woocommerce_thumbnail\" alt=\"Chariot de transport Nordika\" srcset=\"https:\/\/flexfurn.com\/wp-content\/uploads\/2026\/04\/60-750x750.png 750w, https:\/\/flexfurn.com\/wp-content\/uploads\/2026\/04\/60-300x300.png 300w, https:\/\/flexfurn.com\/wp-content\/uploads\/2026\/04\/60-1024x1024.png 1024w, https:\/\/flexfurn.com\/wp-content\/uploads\/2026\/04\/60-150x150.png 150w, https:\/\/flexfurn.com\/wp-content\/uploads\/2026\/04\/60-768x768.png 768w, https:\/\/flexfurn.com\/wp-content\/uploads\/2026\/04\/60-1536x1536.png 1536w, https:\/\/flexfurn.com\/wp-content\/uploads\/2026\/04\/60-2048x2048.png 2048w, https:\/\/flexfurn.com\/wp-content\/uploads\/2026\/04\/60-12x12.png 12w, https:\/\/flexfurn.com\/wp-content\/uploads\/2026\/04\/60-140x140.png 140w, https:\/\/flexfurn.com\/wp-content\/uploads\/2026\/04\/60-100x100.png 100w, https:\/\/flexfurn.com\/wp-content\/uploads\/2026\/04\/60-500x500.png 500w, https:\/\/flexfurn.com\/wp-content\/uploads\/2026\/04\/60-350x350.png 350w, https:\/\/flexfurn.com\/wp-content\/uploads\/2026\/04\/60-1000x1000.png 1000w, https:\/\/flexfurn.com\/wp-content\/uploads\/2026\/04\/60-800x800.png 800w\" sizes=\"auto, (max-width: 750px) 100vw, 750px\" \/><\/a><div class=\"product-meta\"><a href=\"https:\/\/flexfurn.com\/fr\/produit\/transportkar-nordika\/\"><h2 class=\"woocommerce-loop-product__title\">Chariot de transport Nordika<\/h2><\/a><div class=\"price-hover-wrap\">\n<div class=\"product-add-to-cart\" data-nectar-quickview=\"false\"><a href=\"https:\/\/flexfurn.com\/fr\/produit\/transportkar-nordika\/\" aria-describedby=\"woocommerce_loop_add_to_cart_link_describedby_36543\" data-quantity=\"1\" class=\"button product_type_simple\" data-product_id=\"36543\" data-product_sku=\"KSLNO18.SHA\" aria-label=\"En savoir plus sur \u201cTransportkar Nordika\u201d\" rel=\"nofollow\" data-success_message=\"\" data-no-translation-aria-label=\"\"><i class=\"normal icon-salient-cart\"><\/i><span data-no-translation=\"\" data-trp-gettext=\"\">Lire la suite<\/span><\/a>\t<span id=\"woocommerce_loop_add_to_cart_link_describedby_36543\" class=\"screen-reader-text\">\n\t\t\t<\/span>\n<\/div>\n\t\t\t\t<\/div>\n\t\t\t<\/div><\/div>\t\t\n\t  \n\n\t\t\n\t\n\n\t<span class=\"gtm4wp_productdata\" style=\"display:none; visibility:hidden;\" data-gtm4wp_product_data=\"{&quot;internal_id&quot;:36543,&quot;item_id&quot;:36543,&quot;item_name&quot;:&quot;Transportkar Nordika&quot;,&quot;sku&quot;:&quot;KSLNO18.SHA&quot;,&quot;price&quot;:0,&quot;stocklevel&quot;:null,&quot;stockstatus&quot;:&quot;instock&quot;,&quot;google_business_vertical&quot;:&quot;retail&quot;,&quot;item_category&quot;:&quot;Transportkarren&quot;,&quot;id&quot;:36543,&quot;productlink&quot;:&quot;https:\\\/\\\/flexfurn.com\\\/fr\\\/produit\\\/transportkar-nordika\\\/&quot;,&quot;item_list_name&quot;:&quot;General Product List&quot;,&quot;index&quot;:5,&quot;product_type&quot;:&quot;simple&quot;,&quot;item_brand&quot;:&quot;&quot;}\"><\/span>\n<\/li>\n\t\t\t\n\t\t\t\t\n\t<li class=\"minimal product type-product post-36540 status-publish instock product_cat-transportkarren has-post-thumbnail taxable shipping-taxable product-type-simple woo-variation-gallery-product\" >\n\n\n\t\n\n\t\t\t\t <div class=\"background-color-expand\"><\/div>\n\t   <div class=\"product-wrap\">\n\t\t\t<a href=\"https:\/\/flexfurn.com\/fr\/produit\/transportkar-matrix-tafel\/\" aria-label=\"Chariot de transport Table Matrix\"><img loading=\"lazy\" decoding=\"async\" width=\"750\" height=\"750\" src=\"https:\/\/flexfurn.com\/wp-content\/uploads\/2026\/04\/66-750x750.png\" class=\"attachment-woocommerce_thumbnail size-woocommerce_thumbnail\" alt=\"Chariot de transport Table Matrix\" srcset=\"https:\/\/flexfurn.com\/wp-content\/uploads\/2026\/04\/66-750x750.png 750w, https:\/\/flexfurn.com\/wp-content\/uploads\/2026\/04\/66-300x300.png 300w, https:\/\/flexfurn.com\/wp-content\/uploads\/2026\/04\/66-1024x1024.png 1024w, https:\/\/flexfurn.com\/wp-content\/uploads\/2026\/04\/66-150x150.png 150w, https:\/\/flexfurn.com\/wp-content\/uploads\/2026\/04\/66-768x768.png 768w, https:\/\/flexfurn.com\/wp-content\/uploads\/2026\/04\/66-1536x1536.png 1536w, https:\/\/flexfurn.com\/wp-content\/uploads\/2026\/04\/66-2048x2048.png 2048w, https:\/\/flexfurn.com\/wp-content\/uploads\/2026\/04\/66-12x12.png 12w, https:\/\/flexfurn.com\/wp-content\/uploads\/2026\/04\/66-140x140.png 140w, https:\/\/flexfurn.com\/wp-content\/uploads\/2026\/04\/66-100x100.png 100w, https:\/\/flexfurn.com\/wp-content\/uploads\/2026\/04\/66-500x500.png 500w, https:\/\/flexfurn.com\/wp-content\/uploads\/2026\/04\/66-350x350.png 350w, https:\/\/flexfurn.com\/wp-content\/uploads\/2026\/04\/66-1000x1000.png 1000w, https:\/\/flexfurn.com\/wp-content\/uploads\/2026\/04\/66-800x800.png 800w\" sizes=\"auto, (max-width: 750px) 100vw, 750px\" \/><\/a><div class=\"product-meta\"><a href=\"https:\/\/flexfurn.com\/fr\/produit\/transportkar-matrix-tafel\/\"><h2 class=\"woocommerce-loop-product__title\">Chariot de transport Table Matrix<\/h2><\/a><div class=\"price-hover-wrap\">\n<div class=\"product-add-to-cart\" data-nectar-quickview=\"false\"><a href=\"https:\/\/flexfurn.com\/fr\/produit\/transportkar-matrix-tafel\/\" aria-describedby=\"woocommerce_loop_add_to_cart_link_describedby_36540\" data-quantity=\"1\" class=\"button product_type_simple\" data-product_id=\"36540\" data-product_sku=\"KTMA8.STHA\" aria-label=\"En savoir plus sur \u201cTransportkar Matrix tafel\u201d\" rel=\"nofollow\" data-success_message=\"\" data-no-translation-aria-label=\"\"><i class=\"normal icon-salient-cart\"><\/i><span data-no-translation=\"\" data-trp-gettext=\"\">Lire la suite<\/span><\/a>\t<span id=\"woocommerce_loop_add_to_cart_link_describedby_36540\" class=\"screen-reader-text\">\n\t\t\t<\/span>\n<\/div>\n\t\t\t\t<\/div>\n\t\t\t<\/div><\/div>\t\t\n\t  \n\n\t\t\n\t\n\n\t<span class=\"gtm4wp_productdata\" style=\"display:none; visibility:hidden;\" data-gtm4wp_product_data=\"{&quot;internal_id&quot;:36540,&quot;item_id&quot;:36540,&quot;item_name&quot;:&quot;Transportkar Matrix tafel&quot;,&quot;sku&quot;:&quot;KTMA8.STHA&quot;,&quot;price&quot;:0,&quot;stocklevel&quot;:null,&quot;stockstatus&quot;:&quot;instock&quot;,&quot;google_business_vertical&quot;:&quot;retail&quot;,&quot;item_category&quot;:&quot;Transportkarren&quot;,&quot;id&quot;:36540,&quot;productlink&quot;:&quot;https:\\\/\\\/flexfurn.com\\\/fr\\\/produit\\\/transportkar-matrix-tafel\\\/&quot;,&quot;item_list_name&quot;:&quot;General Product List&quot;,&quot;index&quot;:6,&quot;product_type&quot;:&quot;simple&quot;,&quot;item_brand&quot;:&quot;&quot;}\"><\/span>\n<\/li>\n\t\t\t\n\t\t\t\t\n\t<li class=\"minimal product type-product post-36537 status-publish instock product_cat-transportkar-klaptafels product_cat-transportkarren has-post-thumbnail taxable shipping-taxable product-type-simple woo-variation-gallery-product\" >\n\n\n\t\n\n\t\t\t\t <div class=\"background-color-expand\"><\/div>\n\t   <div class=\"product-wrap\">\n\t\t\t<a href=\"https:\/\/flexfurn.com\/fr\/produit\/transportkar-fly-en-sunny-klaptafel\/\" aria-label=\"Chariot de transport Fly et table pliante Sunny\"><img loading=\"lazy\" decoding=\"async\" width=\"750\" height=\"750\" src=\"https:\/\/flexfurn.com\/wp-content\/uploads\/2026\/04\/44-750x750.png\" class=\"attachment-woocommerce_thumbnail size-woocommerce_thumbnail\" alt=\"Chariot de transport Fly et table pliante Sunny\" srcset=\"https:\/\/flexfurn.com\/wp-content\/uploads\/2026\/04\/44-750x750.png 750w, https:\/\/flexfurn.com\/wp-content\/uploads\/2026\/04\/44-300x300.png 300w, https:\/\/flexfurn.com\/wp-content\/uploads\/2026\/04\/44-1024x1024.png 1024w, https:\/\/flexfurn.com\/wp-content\/uploads\/2026\/04\/44-150x150.png 150w, https:\/\/flexfurn.com\/wp-content\/uploads\/2026\/04\/44-768x768.png 768w, https:\/\/flexfurn.com\/wp-content\/uploads\/2026\/04\/44-1536x1536.png 1536w, https:\/\/flexfurn.com\/wp-content\/uploads\/2026\/04\/44-2048x2048.png 2048w, https:\/\/flexfurn.com\/wp-content\/uploads\/2026\/04\/44-12x12.png 12w, https:\/\/flexfurn.com\/wp-content\/uploads\/2026\/04\/44-140x140.png 140w, https:\/\/flexfurn.com\/wp-content\/uploads\/2026\/04\/44-100x100.png 100w, https:\/\/flexfurn.com\/wp-content\/uploads\/2026\/04\/44-500x500.png 500w, https:\/\/flexfurn.com\/wp-content\/uploads\/2026\/04\/44-350x350.png 350w, https:\/\/flexfurn.com\/wp-content\/uploads\/2026\/04\/44-1000x1000.png 1000w, https:\/\/flexfurn.com\/wp-content\/uploads\/2026\/04\/44-800x800.png 800w\" sizes=\"auto, (max-width: 750px) 100vw, 750px\" \/><img loading=\"lazy\" decoding=\"async\" width=\"2400\" height=\"2400\" src=\"https:\/\/flexfurn.com\/wp-content\/uploads\/2026\/04\/57.png\" class=\"hover-gallery-image\" alt=\"\" srcset=\"https:\/\/flexfurn.com\/wp-content\/uploads\/2026\/04\/57.png 2400w, https:\/\/flexfurn.com\/wp-content\/uploads\/2026\/04\/57-300x300.png 300w, https:\/\/flexfurn.com\/wp-content\/uploads\/2026\/04\/57-1024x1024.png 1024w, https:\/\/flexfurn.com\/wp-content\/uploads\/2026\/04\/57-150x150.png 150w, https:\/\/flexfurn.com\/wp-content\/uploads\/2026\/04\/57-768x768.png 768w, https:\/\/flexfurn.com\/wp-content\/uploads\/2026\/04\/57-1536x1536.png 1536w, https:\/\/flexfurn.com\/wp-content\/uploads\/2026\/04\/57-2048x2048.png 2048w, https:\/\/flexfurn.com\/wp-content\/uploads\/2026\/04\/57-12x12.png 12w, https:\/\/flexfurn.com\/wp-content\/uploads\/2026\/04\/57-140x140.png 140w, https:\/\/flexfurn.com\/wp-content\/uploads\/2026\/04\/57-100x100.png 100w, https:\/\/flexfurn.com\/wp-content\/uploads\/2026\/04\/57-500x500.png 500w, https:\/\/flexfurn.com\/wp-content\/uploads\/2026\/04\/57-350x350.png 350w, https:\/\/flexfurn.com\/wp-content\/uploads\/2026\/04\/57-1000x1000.png 1000w, https:\/\/flexfurn.com\/wp-content\/uploads\/2026\/04\/57-800x800.png 800w, https:\/\/flexfurn.com\/wp-content\/uploads\/2026\/04\/57-750x750.png 750w\" sizes=\"auto, (max-width: 2400px) 100vw, 2400px\" \/><\/a><div class=\"product-meta\"><a href=\"https:\/\/flexfurn.com\/fr\/produit\/transportkar-fly-en-sunny-klaptafel\/\"><h2 class=\"woocommerce-loop-product__title\">Chariot de transport Fly et table pliante Sunny<\/h2><\/a><div class=\"price-hover-wrap\">\n<div class=\"product-add-to-cart\" data-nectar-quickview=\"false\"><a href=\"https:\/\/flexfurn.com\/fr\/produit\/transportkar-fly-en-sunny-klaptafel\/\" aria-describedby=\"woocommerce_loop_add_to_cart_link_describedby_36537\" data-quantity=\"1\" class=\"button product_type_simple\" data-product_id=\"36537\" data-product_sku=\"KKDSUFLY10.STHA\" aria-label=\"En savoir plus sur \u201cTransportkar Fly en Sunny klaptafel\u201d\" rel=\"nofollow\" data-success_message=\"\" data-no-translation-aria-label=\"\"><i class=\"normal icon-salient-cart\"><\/i><span data-no-translation=\"\" data-trp-gettext=\"\">Lire la suite<\/span><\/a>\t<span id=\"woocommerce_loop_add_to_cart_link_describedby_36537\" class=\"screen-reader-text\">\n\t\t\t<\/span>\n<\/div>\n\t\t\t\t<\/div>\n\t\t\t<\/div><\/div>\t\t\n\t  \n\n\t\t\n\t\n\n\t<span class=\"gtm4wp_productdata\" style=\"display:none; visibility:hidden;\" data-gtm4wp_product_data=\"{&quot;internal_id&quot;:36537,&quot;item_id&quot;:36537,&quot;item_name&quot;:&quot;Transportkar Fly en Sunny klaptafel&quot;,&quot;sku&quot;:&quot;KKDSUFLY10.STHA&quot;,&quot;price&quot;:0,&quot;stocklevel&quot;:null,&quot;stockstatus&quot;:&quot;instock&quot;,&quot;google_business_vertical&quot;:&quot;retail&quot;,&quot;item_category&quot;:&quot;Transportkarren&quot;,&quot;id&quot;:36537,&quot;productlink&quot;:&quot;https:\\\/\\\/flexfurn.com\\\/fr\\\/produit\\\/transportkar-fly-en-sunny-klaptafel\\\/&quot;,&quot;item_list_name&quot;:&quot;General Product List&quot;,&quot;index&quot;:7,&quot;product_type&quot;:&quot;simple&quot;,&quot;item_brand&quot;:&quot;&quot;}\"><\/span>\n<\/li>\n\t\t\t\n\t\t\t\t\n\t<li class=\"minimal product type-product post-36527 status-publish last instock product_cat-transportkar-statafels product_cat-transportkarren has-post-thumbnail taxable shipping-taxable product-type-simple woo-variation-gallery-product\" >\n\n\n\t\n\n\t\t\t\t <div class=\"background-color-expand\"><\/div>\n\t   <div class=\"product-wrap\">\n\t\t\t<a href=\"https:\/\/flexfurn.com\/fr\/produit\/transportkar-wings-tribo\/\" aria-label=\"Chariot de transport Ailes + Tribo\"><img loading=\"lazy\" decoding=\"async\" width=\"750\" height=\"750\" src=\"https:\/\/flexfurn.com\/wp-content\/uploads\/2026\/04\/33-750x750.png\" class=\"attachment-woocommerce_thumbnail size-woocommerce_thumbnail\" alt=\"Chariot de transport Ailes + Tribo\" srcset=\"https:\/\/flexfurn.com\/wp-content\/uploads\/2026\/04\/33-750x750.png 750w, https:\/\/flexfurn.com\/wp-content\/uploads\/2026\/04\/33-300x300.png 300w, https:\/\/flexfurn.com\/wp-content\/uploads\/2026\/04\/33-1024x1024.png 1024w, https:\/\/flexfurn.com\/wp-content\/uploads\/2026\/04\/33-150x150.png 150w, https:\/\/flexfurn.com\/wp-content\/uploads\/2026\/04\/33-768x768.png 768w, https:\/\/flexfurn.com\/wp-content\/uploads\/2026\/04\/33-1536x1536.png 1536w, https:\/\/flexfurn.com\/wp-content\/uploads\/2026\/04\/33-2048x2048.png 2048w, https:\/\/flexfurn.com\/wp-content\/uploads\/2026\/04\/33-12x12.png 12w, https:\/\/flexfurn.com\/wp-content\/uploads\/2026\/04\/33-140x140.png 140w, https:\/\/flexfurn.com\/wp-content\/uploads\/2026\/04\/33-100x100.png 100w, https:\/\/flexfurn.com\/wp-content\/uploads\/2026\/04\/33-500x500.png 500w, https:\/\/flexfurn.com\/wp-content\/uploads\/2026\/04\/33-350x350.png 350w, https:\/\/flexfurn.com\/wp-content\/uploads\/2026\/04\/33-1000x1000.png 1000w, https:\/\/flexfurn.com\/wp-content\/uploads\/2026\/04\/33-800x800.png 800w\" sizes=\"auto, (max-width: 750px) 100vw, 750px\" \/><img loading=\"lazy\" decoding=\"async\" width=\"2400\" height=\"2400\" src=\"https:\/\/flexfurn.com\/wp-content\/uploads\/2026\/04\/49.png\" class=\"hover-gallery-image\" alt=\"\" srcset=\"https:\/\/flexfurn.com\/wp-content\/uploads\/2026\/04\/49.png 2400w, https:\/\/flexfurn.com\/wp-content\/uploads\/2026\/04\/49-300x300.png 300w, https:\/\/flexfurn.com\/wp-content\/uploads\/2026\/04\/49-1024x1024.png 1024w, https:\/\/flexfurn.com\/wp-content\/uploads\/2026\/04\/49-150x150.png 150w, https:\/\/flexfurn.com\/wp-content\/uploads\/2026\/04\/49-768x768.png 768w, https:\/\/flexfurn.com\/wp-content\/uploads\/2026\/04\/49-1536x1536.png 1536w, https:\/\/flexfurn.com\/wp-content\/uploads\/2026\/04\/49-2048x2048.png 2048w, https:\/\/flexfurn.com\/wp-content\/uploads\/2026\/04\/49-12x12.png 12w, https:\/\/flexfurn.com\/wp-content\/uploads\/2026\/04\/49-140x140.png 140w, https:\/\/flexfurn.com\/wp-content\/uploads\/2026\/04\/49-100x100.png 100w, https:\/\/flexfurn.com\/wp-content\/uploads\/2026\/04\/49-500x500.png 500w, https:\/\/flexfurn.com\/wp-content\/uploads\/2026\/04\/49-350x350.png 350w, https:\/\/flexfurn.com\/wp-content\/uploads\/2026\/04\/49-1000x1000.png 1000w, https:\/\/flexfurn.com\/wp-content\/uploads\/2026\/04\/49-800x800.png 800w, https:\/\/flexfurn.com\/wp-content\/uploads\/2026\/04\/49-750x750.png 750w\" sizes=\"auto, (max-width: 2400px) 100vw, 2400px\" \/><\/a><div class=\"product-meta\"><a href=\"https:\/\/flexfurn.com\/fr\/produit\/transportkar-wings-tribo\/\"><h2 class=\"woocommerce-loop-product__title\">Chariot de transport Ailes + Tribo<\/h2><\/a><div class=\"price-hover-wrap\">\n<div class=\"product-add-to-cart\" data-nectar-quickview=\"false\"><a href=\"https:\/\/flexfurn.com\/fr\/produit\/transportkar-wings-tribo\/\" aria-describedby=\"woocommerce_loop_add_to_cart_link_describedby_36527\" data-quantity=\"1\" class=\"button product_type_simple\" data-product_id=\"36527\" data-product_sku=\"KTRIWI20.STHA\" aria-label=\"En savoir plus sur \u201cTransportkar Wings + Tribo\u201d\" rel=\"nofollow\" data-success_message=\"\" data-no-translation-aria-label=\"\"><i class=\"normal icon-salient-cart\"><\/i><span data-no-translation=\"\" data-trp-gettext=\"\">Lire la suite<\/span><\/a>\t<span id=\"woocommerce_loop_add_to_cart_link_describedby_36527\" class=\"screen-reader-text\">\n\t\t\t<\/span>\n<\/div>\n\t\t\t\t<\/div>\n\t\t\t<\/div><\/div>\t\t\n\t  \n\n\t\t\n\t\n\n\t<span class=\"gtm4wp_productdata\" style=\"display:none; visibility:hidden;\" data-gtm4wp_product_data=\"{&quot;internal_id&quot;:36527,&quot;item_id&quot;:36527,&quot;item_name&quot;:&quot;Transportkar Wings + Tribo&quot;,&quot;sku&quot;:&quot;KTRIWI20.STHA&quot;,&quot;price&quot;:0,&quot;stocklevel&quot;:null,&quot;stockstatus&quot;:&quot;instock&quot;,&quot;google_business_vertical&quot;:&quot;retail&quot;,&quot;item_category&quot;:&quot;Transportkarren&quot;,&quot;id&quot;:36527,&quot;productlink&quot;:&quot;https:\\\/\\\/flexfurn.com\\\/fr\\\/produit\\\/transportkar-wings-tribo\\\/&quot;,&quot;item_list_name&quot;:&quot;General Product List&quot;,&quot;index&quot;:8,&quot;product_type&quot;:&quot;simple&quot;,&quot;item_brand&quot;:&quot;&quot;}\"><\/span>\n<\/li>\n\t\t\t\n\t\t\t\t\n\t<li class=\"minimal product type-product post-36513 status-publish first instock product_cat-transportkarren has-post-thumbnail taxable shipping-taxable product-type-simple woo-variation-gallery-product\" >\n\n\n\t\n\n\t\t\t\t <div class=\"background-color-expand\"><\/div>\n\t   <div class=\"product-wrap\">\n\t\t\t<a href=\"https:\/\/flexfurn.com\/fr\/produit\/chariot-de-transport-pour-plateaux-de-table-ronds\/\" aria-label=\"Chariot de transport pour plateaux de table ronds\"><img loading=\"lazy\" decoding=\"async\" width=\"750\" height=\"750\" src=\"https:\/\/flexfurn.com\/wp-content\/uploads\/2026\/04\/Trolley-Large-Tables_D180_LHC12.CTRA_Front-view-750x750.jpg\" class=\"attachment-woocommerce_thumbnail size-woocommerce_thumbnail\" alt=\"Chariot de transport pour plateaux de table ronds\" srcset=\"https:\/\/flexfurn.com\/wp-content\/uploads\/2026\/04\/Trolley-Large-Tables_D180_LHC12.CTRA_Front-view-750x750.jpg 750w, https:\/\/flexfurn.com\/wp-content\/uploads\/2026\/04\/Trolley-Large-Tables_D180_LHC12.CTRA_Front-view-300x300.jpg 300w, https:\/\/flexfurn.com\/wp-content\/uploads\/2026\/04\/Trolley-Large-Tables_D180_LHC12.CTRA_Front-view-1024x1024.jpg 1024w, https:\/\/flexfurn.com\/wp-content\/uploads\/2026\/04\/Trolley-Large-Tables_D180_LHC12.CTRA_Front-view-150x150.jpg 150w, https:\/\/flexfurn.com\/wp-content\/uploads\/2026\/04\/Trolley-Large-Tables_D180_LHC12.CTRA_Front-view-768x768.jpg 768w, https:\/\/flexfurn.com\/wp-content\/uploads\/2026\/04\/Trolley-Large-Tables_D180_LHC12.CTRA_Front-view-1536x1536.jpg 1536w, https:\/\/flexfurn.com\/wp-content\/uploads\/2026\/04\/Trolley-Large-Tables_D180_LHC12.CTRA_Front-view-2048x2048.jpg 2048w, https:\/\/flexfurn.com\/wp-content\/uploads\/2026\/04\/Trolley-Large-Tables_D180_LHC12.CTRA_Front-view-12x12.jpg 12w, https:\/\/flexfurn.com\/wp-content\/uploads\/2026\/04\/Trolley-Large-Tables_D180_LHC12.CTRA_Front-view-140x140.jpg 140w, https:\/\/flexfurn.com\/wp-content\/uploads\/2026\/04\/Trolley-Large-Tables_D180_LHC12.CTRA_Front-view-100x100.jpg 100w, https:\/\/flexfurn.com\/wp-content\/uploads\/2026\/04\/Trolley-Large-Tables_D180_LHC12.CTRA_Front-view-500x500.jpg 500w, https:\/\/flexfurn.com\/wp-content\/uploads\/2026\/04\/Trolley-Large-Tables_D180_LHC12.CTRA_Front-view-350x350.jpg 350w, https:\/\/flexfurn.com\/wp-content\/uploads\/2026\/04\/Trolley-Large-Tables_D180_LHC12.CTRA_Front-view-1000x1000.jpg 1000w, https:\/\/flexfurn.com\/wp-content\/uploads\/2026\/04\/Trolley-Large-Tables_D180_LHC12.CTRA_Front-view-800x800.jpg 800w\" sizes=\"auto, (max-width: 750px) 100vw, 750px\" \/><img loading=\"lazy\" decoding=\"async\" width=\"2400\" height=\"2400\" src=\"https:\/\/flexfurn.com\/wp-content\/uploads\/2026\/04\/Trolley-Large-Tables_D120_LHC12.CTRA_Front-view.jpg\" class=\"hover-gallery-image\" alt=\"\" srcset=\"https:\/\/flexfurn.com\/wp-content\/uploads\/2026\/04\/Trolley-Large-Tables_D120_LHC12.CTRA_Front-view.jpg 2400w, https:\/\/flexfurn.com\/wp-content\/uploads\/2026\/04\/Trolley-Large-Tables_D120_LHC12.CTRA_Front-view-300x300.jpg 300w, https:\/\/flexfurn.com\/wp-content\/uploads\/2026\/04\/Trolley-Large-Tables_D120_LHC12.CTRA_Front-view-1024x1024.jpg 1024w, https:\/\/flexfurn.com\/wp-content\/uploads\/2026\/04\/Trolley-Large-Tables_D120_LHC12.CTRA_Front-view-150x150.jpg 150w, https:\/\/flexfurn.com\/wp-content\/uploads\/2026\/04\/Trolley-Large-Tables_D120_LHC12.CTRA_Front-view-768x768.jpg 768w, https:\/\/flexfurn.com\/wp-content\/uploads\/2026\/04\/Trolley-Large-Tables_D120_LHC12.CTRA_Front-view-1536x1536.jpg 1536w, https:\/\/flexfurn.com\/wp-content\/uploads\/2026\/04\/Trolley-Large-Tables_D120_LHC12.CTRA_Front-view-2048x2048.jpg 2048w, https:\/\/flexfurn.com\/wp-content\/uploads\/2026\/04\/Trolley-Large-Tables_D120_LHC12.CTRA_Front-view-12x12.jpg 12w, https:\/\/flexfurn.com\/wp-content\/uploads\/2026\/04\/Trolley-Large-Tables_D120_LHC12.CTRA_Front-view-140x140.jpg 140w, https:\/\/flexfurn.com\/wp-content\/uploads\/2026\/04\/Trolley-Large-Tables_D120_LHC12.CTRA_Front-view-100x100.jpg 100w, https:\/\/flexfurn.com\/wp-content\/uploads\/2026\/04\/Trolley-Large-Tables_D120_LHC12.CTRA_Front-view-500x500.jpg 500w, https:\/\/flexfurn.com\/wp-content\/uploads\/2026\/04\/Trolley-Large-Tables_D120_LHC12.CTRA_Front-view-350x350.jpg 350w, https:\/\/flexfurn.com\/wp-content\/uploads\/2026\/04\/Trolley-Large-Tables_D120_LHC12.CTRA_Front-view-1000x1000.jpg 1000w, https:\/\/flexfurn.com\/wp-content\/uploads\/2026\/04\/Trolley-Large-Tables_D120_LHC12.CTRA_Front-view-800x800.jpg 800w, https:\/\/flexfurn.com\/wp-content\/uploads\/2026\/04\/Trolley-Large-Tables_D120_LHC12.CTRA_Front-view-750x750.jpg 750w\" sizes=\"auto, (max-width: 2400px) 100vw, 2400px\" \/><\/a><div class=\"product-meta\"><a href=\"https:\/\/flexfurn.com\/fr\/produit\/chariot-de-transport-pour-plateaux-de-table-ronds\/\"><h2 class=\"woocommerce-loop-product__title\">Chariot de transport pour plateaux de table ronds<\/h2><\/a><div class=\"price-hover-wrap\">\n<div class=\"product-add-to-cart\" data-nectar-quickview=\"false\"><a href=\"https:\/\/flexfurn.com\/fr\/produit\/chariot-de-transport-pour-plateaux-de-table-ronds\/\" aria-describedby=\"woocommerce_loop_add_to_cart_link_describedby_36513\" data-quantity=\"1\" class=\"button product_type_simple\" data-product_id=\"36513\" data-product_sku=\"\" aria-label=\"En savoir plus sur \u201cTransportkar ronde tafelbladen\u201d\" rel=\"nofollow\" data-success_message=\"\" data-no-translation-aria-label=\"\"><i class=\"normal icon-salient-cart\"><\/i><span data-no-translation=\"\" data-trp-gettext=\"\">Lire la suite<\/span><\/a>\t<span id=\"woocommerce_loop_add_to_cart_link_describedby_36513\" class=\"screen-reader-text\">\n\t\t\t<\/span>\n<\/div>\n\t\t\t\t<\/div>\n\t\t\t<\/div><\/div>\t\t\n\t  \n\n\t\t\n\t\n\n\t<span class=\"gtm4wp_productdata\" style=\"display:none; visibility:hidden;\" data-gtm4wp_product_data=\"{&quot;internal_id&quot;:36513,&quot;item_id&quot;:36513,&quot;item_name&quot;:&quot;Transportkar ronde tafelbladen&quot;,&quot;sku&quot;:36513,&quot;price&quot;:0,&quot;stocklevel&quot;:null,&quot;stockstatus&quot;:&quot;instock&quot;,&quot;google_business_vertical&quot;:&quot;retail&quot;,&quot;item_category&quot;:&quot;Transportkarren&quot;,&quot;id&quot;:36513,&quot;productlink&quot;:&quot;https:\\\/\\\/flexfurn.com\\\/fr\\\/produit\\\/chariot-de-transport-pour-plateaux-de-table-ronds\\\/&quot;,&quot;item_list_name&quot;:&quot;General Product List&quot;,&quot;index&quot;:9,&quot;product_type&quot;:&quot;simple&quot;,&quot;item_brand&quot;:&quot;&quot;}\"><\/span>\n<\/li>\n\t\t\t\n\t\t\t\t\n\t<li class=\"minimal product type-product post-36510 status-publish instock product_cat-transportkar-stapelstoelen product_cat-transportkarren has-post-thumbnail taxable shipping-taxable product-type-simple woo-variation-gallery-product\" >\n\n\n\t\n\n\t\t\t\t <div class=\"background-color-expand\"><\/div>\n\t   <div class=\"product-wrap\">\n\t\t\t<a href=\"https:\/\/flexfurn.com\/fr\/produit\/chariot-de-transport-style-tolix-pp\/\" aria-label=\"Chariot de transport pour chaise Tolix Style PP\"><img loading=\"lazy\" decoding=\"async\" width=\"750\" height=\"750\" src=\"https:\/\/flexfurn.com\/wp-content\/uploads\/2026\/04\/31-750x750.png\" class=\"attachment-woocommerce_thumbnail size-woocommerce_thumbnail\" alt=\"Chariot de transport pour chaise Tolix Style PP\" srcset=\"https:\/\/flexfurn.com\/wp-content\/uploads\/2026\/04\/31-750x750.png 750w, https:\/\/flexfurn.com\/wp-content\/uploads\/2026\/04\/31-300x300.png 300w, https:\/\/flexfurn.com\/wp-content\/uploads\/2026\/04\/31-1024x1024.png 1024w, https:\/\/flexfurn.com\/wp-content\/uploads\/2026\/04\/31-150x150.png 150w, https:\/\/flexfurn.com\/wp-content\/uploads\/2026\/04\/31-768x768.png 768w, https:\/\/flexfurn.com\/wp-content\/uploads\/2026\/04\/31-1536x1536.png 1536w, https:\/\/flexfurn.com\/wp-content\/uploads\/2026\/04\/31-2048x2048.png 2048w, https:\/\/flexfurn.com\/wp-content\/uploads\/2026\/04\/31-12x12.png 12w, https:\/\/flexfurn.com\/wp-content\/uploads\/2026\/04\/31-140x140.png 140w, https:\/\/flexfurn.com\/wp-content\/uploads\/2026\/04\/31-100x100.png 100w, https:\/\/flexfurn.com\/wp-content\/uploads\/2026\/04\/31-500x500.png 500w, https:\/\/flexfurn.com\/wp-content\/uploads\/2026\/04\/31-350x350.png 350w, https:\/\/flexfurn.com\/wp-content\/uploads\/2026\/04\/31-1000x1000.png 1000w, https:\/\/flexfurn.com\/wp-content\/uploads\/2026\/04\/31-800x800.png 800w\" sizes=\"auto, (max-width: 750px) 100vw, 750px\" \/><img loading=\"lazy\" decoding=\"async\" width=\"2400\" height=\"2400\" src=\"https:\/\/flexfurn.com\/wp-content\/uploads\/2024\/01\/8.png\" class=\"hover-gallery-image\" alt=\"\" srcset=\"https:\/\/flexfurn.com\/wp-content\/uploads\/2024\/01\/8.png 2400w, https:\/\/flexfurn.com\/wp-content\/uploads\/2024\/01\/8-300x300.png 300w, https:\/\/flexfurn.com\/wp-content\/uploads\/2024\/01\/8-1024x1024.png 1024w, https:\/\/flexfurn.com\/wp-content\/uploads\/2024\/01\/8-150x150.png 150w, https:\/\/flexfurn.com\/wp-content\/uploads\/2024\/01\/8-768x768.png 768w, https:\/\/flexfurn.com\/wp-content\/uploads\/2024\/01\/8-1536x1536.png 1536w, https:\/\/flexfurn.com\/wp-content\/uploads\/2024\/01\/8-2048x2048.png 2048w, https:\/\/flexfurn.com\/wp-content\/uploads\/2024\/01\/8-12x12.png 12w, https:\/\/flexfurn.com\/wp-content\/uploads\/2024\/01\/8-140x140.png 140w, https:\/\/flexfurn.com\/wp-content\/uploads\/2024\/01\/8-100x100.png 100w, https:\/\/flexfurn.com\/wp-content\/uploads\/2024\/01\/8-500x500.png 500w, https:\/\/flexfurn.com\/wp-content\/uploads\/2024\/01\/8-350x350.png 350w, https:\/\/flexfurn.com\/wp-content\/uploads\/2024\/01\/8-1000x1000.png 1000w, https:\/\/flexfurn.com\/wp-content\/uploads\/2024\/01\/8-800x800.png 800w, https:\/\/flexfurn.com\/wp-content\/uploads\/2024\/01\/8-750x750.png 750w\" sizes=\"auto, (max-width: 2400px) 100vw, 2400px\" \/><\/a><div class=\"product-meta\"><a href=\"https:\/\/flexfurn.com\/fr\/produit\/chariot-de-transport-style-tolix-pp\/\"><h2 class=\"woocommerce-loop-product__title\">Chariot de transport pour chaise Tolix Style PP<\/h2><\/a><div class=\"price-hover-wrap\">\n<div class=\"product-add-to-cart\" data-nectar-quickview=\"false\"><a href=\"https:\/\/flexfurn.com\/fr\/produit\/chariot-de-transport-style-tolix-pp\/\" aria-describedby=\"woocommerce_loop_add_to_cart_link_describedby_36510\" data-quantity=\"1\" class=\"button product_type_simple\" data-product_id=\"36510\" data-product_sku=\"KSTO24STHA\" aria-label=\"En savoir plus sur \u201ctransportkar Tolix Style PP stoel\u201d\" rel=\"nofollow\" data-success_message=\"\" data-no-translation-aria-label=\"\"><i class=\"normal icon-salient-cart\"><\/i><span data-no-translation=\"\" data-trp-gettext=\"\">Lire la suite<\/span><\/a>\t<span id=\"woocommerce_loop_add_to_cart_link_describedby_36510\" class=\"screen-reader-text\">\n\t\t\t<\/span>\n<\/div>\n\t\t\t\t<\/div>\n\t\t\t<\/div><\/div>\t\t\n\t  \n\n\t\t\n\t\n\n\t<span class=\"gtm4wp_productdata\" style=\"display:none; visibility:hidden;\" data-gtm4wp_product_data=\"{&quot;internal_id&quot;:36510,&quot;item_id&quot;:36510,&quot;item_name&quot;:&quot;transportkar Tolix Style PP stoel&quot;,&quot;sku&quot;:&quot;KSTO24STHA&quot;,&quot;price&quot;:0,&quot;stocklevel&quot;:null,&quot;stockstatus&quot;:&quot;instock&quot;,&quot;google_business_vertical&quot;:&quot;retail&quot;,&quot;item_category&quot;:&quot;Transportkarren&quot;,&quot;id&quot;:36510,&quot;productlink&quot;:&quot;https:\\\/\\\/flexfurn.com\\\/fr\\\/produit\\\/chariot-de-transport-style-tolix-pp\\\/&quot;,&quot;item_list_name&quot;:&quot;General Product List&quot;,&quot;index&quot;:10,&quot;product_type&quot;:&quot;simple&quot;,&quot;item_brand&quot;:&quot;&quot;}\"><\/span>\n<\/li>\n\t\t\t\n\t\t\t\t\n\t<li class=\"minimal product type-product post-36445 status-publish instock product_cat-transportkarren has-post-thumbnail taxable shipping-taxable product-type-simple woo-variation-gallery-product\" >\n\n\n\t\n\n\t\t\t\t <div class=\"background-color-expand\"><\/div>\n\t   <div class=\"product-wrap\">\n\t\t\t<a href=\"https:\/\/flexfurn.com\/fr\/produit\/chariot-de-transport-pour-systeme-fly-twisted\/\" aria-label=\"Chariot de transport pour syst\u00e8me Fly Twisted\"><img loading=\"lazy\" decoding=\"async\" width=\"750\" height=\"750\" src=\"https:\/\/flexfurn.com\/wp-content\/uploads\/2026\/04\/6-750x750.png\" class=\"attachment-woocommerce_thumbnail size-woocommerce_thumbnail\" alt=\"Chariot de transport pour syst\u00e8me Fly Twisted\" srcset=\"https:\/\/flexfurn.com\/wp-content\/uploads\/2026\/04\/6-750x750.png 750w, https:\/\/flexfurn.com\/wp-content\/uploads\/2026\/04\/6-300x300.png 300w, https:\/\/flexfurn.com\/wp-content\/uploads\/2026\/04\/6-1024x1024.png 1024w, https:\/\/flexfurn.com\/wp-content\/uploads\/2026\/04\/6-150x150.png 150w, https:\/\/flexfurn.com\/wp-content\/uploads\/2026\/04\/6-768x768.png 768w, https:\/\/flexfurn.com\/wp-content\/uploads\/2026\/04\/6-1536x1536.png 1536w, https:\/\/flexfurn.com\/wp-content\/uploads\/2026\/04\/6-2048x2048.png 2048w, https:\/\/flexfurn.com\/wp-content\/uploads\/2026\/04\/6-12x12.png 12w, https:\/\/flexfurn.com\/wp-content\/uploads\/2026\/04\/6-140x140.png 140w, https:\/\/flexfurn.com\/wp-content\/uploads\/2026\/04\/6-100x100.png 100w, https:\/\/flexfurn.com\/wp-content\/uploads\/2026\/04\/6-500x500.png 500w, https:\/\/flexfurn.com\/wp-content\/uploads\/2026\/04\/6-350x350.png 350w, https:\/\/flexfurn.com\/wp-content\/uploads\/2026\/04\/6-1000x1000.png 1000w, https:\/\/flexfurn.com\/wp-content\/uploads\/2026\/04\/6-800x800.png 800w\" sizes=\"auto, (max-width: 750px) 100vw, 750px\" \/><\/a><div class=\"product-meta\"><a href=\"https:\/\/flexfurn.com\/fr\/produit\/chariot-de-transport-pour-systeme-fly-twisted\/\"><h2 class=\"woocommerce-loop-product__title\">Chariot de transport pour syst\u00e8me Fly Twisted<\/h2><\/a><div class=\"price-hover-wrap\">\n<div class=\"product-add-to-cart\" data-nectar-quickview=\"false\"><a href=\"https:\/\/flexfurn.com\/fr\/produit\/chariot-de-transport-pour-systeme-fly-twisted\/\" aria-describedby=\"woocommerce_loop_add_to_cart_link_describedby_36445\" data-quantity=\"1\" class=\"button product_type_simple\" data-product_id=\"36445\" data-product_sku=\"KTFLY10.STHA\" aria-label=\"En savoir plus sur \u201cTransportkar voor Fly Twisted System\u201d\" rel=\"nofollow\" data-success_message=\"\" data-no-translation-aria-label=\"\"><i class=\"normal icon-salient-cart\"><\/i><span data-no-translation=\"\" data-trp-gettext=\"\">Lire la suite<\/span><\/a>\t<span id=\"woocommerce_loop_add_to_cart_link_describedby_36445\" class=\"screen-reader-text\">\n\t\t\t<\/span>\n<\/div>\n\t\t\t\t<\/div>\n\t\t\t<\/div><\/div>\t\t\n\t  \n\n\t\t\n\t\n\n\t<span class=\"gtm4wp_productdata\" style=\"display:none; visibility:hidden;\" data-gtm4wp_product_data=\"{&quot;internal_id&quot;:36445,&quot;item_id&quot;:36445,&quot;item_name&quot;:&quot;Transportkar voor Fly Twisted System&quot;,&quot;sku&quot;:&quot;KTFLY10.STHA&quot;,&quot;price&quot;:0,&quot;stocklevel&quot;:null,&quot;stockstatus&quot;:&quot;instock&quot;,&quot;google_business_vertical&quot;:&quot;retail&quot;,&quot;item_category&quot;:&quot;Transportkarren&quot;,&quot;id&quot;:36445,&quot;productlink&quot;:&quot;https:\\\/\\\/flexfurn.com\\\/fr\\\/produit\\\/chariot-de-transport-pour-systeme-fly-twisted\\\/&quot;,&quot;item_list_name&quot;:&quot;General Product List&quot;,&quot;index&quot;:11,&quot;product_type&quot;:&quot;simple&quot;,&quot;item_brand&quot;:&quot;&quot;}\"><\/span>\n<\/li>\n\t\t\t\n\t\t\t\t\n\t<li class=\"minimal product type-product post-36358 status-publish last instock product_cat-geen-categorie product_cat-transportkarren has-post-thumbnail taxable shipping-taxable product-type-simple woo-variation-gallery-product\" >\n\n\n\t\n\n\t\t\t\t <div class=\"background-color-expand\"><\/div>\n\t   <div class=\"product-wrap\">\n\t\t\t<a href=\"https:\/\/flexfurn.com\/fr\/produit\/chariot-de-transport-tables-de-sel\/\" aria-label=\"Chariot de transport Tables de sel\"><img loading=\"lazy\" decoding=\"async\" width=\"750\" height=\"750\" src=\"https:\/\/flexfurn.com\/wp-content\/uploads\/2026\/04\/5-750x750.png\" class=\"attachment-woocommerce_thumbnail size-woocommerce_thumbnail\" alt=\"Chariot de transport Tables de sel\" srcset=\"https:\/\/flexfurn.com\/wp-content\/uploads\/2026\/04\/5-750x750.png 750w, https:\/\/flexfurn.com\/wp-content\/uploads\/2026\/04\/5-300x300.png 300w, https:\/\/flexfurn.com\/wp-content\/uploads\/2026\/04\/5-1024x1024.png 1024w, https:\/\/flexfurn.com\/wp-content\/uploads\/2026\/04\/5-150x150.png 150w, https:\/\/flexfurn.com\/wp-content\/uploads\/2026\/04\/5-768x768.png 768w, https:\/\/flexfurn.com\/wp-content\/uploads\/2026\/04\/5-1536x1536.png 1536w, https:\/\/flexfurn.com\/wp-content\/uploads\/2026\/04\/5-2048x2048.png 2048w, https:\/\/flexfurn.com\/wp-content\/uploads\/2026\/04\/5-12x12.png 12w, https:\/\/flexfurn.com\/wp-content\/uploads\/2026\/04\/5-140x140.png 140w, https:\/\/flexfurn.com\/wp-content\/uploads\/2026\/04\/5-100x100.png 100w, https:\/\/flexfurn.com\/wp-content\/uploads\/2026\/04\/5-500x500.png 500w, https:\/\/flexfurn.com\/wp-content\/uploads\/2026\/04\/5-350x350.png 350w, https:\/\/flexfurn.com\/wp-content\/uploads\/2026\/04\/5-1000x1000.png 1000w, https:\/\/flexfurn.com\/wp-content\/uploads\/2026\/04\/5-800x800.png 800w\" sizes=\"auto, (max-width: 750px) 100vw, 750px\" \/><\/a><div class=\"product-meta\"><a href=\"https:\/\/flexfurn.com\/fr\/produit\/chariot-de-transport-tables-de-sel\/\"><h2 class=\"woocommerce-loop-product__title\">Chariot de transport Tables de sel<\/h2><\/a><div class=\"price-hover-wrap\">\n<div class=\"product-add-to-cart\" data-nectar-quickview=\"false\"><a href=\"https:\/\/flexfurn.com\/fr\/produit\/chariot-de-transport-tables-de-sel\/\" aria-describedby=\"woocommerce_loop_add_to_cart_link_describedby_36358\" data-quantity=\"1\" class=\"button product_type_simple\" data-product_id=\"36358\" data-product_sku=\"KTSA10.STHA\" aria-label=\"En savoir plus sur \u201cTransportkar Salt tafels\u201d\" rel=\"nofollow\" data-success_message=\"\" data-no-translation-aria-label=\"\"><i class=\"normal icon-salient-cart\"><\/i><span data-no-translation=\"\" data-trp-gettext=\"\">Lire la suite<\/span><\/a>\t<span id=\"woocommerce_loop_add_to_cart_link_describedby_36358\" class=\"screen-reader-text\">\n\t\t\t<\/span>\n<\/div>\n\t\t\t\t<\/div>\n\t\t\t<\/div><\/div>\t\t\n\t  \n\n\t\t\n\t\n\n\t<span class=\"gtm4wp_productdata\" style=\"display:none; visibility:hidden;\" data-gtm4wp_product_data=\"{&quot;internal_id&quot;:36358,&quot;item_id&quot;:36358,&quot;item_name&quot;:&quot;Transportkar Salt tafels&quot;,&quot;sku&quot;:&quot;KTSA10.STHA&quot;,&quot;price&quot;:0,&quot;stocklevel&quot;:null,&quot;stockstatus&quot;:&quot;instock&quot;,&quot;google_business_vertical&quot;:&quot;retail&quot;,&quot;item_category&quot;:&quot;Geen categorie&quot;,&quot;id&quot;:36358,&quot;productlink&quot;:&quot;https:\\\/\\\/flexfurn.com\\\/fr\\\/produit\\\/chariot-de-transport-tables-de-sel\\\/&quot;,&quot;item_list_name&quot;:&quot;General Product List&quot;,&quot;index&quot;:12,&quot;product_type&quot;:&quot;simple&quot;,&quot;item_brand&quot;:&quot;&quot;}\"><\/span>\n<\/li>\n\t\t\t\n\t\t\t\t\n\t<li class=\"minimal product type-product post-36096 status-publish first instock product_cat-eettafel product_cat-geen-categorie product_cat-kubo product_cat-outdoor has-post-thumbnail taxable shipping-taxable purchasable product-type-variable woo-variation-gallery-product\" >\n\n\n\t\n\n\t\t\t\t <div class=\"background-color-expand\"><\/div>\n\t   <div class=\"product-wrap\">\n\t\t\t<a href=\"https:\/\/flexfurn.com\/fr\/produit\/diner-kubo\/\" aria-label=\"D\u00eener Kubo\"><img loading=\"lazy\" decoding=\"async\" width=\"750\" height=\"750\" src=\"https:\/\/flexfurn.com\/wp-content\/uploads\/2026\/04\/KUBO-GRANDE-DINNER_WHITE_120x70_MFCA18.OAK_.NAT-oak-natural_Low-view-750x750.jpg\" class=\"attachment-woocommerce_thumbnail size-woocommerce_thumbnail\" alt=\"Table de d\u00eener Kubo blanche de Flexfurn avec un plateau en m\u00e9lamine d\u00e9cor ch\u00eane clair.\" srcset=\"https:\/\/flexfurn.com\/wp-content\/uploads\/2026\/04\/KUBO-GRANDE-DINNER_WHITE_120x70_MFCA18.OAK_.NAT-oak-natural_Low-view-750x750.jpg 750w, https:\/\/flexfurn.com\/wp-content\/uploads\/2026\/04\/KUBO-GRANDE-DINNER_WHITE_120x70_MFCA18.OAK_.NAT-oak-natural_Low-view-300x300.jpg 300w, https:\/\/flexfurn.com\/wp-content\/uploads\/2026\/04\/KUBO-GRANDE-DINNER_WHITE_120x70_MFCA18.OAK_.NAT-oak-natural_Low-view-1024x1024.jpg 1024w, https:\/\/flexfurn.com\/wp-content\/uploads\/2026\/04\/KUBO-GRANDE-DINNER_WHITE_120x70_MFCA18.OAK_.NAT-oak-natural_Low-view-150x150.jpg 150w, https:\/\/flexfurn.com\/wp-content\/uploads\/2026\/04\/KUBO-GRANDE-DINNER_WHITE_120x70_MFCA18.OAK_.NAT-oak-natural_Low-view-768x768.jpg 768w, https:\/\/flexfurn.com\/wp-content\/uploads\/2026\/04\/KUBO-GRANDE-DINNER_WHITE_120x70_MFCA18.OAK_.NAT-oak-natural_Low-view-1536x1536.jpg 1536w, https:\/\/flexfurn.com\/wp-content\/uploads\/2026\/04\/KUBO-GRANDE-DINNER_WHITE_120x70_MFCA18.OAK_.NAT-oak-natural_Low-view-2048x2048.jpg 2048w, https:\/\/flexfurn.com\/wp-content\/uploads\/2026\/04\/KUBO-GRANDE-DINNER_WHITE_120x70_MFCA18.OAK_.NAT-oak-natural_Low-view-12x12.jpg 12w, https:\/\/flexfurn.com\/wp-content\/uploads\/2026\/04\/KUBO-GRANDE-DINNER_WHITE_120x70_MFCA18.OAK_.NAT-oak-natural_Low-view-140x140.jpg 140w, https:\/\/flexfurn.com\/wp-content\/uploads\/2026\/04\/KUBO-GRANDE-DINNER_WHITE_120x70_MFCA18.OAK_.NAT-oak-natural_Low-view-100x100.jpg 100w, https:\/\/flexfurn.com\/wp-content\/uploads\/2026\/04\/KUBO-GRANDE-DINNER_WHITE_120x70_MFCA18.OAK_.NAT-oak-natural_Low-view-500x500.jpg 500w, https:\/\/flexfurn.com\/wp-content\/uploads\/2026\/04\/KUBO-GRANDE-DINNER_WHITE_120x70_MFCA18.OAK_.NAT-oak-natural_Low-view-350x350.jpg 350w, https:\/\/flexfurn.com\/wp-content\/uploads\/2026\/04\/KUBO-GRANDE-DINNER_WHITE_120x70_MFCA18.OAK_.NAT-oak-natural_Low-view-1000x1000.jpg 1000w, https:\/\/flexfurn.com\/wp-content\/uploads\/2026\/04\/KUBO-GRANDE-DINNER_WHITE_120x70_MFCA18.OAK_.NAT-oak-natural_Low-view-800x800.jpg 800w\" sizes=\"auto, (max-width: 750px) 100vw, 750px\" \/><img loading=\"lazy\" decoding=\"async\" width=\"2400\" height=\"2400\" src=\"https:\/\/flexfurn.com\/wp-content\/uploads\/2026\/04\/KUBO-GRANDE-DINNER_BLACK_120x70_MFCA18.OAK_.NAT-oak-natural_Low-view.jpg\" class=\"hover-gallery-image\" alt=\"Table de d\u00eener Black Kubo de Flexfurn avec plateau en m\u00e9lamine d\u00e9cor ch\u00eane clair.\" srcset=\"https:\/\/flexfurn.com\/wp-content\/uploads\/2026\/04\/KUBO-GRANDE-DINNER_BLACK_120x70_MFCA18.OAK_.NAT-oak-natural_Low-view.jpg 2400w, https:\/\/flexfurn.com\/wp-content\/uploads\/2026\/04\/KUBO-GRANDE-DINNER_BLACK_120x70_MFCA18.OAK_.NAT-oak-natural_Low-view-300x300.jpg 300w, https:\/\/flexfurn.com\/wp-content\/uploads\/2026\/04\/KUBO-GRANDE-DINNER_BLACK_120x70_MFCA18.OAK_.NAT-oak-natural_Low-view-1024x1024.jpg 1024w, https:\/\/flexfurn.com\/wp-content\/uploads\/2026\/04\/KUBO-GRANDE-DINNER_BLACK_120x70_MFCA18.OAK_.NAT-oak-natural_Low-view-150x150.jpg 150w, https:\/\/flexfurn.com\/wp-content\/uploads\/2026\/04\/KUBO-GRANDE-DINNER_BLACK_120x70_MFCA18.OAK_.NAT-oak-natural_Low-view-768x768.jpg 768w, https:\/\/flexfurn.com\/wp-content\/uploads\/2026\/04\/KUBO-GRANDE-DINNER_BLACK_120x70_MFCA18.OAK_.NAT-oak-natural_Low-view-1536x1536.jpg 1536w, https:\/\/flexfurn.com\/wp-content\/uploads\/2026\/04\/KUBO-GRANDE-DINNER_BLACK_120x70_MFCA18.OAK_.NAT-oak-natural_Low-view-2048x2048.jpg 2048w, https:\/\/flexfurn.com\/wp-content\/uploads\/2026\/04\/KUBO-GRANDE-DINNER_BLACK_120x70_MFCA18.OAK_.NAT-oak-natural_Low-view-12x12.jpg 12w, https:\/\/flexfurn.com\/wp-content\/uploads\/2026\/04\/KUBO-GRANDE-DINNER_BLACK_120x70_MFCA18.OAK_.NAT-oak-natural_Low-view-140x140.jpg 140w, https:\/\/flexfurn.com\/wp-content\/uploads\/2026\/04\/KUBO-GRANDE-DINNER_BLACK_120x70_MFCA18.OAK_.NAT-oak-natural_Low-view-100x100.jpg 100w, https:\/\/flexfurn.com\/wp-content\/uploads\/2026\/04\/KUBO-GRANDE-DINNER_BLACK_120x70_MFCA18.OAK_.NAT-oak-natural_Low-view-500x500.jpg 500w, https:\/\/flexfurn.com\/wp-content\/uploads\/2026\/04\/KUBO-GRANDE-DINNER_BLACK_120x70_MFCA18.OAK_.NAT-oak-natural_Low-view-350x350.jpg 350w, https:\/\/flexfurn.com\/wp-content\/uploads\/2026\/04\/KUBO-GRANDE-DINNER_BLACK_120x70_MFCA18.OAK_.NAT-oak-natural_Low-view-1000x1000.jpg 1000w, https:\/\/flexfurn.com\/wp-content\/uploads\/2026\/04\/KUBO-GRANDE-DINNER_BLACK_120x70_MFCA18.OAK_.NAT-oak-natural_Low-view-800x800.jpg 800w, https:\/\/flexfurn.com\/wp-content\/uploads\/2026\/04\/KUBO-GRANDE-DINNER_BLACK_120x70_MFCA18.OAK_.NAT-oak-natural_Low-view-750x750.jpg 750w\" sizes=\"auto, (max-width: 2400px) 100vw, 2400px\" \/><\/a><div class=\"product-meta\"><a href=\"https:\/\/flexfurn.com\/fr\/produit\/diner-kubo\/\"><h2 class=\"woocommerce-loop-product__title\">D\u00eener Kubo<\/h2><\/a><div class=\"price-hover-wrap\">\n<div class=\"product-add-to-cart\" data-nectar-quickview=\"false\"><a href=\"https:\/\/flexfurn.com\/fr\/produit\/diner-kubo\/\" aria-describedby=\"woocommerce_loop_add_to_cart_link_describedby_36096\" data-quantity=\"1\" class=\"button product_type_variable add_to_cart_button\" data-product_id=\"36096\" data-product_sku=\"\" aria-label=\"S\u00e9lectionner les options pour \u201cKubo Dinner\u201d\" rel=\"nofollow\" data-no-translation-aria-label=\"\"><i class=\"normal icon-salient-cart\"><\/i><span data-no-translation=\"\" data-trp-gettext=\"\">Choix des options<\/span><\/a>\t<span id=\"woocommerce_loop_add_to_cart_link_describedby_36096\" class=\"screen-reader-text\">\n\t\tCe produit a plusieurs variantes. Les options peuvent \u00eatre choisies sur la page produit\t<\/span>\n<\/div>\n\t\t\t\t<\/div>\n\t\t\t<\/div><\/div>\t\t\n\t  \n\n\t\t\n\t\n\n\t<span class=\"gtm4wp_productdata\" style=\"display:none; visibility:hidden;\" data-gtm4wp_product_data=\"{&quot;internal_id&quot;:36096,&quot;item_id&quot;:36096,&quot;item_name&quot;:&quot;Kubo Dinner&quot;,&quot;sku&quot;:36096,&quot;price&quot;:280,&quot;stocklevel&quot;:null,&quot;stockstatus&quot;:&quot;instock&quot;,&quot;google_business_vertical&quot;:&quot;retail&quot;,&quot;item_category&quot;:&quot;Geen categorie&quot;,&quot;id&quot;:36096,&quot;productlink&quot;:&quot;https:\\\/\\\/flexfurn.com\\\/fr\\\/produit\\\/diner-kubo\\\/&quot;,&quot;item_list_name&quot;:&quot;General Product List&quot;,&quot;index&quot;:13,&quot;product_type&quot;:&quot;variable&quot;,&quot;item_brand&quot;:&quot;&quot;}\"><\/span>\n<\/li>\n\t\t\t\n\t\t\t\t\n\t<li class=\"minimal product type-product post-35265 status-publish instock product_cat-barstoel product_cat-wedding has-post-thumbnail taxable shipping-taxable purchasable product-type-simple woo-variation-gallery-product\" >\n\n\n\t\n\n\t\t\t\t <div class=\"background-color-expand\"><\/div>\n\t   <div class=\"product-wrap\">\n\t\t\t<a href=\"https:\/\/flexfurn.com\/fr\/produit\/tabouret-de-bar-nina\/\" aria-label=\"Tabouret de bar Nina\"><img loading=\"lazy\" decoding=\"async\" width=\"750\" height=\"750\" src=\"https:\/\/flexfurn.com\/wp-content\/uploads\/2026\/04\/Uitgelichte-afbeeldingen-WEBSITE-750x750.png\" class=\"attachment-woocommerce_thumbnail size-woocommerce_thumbnail\" alt=\"Le tabouret de bar Nina, en ch\u00eane naturel. Empilable et confortable.\" srcset=\"https:\/\/flexfurn.com\/wp-content\/uploads\/2026\/04\/Uitgelichte-afbeeldingen-WEBSITE-750x750.png 750w, https:\/\/flexfurn.com\/wp-content\/uploads\/2026\/04\/Uitgelichte-afbeeldingen-WEBSITE-300x300.png 300w, https:\/\/flexfurn.com\/wp-content\/uploads\/2026\/04\/Uitgelichte-afbeeldingen-WEBSITE-1024x1024.png 1024w, https:\/\/flexfurn.com\/wp-content\/uploads\/2026\/04\/Uitgelichte-afbeeldingen-WEBSITE-150x150.png 150w, https:\/\/flexfurn.com\/wp-content\/uploads\/2026\/04\/Uitgelichte-afbeeldingen-WEBSITE-768x768.png 768w, https:\/\/flexfurn.com\/wp-content\/uploads\/2026\/04\/Uitgelichte-afbeeldingen-WEBSITE-1536x1536.png 1536w, https:\/\/flexfurn.com\/wp-content\/uploads\/2026\/04\/Uitgelichte-afbeeldingen-WEBSITE-2048x2048.png 2048w, https:\/\/flexfurn.com\/wp-content\/uploads\/2026\/04\/Uitgelichte-afbeeldingen-WEBSITE-12x12.png 12w, https:\/\/flexfurn.com\/wp-content\/uploads\/2026\/04\/Uitgelichte-afbeeldingen-WEBSITE-140x140.png 140w, https:\/\/flexfurn.com\/wp-content\/uploads\/2026\/04\/Uitgelichte-afbeeldingen-WEBSITE-100x100.png 100w, https:\/\/flexfurn.com\/wp-content\/uploads\/2026\/04\/Uitgelichte-afbeeldingen-WEBSITE-500x500.png 500w, https:\/\/flexfurn.com\/wp-content\/uploads\/2026\/04\/Uitgelichte-afbeeldingen-WEBSITE-350x350.png 350w, https:\/\/flexfurn.com\/wp-content\/uploads\/2026\/04\/Uitgelichte-afbeeldingen-WEBSITE-1000x1000.png 1000w, https:\/\/flexfurn.com\/wp-content\/uploads\/2026\/04\/Uitgelichte-afbeeldingen-WEBSITE-800x800.png 800w\" sizes=\"auto, (max-width: 750px) 100vw, 750px\" \/><img loading=\"lazy\" decoding=\"async\" width=\"1708\" height=\"2560\" src=\"https:\/\/flexfurn.com\/wp-content\/uploads\/2026\/04\/2026OhD-352-scaled.jpg\" class=\"hover-gallery-image\" alt=\"Le tabouret de bar Nina en ch\u00eane naturel. Un design \u00e9l\u00e9gant et intemporel. Id\u00e9al pour tout \u00e9v\u00e9nement chic et toute r\u00e9ception.\" srcset=\"https:\/\/flexfurn.com\/wp-content\/uploads\/2026\/04\/2026OhD-352-scaled.jpg 1708w, https:\/\/flexfurn.com\/wp-content\/uploads\/2026\/04\/2026OhD-352-200x300.jpg 200w, https:\/\/flexfurn.com\/wp-content\/uploads\/2026\/04\/2026OhD-352-683x1024.jpg 683w, https:\/\/flexfurn.com\/wp-content\/uploads\/2026\/04\/2026OhD-352-768x1151.jpg 768w, https:\/\/flexfurn.com\/wp-content\/uploads\/2026\/04\/2026OhD-352-1025x1536.jpg 1025w, https:\/\/flexfurn.com\/wp-content\/uploads\/2026\/04\/2026OhD-352-1366x2048.jpg 1366w, https:\/\/flexfurn.com\/wp-content\/uploads\/2026\/04\/2026OhD-352-8x12.jpg 8w, https:\/\/flexfurn.com\/wp-content\/uploads\/2026\/04\/2026OhD-352-1000x1499.jpg 1000w\" sizes=\"auto, (max-width: 1708px) 100vw, 1708px\" \/><\/a><div class=\"product-meta\"><a href=\"https:\/\/flexfurn.com\/fr\/produit\/tabouret-de-bar-nina\/\"><h2 class=\"woocommerce-loop-product__title\">Tabouret de bar Nina<\/h2><\/a><div class=\"price-hover-wrap\">\n<div class=\"product-add-to-cart\" data-nectar-quickview=\"false\"><a href=\"\/fr\/wp-json\/wp\/v2\/pages\/3881?add-to-cart=35265\" aria-describedby=\"woocommerce_loop_add_to_cart_link_describedby_35265\" data-quantity=\"1\" class=\"button product_type_simple add_to_cart_button ajax_add_to_cart\" data-product_id=\"35265\" data-product_sku=\"SNIB.WO ELM.OAK\" aria-label=\"Ajouter au panier : \u00ab Nina Barstoel \u00bb\" rel=\"nofollow\" data-success_message=\"\u00ab Nina Barstoel \u00bb a \u00e9t\u00e9 ajout\u00e9 \u00e0 votre panier\" role=\"button\" data-no-translation-aria-label=\"\" data-no-translation-data-success_message=\"\"><i class=\"normal icon-salient-cart\"><\/i><span data-no-translation=\"\" data-trp-gettext=\"\">Ajouter au panier<\/span><\/a>\t<span id=\"woocommerce_loop_add_to_cart_link_describedby_35265\" class=\"screen-reader-text\">\n\t\t\t<\/span>\n<\/div>\n\t\t\t\t<\/div>\n\t\t\t<\/div><\/div>\t\t\n\t  \n\n\t\t\n\t\n\n\t<span class=\"gtm4wp_productdata\" style=\"display:none; visibility:hidden;\" data-gtm4wp_product_data=\"{&quot;internal_id&quot;:35265,&quot;item_id&quot;:35265,&quot;item_name&quot;:&quot;Nina Barstoel&quot;,&quot;sku&quot;:&quot;SNIB.WO ELM.OAK&quot;,&quot;price&quot;:190,&quot;stocklevel&quot;:null,&quot;stockstatus&quot;:&quot;instock&quot;,&quot;google_business_vertical&quot;:&quot;retail&quot;,&quot;item_category&quot;:&quot;Categorie&quot;,&quot;item_category2&quot;:&quot;Barstoel&quot;,&quot;id&quot;:35265,&quot;productlink&quot;:&quot;https:\\\/\\\/flexfurn.com\\\/fr\\\/produit\\\/tabouret-de-bar-nina\\\/&quot;,&quot;item_list_name&quot;:&quot;General Product List&quot;,&quot;index&quot;:14,&quot;product_type&quot;:&quot;simple&quot;,&quot;item_brand&quot;:&quot;&quot;}\"><\/span>\n<\/li>\n\t\t\t\n\t\t\t\t\n\t<li class=\"minimal product type-product post-35049 status-publish instock product_cat-geen-categorie product_cat-kubo product_cat-outdoor product_cat-statafel has-post-thumbnail taxable shipping-taxable purchasable product-type-variable woo-variation-gallery-product\" >\n\n\n\t\n\n\t\t\t\t <div class=\"background-color-expand\"><\/div>\n\t   <div class=\"product-wrap\">\n\t\t\t<a href=\"https:\/\/flexfurn.com\/fr\/produit\/table-haute-de-fete-kubo-grande\/\" aria-label=\"Table haute de f\u00eate Kubo Grande\"><img loading=\"lazy\" decoding=\"async\" width=\"750\" height=\"750\" src=\"https:\/\/flexfurn.com\/wp-content\/uploads\/2026\/04\/KUBO-GRANDE-PARTY_BLACK_120x70_LHC12.CTRA-classic-travertine_Low-view-750x750.jpg\" class=\"attachment-woocommerce_thumbnail size-woocommerce_thumbnail\" alt=\"Table de bar Black Kubo Grande de Flexfurn avec plateau en stratifi\u00e9 haute pression (HPL) effet travertin classique\" srcset=\"https:\/\/flexfurn.com\/wp-content\/uploads\/2026\/04\/KUBO-GRANDE-PARTY_BLACK_120x70_LHC12.CTRA-classic-travertine_Low-view-750x750.jpg 750w, https:\/\/flexfurn.com\/wp-content\/uploads\/2026\/04\/KUBO-GRANDE-PARTY_BLACK_120x70_LHC12.CTRA-classic-travertine_Low-view-300x300.jpg 300w, https:\/\/flexfurn.com\/wp-content\/uploads\/2026\/04\/KUBO-GRANDE-PARTY_BLACK_120x70_LHC12.CTRA-classic-travertine_Low-view-1024x1024.jpg 1024w, https:\/\/flexfurn.com\/wp-content\/uploads\/2026\/04\/KUBO-GRANDE-PARTY_BLACK_120x70_LHC12.CTRA-classic-travertine_Low-view-150x150.jpg 150w, https:\/\/flexfurn.com\/wp-content\/uploads\/2026\/04\/KUBO-GRANDE-PARTY_BLACK_120x70_LHC12.CTRA-classic-travertine_Low-view-768x768.jpg 768w, https:\/\/flexfurn.com\/wp-content\/uploads\/2026\/04\/KUBO-GRANDE-PARTY_BLACK_120x70_LHC12.CTRA-classic-travertine_Low-view-1536x1536.jpg 1536w, https:\/\/flexfurn.com\/wp-content\/uploads\/2026\/04\/KUBO-GRANDE-PARTY_BLACK_120x70_LHC12.CTRA-classic-travertine_Low-view-2048x2048.jpg 2048w, https:\/\/flexfurn.com\/wp-content\/uploads\/2026\/04\/KUBO-GRANDE-PARTY_BLACK_120x70_LHC12.CTRA-classic-travertine_Low-view-12x12.jpg 12w, https:\/\/flexfurn.com\/wp-content\/uploads\/2026\/04\/KUBO-GRANDE-PARTY_BLACK_120x70_LHC12.CTRA-classic-travertine_Low-view-140x140.jpg 140w, https:\/\/flexfurn.com\/wp-content\/uploads\/2026\/04\/KUBO-GRANDE-PARTY_BLACK_120x70_LHC12.CTRA-classic-travertine_Low-view-100x100.jpg 100w, https:\/\/flexfurn.com\/wp-content\/uploads\/2026\/04\/KUBO-GRANDE-PARTY_BLACK_120x70_LHC12.CTRA-classic-travertine_Low-view-500x500.jpg 500w, https:\/\/flexfurn.com\/wp-content\/uploads\/2026\/04\/KUBO-GRANDE-PARTY_BLACK_120x70_LHC12.CTRA-classic-travertine_Low-view-350x350.jpg 350w, https:\/\/flexfurn.com\/wp-content\/uploads\/2026\/04\/KUBO-GRANDE-PARTY_BLACK_120x70_LHC12.CTRA-classic-travertine_Low-view-1000x1000.jpg 1000w, https:\/\/flexfurn.com\/wp-content\/uploads\/2026\/04\/KUBO-GRANDE-PARTY_BLACK_120x70_LHC12.CTRA-classic-travertine_Low-view-800x800.jpg 800w\" sizes=\"auto, (max-width: 750px) 100vw, 750px\" \/><img loading=\"lazy\" decoding=\"async\" width=\"2400\" height=\"2400\" src=\"https:\/\/flexfurn.com\/wp-content\/uploads\/2026\/04\/KUBO-GRANDE-PARTY_WHITE_120x70_LHC12.CTRA-classic-travertine_Low-view.jpg\" class=\"hover-gallery-image\" alt=\"Table de bar White Kubo Grande de Flexfurn avec plateau HPL en travertin classique,\" srcset=\"https:\/\/flexfurn.com\/wp-content\/uploads\/2026\/04\/KUBO-GRANDE-PARTY_WHITE_120x70_LHC12.CTRA-classic-travertine_Low-view.jpg 2400w, https:\/\/flexfurn.com\/wp-content\/uploads\/2026\/04\/KUBO-GRANDE-PARTY_WHITE_120x70_LHC12.CTRA-classic-travertine_Low-view-300x300.jpg 300w, https:\/\/flexfurn.com\/wp-content\/uploads\/2026\/04\/KUBO-GRANDE-PARTY_WHITE_120x70_LHC12.CTRA-classic-travertine_Low-view-1024x1024.jpg 1024w, https:\/\/flexfurn.com\/wp-content\/uploads\/2026\/04\/KUBO-GRANDE-PARTY_WHITE_120x70_LHC12.CTRA-classic-travertine_Low-view-150x150.jpg 150w, https:\/\/flexfurn.com\/wp-content\/uploads\/2026\/04\/KUBO-GRANDE-PARTY_WHITE_120x70_LHC12.CTRA-classic-travertine_Low-view-768x768.jpg 768w, https:\/\/flexfurn.com\/wp-content\/uploads\/2026\/04\/KUBO-GRANDE-PARTY_WHITE_120x70_LHC12.CTRA-classic-travertine_Low-view-1536x1536.jpg 1536w, https:\/\/flexfurn.com\/wp-content\/uploads\/2026\/04\/KUBO-GRANDE-PARTY_WHITE_120x70_LHC12.CTRA-classic-travertine_Low-view-2048x2048.jpg 2048w, https:\/\/flexfurn.com\/wp-content\/uploads\/2026\/04\/KUBO-GRANDE-PARTY_WHITE_120x70_LHC12.CTRA-classic-travertine_Low-view-12x12.jpg 12w, https:\/\/flexfurn.com\/wp-content\/uploads\/2026\/04\/KUBO-GRANDE-PARTY_WHITE_120x70_LHC12.CTRA-classic-travertine_Low-view-140x140.jpg 140w, https:\/\/flexfurn.com\/wp-content\/uploads\/2026\/04\/KUBO-GRANDE-PARTY_WHITE_120x70_LHC12.CTRA-classic-travertine_Low-view-100x100.jpg 100w, https:\/\/flexfurn.com\/wp-content\/uploads\/2026\/04\/KUBO-GRANDE-PARTY_WHITE_120x70_LHC12.CTRA-classic-travertine_Low-view-500x500.jpg 500w, https:\/\/flexfurn.com\/wp-content\/uploads\/2026\/04\/KUBO-GRANDE-PARTY_WHITE_120x70_LHC12.CTRA-classic-travertine_Low-view-350x350.jpg 350w, https:\/\/flexfurn.com\/wp-content\/uploads\/2026\/04\/KUBO-GRANDE-PARTY_WHITE_120x70_LHC12.CTRA-classic-travertine_Low-view-1000x1000.jpg 1000w, https:\/\/flexfurn.com\/wp-content\/uploads\/2026\/04\/KUBO-GRANDE-PARTY_WHITE_120x70_LHC12.CTRA-classic-travertine_Low-view-800x800.jpg 800w, https:\/\/flexfurn.com\/wp-content\/uploads\/2026\/04\/KUBO-GRANDE-PARTY_WHITE_120x70_LHC12.CTRA-classic-travertine_Low-view-750x750.jpg 750w\" sizes=\"auto, (max-width: 2400px) 100vw, 2400px\" \/><\/a><div class=\"product-meta\"><a href=\"https:\/\/flexfurn.com\/fr\/produit\/table-haute-de-fete-kubo-grande\/\"><h2 class=\"woocommerce-loop-product__title\">Table haute de f\u00eate Kubo Grande<\/h2><\/a><div class=\"price-hover-wrap\">\n<div class=\"product-add-to-cart\" data-nectar-quickview=\"false\"><a href=\"https:\/\/flexfurn.com\/fr\/produit\/table-haute-de-fete-kubo-grande\/\" aria-describedby=\"woocommerce_loop_add_to_cart_link_describedby_35049\" data-quantity=\"1\" class=\"button product_type_variable add_to_cart_button\" data-product_id=\"35049\" data-product_sku=\"\" aria-label=\"S\u00e9lectionner les options pour \u201cKubo Grande party statafel\u201d\" rel=\"nofollow\" data-no-translation-aria-label=\"\"><i class=\"normal icon-salient-cart\"><\/i><span data-no-translation=\"\" data-trp-gettext=\"\">Choix des options<\/span><\/a>\t<span id=\"woocommerce_loop_add_to_cart_link_describedby_35049\" class=\"screen-reader-text\">\n\t\tCe produit a plusieurs variantes. Les options peuvent \u00eatre choisies sur la page produit\t<\/span>\n<\/div>\n\t\t\t\t<\/div>\n\t\t\t<\/div><\/div>\t\t\n\t  \n\n\t\t\n\t\n\n\t<span class=\"gtm4wp_productdata\" style=\"display:none; visibility:hidden;\" data-gtm4wp_product_data=\"{&quot;internal_id&quot;:35049,&quot;item_id&quot;:35049,&quot;item_name&quot;:&quot;Kubo Grande party statafel&quot;,&quot;sku&quot;:35049,&quot;price&quot;:330,&quot;stocklevel&quot;:null,&quot;stockstatus&quot;:&quot;instock&quot;,&quot;google_business_vertical&quot;:&quot;retail&quot;,&quot;item_category&quot;:&quot;Geen categorie&quot;,&quot;id&quot;:35049,&quot;productlink&quot;:&quot;https:\\\/\\\/flexfurn.com\\\/fr\\\/produit\\\/table-haute-de-fete-kubo-grande\\\/&quot;,&quot;item_list_name&quot;:&quot;General Product List&quot;,&quot;index&quot;:15,&quot;product_type&quot;:&quot;variable&quot;,&quot;item_brand&quot;:&quot;&quot;}\"><\/span>\n<\/li>\n\t\t\t\n\t\t\t\t\n\t<li class=\"minimal product type-product post-33914 status-publish last instock product_cat-outdoor product_cat-stapelstoel product_cat-tolix-style has-post-thumbnail taxable shipping-taxable purchasable product-type-variable woo-variation-gallery-product\" >\n\n\n\t\n\n\t\t\t\t <div class=\"background-color-expand\"><\/div>\n\t   <div class=\"product-wrap\">\n\t\t\t<a href=\"https:\/\/flexfurn.com\/fr\/produit\/tolix-style-pp\/\" aria-label=\"Chaise empilable Tolix Style PP\"><div style=\"position:relative;\"><img loading=\"lazy\" decoding=\"async\" width=\"750\" height=\"750\" src=\"https:\/\/flexfurn.com\/wp-content\/uploads\/2026\/03\/TOLIX-PP_CHAIR_ORANGE_Low-view-750x750.jpg\" class=\"attachment-woocommerce_thumbnail size-woocommerce_thumbnail\" alt=\"Face avant de chaise empilable Tolix Style en polypropyl\u00e8ne orange. Id\u00e9ale pour les food trucks, les festivals de street food, les parcs de loisirs et de jeux, les concepts \u00e9ph\u00e9m\u00e8res et autres \u00e9v\u00e9nements color\u00e9s.\" srcset=\"https:\/\/flexfurn.com\/wp-content\/uploads\/2026\/03\/TOLIX-PP_CHAIR_ORANGE_Low-view-750x750.jpg 750w, https:\/\/flexfurn.com\/wp-content\/uploads\/2026\/03\/TOLIX-PP_CHAIR_ORANGE_Low-view-300x300.jpg 300w, https:\/\/flexfurn.com\/wp-content\/uploads\/2026\/03\/TOLIX-PP_CHAIR_ORANGE_Low-view-1024x1024.jpg 1024w, https:\/\/flexfurn.com\/wp-content\/uploads\/2026\/03\/TOLIX-PP_CHAIR_ORANGE_Low-view-150x150.jpg 150w, https:\/\/flexfurn.com\/wp-content\/uploads\/2026\/03\/TOLIX-PP_CHAIR_ORANGE_Low-view-768x768.jpg 768w, https:\/\/flexfurn.com\/wp-content\/uploads\/2026\/03\/TOLIX-PP_CHAIR_ORANGE_Low-view-1536x1536.jpg 1536w, https:\/\/flexfurn.com\/wp-content\/uploads\/2026\/03\/TOLIX-PP_CHAIR_ORANGE_Low-view-2048x2048.jpg 2048w, https:\/\/flexfurn.com\/wp-content\/uploads\/2026\/03\/TOLIX-PP_CHAIR_ORANGE_Low-view-12x12.jpg 12w, https:\/\/flexfurn.com\/wp-content\/uploads\/2026\/03\/TOLIX-PP_CHAIR_ORANGE_Low-view-140x140.jpg 140w, https:\/\/flexfurn.com\/wp-content\/uploads\/2026\/03\/TOLIX-PP_CHAIR_ORANGE_Low-view-100x100.jpg 100w, https:\/\/flexfurn.com\/wp-content\/uploads\/2026\/03\/TOLIX-PP_CHAIR_ORANGE_Low-view-500x500.jpg 500w, https:\/\/flexfurn.com\/wp-content\/uploads\/2026\/03\/TOLIX-PP_CHAIR_ORANGE_Low-view-350x350.jpg 350w, https:\/\/flexfurn.com\/wp-content\/uploads\/2026\/03\/TOLIX-PP_CHAIR_ORANGE_Low-view-1000x1000.jpg 1000w, https:\/\/flexfurn.com\/wp-content\/uploads\/2026\/03\/TOLIX-PP_CHAIR_ORANGE_Low-view-800x800.jpg 800w\" sizes=\"auto, (max-width: 750px) 100vw, 750px\" \/><div class=\"advanced-woo-labels awl-position-type-on-image awl-label-type-archive awl-align-left-top\" style=\"display:flex;flex-wrap:wrap;flex-direction:row;text-align:left;width:100%;position:absolute;z-index:9;left:0px;right:auto;top:0px;bottom:auto;transform:none;justify-content:flex-start;\"><div class=\"awl-label-wrap awl-label-id-4465\" style=\"\"><span class=\"awl-product-label awl-type-label awl-type-label-angle\" style=\"display:table;position:relative;line-height:1;white-space:nowrap;vertical-align:baseline;font-size:18px;font-weight:500;font-style:normal;letter-spacing:0px;color:#fff;opacity:1;margin:15px 0px 0px 0px;\"><span class=\"awl-label-text\"  style=\"display:table-cell;padding:0.3em 0.6em 0.3em 0.6em;z-index:1;background:#c6b370;position:relative;line-height:1;border-radius:0;\"><span class=\"awl-inner-text\">Nouveau<\/span><\/span><span class=\"awl-label-after\" style=\"display:table-cell;width:0;height:0;position:relative;z-index:2;overflow:hidden;padding:0 0.65em 0 0;\"><svg viewbox=\"0 0 100 100\" preserveaspectratio=\"none\" style=\"position:absolute;top:0;width:100%;height:100%;fill:#c6b370;\"><g class=\"awl-angle-after\"><polygon vector-effect=\"non-scaling-stroke\" points=\"0,0 97,0 0,100\" style=\"stroke:none;\" \/><line class=\"d-stroke\" vector-effect=\"non-scaling-stroke\" x1=\"0\" y1=\"0\" x2=\"97\" y2=\"0\" \/><line vector-effect=\"non-scaling-stroke\" x1=\"97\" y1=\"0\" x2=\"0\" y2=\"100\" \/><\/g><\/svg><\/span><\/span><\/div><\/div><\/div><img loading=\"lazy\" decoding=\"async\" width=\"2400\" height=\"2400\" src=\"https:\/\/flexfurn.com\/wp-content\/uploads\/2026\/03\/TOLIX-PP_CHAIR_YELLOW_Low-view.jpg\" class=\"hover-gallery-image\" alt=\"Face avant de chaise empilable Tolix Style en polypropyl\u00e8ne jaune. Id\u00e9ale pour les food trucks, les festivals de street food, les parcs de loisirs et de jeux, les concepts \u00e9ph\u00e9m\u00e8res et autres \u00e9v\u00e9nements color\u00e9s.\" srcset=\"https:\/\/flexfurn.com\/wp-content\/uploads\/2026\/03\/TOLIX-PP_CHAIR_YELLOW_Low-view.jpg 2400w, https:\/\/flexfurn.com\/wp-content\/uploads\/2026\/03\/TOLIX-PP_CHAIR_YELLOW_Low-view-300x300.jpg 300w, https:\/\/flexfurn.com\/wp-content\/uploads\/2026\/03\/TOLIX-PP_CHAIR_YELLOW_Low-view-1024x1024.jpg 1024w, https:\/\/flexfurn.com\/wp-content\/uploads\/2026\/03\/TOLIX-PP_CHAIR_YELLOW_Low-view-150x150.jpg 150w, https:\/\/flexfurn.com\/wp-content\/uploads\/2026\/03\/TOLIX-PP_CHAIR_YELLOW_Low-view-768x768.jpg 768w, https:\/\/flexfurn.com\/wp-content\/uploads\/2026\/03\/TOLIX-PP_CHAIR_YELLOW_Low-view-1536x1536.jpg 1536w, https:\/\/flexfurn.com\/wp-content\/uploads\/2026\/03\/TOLIX-PP_CHAIR_YELLOW_Low-view-2048x2048.jpg 2048w, https:\/\/flexfurn.com\/wp-content\/uploads\/2026\/03\/TOLIX-PP_CHAIR_YELLOW_Low-view-12x12.jpg 12w, https:\/\/flexfurn.com\/wp-content\/uploads\/2026\/03\/TOLIX-PP_CHAIR_YELLOW_Low-view-140x140.jpg 140w, https:\/\/flexfurn.com\/wp-content\/uploads\/2026\/03\/TOLIX-PP_CHAIR_YELLOW_Low-view-100x100.jpg 100w, https:\/\/flexfurn.com\/wp-content\/uploads\/2026\/03\/TOLIX-PP_CHAIR_YELLOW_Low-view-500x500.jpg 500w, https:\/\/flexfurn.com\/wp-content\/uploads\/2026\/03\/TOLIX-PP_CHAIR_YELLOW_Low-view-350x350.jpg 350w, https:\/\/flexfurn.com\/wp-content\/uploads\/2026\/03\/TOLIX-PP_CHAIR_YELLOW_Low-view-1000x1000.jpg 1000w, https:\/\/flexfurn.com\/wp-content\/uploads\/2026\/03\/TOLIX-PP_CHAIR_YELLOW_Low-view-800x800.jpg 800w, https:\/\/flexfurn.com\/wp-content\/uploads\/2026\/03\/TOLIX-PP_CHAIR_YELLOW_Low-view-750x750.jpg 750w\" sizes=\"auto, (max-width: 2400px) 100vw, 2400px\" \/><\/a><div class=\"product-meta\"><a href=\"https:\/\/flexfurn.com\/fr\/produit\/tolix-style-pp\/\"><h2 class=\"woocommerce-loop-product__title\">Chaise empilable Tolix Style PP<\/h2><\/a><div class=\"price-hover-wrap\">\n<div class=\"product-add-to-cart\" data-nectar-quickview=\"false\"><a href=\"https:\/\/flexfurn.com\/fr\/produit\/tolix-style-pp\/\" aria-describedby=\"woocommerce_loop_add_to_cart_link_describedby_33914\" data-quantity=\"1\" class=\"button product_type_variable add_to_cart_button\" data-product_id=\"33914\" data-product_sku=\"STOC.PP\" aria-label=\"S\u00e9lectionner les options pour \u201cTolix Style PP stapelstoel\u201d\" rel=\"nofollow\" data-no-translation-aria-label=\"\"><i class=\"normal icon-salient-cart\"><\/i><span data-no-translation=\"\" data-trp-gettext=\"\">Choix des options<\/span><\/a>\t<span id=\"woocommerce_loop_add_to_cart_link_describedby_33914\" class=\"screen-reader-text\">\n\t\tCe produit a plusieurs variantes. Les options peuvent \u00eatre choisies sur la page produit\t<\/span>\n<\/div>\n\t\t\t\t<\/div>\n\t\t\t<\/div><\/div>\t\t\n\t  \n\n\t\t\n\t\n\n\t<span class=\"gtm4wp_productdata\" style=\"display:none; visibility:hidden;\" data-gtm4wp_product_data=\"{&quot;internal_id&quot;:33914,&quot;item_id&quot;:33914,&quot;item_name&quot;:&quot;Tolix Style PP stapelstoel&quot;,&quot;sku&quot;:&quot;STOC.PP&quot;,&quot;price&quot;:33,&quot;stocklevel&quot;:null,&quot;stockstatus&quot;:&quot;instock&quot;,&quot;google_business_vertical&quot;:&quot;retail&quot;,&quot;item_category&quot;:&quot;Categorie&quot;,&quot;item_category2&quot;:&quot;Stapelstoel&quot;,&quot;id&quot;:33914,&quot;productlink&quot;:&quot;https:\\\/\\\/flexfurn.com\\\/fr\\\/produit\\\/tolix-style-pp\\\/&quot;,&quot;item_list_name&quot;:&quot;General Product List&quot;,&quot;index&quot;:16,&quot;product_type&quot;:&quot;variable&quot;,&quot;item_brand&quot;:&quot;&quot;}\"><\/span>\n<\/li>\n\t\t\t\n\t\t<\/ul>\n\n\t\t <\/div> \n\t<\/div>\n\t\t\t<\/div> \n\t\t<\/div>\n\t<\/div> \n<\/div><\/div>\n\t\t<div id=\"fws_69f22e5ac6dcb\"  data-column-margin=\"default\" data-midnight=\"light\" data-top-percent=\"2%\" data-bottom-percent=\"2%\"  class=\"wpb_row vc_row-fluid vc_row full-width-content vc_row-o-equal-height vc_row-flex vc_row-o-content-top  right_padding_5pct left_padding_5pct\"  style=\"padding-top: calc(100vw * 0.02); padding-bottom: calc(100vw * 0.02); \"><div class=\"row-bg-wrap\" data-bg-animation=\"none\" data-bg-animation-delay=\"\" data-bg-overlay=\"false\"><div class=\"inner-wrap row-bg-layer\" ><div class=\"row-bg viewport-desktop using-bg-color\"  style=\"background-color: #c7b370; \"><\/div><\/div><\/div><div class=\"row_col_wrap_12 col span_12 light center\">\n\t<div  class=\"vc_col-sm-12 wpb_column column_container vc_column_container col no-extra-padding inherit_tablet inherit_phone\"  data-padding-pos=\"all\" data-has-bg-color=\"false\" data-bg-color=\"\" data-bg-opacity=\"1\" data-animation=\"\" data-delay=\"0\" >\n\t\t<div class=\"vc_column-inner\" >\n\t\t\t<div class=\"wpb_wrapper\">\n\t\t\t\t<div class=\"owl-carousel\" data-enable-animation=\"true\" data-loop=\"false\"  data-animation-delay=\"0\" data-autorotate=\"true\" data-autorotation-speed=\"5000\" data-column-padding=\"30px\" data-desktop-cols=\"3\" data-desktop-small-cols=\"3\" data-tablet-cols=\"2\" data-mobile-cols=\"1\"><div class=\"carousel-item\">\n<div class=\"wpb_text_column wpb_content_element  wpb_animate_when_almost_visible wpb_fadeInUp fadeInUp vc_custom_1702632460940\" >\n\t<div class=\"wpb_wrapper\">\n\t\t<h4>Empilable<\/h4>\n\t<\/div>\n<\/div>\n\n\n\n\n<div class=\"wpb_text_column wpb_content_element\" style=\" max-width: 960px; display: inline-block;\">\n\t<div class=\"wpb_wrapper\">\n\t\t<p>Experts en mati\u00e8re de confort, de style et de fonctionnalit\u00e9 d&#039;empilage. Nos meubles empilables sont comme un bon ch\u00e2teau de cartes, mais qui ne s&#039;effondre jamais. \u00c0 moins que vous ne regardiez les limites d\u2019empilement bien s\u00fbr.<\/p>\n\t<\/div>\n<\/div>\n\n\n\n<\/div><div class=\"carousel-item\">\n<div class=\"wpb_text_column wpb_content_element  wpb_animate_when_almost_visible wpb_fadeInUp fadeInUp vc_custom_1702632562940\" >\n\t<div class=\"wpb_wrapper\">\n\t\t<h4>Pliable<\/h4>\n\t<\/div>\n<\/div>\n\n\n\n\n<div class=\"wpb_text_column wpb_content_element\" style=\" max-width: 960px; display: inline-block;\">\n\t<div class=\"wpb_wrapper\">\n\t\t<p>Nos meubles pliants sont comme les Houdini du monde du meuble. Ils s&#039;ouvrent en un instant et se transforment en meubles \u00e0 part enti\u00e8re, \u00e9l\u00e9gants et modulables.<\/p>\n\t<\/div>\n<\/div>\n\n\n\n<\/div><div class=\"carousel-item\">\n<div class=\"wpb_text_column wpb_content_element  wpb_animate_when_almost_visible wpb_fadeInUp fadeInUp vc_custom_1702632624667\" >\n\t<div class=\"wpb_wrapper\">\n\t\t<h4>Embo\u00eetable<\/h4>\n\t<\/div>\n<\/div>\n\n\n\n\n<div class=\"wpb_text_column wpb_content_element\" style=\" max-width: 960px; display: inline-block;\">\n\t<div class=\"wpb_wrapper\">\n\t\t<p>Nos meubles embo\u00eetables sont comme les couteaux suisses du monde du meuble. Ils s&#039;embo\u00eetent parfaitement pour un rangement compact, puis se d\u00e9plient sans effort pour offrir des fonctionnalit\u00e9s.<\/p>\n\t<\/div>\n<\/div>\n\n\n\n<\/div><\/div>\n\t\t\t<\/div> \n\t\t<\/div>\n\t<\/div> \n<\/div><\/div>\n\t\t<div id=\"fws_69f22e5ac7dd7\"  data-column-margin=\"default\" data-midnight=\"dark\" data-top-percent=\"3%\" data-bottom-percent=\"3%\"  class=\"wpb_row vc_row-fluid vc_row full-width-content vc_row-o-equal-height vc_row-flex vc_row-o-content-top\"  style=\"padding-top: calc(100vw * 0.03); padding-bottom: calc(100vw * 0.03); \"><div class=\"row-bg-wrap\" data-bg-animation=\"none\" data-bg-animation-delay=\"\" data-bg-overlay=\"false\"><div class=\"inner-wrap row-bg-layer\" ><div class=\"row-bg viewport-desktop using-bg-color\"  style=\"background-color: #efefef; \"><\/div><\/div><\/div><div class=\"row_col_wrap_12 col span_12 dark center\">\n\t<div  class=\"vc_col-sm-12 wpb_column column_container vc_column_container col no-extra-padding inherit_tablet inherit_phone\"  data-padding-pos=\"all\" data-has-bg-color=\"false\" data-bg-color=\"\" data-bg-opacity=\"1\" data-animation=\"\" data-delay=\"0\" >\n\t\t<div class=\"vc_column-inner\" >\n\t\t\t<div class=\"wpb_wrapper\">\n\t\t\t\t\n<div class=\"wpb_text_column wpb_content_element\" style=\" max-width: 960px; display: inline-block;\">\n\t<div class=\"wpb_wrapper\">\n\t\t<h3>Notre blog<\/h3>\n\t<\/div>\n<\/div>\n\n\n\n<div class=\"divider-wrap\" data-alignment=\"default\"><div style=\"height: 30px;\" class=\"divider\"><\/div><\/div><div class=\"nectar-recent-posts-slider_multiple_visible\" data-columns=\"4\" data-height=\"600\" data-shadow-hover-type=\"default\" data-animate-in-effect=\"none\" data-remove-post-date=\"\" data-remove-post-author=\"\" data-remove-post-comment-number=\"\" data-remove-post-nectar-love=\"\"><div class=\"nectar-recent-posts-slider-inner\"><div class=\"flickity-viewport\"><div class=\"flickity-slider\">\n      \n      <div class=\"nectar-recent-post-slide  post-ref-0\">\n\n        <div class=\"nectar-recent-post-bg-wrap\"><div class=\"nectar-recent-post-bg\"  style=\"background-image: url(https:\/\/flexfurn.com\/wp-content\/uploads\/2026\/04\/Flexfurn-Urs-098-800x800.jpg); \"> <\/div><\/div>\n        <div class=\"nectar-recent-post-bg-blur\"  style=\"background-image: url(https:\/\/flexfurn.com\/wp-content\/uploads\/2026\/04\/Flexfurn-Urs-098-800x800.jpg);\"> <\/div>\n\n        <div class=\"recent-post-container container\"><div class=\"inner-wrap\"><span class=\"strong\"><a class=\"blogs\" href=\"https:\/\/flexfurn.com\/fr\/categorie\/blogs\/\"><span class=\"blogs\">Blogues<\/span><\/a><\/span>\n          <h3 class=\"post-ref-0\"><a href=\" https:\/\/flexfurn.com\/fr\/pourquoi-les-chariots-de-transport-font-toute-la-difference-lors-du-montage-et-du-demontage\/\" class=\"full-slide-link\"> Pourquoi les chariots de transport font toute la diff\u00e9rence lors du montage et du d\u00e9montage <\/a><\/h3>\n\n          \n                      <a class=\"nectar-button large regular  accent-color regular-button\" href=\"https:\/\/flexfurn.com\/fr\/pourquoi-les-chariots-de-transport-font-toute-la-difference-lors-du-montage-et-du-demontage\/\" data-color-override=\"false\" data-hover-color-override=\"false\" data-hover-text-color-override=\"#fff\" ><span>Lire l&#039;article <\/span><\/a>\n          \n        <\/div>\n\n      <\/div>\n\n\n      <\/div>\n\n    \n  \n      \n      <div class=\"nectar-recent-post-slide  post-ref-1\">\n\n        <div class=\"nectar-recent-post-bg-wrap\"><div class=\"nectar-recent-post-bg\"  style=\"background-image: url(https:\/\/flexfurn.com\/wp-content\/uploads\/2026\/03\/FF_BLOG_ONDERHOUD_31-2-800x800.jpg); \"> <\/div><\/div>\n        <div class=\"nectar-recent-post-bg-blur\"  style=\"background-image: url(https:\/\/flexfurn.com\/wp-content\/uploads\/2026\/03\/FF_BLOG_ONDERHOUD_31-2-800x800.jpg);\"> <\/div>\n\n        <div class=\"recent-post-container container\"><div class=\"inner-wrap\"><span class=\"strong\"><a class=\"blogs\" href=\"https:\/\/flexfurn.com\/fr\/categorie\/blogs\/\"><span class=\"blogs\">Blogues<\/span><\/a><\/span>\n          <h3 class=\"post-ref-1\"><a href=\" https:\/\/flexfurn.com\/fr\/comment-entretenir-au-mieux-vos-materiaux\/\" class=\"full-slide-link\"> Comment entretenir au mieux vos mat\u00e9riaux ? <\/a><\/h3>\n\n          \n                      <a class=\"nectar-button large regular  accent-color regular-button\" href=\"https:\/\/flexfurn.com\/fr\/comment-entretenir-au-mieux-vos-materiaux\/\" data-color-override=\"false\" data-hover-color-override=\"false\" data-hover-text-color-override=\"#fff\" ><span>Lire l&#039;article <\/span><\/a>\n          \n        <\/div>\n\n      <\/div>\n\n\n      <\/div>\n\n    \n  \n      \n      <div class=\"nectar-recent-post-slide  post-ref-2\">\n\n        <div class=\"nectar-recent-post-bg-wrap\"><div class=\"nectar-recent-post-bg\"  style=\"background-image: url(https:\/\/flexfurn.com\/wp-content\/uploads\/2026\/01\/FF_MUNDI_27a-copy-800x800.jpg); \"> <\/div><\/div>\n        <div class=\"nectar-recent-post-bg-blur\"  style=\"background-image: url(https:\/\/flexfurn.com\/wp-content\/uploads\/2026\/01\/FF_MUNDI_27a-copy-800x800.jpg);\"> <\/div>\n\n        <div class=\"recent-post-container container\"><div class=\"inner-wrap\"><span class=\"strong\"><a class=\"blogs\" href=\"https:\/\/flexfurn.com\/fr\/categorie\/blogs\/\"><span class=\"blogs\">Blogues<\/span><\/a><\/span>\n          <h3 class=\"post-ref-2\"><a href=\" https:\/\/flexfurn.com\/fr\/quels-materiaux-conviennent-a-une-utilisation-interieure-et-exterieure\/\" class=\"full-slide-link\"> Quels mat\u00e9riaux conviennent \u00e0 une utilisation int\u00e9rieure et ext\u00e9rieure\u00a0? <\/a><\/h3>\n\n          \n                      <a class=\"nectar-button large regular  accent-color regular-button\" href=\"https:\/\/flexfurn.com\/fr\/quels-materiaux-conviennent-a-une-utilisation-interieure-et-exterieure\/\" data-color-override=\"false\" data-hover-color-override=\"false\" data-hover-text-color-override=\"#fff\" ><span>Lire l&#039;article <\/span><\/a>\n          \n        <\/div>\n\n      <\/div>\n\n\n      <\/div>\n\n    \n  \n      \n      <div class=\"nectar-recent-post-slide  post-ref-3\">\n\n        <div class=\"nectar-recent-post-bg-wrap\"><div class=\"nectar-recent-post-bg\"  style=\"background-image: url(https:\/\/flexfurn.com\/wp-content\/uploads\/2023\/10\/Bistro-1-800x800.jpg); \"> <\/div><\/div>\n        <div class=\"nectar-recent-post-bg-blur\"  style=\"background-image: url(https:\/\/flexfurn.com\/wp-content\/uploads\/2023\/10\/Bistro-1-800x800.jpg);\"> <\/div>\n\n        <div class=\"recent-post-container container\"><div class=\"inner-wrap\"><span class=\"strong\"><a class=\"blogs\" href=\"https:\/\/flexfurn.com\/fr\/categorie\/blogs\/\"><span class=\"blogs\">Blogues<\/span><\/a><\/span>\n          <h3 class=\"post-ref-3\"><a href=\" https:\/\/flexfurn.com\/fr\/la-saison-des-terrasses-approche-a-grands-pas\/\" class=\"full-slide-link\"> La saison des terrasses approche \u00e0 grands pas ! <\/a><\/h3>\n\n          \n                      <a class=\"nectar-button large regular  accent-color regular-button\" href=\"https:\/\/flexfurn.com\/fr\/la-saison-des-terrasses-approche-a-grands-pas\/\" data-color-override=\"false\" data-hover-color-override=\"false\" data-hover-text-color-override=\"#fff\" ><span>Lire l&#039;article <\/span><\/a>\n          \n        <\/div>\n\n      <\/div>\n\n\n      <\/div>\n\n    \n  \n      \n      <div class=\"nectar-recent-post-slide  post-ref-4\">\n\n        <div class=\"nectar-recent-post-bg-wrap\"><div class=\"nectar-recent-post-bg\"  style=\"background-image: url(https:\/\/flexfurn.com\/wp-content\/uploads\/2023\/12\/Blog-visual-2-800x800.png); \"> <\/div><\/div>\n        <div class=\"nectar-recent-post-bg-blur\"  style=\"background-image: url(https:\/\/flexfurn.com\/wp-content\/uploads\/2023\/12\/Blog-visual-2-800x800.png);\"> <\/div>\n\n        <div class=\"recent-post-container container\"><div class=\"inner-wrap\"><span class=\"strong\"><a class=\"blogs\" href=\"https:\/\/flexfurn.com\/fr\/categorie\/blogs\/\"><span class=\"blogs\">Blogues<\/span><\/a><\/span>\n          <h3 class=\"post-ref-4\"><a href=\" https:\/\/flexfurn.com\/fr\/5-conseils-pour-un-design-de-terrasse-parfait\/\" class=\"full-slide-link\"> Une terrasse accueillante : 5 conseils pour un am\u00e9nagement de terrasse parfait ! <\/a><\/h3>\n\n          \n                      <a class=\"nectar-button large regular  accent-color regular-button\" href=\"https:\/\/flexfurn.com\/fr\/5-conseils-pour-un-design-de-terrasse-parfait\/\" data-color-override=\"false\" data-hover-color-override=\"false\" data-hover-text-color-override=\"#fff\" ><span>Lire l&#039;article <\/span><\/a>\n          \n        <\/div>\n\n      <\/div>\n\n\n      <\/div>\n\n    \n  <\/div><\/div><\/div><\/div>\n\t\t\t<\/div> \n\t\t<\/div>\n\t<\/div> \n<\/div><\/div>","protected":false},"excerpt":{"rendered":"Le printemps et les fleurs approchent et les meubles de terrasse peuvent enfin \u00eatre remis dehors. Mais que devez-vous prendre en compte lors de la configuration de votre...","protected":false},"author":2,"featured_media":1056,"parent":0,"menu_order":0,"comment_status":"closed","ping_status":"closed","template":"","meta":{"footnotes":""},"class_list":["post-3881","page","type-page","status-publish","has-post-thumbnail"],"yoast_head":"<!-- This site is optimized with the Yoast SEO plugin v26.6 - https:\/\/yoast.com\/wordpress\/plugins\/seo\/ -->\n<title>Bedankt Contactpagina - Flexfurn<\/title>\n<meta name=\"robots\" content=\"index, follow, max-snippet:-1, max-image-preview:large, max-video-preview:-1\" \/>\n<link rel=\"canonical\" href=\"https:\/\/flexfurn.com\/fr\/merci-contacter\/\" \/>\n<meta property=\"og:locale\" content=\"fr_FR\" \/>\n<meta property=\"og:type\" content=\"article\" \/>\n<meta property=\"og:title\" content=\"Bedankt Contactpagina - Flexfurn\" \/>\n<meta property=\"og:url\" content=\"https:\/\/flexfurn.com\/fr\/merci-contacter\/\" \/>\n<meta property=\"og:site_name\" content=\"Flexfurn\" \/>\n<meta property=\"article:modified_time\" content=\"2024-01-04T10:22:34+00:00\" \/>\n<meta property=\"og:image\" content=\"https:\/\/flexfurn.com\/wp-content\/uploads\/2023\/12\/FLEXFURN-19-9-Tafelsetting-1-View3-Crop1-scaled-e1702632253188.jpg\" \/>\n\t<meta property=\"og:image:width\" content=\"1706\" \/>\n\t<meta property=\"og:image:height\" content=\"1395\" \/>\n\t<meta property=\"og:image:type\" content=\"image\/jpeg\" \/>\n<meta name=\"twitter:card\" content=\"summary_large_image\" \/>\n<meta name=\"twitter:label1\" content=\"Dur\u00e9e de lecture est.\" \/>\n\t<meta name=\"twitter:data1\" content=\"4 minutes\" \/>\n<script type=\"application\/ld+json\" class=\"yoast-schema-graph\">{\"@context\":\"https:\/\/schema.org\",\"@graph\":[{\"@type\":\"WebPage\",\"@id\":\"https:\/\/flexfurn.com\/bedankt-contact\/\",\"url\":\"https:\/\/flexfurn.com\/bedankt-contact\/\",\"name\":\"Bedankt Contactpagina - Flexfurn\",\"isPartOf\":{\"@id\":\"https:\/\/flexfurn.com\/#website\"},\"primaryImageOfPage\":{\"@id\":\"https:\/\/flexfurn.com\/bedankt-contact\/#primaryimage\"},\"image\":{\"@id\":\"https:\/\/flexfurn.com\/bedankt-contact\/#primaryimage\"},\"thumbnailUrl\":\"https:\/\/flexfurn.com\/wp-content\/uploads\/2023\/12\/FLEXFURN-19-9-Tafelsetting-1-View3-Crop1-scaled-e1702632253188.jpg\",\"datePublished\":\"2024-01-04T10:03:37+00:00\",\"dateModified\":\"2024-01-04T10:22:34+00:00\",\"breadcrumb\":{\"@id\":\"https:\/\/flexfurn.com\/bedankt-contact\/#breadcrumb\"},\"inLanguage\":\"fr-BE\",\"potentialAction\":[{\"@type\":\"ReadAction\",\"target\":[\"https:\/\/flexfurn.com\/bedankt-contact\/\"]}]},{\"@type\":\"ImageObject\",\"inLanguage\":\"fr-BE\",\"@id\":\"https:\/\/flexfurn.com\/bedankt-contact\/#primaryimage\",\"url\":\"https:\/\/flexfurn.com\/wp-content\/uploads\/2023\/12\/FLEXFURN-19-9-Tafelsetting-1-View3-Crop1-scaled-e1702632253188.jpg\",\"contentUrl\":\"https:\/\/flexfurn.com\/wp-content\/uploads\/2023\/12\/FLEXFURN-19-9-Tafelsetting-1-View3-Crop1-scaled-e1702632253188.jpg\",\"width\":1706,\"height\":1395},{\"@type\":\"BreadcrumbList\",\"@id\":\"https:\/\/flexfurn.com\/bedankt-contact\/#breadcrumb\",\"itemListElement\":[{\"@type\":\"ListItem\",\"position\":1,\"name\":\"Home\",\"item\":\"https:\/\/flexfurn.com\/\"},{\"@type\":\"ListItem\",\"position\":2,\"name\":\"Bedankt Contactpagina\"}]},{\"@type\":\"WebSite\",\"@id\":\"https:\/\/flexfurn.com\/#website\",\"url\":\"https:\/\/flexfurn.com\/\",\"name\":\"Flexfurn\",\"description\":\"\",\"publisher\":{\"@id\":\"https:\/\/flexfurn.com\/#organization\"},\"potentialAction\":[{\"@type\":\"SearchAction\",\"target\":{\"@type\":\"EntryPoint\",\"urlTemplate\":\"https:\/\/flexfurn.com\/?s={search_term_string}\"},\"query-input\":{\"@type\":\"PropertyValueSpecification\",\"valueRequired\":true,\"valueName\":\"search_term_string\"}}],\"inLanguage\":\"fr-BE\"},{\"@type\":\"Organization\",\"@id\":\"https:\/\/flexfurn.com\/#organization\",\"name\":\"Flexfurn\",\"url\":\"https:\/\/flexfurn.com\/\",\"logo\":{\"@type\":\"ImageObject\",\"inLanguage\":\"fr-BE\",\"@id\":\"https:\/\/flexfurn.com\/#\/schema\/logo\/image\/\",\"url\":\"https:\/\/flexfurn.com\/wp-content\/uploads\/2023\/08\/LogoBlack.svg\",\"contentUrl\":\"https:\/\/flexfurn.com\/wp-content\/uploads\/2023\/08\/LogoBlack.svg\",\"width\":210,\"height\":60,\"caption\":\"Flexfurn\"},\"image\":{\"@id\":\"https:\/\/flexfurn.com\/#\/schema\/logo\/image\/\"}}]}<\/script>\n<!-- \/ Yoast SEO plugin. -->","yoast_head_json":{"title":"Merci Page de contact - Flexfurn","robots":{"index":"index","follow":"follow","max-snippet":"max-snippet:-1","max-image-preview":"max-image-preview:large","max-video-preview":"max-video-preview:-1"},"canonical":"https:\/\/flexfurn.com\/fr\/merci-contacter\/","og_locale":"fr_FR","og_type":"article","og_title":"Bedankt Contactpagina - Flexfurn","og_url":"https:\/\/flexfurn.com\/fr\/merci-contacter\/","og_site_name":"Flexfurn","article_modified_time":"2024-01-04T10:22:34+00:00","og_image":[{"width":1706,"height":1395,"url":"https:\/\/flexfurn.com\/wp-content\/uploads\/2023\/12\/FLEXFURN-19-9-Tafelsetting-1-View3-Crop1-scaled-e1702632253188.jpg","type":"image\/jpeg"}],"twitter_card":"summary_large_image","twitter_misc":{"Dur\u00e9e de lecture est.":"4 minutes"},"schema":{"@context":"https:\/\/schema.org","@graph":[{"@type":"WebPage","@id":"https:\/\/flexfurn.com\/bedankt-contact\/","url":"https:\/\/flexfurn.com\/bedankt-contact\/","name":"Merci Page de contact - Flexfurn","isPartOf":{"@id":"https:\/\/flexfurn.com\/#website"},"primaryImageOfPage":{"@id":"https:\/\/flexfurn.com\/bedankt-contact\/#primaryimage"},"image":{"@id":"https:\/\/flexfurn.com\/bedankt-contact\/#primaryimage"},"thumbnailUrl":"https:\/\/flexfurn.com\/wp-content\/uploads\/2023\/12\/FLEXFURN-19-9-Tafelsetting-1-View3-Crop1-scaled-e1702632253188.jpg","datePublished":"2024-01-04T10:03:37+00:00","dateModified":"2024-01-04T10:22:34+00:00","breadcrumb":{"@id":"https:\/\/flexfurn.com\/bedankt-contact\/#breadcrumb"},"inLanguage":"fr-BE","potentialAction":[{"@type":"ReadAction","target":["https:\/\/flexfurn.com\/bedankt-contact\/"]}]},{"@type":"ImageObject","inLanguage":"fr-BE","@id":"https:\/\/flexfurn.com\/bedankt-contact\/#primaryimage","url":"https:\/\/flexfurn.com\/wp-content\/uploads\/2023\/12\/FLEXFURN-19-9-Tafelsetting-1-View3-Crop1-scaled-e1702632253188.jpg","contentUrl":"https:\/\/flexfurn.com\/wp-content\/uploads\/2023\/12\/FLEXFURN-19-9-Tafelsetting-1-View3-Crop1-scaled-e1702632253188.jpg","width":1706,"height":1395},{"@type":"BreadcrumbList","@id":"https:\/\/flexfurn.com\/bedankt-contact\/#breadcrumb","itemListElement":[{"@type":"ListItem","position":1,"name":"Home","item":"https:\/\/flexfurn.com\/"},{"@type":"ListItem","position":2,"name":"Bedankt Contactpagina"}]},{"@type":"WebSite","@id":"https:\/\/flexfurn.com\/#website","url":"https:\/\/flexfurn.com\/","name":"Flexfurn","description":"","publisher":{"@id":"https:\/\/flexfurn.com\/#organization"},"potentialAction":[{"@type":"SearchAction","target":{"@type":"EntryPoint","urlTemplate":"https:\/\/flexfurn.com\/?s={search_term_string}"},"query-input":{"@type":"PropertyValueSpecification","valueRequired":true,"valueName":"search_term_string"}}],"inLanguage":"fr-BE"},{"@type":"Organization","@id":"https:\/\/flexfurn.com\/#organization","name":"Flexfurn","url":"https:\/\/flexfurn.com\/","logo":{"@type":"ImageObject","inLanguage":"fr-BE","@id":"https:\/\/flexfurn.com\/#\/schema\/logo\/image\/","url":"https:\/\/flexfurn.com\/wp-content\/uploads\/2023\/08\/LogoBlack.svg","contentUrl":"https:\/\/flexfurn.com\/wp-content\/uploads\/2023\/08\/LogoBlack.svg","width":210,"height":60,"caption":"Flexfurn"},"image":{"@id":"https:\/\/flexfurn.com\/#\/schema\/logo\/image\/"}}]}},"_links":{"self":[{"href":"https:\/\/flexfurn.com\/fr\/wp-json\/wp\/v2\/pages\/3881","targetHints":{"allow":["GET"]}}],"collection":[{"href":"https:\/\/flexfurn.com\/fr\/wp-json\/wp\/v2\/pages"}],"about":[{"href":"https:\/\/flexfurn.com\/fr\/wp-json\/wp\/v2\/types\/page"}],"author":[{"embeddable":true,"href":"https:\/\/flexfurn.com\/fr\/wp-json\/wp\/v2\/users\/2"}],"replies":[{"embeddable":true,"href":"https:\/\/flexfurn.com\/fr\/wp-json\/wp\/v2\/comments?post=3881"}],"version-history":[{"count":0,"href":"https:\/\/flexfurn.com\/fr\/wp-json\/wp\/v2\/pages\/3881\/revisions"}],"wp:featuredmedia":[{"embeddable":true,"href":"https:\/\/flexfurn.com\/fr\/wp-json\/wp\/v2\/media\/1056"}],"wp:attachment":[{"href":"https:\/\/flexfurn.com\/fr\/wp-json\/wp\/v2\/media?parent=3881"}],"curies":[{"name":"wp","href":"https:\/\/api.w.org\/{rel}","templated":true}]}}