{"id":5448,"date":"2024-07-30T09:57:52","date_gmt":"2024-07-30T07:57:52","guid":{"rendered":"https:\/\/flexfurn.com\/?page_id=5448"},"modified":"2024-08-30T08:47:59","modified_gmt":"2024-08-30T06:47:59","slug":"poste-vacant-magasinier-polyvalent","status":"publish","type":"page","link":"https:\/\/flexfurn.com\/fr\/poste-vacant-magasinier-polyvalent\/","title":{"rendered":"Poste vacant Manutentionnaire polyvalent"},"content":{"rendered":"<div id=\"fws_69f30b5101334\"  data-column-margin=\"none\" data-midnight=\"custom\" data-top-percent=\"12%\" data-bottom-percent=\"10%\"  class=\"wpb_row vc_row-fluid vc_row full-width-content vc_row-o-equal-height vc_row-flex vc_row-o-content-top parallax_section right_padding_5pct left_padding_5pct top_padding_tablet_30pct top_padding_phone_40pct bottom_padding_tablet_30pct bottom_padding_phone_40pct\"  style=\"padding-top: calc(100vw * 0.12); padding-bottom: calc(100vw * 0.10); \"><div class=\"row-bg-wrap\" data-bg-animation=\"zoom-out\" data-bg-animation-delay=\"\" data-bg-overlay=\"true\"><div class=\"inner-wrap row-bg-layer using-image\" ><div class=\"row-bg viewport-desktop using-image\" data-parallax-speed=\"fast\" style=\"background-image: url(https:\/\/flexfurn.com\/wp-content\/uploads\/2023\/12\/Ontwerp-zonder-titel-6.png); background-position: center center; background-repeat: no-repeat; \"><\/div><\/div><div class=\"row-bg-overlay row-bg-layer\" style=\"background: #000000; background: linear-gradient(to bottom,#000000 0%,rgba(0,0,0,0.01) 100%);  opacity: 0.5; \"><\/div><\/div><div class=\"row_col_wrap_12 col span_12 custom left\">\n\t<div  class=\"vc_col-sm-12 wpb_column column_container vc_column_container col no-extra-padding force-phone-text-align-left el_spacing_0px inherit_tablet inherit_phone\"  data-padding-pos=\"all\" data-has-bg-color=\"false\" data-bg-color=\"\" data-bg-opacity=\"1\" data-animation=\"\" data-delay=\"0\" >\n\t\t<div class=\"vc_column-inner\" >\n\t\t\t<div class=\"wpb_wrapper\">\n\t\t\t\t<div id=\"fws_69f30b51018df\" data-midnight=\"\" data-column-margin=\"default\" class=\"wpb_row vc_row-fluid vc_row inner_row\"  style=\" z-index: 20;\"><div class=\"row-bg-wrap\"> <div class=\"row-bg\" ><\/div> <\/div><div class=\"row_col_wrap_12_inner col span_12  left\">\n\t<div style=\" color: #ffffff;\" class=\"vc_col-sm-12 wpb_column column_container vc_column_container col child_column has-animation no-extra-padding el_spacing_0px inherit_tablet inherit_phone\" data-cfc=\"true\"  data-padding-pos=\"all\" data-has-bg-color=\"false\" data-bg-color=\"\" data-bg-opacity=\"1\" data-animation=\"fade-in-from-bottom\" data-delay=\"500\" >\n\t\t<div class=\"vc_column-inner\" >\n\t\t<div class=\"wpb_wrapper\">\n\t\t\t\n<div class=\"wpb_text_column wpb_content_element\" style=\" max-width: 960px; display: inline-block;\">\n\t<div class=\"wpb_wrapper\">\n\t\t<h2>H\u00e9, comme c&#039;est gentil !<\/h2>\n<p>(Presque) bienvenue dans la famille Flexfurn !<\/p>\n\t<\/div>\n<\/div>\n\n\n\n<div class=\"divider-wrap\" data-alignment=\"default\"><div style=\"height: 25px;\" class=\"divider\"><\/div><\/div>\n\t\t<\/div> \n\t<\/div>\n\t<\/div> \n<\/div><\/div>\n\t\t\t<\/div> \n\t\t<\/div>\n\t<\/div> \n<\/div><\/div>\n\t\t<div id=\"fws_69f30b510207e\"  data-column-margin=\"default\" data-midnight=\"dark\" data-top-percent=\"5%\"  class=\"wpb_row vc_row-fluid vc_row\"  style=\"padding-top: calc(100vw * 0.05); padding-bottom: 0px; \"><div class=\"row-bg-wrap\" data-bg-animation=\"none\" data-bg-animation-delay=\"\" data-bg-overlay=\"false\"><div class=\"inner-wrap row-bg-layer\" ><div class=\"row-bg viewport-desktop\"  style=\"\"><\/div><\/div><\/div><div class=\"row_col_wrap_12 col span_12 dark left\">\n\t<div  class=\"vc_col-sm-6 wpb_column column_container vc_column_container col padding-5-percent inherit_tablet inherit_phone\"  data-padding-pos=\"all\" data-has-bg-color=\"false\" data-bg-color=\"\" data-bg-opacity=\"1\" data-animation=\"\" data-delay=\"0\" >\n\t\t<div class=\"vc_column-inner\" >\n\t\t\t<div class=\"wpb_wrapper\">\n\t\t\t\t\n<div class=\"wpb_text_column wpb_content_element\" >\n\t<div class=\"wpb_wrapper\">\n\t\t<h2 style=\"text-align: left;\">ENTREP\u00d4T POLYVALENT<\/h2>\n\t<\/div>\n<\/div>\n\n\n\n<div class=\"divider-wrap\" data-alignment=\"default\"><div style=\"height: 40px;\" class=\"divider\"><\/div><\/div>\n<div class=\"wpb_text_column wpb_content_element\" >\n\t<div class=\"wpb_wrapper\">\n\t\t<p>Vous \u00eates un v\u00e9ritable touche-\u00e0-tout et passionn\u00e9 de design et vous souhaitez contribuer \u00e0 la construction des meubles du futur ? Alors vous \u00eates le passionn\u00e9 que nous recherchons. Afin de continuer \u00e0 garantir notre croissance, notre qualit\u00e9 et notre service, nous recherchons un op\u00e9rateur d&#039;entrep\u00f4t polyvalent et flexible pour renforcer l&#039;\u00e9quipe.<\/p>\n<p>Flexfurn est une entreprise familiale internationale de Tessenderlo. Notre objectif : enchanter le monde avec des meubles pliables et empilables haut de gamme pour chaque application professionnelle et \u00e9v\u00e9nementielle.<\/p>\n<p><strong><u>Vos responsabilit\u00e9s: <\/u><\/strong><\/p>\n<p>Votre palette de t\u00e2ches vari\u00e9e se compose de 5 piliers majeurs :<\/p>\n<ul>\n<li><strong>Entrant<\/strong>: vous r\u00e9ceptionnez et contr\u00f4lez les livraisons, vous vous occupez \u00e9galement des d\u00e9marches administratives.<\/li>\n<li><strong>Assembl\u00e9e<\/strong>: vous assemblez nos diff\u00e9rents meubles.<\/li>\n<li><strong>Cueillette<\/strong>: vous d\u00e9posez les produits dans les bonnes zones de stockage selon les instructions figurant sur la pr\u00e9paration de commande. La possession d&#039;un certificat de chariot \u00e9l\u00e9vateur et\/ou de chariot \u00e0 m\u00e2t r\u00e9tractable est un plus. Pas de certificat, pas de probl\u00e8me ! Nous sommes heureux de vous proposer une formation sur les chariots \u00e9l\u00e9vateurs et\/ou les chariots \u00e0 m\u00e2t r\u00e9tractable.<\/li>\n<li><strong>Emballage<\/strong>: vous assurez un emballage soign\u00e9 des produits en fonction de leurs caract\u00e9ristiques, commandes et mode de transport.<\/li>\n<li><strong>Entretien<\/strong>: vous ne trouvez peut-\u00eatre pas cela la t\u00e2che la plus agr\u00e9able de la journ\u00e9e, mais \u00e0 la fin de votre journ\u00e9e de travail, vous nettoyez la zone de travail. Croyez-nous quand nous disons que vous vous remercierez le lendemain matin.<\/li>\n<\/ul>\n<p>Souhaitez-vous vous occuper de questions suppl\u00e9mentaires ? Nous serions heureux de discuter avec vous de vos int\u00e9r\u00eats afin d\u2019\u00e9largir encore votre \u00e9ventail de t\u00e2ches.<\/p>\n<p>Notre polyvalent coche facilement les cases ci-dessous.<\/p>\n<ul>\n<li>Tu es un vrai <strong>joueur d&#039;\u00e9quipe<\/strong>, mais tu peux aussi <strong>ind\u00e9pendant<\/strong><\/li>\n<li><strong>Responsabilit\u00e9: <\/strong>vous faites preuve de respect pour les produits et les personnes, vous assumez la responsabilit\u00e9 de vos erreurs.<\/li>\n<li><strong>Travail physique et informatique <\/strong>ne vous fait pas peur, vous souhaitez en savoir plus sur nos logiciels.<\/li>\n<li><strong>Flexible<\/strong>: vous ressentez le trac d&#039;une \u00ab mentalit\u00e9 9-5 \u00bb.<\/li>\n<li><strong>Orient\u00e9e vers le client<\/strong>: vous aidez les fournisseurs et les transporteurs de mani\u00e8re conviviale.<\/li>\n<li><strong>R\u00e9sistant au stress<\/strong>: vous gardez la t\u00eate froide lorsque quelque chose ne va pas et cherchez imm\u00e9diatement une solution.<\/li>\n<li>Vous contr\u00f4lez le <strong>N\u00e9erlandais<\/strong> Parlez-vous \u00e9galement couramment une autre langue ? Alors c&#039;est un plus !<\/li>\n<\/ul>\n<p>Soit vous avez un dipl\u00f4me, soit vous ne l&#039;avez pas. N&#039;a pas d&#039;importance! Que <strong>pratique<\/strong> <strong>pens\u00e9e<\/strong> et <strong>ax\u00e9e sur les solutions<\/strong> t\u00eate de toi et de ton <strong>la main sur la mentalit\u00e9<\/strong> c&#039;est pourquoi nous avons besoin de vous.<\/p>\n<p>Vous poss\u00e9dez plusieurs ann\u00e9es d\u2019exp\u00e9rience dans un poste similaire et cochez facilement toutes les cases ? Alors vous \u00eates la personne que nous recherchons !<\/p>\n<p><strong><u>Qu&#039;est-ce que cela vous apporte ?<\/u><\/strong><\/p>\n<p>En plus d&#039;une petite mais formidable \u00e9quipe, nous sommes heureux de vous offrir les choses suivantes.<\/p>\n<ul>\n<li><strong>Emploi permanent<\/strong> \u2013 temps plein 39,5 heures\/semaine<\/li>\n<li><strong>32 jours de vacances <\/strong>(20 jours de vacances + 12 jours ADV)<\/li>\n<li>Salaire bas\u00e9 sur le march\u00e9<\/li>\n<li>Excellents coll\u00e8gues (si nous le disons nous-m\u00eames)<\/li>\n<li>Un travail vari\u00e9<\/li>\n<li>Possibilit\u00e9 de compl\u00e9ments li\u00e9s \u00e0 l&#039;emploi <strong>\u00e9ducations<\/strong><\/li>\n<li>Plusieurs sorties d&#039;\u00e9quipe par an<\/li>\n<\/ul>\n<p>Et surtout, vous pourrez crier fi\u00e8rement \u00e0 vos amis et \u00e0 votre famille : \u00ab H\u00e9, ce sont nos meubles ! \u00bb<\/p>\n<p><strong><u>\u00c0 propos de nous<\/u><\/strong><\/p>\n<p>Ne restez jamais immobile. Notre devise traverse le temps depuis plus de 25 ans. Flexfurn est une entreprise familiale internationale de Tessenderlo o\u00f9 nous ne cachons pas notre ambition. Enchantez le monde avec des meubles pliables et empilables haut de gamme pour toutes les applications professionnelles et \u00e9v\u00e9nementielles. L&#039;innovation et l&#039;inspiration constantes nous permettent de proposer \u00e0 de nombreux secteurs des meubles design et pratiques.<\/p>\n<p>&nbsp;<\/p>\n<p>Vous souhaitez compl\u00e9ter la meilleure \u00e9quipe du Limbourg ? Envoyez vite votre CV ou appelez-nous pour plus d&#039;informations !<\/p>\n\t<\/div>\n<\/div>\n\n\n\n<div class=\"divider-wrap\" data-alignment=\"default\"><div style=\"height: 10px;\" class=\"divider\"><\/div><\/div>\n\t\t\t<\/div> \n\t\t<\/div>\n\t<\/div> \n\n\t<div style=\"\" class=\"vc_col-sm-6 wpb_column column_container vc_column_container col nectar-sticky-column padding-5-percent inherit_tablet inherit_phone\" data-using-bg=\"true\" data-padding-pos=\"all\" data-has-bg-color=\"true\" data-bg-color=\"#efefef\" data-bg-opacity=\"1\" data-animation=\"\" data-delay=\"0\" >\n\t\t<div class=\"vc_column-inner\" ><div class=\"column-bg-overlay-wrap column-bg-layer\" data-bg-animation=\"none\"><div class=\"column-bg-overlay\" style=\"opacity: 1; background-color: #efefef;\"><\/div><\/div>\n\t\t\t<div class=\"wpb_wrapper\">\n\t\t\t\t\n\t<div class=\"wpb_raw_code wpb_raw_html wpb_content_element\" >\n\t\t<div class=\"wpb_wrapper\">\n\t\t\t<!-- Change or deletion of the name attributes in the input tag will lead to empty values on record submission-->\n<form action='https:\/\/forms.zohopublic.eu\/flexfurncorporate\/form\/SOLLICITERENBIJFLEXFURNALLROUNDMAGAZIJNIER\/formperma\/WsOK2n0DAvGNf_osGCaoqTB4RxSVeriv01jR7udvu0I\/htmlRecords\/submit' name='form' id='form' method='POST' accept-charset='UTF-8' enctype='multipart\/form-data'>\n<input type=\"hidden\" name=\"zf_referrer_name\" value=\"\"><!-- To Track referrals , place the referrer name within the \" \" in the above hidden input field -->\n<input type=\"hidden\" name=\"zf_redirect_url\" value=\"\"><!-- To redirect to a specific page after record submission , place the respective url within the \" \" in the above hidden input field -->\n<input type=\"hidden\" name=\"zc_gad\" value=\"\"><!-- If GCLID is enabled in Zoho CRM Integration, click details of AdWords Ads will be pushed to Zoho CRM -->\n<h2>DEMANDEZ \u00c0 FLEXFURN - ENTREP\u00d4T ALLROUND<\/h2>\n<p><\/p>\n<!--Name-->\n<label> Nom \n<em>*<\/em>\n<\/label>\n<input type=\"text\" maxlength=\"255\" name=\"Name_First\" fieldtype=\"7\" placeholder=\"\" \/>\n<label>Pr\u00e9nom<\/label>\n<input type=\"text\" maxlength=\"255\" name=\"Name_Last\" fieldtype=\"7\" placeholder=\"\" \/>\n<label>Nom de famille<\/label>\n<!--Email-->\n<label> E-mail \n<em>*<\/em>\n<\/label>\n<input type=\"text\" maxlength=\"255\" name=\"Email\" value=\"\" fieldtype=\"9\" placeholder=\"\" \/>\n<!--Phone-->\n<label> T\u00e9l\u00e9phone \n<em>*<\/em>\n<\/label>\n<input type=\"text\" compname=\"PhoneNumber\" name=\"PhoneNumber_countrycode\" phoneformat=\"1\" iscountrycodeenabled=\"false\" maxlength=\"20\" value=\"\" fieldtype=\"11\" id=\"international_PhoneNumber_countrycode\" placeholder=\"\" \/>\n<label>Nombre<\/label>\n<!--File Upload-->\n<label>T\u00e9l\u00e9chargement de CV\n<em>*<\/em>\n<\/label>\n<input type=\"file\"  name=\"FileUpload\" checktype=\"c1\"  multiple=\"multiple\"\/>\n<button type=\"submit\"><em>Soumettre<\/em><\/button><\/form>\n\t\t<\/div>\n\t<\/div>\n\n\t\t\t<\/div> \n\t\t<\/div>\n\t<\/div> \n<\/div><\/div>\n\t\t<div id=\"fws_69f30b5102adc\"  data-column-margin=\"default\" data-midnight=\"dark\"  class=\"wpb_row vc_row-fluid vc_row\"  style=\"padding-top: 0px; padding-bottom: 0px; \"><div class=\"row-bg-wrap\" data-bg-animation=\"none\" data-bg-animation-delay=\"\" data-bg-overlay=\"false\"><div class=\"inner-wrap row-bg-layer\" ><div class=\"row-bg viewport-desktop\"  style=\"\"><\/div><\/div><\/div><div class=\"row_col_wrap_12 col span_12 dark left\">\n\t<div  class=\"vc_col-sm-12 wpb_column column_container vc_column_container col no-extra-padding inherit_tablet inherit_phone\"  data-padding-pos=\"all\" data-has-bg-color=\"false\" data-bg-color=\"\" data-bg-opacity=\"1\" data-animation=\"\" data-delay=\"0\" >\n\t\t<div class=\"vc_column-inner\" >\n\t\t\t<div class=\"wpb_wrapper\">\n\t\t\t\t<div class=\"divider-wrap\" data-alignment=\"default\"><div style=\"height: 30px;\" class=\"divider\"><\/div><\/div>\n\t\t\t<\/div> \n\t\t<\/div>\n\t<\/div> \n<\/div><\/div>\n\t\t<div id=\"fws_69f30b5103030\"  data-column-margin=\"default\" data-midnight=\"light\" data-top-percent=\"2%\" data-bottom-percent=\"2%\"  class=\"wpb_row vc_row-fluid vc_row full-width-content vc_row-o-equal-height vc_row-flex vc_row-o-content-top  right_padding_5pct left_padding_5pct\"  style=\"padding-top: calc(100vw * 0.02); padding-bottom: calc(100vw * 0.02); \"><div class=\"row-bg-wrap\" data-bg-animation=\"none\" data-bg-animation-delay=\"\" data-bg-overlay=\"false\"><div class=\"inner-wrap row-bg-layer\" ><div class=\"row-bg viewport-desktop using-bg-color\"  style=\"background-color: #c7b370; \"><\/div><\/div><\/div><div class=\"row_col_wrap_12 col span_12 light center\">\n\t<div  class=\"vc_col-sm-12 wpb_column column_container vc_column_container col no-extra-padding inherit_tablet inherit_phone\"  data-padding-pos=\"all\" data-has-bg-color=\"false\" data-bg-color=\"\" data-bg-opacity=\"1\" data-animation=\"\" data-delay=\"0\" >\n\t\t<div class=\"vc_column-inner\" >\n\t\t\t<div class=\"wpb_wrapper\">\n\t\t\t\t<div class=\"owl-carousel\" data-enable-animation=\"true\" data-loop=\"false\"  data-animation-delay=\"0\" data-autorotate=\"true\" data-autorotation-speed=\"5000\" data-column-padding=\"30px\" data-desktop-cols=\"3\" data-desktop-small-cols=\"3\" data-tablet-cols=\"2\" data-mobile-cols=\"1\"><div class=\"carousel-item\">\n<div class=\"wpb_text_column wpb_content_element  wpb_animate_when_almost_visible wpb_fadeInUp fadeInUp vc_custom_1702632460940\" >\n\t<div class=\"wpb_wrapper\">\n\t\t<h4>Empilable<\/h4>\n\t<\/div>\n<\/div>\n\n\n\n\n<div class=\"wpb_text_column wpb_content_element\" style=\" max-width: 960px; display: inline-block;\">\n\t<div class=\"wpb_wrapper\">\n\t\t<p>Experts en mati\u00e8re de confort, de style et de fonctionnalit\u00e9 d&#039;empilage. Nos meubles empilables sont comme un bon ch\u00e2teau de cartes, mais qui ne s&#039;effondre jamais. \u00c0 moins que vous ne regardiez les limites d\u2019empilement bien s\u00fbr.<\/p>\n\t<\/div>\n<\/div>\n\n\n\n<\/div><div class=\"carousel-item\">\n<div class=\"wpb_text_column wpb_content_element  wpb_animate_when_almost_visible wpb_fadeInUp fadeInUp vc_custom_1702632562940\" >\n\t<div class=\"wpb_wrapper\">\n\t\t<h4>Pliable<\/h4>\n\t<\/div>\n<\/div>\n\n\n\n\n<div class=\"wpb_text_column wpb_content_element\" style=\" max-width: 960px; display: inline-block;\">\n\t<div class=\"wpb_wrapper\">\n\t\t<p>Nos meubles pliants sont comme les Houdini du monde du meuble. Ils s&#039;ouvrent en un instant et se transforment en meubles \u00e0 part enti\u00e8re, \u00e9l\u00e9gants et modulables.<\/p>\n\t<\/div>\n<\/div>\n\n\n\n<\/div><div class=\"carousel-item\">\n<div class=\"wpb_text_column wpb_content_element  wpb_animate_when_almost_visible wpb_fadeInUp fadeInUp vc_custom_1702632624667\" >\n\t<div class=\"wpb_wrapper\">\n\t\t<h4>Embo\u00eetable<\/h4>\n\t<\/div>\n<\/div>\n\n\n\n\n<div class=\"wpb_text_column wpb_content_element\" style=\" max-width: 960px; display: inline-block;\">\n\t<div class=\"wpb_wrapper\">\n\t\t<p>Nos meubles embo\u00eetables sont comme les couteaux suisses du monde du meuble. Ils s&#039;embo\u00eetent parfaitement pour un rangement compact, puis se d\u00e9plient sans effort pour offrir des fonctionnalit\u00e9s.<\/p>\n\t<\/div>\n<\/div>\n\n\n\n<\/div><\/div>\n\t\t\t<\/div> \n\t\t<\/div>\n\t<\/div> \n<\/div><\/div>","protected":false},"excerpt":{"rendered":"H\u00e9, comme c&#039;est gentil ! (Presque) bienvenue dans la famille Flexfurn ! OUVRIER D&#039;ENTREP\u00d4T POLYVALENT \u00cates-vous un v\u00e9ritable touche-\u00e0-tout, passionn\u00e9 de design et souhaitez-vous contribuer \u00e0 la construction des meubles...","protected":false},"author":2,"featured_media":1056,"parent":0,"menu_order":0,"comment_status":"closed","ping_status":"closed","template":"","meta":{"footnotes":""},"class_list":["post-5448","page","type-page","status-publish","has-post-thumbnail"],"yoast_head":"<!-- This site is optimized with the Yoast SEO plugin v26.6 - https:\/\/yoast.com\/wordpress\/plugins\/seo\/ -->\n<title>Vacature Allround Magazijnier - Flexfurn<\/title>\n<meta name=\"robots\" content=\"index, follow, max-snippet:-1, max-image-preview:large, max-video-preview:-1\" \/>\n<link rel=\"canonical\" href=\"https:\/\/flexfurn.com\/fr\/poste-vacant-magasinier-polyvalent\/\" \/>\n<meta property=\"og:locale\" content=\"fr_FR\" \/>\n<meta property=\"og:type\" content=\"article\" \/>\n<meta property=\"og:title\" content=\"Vacature Allround Magazijnier - Flexfurn\" \/>\n<meta property=\"og:url\" content=\"https:\/\/flexfurn.com\/fr\/poste-vacant-magasinier-polyvalent\/\" \/>\n<meta property=\"og:site_name\" content=\"Flexfurn\" \/>\n<meta property=\"article:modified_time\" content=\"2024-08-30T06:47:59+00:00\" \/>\n<meta property=\"og:image\" content=\"https:\/\/flexfurn.com\/wp-content\/uploads\/2023\/12\/FLEXFURN-19-9-Tafelsetting-1-View3-Crop1-scaled-e1702632253188.jpg\" \/>\n\t<meta property=\"og:image:width\" content=\"1706\" \/>\n\t<meta property=\"og:image:height\" content=\"1395\" \/>\n\t<meta property=\"og:image:type\" content=\"image\/jpeg\" \/>\n<meta name=\"twitter:card\" content=\"summary_large_image\" \/>\n<meta name=\"twitter:label1\" content=\"Dur\u00e9e de lecture est.\" \/>\n\t<meta name=\"twitter:data1\" content=\"6 minutes\" \/>\n<script type=\"application\/ld+json\" class=\"yoast-schema-graph\">{\"@context\":\"https:\/\/schema.org\",\"@graph\":[{\"@type\":\"WebPage\",\"@id\":\"https:\/\/flexfurn.com\/vacature-allround-magazijnier\/\",\"url\":\"https:\/\/flexfurn.com\/vacature-allround-magazijnier\/\",\"name\":\"Vacature Allround Magazijnier - Flexfurn\",\"isPartOf\":{\"@id\":\"https:\/\/flexfurn.com\/#website\"},\"primaryImageOfPage\":{\"@id\":\"https:\/\/flexfurn.com\/vacature-allround-magazijnier\/#primaryimage\"},\"image\":{\"@id\":\"https:\/\/flexfurn.com\/vacature-allround-magazijnier\/#primaryimage\"},\"thumbnailUrl\":\"https:\/\/flexfurn.com\/wp-content\/uploads\/2023\/12\/FLEXFURN-19-9-Tafelsetting-1-View3-Crop1-scaled-e1702632253188.jpg\",\"datePublished\":\"2024-07-30T07:57:52+00:00\",\"dateModified\":\"2024-08-30T06:47:59+00:00\",\"breadcrumb\":{\"@id\":\"https:\/\/flexfurn.com\/vacature-allround-magazijnier\/#breadcrumb\"},\"inLanguage\":\"fr-BE\",\"potentialAction\":[{\"@type\":\"ReadAction\",\"target\":[\"https:\/\/flexfurn.com\/vacature-allround-magazijnier\/\"]}]},{\"@type\":\"ImageObject\",\"inLanguage\":\"fr-BE\",\"@id\":\"https:\/\/flexfurn.com\/vacature-allround-magazijnier\/#primaryimage\",\"url\":\"https:\/\/flexfurn.com\/wp-content\/uploads\/2023\/12\/FLEXFURN-19-9-Tafelsetting-1-View3-Crop1-scaled-e1702632253188.jpg\",\"contentUrl\":\"https:\/\/flexfurn.com\/wp-content\/uploads\/2023\/12\/FLEXFURN-19-9-Tafelsetting-1-View3-Crop1-scaled-e1702632253188.jpg\",\"width\":1706,\"height\":1395},{\"@type\":\"BreadcrumbList\",\"@id\":\"https:\/\/flexfurn.com\/vacature-allround-magazijnier\/#breadcrumb\",\"itemListElement\":[{\"@type\":\"ListItem\",\"position\":1,\"name\":\"Home\",\"item\":\"https:\/\/flexfurn.com\/\"},{\"@type\":\"ListItem\",\"position\":2,\"name\":\"Vacature Allround Magazijnier\"}]},{\"@type\":\"WebSite\",\"@id\":\"https:\/\/flexfurn.com\/#website\",\"url\":\"https:\/\/flexfurn.com\/\",\"name\":\"Flexfurn\",\"description\":\"\",\"publisher\":{\"@id\":\"https:\/\/flexfurn.com\/#organization\"},\"potentialAction\":[{\"@type\":\"SearchAction\",\"target\":{\"@type\":\"EntryPoint\",\"urlTemplate\":\"https:\/\/flexfurn.com\/?s={search_term_string}\"},\"query-input\":{\"@type\":\"PropertyValueSpecification\",\"valueRequired\":true,\"valueName\":\"search_term_string\"}}],\"inLanguage\":\"fr-BE\"},{\"@type\":\"Organization\",\"@id\":\"https:\/\/flexfurn.com\/#organization\",\"name\":\"Flexfurn\",\"url\":\"https:\/\/flexfurn.com\/\",\"logo\":{\"@type\":\"ImageObject\",\"inLanguage\":\"fr-BE\",\"@id\":\"https:\/\/flexfurn.com\/#\/schema\/logo\/image\/\",\"url\":\"https:\/\/flexfurn.com\/wp-content\/uploads\/2023\/08\/LogoBlack.svg\",\"contentUrl\":\"https:\/\/flexfurn.com\/wp-content\/uploads\/2023\/08\/LogoBlack.svg\",\"width\":210,\"height\":60,\"caption\":\"Flexfurn\"},\"image\":{\"@id\":\"https:\/\/flexfurn.com\/#\/schema\/logo\/image\/\"}}]}<\/script>\n<!-- \/ Yoast SEO plugin. -->","yoast_head_json":{"title":"Poste vacant Magasinier polyvalent - Flexfurn","robots":{"index":"index","follow":"follow","max-snippet":"max-snippet:-1","max-image-preview":"max-image-preview:large","max-video-preview":"max-video-preview:-1"},"canonical":"https:\/\/flexfurn.com\/fr\/poste-vacant-magasinier-polyvalent\/","og_locale":"fr_FR","og_type":"article","og_title":"Vacature Allround Magazijnier - Flexfurn","og_url":"https:\/\/flexfurn.com\/fr\/poste-vacant-magasinier-polyvalent\/","og_site_name":"Flexfurn","article_modified_time":"2024-08-30T06:47:59+00:00","og_image":[{"width":1706,"height":1395,"url":"https:\/\/flexfurn.com\/wp-content\/uploads\/2023\/12\/FLEXFURN-19-9-Tafelsetting-1-View3-Crop1-scaled-e1702632253188.jpg","type":"image\/jpeg"}],"twitter_card":"summary_large_image","twitter_misc":{"Dur\u00e9e de lecture est.":"6 minutes"},"schema":{"@context":"https:\/\/schema.org","@graph":[{"@type":"WebPage","@id":"https:\/\/flexfurn.com\/vacature-allround-magazijnier\/","url":"https:\/\/flexfurn.com\/vacature-allround-magazijnier\/","name":"Poste vacant Magasinier polyvalent - Flexfurn","isPartOf":{"@id":"https:\/\/flexfurn.com\/#website"},"primaryImageOfPage":{"@id":"https:\/\/flexfurn.com\/vacature-allround-magazijnier\/#primaryimage"},"image":{"@id":"https:\/\/flexfurn.com\/vacature-allround-magazijnier\/#primaryimage"},"thumbnailUrl":"https:\/\/flexfurn.com\/wp-content\/uploads\/2023\/12\/FLEXFURN-19-9-Tafelsetting-1-View3-Crop1-scaled-e1702632253188.jpg","datePublished":"2024-07-30T07:57:52+00:00","dateModified":"2024-08-30T06:47:59+00:00","breadcrumb":{"@id":"https:\/\/flexfurn.com\/vacature-allround-magazijnier\/#breadcrumb"},"inLanguage":"fr-BE","potentialAction":[{"@type":"ReadAction","target":["https:\/\/flexfurn.com\/vacature-allround-magazijnier\/"]}]},{"@type":"ImageObject","inLanguage":"fr-BE","@id":"https:\/\/flexfurn.com\/vacature-allround-magazijnier\/#primaryimage","url":"https:\/\/flexfurn.com\/wp-content\/uploads\/2023\/12\/FLEXFURN-19-9-Tafelsetting-1-View3-Crop1-scaled-e1702632253188.jpg","contentUrl":"https:\/\/flexfurn.com\/wp-content\/uploads\/2023\/12\/FLEXFURN-19-9-Tafelsetting-1-View3-Crop1-scaled-e1702632253188.jpg","width":1706,"height":1395},{"@type":"BreadcrumbList","@id":"https:\/\/flexfurn.com\/vacature-allround-magazijnier\/#breadcrumb","itemListElement":[{"@type":"ListItem","position":1,"name":"Home","item":"https:\/\/flexfurn.com\/"},{"@type":"ListItem","position":2,"name":"Vacature Allround Magazijnier"}]},{"@type":"WebSite","@id":"https:\/\/flexfurn.com\/#website","url":"https:\/\/flexfurn.com\/","name":"Flexfurn","description":"","publisher":{"@id":"https:\/\/flexfurn.com\/#organization"},"potentialAction":[{"@type":"SearchAction","target":{"@type":"EntryPoint","urlTemplate":"https:\/\/flexfurn.com\/?s={search_term_string}"},"query-input":{"@type":"PropertyValueSpecification","valueRequired":true,"valueName":"search_term_string"}}],"inLanguage":"fr-BE"},{"@type":"Organization","@id":"https:\/\/flexfurn.com\/#organization","name":"Flexfurn","url":"https:\/\/flexfurn.com\/","logo":{"@type":"ImageObject","inLanguage":"fr-BE","@id":"https:\/\/flexfurn.com\/#\/schema\/logo\/image\/","url":"https:\/\/flexfurn.com\/wp-content\/uploads\/2023\/08\/LogoBlack.svg","contentUrl":"https:\/\/flexfurn.com\/wp-content\/uploads\/2023\/08\/LogoBlack.svg","width":210,"height":60,"caption":"Flexfurn"},"image":{"@id":"https:\/\/flexfurn.com\/#\/schema\/logo\/image\/"}}]}},"_links":{"self":[{"href":"https:\/\/flexfurn.com\/fr\/wp-json\/wp\/v2\/pages\/5448","targetHints":{"allow":["GET"]}}],"collection":[{"href":"https:\/\/flexfurn.com\/fr\/wp-json\/wp\/v2\/pages"}],"about":[{"href":"https:\/\/flexfurn.com\/fr\/wp-json\/wp\/v2\/types\/page"}],"author":[{"embeddable":true,"href":"https:\/\/flexfurn.com\/fr\/wp-json\/wp\/v2\/users\/2"}],"replies":[{"embeddable":true,"href":"https:\/\/flexfurn.com\/fr\/wp-json\/wp\/v2\/comments?post=5448"}],"version-history":[{"count":2,"href":"https:\/\/flexfurn.com\/fr\/wp-json\/wp\/v2\/pages\/5448\/revisions"}],"predecessor-version":[{"id":5699,"href":"https:\/\/flexfurn.com\/fr\/wp-json\/wp\/v2\/pages\/5448\/revisions\/5699"}],"wp:featuredmedia":[{"embeddable":true,"href":"https:\/\/flexfurn.com\/fr\/wp-json\/wp\/v2\/media\/1056"}],"wp:attachment":[{"href":"https:\/\/flexfurn.com\/fr\/wp-json\/wp\/v2\/media?parent=5448"}],"curies":[{"name":"wp","href":"https:\/\/api.w.org\/{rel}","templated":true}]}}