{"id":5715,"date":"2024-09-24T10:47:08","date_gmt":"2024-09-24T08:47:08","guid":{"rendered":"https:\/\/flexfurn.com\/?page_id=5715"},"modified":"2026-04-08T12:23:22","modified_gmt":"2026-04-08T10:23:22","slug":"offre-demploi-de-specialiste-en-marketing-numerique","status":"publish","type":"page","link":"https:\/\/flexfurn.com\/fr\/offre-demploi-de-specialiste-en-marketing-numerique\/","title":{"rendered":"Poste vacant de sp\u00e9cialiste en marketing num\u00e9rique"},"content":{"rendered":"<div id=\"fws_69f374343513a\"  data-column-margin=\"none\" data-midnight=\"custom\" data-top-percent=\"12%\" data-bottom-percent=\"10%\"  class=\"wpb_row vc_row-fluid vc_row full-width-content vc_row-o-equal-height vc_row-flex vc_row-o-content-top parallax_section right_padding_5pct left_padding_5pct top_padding_tablet_30pct top_padding_phone_40pct bottom_padding_tablet_30pct bottom_padding_phone_40pct\"  style=\"padding-top: calc(100vw * 0.12); padding-bottom: calc(100vw * 0.10); \"><div class=\"row-bg-wrap\" data-bg-animation=\"zoom-out\" data-bg-animation-delay=\"\" data-bg-overlay=\"true\"><div class=\"inner-wrap row-bg-layer using-image\" ><div class=\"row-bg viewport-desktop using-image\" data-parallax-speed=\"fast\" style=\"background-image: url(https:\/\/flexfurn.com\/wp-content\/uploads\/2023\/12\/Ontwerp-zonder-titel-6.png); background-position: center center; background-repeat: no-repeat; \"><\/div><\/div><div class=\"row-bg-overlay row-bg-layer\" style=\"background: #000000; background: linear-gradient(to bottom,#000000 0%,rgba(0,0,0,0.01) 100%);  opacity: 0.5; \"><\/div><\/div><div class=\"row_col_wrap_12 col span_12 custom left\">\n\t<div  class=\"vc_col-sm-12 wpb_column column_container vc_column_container col no-extra-padding force-phone-text-align-left el_spacing_0px inherit_tablet inherit_phone\"  data-padding-pos=\"all\" data-has-bg-color=\"false\" data-bg-color=\"\" data-bg-opacity=\"1\" data-animation=\"\" data-delay=\"0\" >\n\t\t<div class=\"vc_column-inner\" >\n\t\t\t<div class=\"wpb_wrapper\">\n\t\t\t\t<div id=\"fws_69f374343586f\" data-midnight=\"\" data-column-margin=\"default\" class=\"wpb_row vc_row-fluid vc_row inner_row\"  style=\" z-index: 20;\"><div class=\"row-bg-wrap\"> <div class=\"row-bg\" ><\/div> <\/div><div class=\"row_col_wrap_12_inner col span_12  left\">\n\t<div style=\" color: #ffffff;\" class=\"vc_col-sm-12 wpb_column column_container vc_column_container col child_column has-animation no-extra-padding el_spacing_0px inherit_tablet inherit_phone\" data-cfc=\"true\"  data-padding-pos=\"all\" data-has-bg-color=\"false\" data-bg-color=\"\" data-bg-opacity=\"1\" data-animation=\"fade-in-from-bottom\" data-delay=\"500\" >\n\t\t<div class=\"vc_column-inner\" >\n\t\t<div class=\"wpb_wrapper\">\n\t\t\t\n<div class=\"wpb_text_column wpb_content_element\" style=\" max-width: 960px; display: inline-block;\">\n\t<div class=\"wpb_wrapper\">\n\t\t<h2>H\u00e9, comme c&#039;est gentil !<\/h2>\n<p>(Presque) bienvenue dans la famille Flexfurn !<\/p>\n\t<\/div>\n<\/div>\n\n\n\n<div class=\"divider-wrap\" data-alignment=\"default\"><div style=\"height: 25px;\" class=\"divider\"><\/div><\/div>\n\t\t<\/div> \n\t<\/div>\n\t<\/div> \n<\/div><\/div>\n\t\t\t<\/div> \n\t\t<\/div>\n\t<\/div> \n<\/div><\/div>\n\t\t<div id=\"fws_69f37434361cc\"  data-column-margin=\"default\" data-midnight=\"dark\" data-top-percent=\"5%\"  class=\"wpb_row vc_row-fluid vc_row\"  style=\"padding-top: calc(100vw * 0.05); padding-bottom: 0px; \"><div class=\"row-bg-wrap\" data-bg-animation=\"none\" data-bg-animation-delay=\"\" data-bg-overlay=\"false\"><div class=\"inner-wrap row-bg-layer\" ><div class=\"row-bg viewport-desktop\"  style=\"\"><\/div><\/div><\/div><div class=\"row_col_wrap_12 col span_12 dark left\">\n\t<div  class=\"vc_col-sm-6 wpb_column column_container vc_column_container col padding-5-percent inherit_tablet inherit_phone\"  data-padding-pos=\"all\" data-has-bg-color=\"false\" data-bg-color=\"\" data-bg-opacity=\"1\" data-animation=\"\" data-delay=\"0\" >\n\t\t<div class=\"vc_column-inner\" >\n\t\t\t<div class=\"wpb_wrapper\">\n\t\t\t\t\n<div class=\"wpb_text_column wpb_content_element\" >\n\t<div class=\"wpb_wrapper\">\n\t\t<h2 style=\"text-align: left;\">MARKETING NUM\u00c9RIQUE<\/h2>\n\t<\/div>\n<\/div>\n\n\n\n<div class=\"divider-wrap\" data-alignment=\"default\"><div style=\"height: 40px;\" class=\"divider\"><\/div><\/div>\n<div class=\"wpb_text_column wpb_content_element\" >\n\t<div class=\"wpb_wrapper\">\n\t\t<h3><strong>Sp\u00e9cialiste du marketing num\u00e9rique<\/strong> <em>et; h\/f;<\/em> [<strong>Cr\u00e9er<\/strong>\u00b7t\u00b7ive \u2013 <strong>Flic<\/strong>\u00b7y\u00b7\u00e9crivain]<\/h3>\n<p>Vous r\u00e9digez des titres percutants et des contenus qui convertissent r\u00e9ellement. En tant que sp\u00e9cialiste marketing digital junior, vous \u00eates le ma\u00eetre de la r\u00e9daction chez Flexfurn, dot\u00e9 d&#039;un flair exceptionnel pour les histoires fortes, mais votre vision va bien au-del\u00e0 du simple contenu. Vous donnez vie \u00e0 notre univers de solutions d&#039;ameublement intelligentes et modulables pour l&#039;\u00e9v\u00e9nementiel et l&#039;h\u00f4tellerie gr\u00e2ce \u00e0 des contenus inspirants et persuasifs. Parall\u00e8lement, vous contribuez \u00e0 la strat\u00e9gie globale\u00a0: vous participez \u00e0 l&#039;\u00e9laboration des strat\u00e9gies de marketing digital et \u00e0 leur mise en \u0153uvre dans une approche \u00e0 360\u00b0 coh\u00e9rente sur tous les canaux.<\/p>\n<p>Vous ne vous contentez pas de produire du contenu\u00a0; vous en comprenez le pourquoi, le o\u00f9 et le comment. Vous savez comment atteindre la bonne cible, mettre en place des campagnes et cr\u00e9er un impact, de la g\u00e9n\u00e9ration de leads \u00e0 l&#039;exp\u00e9rience de marque. De plus, vous \u00eates une personne qui aime se retrousser les manches. Vous participez aux s\u00e9ances de brainstorming, \u00e0 l&#039;organisation et \u00e0 la coordination des salons professionnels, des \u00e9v\u00e9nements et des opportunit\u00e9s commerciales. Qu&#039;il s&#039;agisse de la mise en place, de l&#039;ex\u00e9cution ou m\u00eame des ventes\u00a0: vous \u00eates l\u00e0 pour que tout se concr\u00e9tise. Vous alliez une forte expertise en contenu \u00e0 une vision strat\u00e9gique du num\u00e9rique, un sens du design et une curiosit\u00e9 naturelle pour les nouveaux outils et les tendances. Vous \u00eates proactif, impliqu\u00e9 et vous vous perfectionnez constamment. Alors\u2026 seriez-vous pr\u00eat \u00e0 prendre place \u00e0 la table de Flexfurn\u00a0? Tabouret de bar inclus.<\/p>\n<h3>Sp\u00e9cialiste du marketing ax\u00e9 sur le contenu et dot\u00e9 d&#039;une maturit\u00e9 strat\u00e9gique<\/h3>\n<ul>\n<li>Vous \u00eates responsable de tout ce qui concerne la cr\u00e9ation de contenu, de l&#039;id\u00e9e \u00e0 la r\u00e9alisation et \u00e0 la qualit\u00e9.<\/li>\n<li>Vous traduisez la strat\u00e9gie de marketing num\u00e9rique en un contenu percutant, coh\u00e9rent et performant sur tous les canaux.<\/li>\n<li>La r\u00e9daction cr\u00e9ative est votre comp\u00e9tence principale\u00a0: vous \u00e9crivez et optimisez du contenu qui trouve un \u00e9cho, persuade et convertit.<\/li>\n<li>Vous contribuez activement \u00e0 l&#039;approche marketing globale et participez \u00e0 l&#039;\u00e9laboration d&#039;une strat\u00e9gie num\u00e9rique \u00e0 360\u00b0 bien pens\u00e9e.<\/li>\n<li>Vous comprenez comment les canaux, les publics cibles et les campagnes s&#039;articulent et vous les exploitez intelligemment.<\/li>\n<li>Vous \u00e9laborez et suivez la strat\u00e9gie de contenu (sujets, formats, ton, narration).<\/li>\n<li>Vous assurez un flux continu de contenu de haute qualit\u00e9, en privil\u00e9giant l&#039;impact plut\u00f4t que la quantit\u00e9.<\/li>\n<li>Vous cr\u00e9ez du contenu pour diff\u00e9rents canaux\u00a0: site web, campagnes, r\u00e9seaux sociaux, vid\u00e9os, e-mails, publicit\u00e9s\u2026<\/li>\n<li>Vous \u00eates responsable de la cr\u00e9ation et de la strat\u00e9gie de contenu num\u00e9rique de A \u00e0 Z\u00a0: r\u00e9daction (point cl\u00e9), marketing et sc\u00e9narisation vid\u00e9o, briefing et direction visuelle, optimisation du contenu (SEO, CRO, GEO).<\/li>\n<li>Vous optimisez les contenus de votre site web et de votre boutique en ligne en mettant l&#039;accent sur la conversion et l&#039;exp\u00e9rience utilisateur.<\/li>\n<li>Vous g\u00e9rez et structurez les ressources num\u00e9riques (banque d&#039;images, r\u00e9utilisation de contenu, \u2026)<\/li>\n<li>Vous travaillez en fonction des donn\u00e9es : vous analysez les performances (trafic, engagement, conversion) et vous ajustez vos actions en fonction des informations recueillies.<\/li>\n<li>Vous fournissez des commentaires essentiels sur le contenu et les campagnes existants et vous les optimisez l\u00e0 o\u00f9 c&#039;est n\u00e9cessaire.<\/li>\n<li>Vous introduisez de nouvelles id\u00e9es, de nouveaux formats et de nouvelles perspectives qui renforcent la marque.<\/li>\n<li>Vous soutenez et participez activement aux salons professionnels, aux \u00e9v\u00e9nements et aux initiatives commerciales.<\/li>\n<li>Vous participez au brainstorming, \u00e0 l&#039;organisation, \u00e0 la coordination et \u00e0 l&#039;ex\u00e9cution (oui, vous \u00eates \u00e9galement pr\u00e9sent sur le terrain).<\/li>\n<li>Vous agissez comme partenaire de r\u00e9flexion pour le responsable marketing et apportez des id\u00e9es \u00e0 un niveau strat\u00e9gique.<\/li>\n<li>Vous \u00eates rattach\u00e9(e) au responsable marketing.<\/li>\n<\/ul>\n<h3>Votre terrain de jeu<\/h3>\n<ul>\n<li>Vous avez une exp\u00e9rience initiale pertinente en marketing ou en contenu (\u00b1 2 ans) et \u00eates pr\u00eat \u00e0 prendre en charge des responsabilit\u00e9s.<\/li>\n<li>L&#039;\u00e9criture est une seconde nature pour vous : vous cr\u00e9ez sans effort un contenu percutant.<\/li>\n<li>Vous tirez votre \u00e9nergie de la cr\u00e9ation d&#039;histoires qui inspirent, persuadent et convertissent.<\/li>\n<li>Les r\u00e9seaux sociaux sont votre terrain de jeu : vous suivez les tendances, comprenez les formats et savez ce qui fonctionne (et ce qui ne fonctionne pas).<\/li>\n<li>Vous avez un excellent sens du langage, du ton de la voix et de la narration (le n\u00e9erlandais est essentiel, bonne connaissance de l&#039;anglais).<\/li>\n<li>Vous faites preuve de cr\u00e9ativit\u00e9 et de strat\u00e9gie et comprenez le fonctionnement d&#039;une approche marketing \u00e0 360\u00b0.<\/li>\n<li>Vous connaissez les principes du marketing digital (SEO, CRO, GEO\/IA) et savez comment le contenu doit \u00eatre performant.<\/li>\n<li>Vous \u00eates une personne pratique qui puise son \u00e9nergie dans la cr\u00e9ation et l&#039;ex\u00e9cution\u00a0: de l&#039;id\u00e9e et du concept \u00e0 la r\u00e9alisation concr\u00e8te.<\/li>\n<li>Vous avez le sens du contenu visuel et collaborez facilement avec le service design (ou prenez des initiatives si n\u00e9cessaire).<\/li>\n<li>L&#039;exp\u00e9rience des outils (Canva, Adobe, outils d&#039;IA, \u2026) est un atout, la volont\u00e9 d&#039;apprendre est essentielle.<\/li>\n<li>Vous avez un int\u00e9r\u00eat marqu\u00e9 pour le mobilier, la d\u00e9coration int\u00e9rieure, l&#039;\u00e9v\u00e9nementiel et\/ou l&#039;h\u00f4tellerie et vous vous sentez \u00e0 votre place dans cet univers.<\/li>\n<li>Vous comprenez comment l&#039;exp\u00e9rience, l&#039;ambiance et la fonctionnalit\u00e9 s&#039;articulent et vous traduisez cela en contenus et campagnes percutants.<\/li>\n<li>Vous \u00eates proactif, critique et orient\u00e9 solutions : vous voyez les opportunit\u00e9s et prenez des initiatives.<\/li>\n<li>Vous travaillez de mani\u00e8re structur\u00e9e, mais vous savez vous adapter avec souplesse lorsque cela est n\u00e9cessaire.<\/li>\n<li>Vous \u00eates un joueur d&#039;\u00e9quipe qui appr\u00e9cie les s\u00e9ances de brainstorming avec le responsable marketing, mais qui sait aussi prendre des responsabilit\u00e9s de mani\u00e8re ind\u00e9pendante.<\/li>\n<li>Vous aimez retrousser vos manches et \u00eates pr\u00eat(e) \u00e0 contribuer \u00e0 des \u00e9v\u00e9nements, des salons professionnels et des initiatives commerciales.<\/li>\n<\/ul>\n<h3>D\u00e9couvrez la magie de Flexfurn<\/h3>\n<p>Un d\u00e9fi de marketing commercial dans lequel vous utilisez vos connaissances, votre expertise et vos comp\u00e9tences en r\u00e9daction publicitaire pour cr\u00e9er un impact maximal.<\/p>\n<p>Nous vous proposons un poste permanent et stimulant au sein d&#039;une entreprise dynamique et en pleine croissance. Vous b\u00e9n\u00e9ficierez d&#039;une r\u00e9mun\u00e9ration comp\u00e9titive, incluant des avantages sociaux tels que des \u00e9co-ch\u00e8ques, un ordinateur portable et un t\u00e9l\u00e9phone, pour un temps plein (40 heures par semaine).<\/p>\n<p>Vous pr\u00e9voyez des vacances ? En plus de vos 20 jours de vacances, vous b\u00e9n\u00e9ficiez de 12 jours de cong\u00e9s suppl\u00e9mentaires.<br \/>\nBesoin d&#039;une formation ou d&#039;un enseignement compl\u00e9mentaire ? Nous nous en chargeons.<\/p>\n<h3>Vous aimeriez prendre place \u00e0 la table Flexfurn (pliante)\u00a0? Alors postulez d\u00e8s maintenant\u00a0!<\/h3>\n<p>Envoyez votre CV \u00e0 <a href=\"mailto:An.vanhelshoecht@flexfurn.com\">An.vanhelshoecht@flexfurn.com<\/a><\/p>\n\t<\/div>\n<\/div>\n\n\n\n<div class=\"divider-wrap\" data-alignment=\"default\"><div style=\"height: 10px;\" class=\"divider\"><\/div><\/div>\n\t\t\t<\/div> \n\t\t<\/div>\n\t<\/div> \n\n\t<div style=\"\" class=\"vc_col-sm-6 wpb_column column_container vc_column_container col nectar-sticky-column padding-5-percent inherit_tablet inherit_phone\" data-using-bg=\"true\" data-padding-pos=\"all\" data-has-bg-color=\"true\" data-bg-color=\"#efefef\" data-bg-opacity=\"1\" data-animation=\"\" data-delay=\"0\" >\n\t\t<div class=\"vc_column-inner\" ><div class=\"column-bg-overlay-wrap column-bg-layer\" data-bg-animation=\"none\"><div class=\"column-bg-overlay\" style=\"opacity: 1; background-color: #efefef;\"><\/div><\/div>\n\t\t\t<div class=\"wpb_wrapper\">\n\t\t\t\t\n\t<div class=\"wpb_raw_code wpb_raw_html wpb_content_element\" >\n\t\t<div class=\"wpb_wrapper\">\n\t\t\t<!-- Change or deletion of the name attributes in the input tag will lead to empty values on record submission-->\n<form action='https:\/\/forms.zohopublic.eu\/flexfurncorporate\/form\/SOLLICITERENBIJFLEXFURNDIGITALMARKETEER\/formperma\/2XQ2ZzKlAwv6R9kG__X7T0IPkGu09Qhq4cRHE-NC_9M\/htmlRecords\/submit' name='form' id='form' method='POST' accept-charset='UTF-8' enctype='multipart\/form-data'>\n<input type=\"hidden\" name=\"zf_referrer_name\" value=\"\"><!-- To Track referrals , place the referrer name within the \" \" in the above hidden input field -->\n<input type=\"hidden\" name=\"zf_redirect_url\" value=\"\"><!-- To redirect to a specific page after record submission , place the respective url within the \" \" in the above hidden input field -->\n<input type=\"hidden\" name=\"zc_gad\" value=\"\"><!-- If GCLID is enabled in Zoho CRM Integration, click details of AdWords Ads will be pushed to Zoho CRM -->\n<h2>POSTULER CHEZ FLEXFURN - MARKETEUR NUM\u00c9RIQUE<\/h2>\n<p><\/p>\n<label>\nNom\n<em>*<\/em>\n<\/label>\n<input type=\"text\" maxlength=\"255\" name=\"Name_First\" fieldtype=\"7\" placeholder=\"\" \/>\n<input type=\"text\" maxlength=\"255\" name=\"Name_Last\" fieldtype=\"7\" placeholder=\"\" \/>\n<label>\nE-mail\n<em>*<\/em>\n<\/label>\n<input type=\"text\" maxlength=\"255\" name=\"Email\" value=\"\" fieldtype=\"9\" placeholder=\"\" \/>\n<label>\nT\u00e9l\u00e9phone\n<em>*<\/em>\n<\/label>\n<input type=\"text\" compname=\"PhoneNumber\" name=\"PhoneNumber_countrycode\" phoneformat=\"1\" iscountrycodeenabled=\"false\" maxlength=\"20\" value=\"\" fieldtype=\"11\" id=\"international_PhoneNumber_countrycode\" placeholder=\"\" \/>\n<label>Nombre<\/label>\n<label>\nT\u00e9l\u00e9chargement de CV\n<em>*<\/em>\n<\/label>\n<input type=\"file\"  name=\"FileUpload\" checktype=\"c1\"  multiple=\"multiple\"\/>\n<button type=\"submit\"><em>Soumettre<\/em><\/button><\/form>\n\t\t<\/div>\n\t<\/div>\n\n\t\t\t<\/div> \n\t\t<\/div>\n\t<\/div> \n<\/div><\/div>\n\t\t<div id=\"fws_69f374343705a\"  data-column-margin=\"default\" data-midnight=\"dark\"  class=\"wpb_row vc_row-fluid vc_row\"  style=\"padding-top: 0px; padding-bottom: 0px; \"><div class=\"row-bg-wrap\" data-bg-animation=\"none\" data-bg-animation-delay=\"\" data-bg-overlay=\"false\"><div class=\"inner-wrap row-bg-layer\" ><div class=\"row-bg viewport-desktop\"  style=\"\"><\/div><\/div><\/div><div class=\"row_col_wrap_12 col span_12 dark left\">\n\t<div  class=\"vc_col-sm-12 wpb_column column_container vc_column_container col no-extra-padding inherit_tablet inherit_phone\"  data-padding-pos=\"all\" data-has-bg-color=\"false\" data-bg-color=\"\" data-bg-opacity=\"1\" data-animation=\"\" data-delay=\"0\" >\n\t\t<div class=\"vc_column-inner\" >\n\t\t\t<div class=\"wpb_wrapper\">\n\t\t\t\t<div class=\"divider-wrap\" data-alignment=\"default\"><div style=\"height: 30px;\" class=\"divider\"><\/div><\/div>\n\t\t\t<\/div> \n\t\t<\/div>\n\t<\/div> \n<\/div><\/div>\n\t\t<div id=\"fws_69f374343778c\"  data-column-margin=\"default\" data-midnight=\"light\" data-top-percent=\"2%\" data-bottom-percent=\"2%\"  class=\"wpb_row vc_row-fluid vc_row full-width-content vc_row-o-equal-height vc_row-flex vc_row-o-content-top  right_padding_5pct left_padding_5pct\"  style=\"padding-top: calc(100vw * 0.02); padding-bottom: calc(100vw * 0.02); \"><div class=\"row-bg-wrap\" data-bg-animation=\"none\" data-bg-animation-delay=\"\" data-bg-overlay=\"false\"><div class=\"inner-wrap row-bg-layer\" ><div class=\"row-bg viewport-desktop using-bg-color\"  style=\"background-color: #c7b370; \"><\/div><\/div><\/div><div class=\"row_col_wrap_12 col span_12 light center\">\n\t<div  class=\"vc_col-sm-12 wpb_column column_container vc_column_container col no-extra-padding inherit_tablet inherit_phone\"  data-padding-pos=\"all\" data-has-bg-color=\"false\" data-bg-color=\"\" data-bg-opacity=\"1\" data-animation=\"\" data-delay=\"0\" >\n\t\t<div class=\"vc_column-inner\" >\n\t\t\t<div class=\"wpb_wrapper\">\n\t\t\t\t<div class=\"owl-carousel\" data-enable-animation=\"true\" data-loop=\"false\"  data-animation-delay=\"0\" data-autorotate=\"true\" data-autorotation-speed=\"5000\" data-column-padding=\"30px\" data-desktop-cols=\"3\" data-desktop-small-cols=\"3\" data-tablet-cols=\"2\" data-mobile-cols=\"1\"><div class=\"carousel-item\">\n<div class=\"wpb_text_column wpb_content_element  wpb_animate_when_almost_visible wpb_fadeInUp fadeInUp vc_custom_1702632460940\" >\n\t<div class=\"wpb_wrapper\">\n\t\t<h4>Empilable<\/h4>\n\t<\/div>\n<\/div>\n\n\n\n\n<div class=\"wpb_text_column wpb_content_element\" style=\" max-width: 960px; display: inline-block;\">\n\t<div class=\"wpb_wrapper\">\n\t\t<p>Experts en mati\u00e8re de confort, de style et de fonctionnalit\u00e9 d&#039;empilage. Nos meubles empilables sont comme un bon ch\u00e2teau de cartes, mais qui ne s&#039;effondre jamais. \u00c0 moins que vous ne regardiez les limites d\u2019empilement bien s\u00fbr.<\/p>\n\t<\/div>\n<\/div>\n\n\n\n<\/div><div class=\"carousel-item\">\n<div class=\"wpb_text_column wpb_content_element  wpb_animate_when_almost_visible wpb_fadeInUp fadeInUp vc_custom_1702632562940\" >\n\t<div class=\"wpb_wrapper\">\n\t\t<h4>Pliable<\/h4>\n\t<\/div>\n<\/div>\n\n\n\n\n<div class=\"wpb_text_column wpb_content_element\" style=\" max-width: 960px; display: inline-block;\">\n\t<div class=\"wpb_wrapper\">\n\t\t<p>Nos meubles pliants sont comme les Houdini du monde du meuble. Ils s&#039;ouvrent en un instant et se transforment en meubles \u00e0 part enti\u00e8re, \u00e9l\u00e9gants et modulables.<\/p>\n\t<\/div>\n<\/div>\n\n\n\n<\/div><div class=\"carousel-item\">\n<div class=\"wpb_text_column wpb_content_element  wpb_animate_when_almost_visible wpb_fadeInUp fadeInUp vc_custom_1702632624667\" >\n\t<div class=\"wpb_wrapper\">\n\t\t<h4>Embo\u00eetable<\/h4>\n\t<\/div>\n<\/div>\n\n\n\n\n<div class=\"wpb_text_column wpb_content_element\" style=\" max-width: 960px; display: inline-block;\">\n\t<div class=\"wpb_wrapper\">\n\t\t<p>Nos meubles embo\u00eetables sont comme les couteaux suisses du monde du meuble. Ils s&#039;embo\u00eetent parfaitement pour un rangement compact, puis se d\u00e9plient sans effort pour offrir des fonctionnalit\u00e9s.<\/p>\n\t<\/div>\n<\/div>\n\n\n\n<\/div><\/div>\n\t\t\t<\/div> \n\t\t<\/div>\n\t<\/div> \n<\/div><\/div>","protected":false},"excerpt":{"rendered":"H\u00e9, wat leuk! (Bijna) welkom bij de Flexfurn-familie! DIGITAL MARKETEER Digital Marketeer en; m\/v; [Crea\u00b7t\u00b7ive - Cop\u00b7y\u00b7writer] Jij schrijft catchy headlines \u00e9n content die \u00e9cht converteert. Als (Junior) Digital Marketeer...","protected":false},"author":2,"featured_media":0,"parent":0,"menu_order":0,"comment_status":"closed","ping_status":"closed","template":"","meta":{"footnotes":""},"class_list":["post-5715","page","type-page","status-publish"],"yoast_head":"<!-- This site is optimized with the Yoast SEO plugin v26.6 - https:\/\/yoast.com\/wordpress\/plugins\/seo\/ -->\n<title>Vacature Digital Marketeer - Flexfurn<\/title>\n<meta name=\"robots\" content=\"index, follow, max-snippet:-1, max-image-preview:large, max-video-preview:-1\" \/>\n<link rel=\"canonical\" href=\"https:\/\/flexfurn.com\/fr\/offre-demploi-de-specialiste-en-marketing-numerique\/\" \/>\n<meta property=\"og:locale\" content=\"fr_FR\" \/>\n<meta property=\"og:type\" content=\"article\" \/>\n<meta property=\"og:title\" content=\"Vacature Digital Marketeer - Flexfurn\" \/>\n<meta property=\"og:url\" content=\"https:\/\/flexfurn.com\/fr\/offre-demploi-de-specialiste-en-marketing-numerique\/\" \/>\n<meta property=\"og:site_name\" content=\"Flexfurn\" \/>\n<meta property=\"article:modified_time\" content=\"2026-04-08T10:23:22+00:00\" \/>\n<meta name=\"twitter:card\" content=\"summary_large_image\" \/>\n<meta name=\"twitter:label1\" content=\"Dur\u00e9e de lecture est.\" \/>\n\t<meta name=\"twitter:data1\" content=\"5 minutes\" \/>\n<script type=\"application\/ld+json\" class=\"yoast-schema-graph\">{\"@context\":\"https:\/\/schema.org\",\"@graph\":[{\"@type\":\"WebPage\",\"@id\":\"https:\/\/flexfurn.com\/vacature-digital-marketeer\/\",\"url\":\"https:\/\/flexfurn.com\/vacature-digital-marketeer\/\",\"name\":\"Vacature Digital Marketeer - Flexfurn\",\"isPartOf\":{\"@id\":\"https:\/\/flexfurn.com\/#website\"},\"datePublished\":\"2024-09-24T08:47:08+00:00\",\"dateModified\":\"2026-04-08T10:23:22+00:00\",\"breadcrumb\":{\"@id\":\"https:\/\/flexfurn.com\/vacature-digital-marketeer\/#breadcrumb\"},\"inLanguage\":\"fr-BE\",\"potentialAction\":[{\"@type\":\"ReadAction\",\"target\":[\"https:\/\/flexfurn.com\/vacature-digital-marketeer\/\"]}]},{\"@type\":\"BreadcrumbList\",\"@id\":\"https:\/\/flexfurn.com\/vacature-digital-marketeer\/#breadcrumb\",\"itemListElement\":[{\"@type\":\"ListItem\",\"position\":1,\"name\":\"Home\",\"item\":\"https:\/\/flexfurn.com\/\"},{\"@type\":\"ListItem\",\"position\":2,\"name\":\"Vacature Digital Marketeer\"}]},{\"@type\":\"WebSite\",\"@id\":\"https:\/\/flexfurn.com\/#website\",\"url\":\"https:\/\/flexfurn.com\/\",\"name\":\"Flexfurn\",\"description\":\"\",\"publisher\":{\"@id\":\"https:\/\/flexfurn.com\/#organization\"},\"potentialAction\":[{\"@type\":\"SearchAction\",\"target\":{\"@type\":\"EntryPoint\",\"urlTemplate\":\"https:\/\/flexfurn.com\/?s={search_term_string}\"},\"query-input\":{\"@type\":\"PropertyValueSpecification\",\"valueRequired\":true,\"valueName\":\"search_term_string\"}}],\"inLanguage\":\"fr-BE\"},{\"@type\":\"Organization\",\"@id\":\"https:\/\/flexfurn.com\/#organization\",\"name\":\"Flexfurn\",\"url\":\"https:\/\/flexfurn.com\/\",\"logo\":{\"@type\":\"ImageObject\",\"inLanguage\":\"fr-BE\",\"@id\":\"https:\/\/flexfurn.com\/#\/schema\/logo\/image\/\",\"url\":\"https:\/\/flexfurn.com\/wp-content\/uploads\/2023\/08\/LogoBlack.svg\",\"contentUrl\":\"https:\/\/flexfurn.com\/wp-content\/uploads\/2023\/08\/LogoBlack.svg\",\"width\":210,\"height\":60,\"caption\":\"Flexfurn\"},\"image\":{\"@id\":\"https:\/\/flexfurn.com\/#\/schema\/logo\/image\/\"}}]}<\/script>\n<!-- \/ Yoast SEO plugin. -->","yoast_head_json":{"title":"Offre d&#039;emploi : Sp\u00e9cialiste du marketing num\u00e9rique - Flexfurn","robots":{"index":"index","follow":"follow","max-snippet":"max-snippet:-1","max-image-preview":"max-image-preview:large","max-video-preview":"max-video-preview:-1"},"canonical":"https:\/\/flexfurn.com\/fr\/offre-demploi-de-specialiste-en-marketing-numerique\/","og_locale":"fr_FR","og_type":"article","og_title":"Vacature Digital Marketeer - Flexfurn","og_url":"https:\/\/flexfurn.com\/fr\/offre-demploi-de-specialiste-en-marketing-numerique\/","og_site_name":"Flexfurn","article_modified_time":"2026-04-08T10:23:22+00:00","twitter_card":"summary_large_image","twitter_misc":{"Dur\u00e9e de lecture est.":"5 minutes"},"schema":{"@context":"https:\/\/schema.org","@graph":[{"@type":"WebPage","@id":"https:\/\/flexfurn.com\/vacature-digital-marketeer\/","url":"https:\/\/flexfurn.com\/vacature-digital-marketeer\/","name":"Offre d&#039;emploi : Sp\u00e9cialiste du marketing num\u00e9rique - Flexfurn","isPartOf":{"@id":"https:\/\/flexfurn.com\/#website"},"datePublished":"2024-09-24T08:47:08+00:00","dateModified":"2026-04-08T10:23:22+00:00","breadcrumb":{"@id":"https:\/\/flexfurn.com\/vacature-digital-marketeer\/#breadcrumb"},"inLanguage":"fr-BE","potentialAction":[{"@type":"ReadAction","target":["https:\/\/flexfurn.com\/vacature-digital-marketeer\/"]}]},{"@type":"BreadcrumbList","@id":"https:\/\/flexfurn.com\/vacature-digital-marketeer\/#breadcrumb","itemListElement":[{"@type":"ListItem","position":1,"name":"Home","item":"https:\/\/flexfurn.com\/"},{"@type":"ListItem","position":2,"name":"Vacature Digital Marketeer"}]},{"@type":"WebSite","@id":"https:\/\/flexfurn.com\/#website","url":"https:\/\/flexfurn.com\/","name":"Flexfurn","description":"","publisher":{"@id":"https:\/\/flexfurn.com\/#organization"},"potentialAction":[{"@type":"SearchAction","target":{"@type":"EntryPoint","urlTemplate":"https:\/\/flexfurn.com\/?s={search_term_string}"},"query-input":{"@type":"PropertyValueSpecification","valueRequired":true,"valueName":"search_term_string"}}],"inLanguage":"fr-BE"},{"@type":"Organization","@id":"https:\/\/flexfurn.com\/#organization","name":"Flexfurn","url":"https:\/\/flexfurn.com\/","logo":{"@type":"ImageObject","inLanguage":"fr-BE","@id":"https:\/\/flexfurn.com\/#\/schema\/logo\/image\/","url":"https:\/\/flexfurn.com\/wp-content\/uploads\/2023\/08\/LogoBlack.svg","contentUrl":"https:\/\/flexfurn.com\/wp-content\/uploads\/2023\/08\/LogoBlack.svg","width":210,"height":60,"caption":"Flexfurn"},"image":{"@id":"https:\/\/flexfurn.com\/#\/schema\/logo\/image\/"}}]}},"_links":{"self":[{"href":"https:\/\/flexfurn.com\/fr\/wp-json\/wp\/v2\/pages\/5715","targetHints":{"allow":["GET"]}}],"collection":[{"href":"https:\/\/flexfurn.com\/fr\/wp-json\/wp\/v2\/pages"}],"about":[{"href":"https:\/\/flexfurn.com\/fr\/wp-json\/wp\/v2\/types\/page"}],"author":[{"embeddable":true,"href":"https:\/\/flexfurn.com\/fr\/wp-json\/wp\/v2\/users\/2"}],"replies":[{"embeddable":true,"href":"https:\/\/flexfurn.com\/fr\/wp-json\/wp\/v2\/comments?post=5715"}],"version-history":[{"count":9,"href":"https:\/\/flexfurn.com\/fr\/wp-json\/wp\/v2\/pages\/5715\/revisions"}],"predecessor-version":[{"id":35039,"href":"https:\/\/flexfurn.com\/fr\/wp-json\/wp\/v2\/pages\/5715\/revisions\/35039"}],"wp:attachment":[{"href":"https:\/\/flexfurn.com\/fr\/wp-json\/wp\/v2\/media?parent=5715"}],"curies":[{"name":"wp","href":"https:\/\/api.w.org\/{rel}","templated":true}]}}