{"id":2810,"date":"2023-12-28T19:10:30","date_gmt":"2023-12-28T18:10:30","guid":{"rendered":"https:\/\/beta.flexfurn.com\/?post_type=product&#038;p=2810"},"modified":"2026-04-23T10:53:01","modified_gmt":"2026-04-23T08:53:01","slug":"table-pliante-de-ferme","status":"publish","type":"product","link":"https:\/\/flexfurn.com\/fr\/produit\/table-pliante-de-ferme\/","title":{"rendered":"Table basse pliante de ferme"},"content":{"rendered":"<p><span data-doc-id=\"3416738000000141090\" data-doc-type=\"writer\">Cette table pliante en bois au caract\u00e8re rustique et solide est facile \u00e0 utiliser. <\/span>La Farm Table allie fonctionnalit\u00e9 et \u00e9l\u00e9gance. Cette table pliante est en bois d&#039;orme et gr\u00e2ce \u00e0 sa nature pliable, il est tr\u00e8s facile de ranger la table. Le syst\u00e8me de verrouillage maintient la table pli\u00e9e. Empilez cette table pliante rapidement et facilement dans le chariot de transport correspondant. Cela rend encore plus facile le stockage et le transport de votre table.<\/p>","protected":false},"excerpt":{"rendered":"<p>Pliable<br \/>\nBois d&#039;orme ancien<br \/>\nSyst\u00e8me autobloquant<br \/>\nRustique<br \/>\nUtilisation int\u00e9rieure<\/p>","protected":false},"featured_media":2813,"template":"","meta":[],"product_brand":[],"product_cat":[69,68,136],"product_tag":[],"class_list":{"0":"post-2810","1":"product","2":"type-product","3":"status-publish","4":"has-post-thumbnail","6":"product_cat-eettafel","7":"product_cat-klaptafel","8":"product_cat-wedding","10":"first","11":"instock","12":"taxable","13":"shipping-taxable","14":"purchasable","15":"product-type-simple"},"yoast_head":"<!-- This site is optimized with the Yoast SEO plugin v26.6 - https:\/\/yoast.com\/wordpress\/plugins\/seo\/ -->\n<title>Farm klaptafel laag - Flexfurn<\/title>\n<meta name=\"robots\" content=\"index, follow, max-snippet:-1, max-image-preview:large, max-video-preview:-1\" \/>\n<link rel=\"canonical\" href=\"https:\/\/flexfurn.com\/fr\/produit\/table-pliante-de-ferme\/\" \/>\n<meta property=\"og:locale\" content=\"fr_FR\" \/>\n<meta property=\"og:type\" content=\"article\" \/>\n<meta property=\"og:title\" content=\"Farm klaptafel laag - Flexfurn\" \/>\n<meta property=\"og:description\" content=\"Klapbaar Antiek iepenhout Zelf-blokkerend systeem Rustiek Binnengebruik\" \/>\n<meta property=\"og:url\" content=\"https:\/\/flexfurn.com\/fr\/produit\/table-pliante-de-ferme\/\" \/>\n<meta property=\"og:site_name\" content=\"Flexfurn\" \/>\n<meta property=\"article:modified_time\" content=\"2026-04-23T08:53:01+00:00\" \/>\n<meta property=\"og:image\" content=\"https:\/\/flexfurn.com\/wp-content\/uploads\/2023\/12\/Farm-table-.jpg\" \/>\n\t<meta property=\"og:image:width\" content=\"2000\" \/>\n\t<meta property=\"og:image:height\" content=\"2000\" \/>\n\t<meta property=\"og:image:type\" content=\"image\/jpeg\" \/>\n<meta name=\"twitter:card\" content=\"summary_large_image\" \/>\n<meta name=\"twitter:label1\" content=\"Dur\u00e9e de lecture est.\" \/>\n\t<meta name=\"twitter:data1\" content=\"1 minute\" \/>\n<script type=\"application\/ld+json\" class=\"yoast-schema-graph\">{\"@context\":\"https:\/\/schema.org\",\"@graph\":[{\"@type\":\"WebPage\",\"@id\":\"https:\/\/flexfurn.com\/product\/farm-klaptafel\/\",\"url\":\"https:\/\/flexfurn.com\/product\/farm-klaptafel\/\",\"name\":\"Farm klaptafel laag - Flexfurn\",\"isPartOf\":{\"@id\":\"https:\/\/flexfurn.com\/#website\"},\"primaryImageOfPage\":{\"@id\":\"https:\/\/flexfurn.com\/product\/farm-klaptafel\/#primaryimage\"},\"image\":{\"@id\":\"https:\/\/flexfurn.com\/product\/farm-klaptafel\/#primaryimage\"},\"thumbnailUrl\":\"https:\/\/flexfurn.com\/wp-content\/uploads\/2023\/12\/Farm-table-.jpg\",\"datePublished\":\"2023-12-28T18:10:30+00:00\",\"dateModified\":\"2026-04-23T08:53:01+00:00\",\"breadcrumb\":{\"@id\":\"https:\/\/flexfurn.com\/product\/farm-klaptafel\/#breadcrumb\"},\"inLanguage\":\"fr-BE\",\"potentialAction\":[{\"@type\":\"ReadAction\",\"target\":[\"https:\/\/flexfurn.com\/product\/farm-klaptafel\/\"]}]},{\"@type\":\"ImageObject\",\"inLanguage\":\"fr-BE\",\"@id\":\"https:\/\/flexfurn.com\/product\/farm-klaptafel\/#primaryimage\",\"url\":\"https:\/\/flexfurn.com\/wp-content\/uploads\/2023\/12\/Farm-table-.jpg\",\"contentUrl\":\"https:\/\/flexfurn.com\/wp-content\/uploads\/2023\/12\/Farm-table-.jpg\",\"width\":2000,\"height\":2000},{\"@type\":\"BreadcrumbList\",\"@id\":\"https:\/\/flexfurn.com\/product\/farm-klaptafel\/#breadcrumb\",\"itemListElement\":[{\"@type\":\"ListItem\",\"position\":1,\"name\":\"Home\",\"item\":\"https:\/\/flexfurn.com\/\"},{\"@type\":\"ListItem\",\"position\":2,\"name\":\"Winkel\",\"item\":\"https:\/\/flexfurn.com\/winkel\/\"},{\"@type\":\"ListItem\",\"position\":3,\"name\":\"Farm klaptafel laag\"}]},{\"@type\":\"WebSite\",\"@id\":\"https:\/\/flexfurn.com\/#website\",\"url\":\"https:\/\/flexfurn.com\/\",\"name\":\"Flexfurn\",\"description\":\"\",\"publisher\":{\"@id\":\"https:\/\/flexfurn.com\/#organization\"},\"potentialAction\":[{\"@type\":\"SearchAction\",\"target\":{\"@type\":\"EntryPoint\",\"urlTemplate\":\"https:\/\/flexfurn.com\/?s={search_term_string}\"},\"query-input\":{\"@type\":\"PropertyValueSpecification\",\"valueRequired\":true,\"valueName\":\"search_term_string\"}}],\"inLanguage\":\"fr-BE\"},{\"@type\":\"Organization\",\"@id\":\"https:\/\/flexfurn.com\/#organization\",\"name\":\"Flexfurn\",\"url\":\"https:\/\/flexfurn.com\/\",\"logo\":{\"@type\":\"ImageObject\",\"inLanguage\":\"fr-BE\",\"@id\":\"https:\/\/flexfurn.com\/#\/schema\/logo\/image\/\",\"url\":\"https:\/\/flexfurn.com\/wp-content\/uploads\/2023\/08\/LogoBlack.svg\",\"contentUrl\":\"https:\/\/flexfurn.com\/wp-content\/uploads\/2023\/08\/LogoBlack.svg\",\"width\":210,\"height\":60,\"caption\":\"Flexfurn\"},\"image\":{\"@id\":\"https:\/\/flexfurn.com\/#\/schema\/logo\/image\/\"}}]}<\/script>\n<!-- \/ Yoast SEO plugin. -->","yoast_head_json":{"title":"Table basse pliante de ferme - Flexfurn","robots":{"index":"index","follow":"follow","max-snippet":"max-snippet:-1","max-image-preview":"max-image-preview:large","max-video-preview":"max-video-preview:-1"},"canonical":"https:\/\/flexfurn.com\/fr\/produit\/table-pliante-de-ferme\/","og_locale":"fr_FR","og_type":"article","og_title":"Farm klaptafel laag - Flexfurn","og_description":"Klapbaar Antiek iepenhout Zelf-blokkerend systeem Rustiek Binnengebruik","og_url":"https:\/\/flexfurn.com\/fr\/produit\/table-pliante-de-ferme\/","og_site_name":"Flexfurn","article_modified_time":"2026-04-23T08:53:01+00:00","og_image":[{"width":2000,"height":2000,"url":"https:\/\/flexfurn.com\/wp-content\/uploads\/2023\/12\/Farm-table-.jpg","type":"image\/jpeg"}],"twitter_card":"summary_large_image","twitter_misc":{"Dur\u00e9e de lecture est.":"1 minute"},"schema":{"@context":"https:\/\/schema.org","@graph":[{"@type":"WebPage","@id":"https:\/\/flexfurn.com\/product\/farm-klaptafel\/","url":"https:\/\/flexfurn.com\/product\/farm-klaptafel\/","name":"Table basse pliante de ferme - Flexfurn","isPartOf":{"@id":"https:\/\/flexfurn.com\/#website"},"primaryImageOfPage":{"@id":"https:\/\/flexfurn.com\/product\/farm-klaptafel\/#primaryimage"},"image":{"@id":"https:\/\/flexfurn.com\/product\/farm-klaptafel\/#primaryimage"},"thumbnailUrl":"https:\/\/flexfurn.com\/wp-content\/uploads\/2023\/12\/Farm-table-.jpg","datePublished":"2023-12-28T18:10:30+00:00","dateModified":"2026-04-23T08:53:01+00:00","breadcrumb":{"@id":"https:\/\/flexfurn.com\/product\/farm-klaptafel\/#breadcrumb"},"inLanguage":"fr-BE","potentialAction":[{"@type":"ReadAction","target":["https:\/\/flexfurn.com\/product\/farm-klaptafel\/"]}]},{"@type":"ImageObject","inLanguage":"fr-BE","@id":"https:\/\/flexfurn.com\/product\/farm-klaptafel\/#primaryimage","url":"https:\/\/flexfurn.com\/wp-content\/uploads\/2023\/12\/Farm-table-.jpg","contentUrl":"https:\/\/flexfurn.com\/wp-content\/uploads\/2023\/12\/Farm-table-.jpg","width":2000,"height":2000},{"@type":"BreadcrumbList","@id":"https:\/\/flexfurn.com\/product\/farm-klaptafel\/#breadcrumb","itemListElement":[{"@type":"ListItem","position":1,"name":"Home","item":"https:\/\/flexfurn.com\/"},{"@type":"ListItem","position":2,"name":"Winkel","item":"https:\/\/flexfurn.com\/winkel\/"},{"@type":"ListItem","position":3,"name":"Farm klaptafel laag"}]},{"@type":"WebSite","@id":"https:\/\/flexfurn.com\/#website","url":"https:\/\/flexfurn.com\/","name":"Flexfurn","description":"","publisher":{"@id":"https:\/\/flexfurn.com\/#organization"},"potentialAction":[{"@type":"SearchAction","target":{"@type":"EntryPoint","urlTemplate":"https:\/\/flexfurn.com\/?s={search_term_string}"},"query-input":{"@type":"PropertyValueSpecification","valueRequired":true,"valueName":"search_term_string"}}],"inLanguage":"fr-BE"},{"@type":"Organization","@id":"https:\/\/flexfurn.com\/#organization","name":"Flexfurn","url":"https:\/\/flexfurn.com\/","logo":{"@type":"ImageObject","inLanguage":"fr-BE","@id":"https:\/\/flexfurn.com\/#\/schema\/logo\/image\/","url":"https:\/\/flexfurn.com\/wp-content\/uploads\/2023\/08\/LogoBlack.svg","contentUrl":"https:\/\/flexfurn.com\/wp-content\/uploads\/2023\/08\/LogoBlack.svg","width":210,"height":60,"caption":"Flexfurn"},"image":{"@id":"https:\/\/flexfurn.com\/#\/schema\/logo\/image\/"}}]}},"_links":{"self":[{"href":"https:\/\/flexfurn.com\/fr\/wp-json\/wp\/v2\/product\/2810","targetHints":{"allow":["GET"]}}],"collection":[{"href":"https:\/\/flexfurn.com\/fr\/wp-json\/wp\/v2\/product"}],"about":[{"href":"https:\/\/flexfurn.com\/fr\/wp-json\/wp\/v2\/types\/product"}],"wp:featuredmedia":[{"embeddable":true,"href":"https:\/\/flexfurn.com\/fr\/wp-json\/wp\/v2\/media\/2813"}],"wp:attachment":[{"href":"https:\/\/flexfurn.com\/fr\/wp-json\/wp\/v2\/media?parent=2810"}],"wp:term":[{"taxonomy":"product_brand","embeddable":true,"href":"https:\/\/flexfurn.com\/fr\/wp-json\/wp\/v2\/product_brand?post=2810"},{"taxonomy":"product_cat","embeddable":true,"href":"https:\/\/flexfurn.com\/fr\/wp-json\/wp\/v2\/product_cat?post=2810"},{"taxonomy":"product_tag","embeddable":true,"href":"https:\/\/flexfurn.com\/fr\/wp-json\/wp\/v2\/product_tag?post=2810"}],"curies":[{"name":"wp","href":"https:\/\/api.w.org\/{rel}","templated":true}]}}